{"id":174,"date":"2017-07-17T04:11:20","date_gmt":"2017-07-17T04:11:20","guid":{"rendered":"https:\/\/www.sr-research.com\/?page_id=174"},"modified":"2026-02-23T13:29:48","modified_gmt":"2026-02-23T18:29:48","slug":"developmental-publications","status":"publish","type":"page","link":"https:\/\/www.sr-research.com\/zh\/developmental-publications\/","title":{"rendered":"\u53d1\u5c55\u51fa\u7248\u7269\u4e2d\u7684EyeLink\u773c\u52a8\u4eea"},"content":{"rendered":"\n<h2 class=\"wp-block-heading\" id=\"h-developmental-eye-tracking-publications\">Developmental Eye-Tracking Publications<\/h2>\n\n\n\n<p>All EyeLink eye tracker developmental research publications (infants \/ children \/ aging) up until 2025 (with some early 2026s) are listed below by year. You can search the eye-tracking research publications using keywords such as Infant, Reading, Word Recognition, etc. You can also search for individual author names. If we missed any EyeLink developmental articles, please <a href=\"mailto:socialmedia@sr-research.com\"><strong>email us<\/strong><\/a>!<\/p>\n\n\n\n<div style=\"height:20px\" aria-hidden=\"true\" class=\"wp-block-spacer\"><\/div>\n\n\n<div class=\"teachpress_pub_list\"><form name=\"tppublistform\" method=\"get\"><a name=\"tppubs\" id=\"tppubs\"><\/a><div class=\"tp_search_input\"><input name=\"tsr\" id=\"tp_search_input_field\" type=\"search\" placeholder=\"Enter search word\" value=\"\" tabindex=\"1\"\/><\/div><div class=\"teachpress_filter\"><select class=\"block\" title=\"All years\" name=\"yr\" id=\"yr\" tabindex=\"2\">\r\n                   <option value=\"\">All years<\/option>\r\n                   <option value=\"2026\" >2026<\/option><option value=\"2025\" >2025<\/option><option value=\"2024\" >2024<\/option><option value=\"2023\" >2023<\/option><option value=\"2022\" >2022<\/option><option value=\"2021\" >2021<\/option><option value=\"2020\" >2020<\/option><option value=\"2019\" >2019<\/option><option value=\"2018\" >2018<\/option><option value=\"2017\" >2017<\/option><option value=\"2016\" >2016<\/option><option value=\"2015\" >2015<\/option><option value=\"2014\" >2014<\/option><option value=\"2013\" >2013<\/option><option value=\"2012\" >2012<\/option><option value=\"2011\" >2011<\/option><option value=\"2010\" >2010<\/option><option value=\"2009\" >2009<\/option><option value=\"2008\" >2008<\/option><option value=\"2007\" >2007<\/option><option value=\"2006\" >2006<\/option><option value=\"2005\" >2005<\/option><option value=\"2004\" >2004<\/option><option value=\"2003\" >2003<\/option><option value=\"2002\" >2002<\/option><option value=\"2001\" >2001<\/option><option value=\"2000\" >2000<\/option><option value=\"1999\" >1999<\/option><option value=\"1998\" >1998<\/option><option value=\"1997\" >1997<\/option>\r\n                <\/select><div class=\"teachpress_search_button\"><input name=\"tps_button\" class=\"tp_search_button\" type=\"submit\" tabindex=\"10\" value=\"Search\"\/><\/div><\/div><\/form><div class=\"tablenav\"><div class=\"tablenav-pages\"><span class=\"displaying-num\">1034 entries<\/span> <a class=\"page-numbers button disabled\">&laquo;<\/a> <a class=\"page-numbers button disabled\">&lsaquo;<\/a> 1 of 11 <a href=\"https:\/\/www.sr-research.com\/zh\/developmental-publications\/?limit=2&amp;tgid=&amp;yr=&amp;type=&amp;usr=&amp;auth=&amp;tsr=\" title=\"next page\" class=\"page-numbers button\">&rsaquo;<\/a> <a href=\"https:\/\/www.sr-research.com\/zh\/developmental-publications\/?limit=11&amp;tgid=&amp;yr=&amp;type=&amp;usr=&amp;auth=&amp;tsr=\" title=\"last page\" class=\"page-numbers button\">&raquo;<\/a> <\/div><\/div><table class=\"teachpress_publication_list\"><tr>\r\n                    <td>\r\n                        <h3 class=\"tp_h3\" id=\"tp_h3_2026\">2026<\/h3>\r\n                    <\/td>\r\n                <\/tr><tr class=\"tp_publication tp_publication_article\"><td class=\"tp_pub_info\"><p class=\"tp_pub_author\">Xuran Cao; Yaxin Du; Yuhan Jiang; Run Zhang; Jingxin Wang<\/p><p class=\"tp_pub_title\"><a class=\"tp_title_link\" onclick=\"teachpress_pub_showhide('1623','tp_abstract')\" style=\"cursor:pointer;\">Aging and semantic transparency effects in Chinese reading: Evidence from eye movements<\/a> <span class=\"tp_pub_type tp_  article\">Journal Article<\/span> <\/p><p class=\"tp_pub_additional\"><span class=\"tp_pub_additional_in\">In: <\/span><span class=\"tp_pub_additional_journal\">BMC Psychology, <\/span><span class=\"tp_pub_additional_volume\">vol. 14, <\/span><span class=\"tp_pub_additional_number\">no. 1, <\/span><span class=\"tp_pub_additional_pages\">pp. 1\u201314, <\/span><span class=\"tp_pub_additional_year\">2026<\/span>.<\/p><p class=\"tp_pub_menu\"><span class=\"tp_abstract_link\"><a id=\"tp_abstract_sh_1623\" class=\"tp_show\" onclick=\"teachpress_pub_showhide('1623','tp_abstract')\" title=\"Show abstract\" style=\"cursor:pointer;\">Abstract<\/a><\/span> | <span class=\"tp_resource_link\"><a id=\"tp_links_sh_1623\" class=\"tp_show\" onclick=\"teachpress_pub_showhide('1623','tp_links')\" title=\"Show links and resources\" style=\"cursor:pointer;\">Links<\/a><\/span> | <span class=\"tp_bibtex_link\"><a id=\"tp_bibtex_sh_1623\" class=\"tp_show\" onclick=\"teachpress_pub_showhide('1623','tp_bibtex')\" title=\"Show BibTeX entry\" style=\"cursor:pointer;\">BibTeX<\/a><\/span><\/p><div class=\"tp_bibtex\" id=\"tp_bibtex_1623\" style=\"display:none;\"><div class=\"tp_bibtex_entry\"><pre>@article{Cao2026a,<br \/>\r\ntitle = {Aging and semantic transparency effects in Chinese reading: Evidence from eye movements},<br \/>\r\nauthor = {Xuran Cao and Yaxin Du and Yuhan Jiang and Run Zhang and Jingxin Wang},<br \/>\r\ndoi = {10.1186\/s40359-025-03687-9},<br \/>\r\nyear  = {2026},<br \/>\r\ndate = {2026-11-01},<br \/>\r\njournal = {BMC Psychology},<br \/>\r\nvolume = {14},<br \/>\r\nnumber = {1},<br \/>\r\npages = {1\u201314},<br \/>\r\nabstract = {Background Semantic transparency is typically defined in terms of compositionality, the extent to which the meaning of a word can be predicted from the meaning of each of its constituents, which is crucial for the processing of compound words. Studies employing behavioral, eye-tracking, and neuroimaging techniques have identified common effects of semantic transparency. Transparent words, defined as those in which the word itself and its morphemes exhibit a high degree of semantic relatedness, facilitate word recognition. Semantic transparency effects have been well observed for alphabetic languages. However, the effects of semantic transparency on Chinese readers are largely unknown, as do whether healthy aging may affect this effect. The present study investigated these questions by analyzing the semantic transparency effects in both young and older adults under conditions of normal reading and preview. Methods The eye movements of young (18\u201325 years) and older (60 + years) Chinese readers were recorded under conditions of normal reading and preview. Results (1) Transparent words facilitated word recognition and the valid preview clues did not benefit readers recognizing transparent words. (2) Age groups showed no differences in the process of compound words. However, older adults had greater difficulty recognizing opaque words under preview conditions than younger adults. Conclusions Compound words are stored in the mental lexicon as mixed representations, in which transparent words are represented by morphemes and opaque words are represented by whole words. Semantic transparency effects exhibit cross-age consistency which do not rely on valid preview information but instead stem from foveal in-depth processing. However, age differences in semantic integration become apparent in parafoveal preview processing which demands greater cognitive resources, with older adults experiencing greater difficulty recognizing opaque words than younger adults.},<br \/>\r\nkeywords = {},<br \/>\r\npubstate = {published},<br \/>\r\ntppubtype = {article}<br \/>\r\n}<br \/>\r\n<\/pre><\/div><p class=\"tp_close_menu\"><a class=\"tp_close\" onclick=\"teachpress_pub_showhide('1623','tp_bibtex')\">Close<\/a><\/p><\/div><div class=\"tp_abstract\" id=\"tp_abstract_1623\" style=\"display:none;\"><div class=\"tp_abstract_entry\">Background Semantic transparency is typically defined in terms of compositionality, the extent to which the meaning of a word can be predicted from the meaning of each of its constituents, which is crucial for the processing of compound words. Studies employing behavioral, eye-tracking, and neuroimaging techniques have identified common effects of semantic transparency. Transparent words, defined as those in which the word itself and its morphemes exhibit a high degree of semantic relatedness, facilitate word recognition. Semantic transparency effects have been well observed for alphabetic languages. However, the effects of semantic transparency on Chinese readers are largely unknown, as do whether healthy aging may affect this effect. The present study investigated these questions by analyzing the semantic transparency effects in both young and older adults under conditions of normal reading and preview. Methods The eye movements of young (18\u201325 years) and older (60 + years) Chinese readers were recorded under conditions of normal reading and preview. Results (1) Transparent words facilitated word recognition and the valid preview clues did not benefit readers recognizing transparent words. (2) Age groups showed no differences in the process of compound words. However, older adults had greater difficulty recognizing opaque words under preview conditions than younger adults. Conclusions Compound words are stored in the mental lexicon as mixed representations, in which transparent words are represented by morphemes and opaque words are represented by whole words. Semantic transparency effects exhibit cross-age consistency which do not rely on valid preview information but instead stem from foveal in-depth processing. However, age differences in semantic integration become apparent in parafoveal preview processing which demands greater cognitive resources, with older adults experiencing greater difficulty recognizing opaque words than younger adults.<\/div><p class=\"tp_close_menu\"><a class=\"tp_close\" onclick=\"teachpress_pub_showhide('1623','tp_abstract')\">Close<\/a><\/p><\/div><div class=\"tp_links\" id=\"tp_links_1623\" style=\"display:none;\"><div class=\"tp_links_entry\"><ul class=\"tp_pub_list\"><li><i class=\"ai ai-doi\"><\/i><a class=\"tp_pub_list\" href=\"https:\/\/dx.doi.org\/10.1186\/s40359-025-03687-9\" title=\"Follow DOI:10.1186\/s40359-025-03687-9\" target=\"_blank\">doi:10.1186\/s40359-025-03687-9<\/a><\/li><\/ul><\/div><p class=\"tp_close_menu\"><a class=\"tp_close\" onclick=\"teachpress_pub_showhide('1623','tp_links')\">Close<\/a><\/p><\/div><\/td><\/tr><tr class=\"tp_publication tp_publication_article\"><td class=\"tp_pub_info\"><p class=\"tp_pub_author\">Tal Ravid-Roth; Romi Livne; Ariel Berlinger; Wilfried Kunde; Baruch Eitam; Sagi Jaffe-Dax<\/p><p class=\"tp_pub_title\"><a class=\"tp_title_link\" onclick=\"teachpress_pub_showhide('9895','tp_abstract')\" style=\"cursor:pointer;\">The effect of gaze contingencies on infants' looking preference<\/a> <span class=\"tp_pub_type tp_  article\">Journal Article<\/span> <\/p><p class=\"tp_pub_additional\"><span class=\"tp_pub_additional_in\">In: <\/span><span class=\"tp_pub_additional_journal\">Cognition, <\/span><span class=\"tp_pub_additional_volume\">vol. 270, <\/span><span class=\"tp_pub_additional_pages\">pp. 1\u201318, <\/span><span class=\"tp_pub_additional_year\">2026<\/span>.<\/p><p class=\"tp_pub_menu\"><span class=\"tp_abstract_link\"><a id=\"tp_abstract_sh_9895\" class=\"tp_show\" onclick=\"teachpress_pub_showhide('9895','tp_abstract')\" title=\"Show abstract\" style=\"cursor:pointer;\">Abstract<\/a><\/span> | <span class=\"tp_resource_link\"><a id=\"tp_links_sh_9895\" class=\"tp_show\" onclick=\"teachpress_pub_showhide('9895','tp_links')\" title=\"Show links and resources\" style=\"cursor:pointer;\">Links<\/a><\/span> | <span class=\"tp_bibtex_link\"><a id=\"tp_bibtex_sh_9895\" class=\"tp_show\" onclick=\"teachpress_pub_showhide('9895','tp_bibtex')\" title=\"Show BibTeX entry\" style=\"cursor:pointer;\">BibTeX<\/a><\/span><\/p><div class=\"tp_bibtex\" id=\"tp_bibtex_9895\" style=\"display:none;\"><div class=\"tp_bibtex_entry\"><pre>@article{Ravid-Roth2026,<br \/>\r\ntitle = {The effect of gaze contingencies on infants' looking preference},<br \/>\r\nauthor = {Tal Ravid-Roth and Romi Livne and Ariel Berlinger and Wilfried Kunde and Baruch Eitam and Sagi Jaffe-Dax},<br \/>\r\ndoi = {10.1016\/j.cognition.2025.106417},<br \/>\r\nyear  = {2026},<br \/>\r\ndate = {2026-05-01},<br \/>\r\njournal = {Cognition},<br \/>\r\nvolume = {270},<br \/>\r\npages = {1\u201318},<br \/>\r\npublisher = {Elsevier B.V.},<br \/>\r\nabstract = {Infants exhibit robust predictive capacities from birth; Most research has focused on how they process externally generated events, leaving unexplored how predictions rooted in their own actions influence attention. We asked whether the source of predictability- self-generated vs. externally structured- affects infants' looking preferences beyond overall predictability. Across two gaze-contingent eye-tracking experiments, we investigated whether infants prefer to look at stimuli whose movements are triggered by their own gaze, or at stimuli that move independently. In Experiment 1 (n = 21},<br \/>\r\nkeywords = {},<br \/>\r\npubstate = {published},<br \/>\r\ntppubtype = {article}<br \/>\r\n}<br \/>\r\n<\/pre><\/div><p class=\"tp_close_menu\"><a class=\"tp_close\" onclick=\"teachpress_pub_showhide('9895','tp_bibtex')\">Close<\/a><\/p><\/div><div class=\"tp_abstract\" id=\"tp_abstract_9895\" style=\"display:none;\"><div class=\"tp_abstract_entry\">Infants exhibit robust predictive capacities from birth; Most research has focused on how they process externally generated events, leaving unexplored how predictions rooted in their own actions influence attention. We asked whether the source of predictability- self-generated vs. externally structured- affects infants' looking preferences beyond overall predictability. Across two gaze-contingent eye-tracking experiments, we investigated whether infants prefer to look at stimuli whose movements are triggered by their own gaze, or at stimuli that move independently. In Experiment 1 (n = 21<\/div><p class=\"tp_close_menu\"><a class=\"tp_close\" onclick=\"teachpress_pub_showhide('9895','tp_abstract')\">Close<\/a><\/p><\/div><div class=\"tp_links\" id=\"tp_links_9895\" style=\"display:none;\"><div class=\"tp_links_entry\"><ul class=\"tp_pub_list\"><li><i class=\"ai ai-doi\"><\/i><a class=\"tp_pub_list\" href=\"https:\/\/dx.doi.org\/10.1016\/j.cognition.2025.106417\" title=\"Follow DOI:10.1016\/j.cognition.2025.106417\" target=\"_blank\">doi:10.1016\/j.cognition.2025.106417<\/a><\/li><\/ul><\/div><p class=\"tp_close_menu\"><a class=\"tp_close\" onclick=\"teachpress_pub_showhide('9895','tp_links')\">Close<\/a><\/p><\/div><\/td><\/tr><tr class=\"tp_publication tp_publication_article\"><td class=\"tp_pub_info\"><p class=\"tp_pub_author\">Ting Zhang; Shujia Zhang; Yi Jiang<\/p><p class=\"tp_pub_title\"><a class=\"tp_title_link\" onclick=\"teachpress_pub_showhide('13790','tp_abstract')\" style=\"cursor:pointer;\">Automatic pupillary responses to pain perception in adults and children: The influence of race and autistic traits<\/a> <span class=\"tp_pub_type tp_  article\">Journal Article<\/span> <\/p><p class=\"tp_pub_additional\"><span class=\"tp_pub_additional_in\">In: <\/span><span class=\"tp_pub_additional_journal\">Cognition, <\/span><span class=\"tp_pub_additional_volume\">vol. 268, <\/span><span class=\"tp_pub_additional_pages\">pp. 1\u20139, <\/span><span class=\"tp_pub_additional_year\">2026<\/span>.<\/p><p class=\"tp_pub_menu\"><span class=\"tp_abstract_link\"><a id=\"tp_abstract_sh_13790\" class=\"tp_show\" onclick=\"teachpress_pub_showhide('13790','tp_abstract')\" title=\"Show abstract\" style=\"cursor:pointer;\">Abstract<\/a><\/span> | <span class=\"tp_resource_link\"><a id=\"tp_links_sh_13790\" class=\"tp_show\" onclick=\"teachpress_pub_showhide('13790','tp_links')\" title=\"Show links and resources\" style=\"cursor:pointer;\">Links<\/a><\/span> | <span class=\"tp_bibtex_link\"><a id=\"tp_bibtex_sh_13790\" class=\"tp_show\" onclick=\"teachpress_pub_showhide('13790','tp_bibtex')\" title=\"Show BibTeX entry\" style=\"cursor:pointer;\">BibTeX<\/a><\/span><\/p><div class=\"tp_bibtex\" id=\"tp_bibtex_13790\" style=\"display:none;\"><div class=\"tp_bibtex_entry\"><pre>@article{Zhang2026d,<br \/>\r\ntitle = {Automatic pupillary responses to pain perception in adults and children: The influence of race and autistic traits},<br \/>\r\nauthor = {Ting Zhang and Shujia Zhang and Yi Jiang},<br \/>\r\ndoi = {10.1016\/j.cognition.2025.106384},<br \/>\r\nyear  = {2026},<br \/>\r\ndate = {2026-03-01},<br \/>\r\njournal = {Cognition},<br \/>\r\nvolume = {268},<br \/>\r\npages = {1\u20139},<br \/>\r\npublisher = {Elsevier B.V.},<br \/>\r\nabstract = {The ability to understand and share others' emotional states (e.g., feeling of pain) plays a fundamental role in survival and prosocial behavior. The current study utilized pupillometry to assess automatic psychophysiological responses to others' painful facial expressions in both adults and children (N = 72). Results revealed that pupil size significantly increased when perceiving painful versus neutral expressions, independent of low-level visual features. Notably, both adults and children exhibited a racial in-group bias, with pupil dilation effects observed only for same-race painful faces. Furthermore, individuals' Autism Spectrum Quotient scores were negatively correlated with pupil dilation effects toward painful expressions of same-race faces. These findings suggest that pupillary responses might reflect automatic empathic arousal to others' pain and are modulated by racial group membership and autistic traits, providing a potential physiological indicator, at least at the group level, for probing affective resonance in children or individuals with socio-cognitive disorders (e.g., autism spectrum disorder).},<br \/>\r\nkeywords = {},<br \/>\r\npubstate = {published},<br \/>\r\ntppubtype = {article}<br \/>\r\n}<br \/>\r\n<\/pre><\/div><p class=\"tp_close_menu\"><a class=\"tp_close\" onclick=\"teachpress_pub_showhide('13790','tp_bibtex')\">Close<\/a><\/p><\/div><div class=\"tp_abstract\" id=\"tp_abstract_13790\" style=\"display:none;\"><div class=\"tp_abstract_entry\">The ability to understand and share others' emotional states (e.g., feeling of pain) plays a fundamental role in survival and prosocial behavior. The current study utilized pupillometry to assess automatic psychophysiological responses to others' painful facial expressions in both adults and children (N = 72). Results revealed that pupil size significantly increased when perceiving painful versus neutral expressions, independent of low-level visual features. Notably, both adults and children exhibited a racial in-group bias, with pupil dilation effects observed only for same-race painful faces. Furthermore, individuals' Autism Spectrum Quotient scores were negatively correlated with pupil dilation effects toward painful expressions of same-race faces. These findings suggest that pupillary responses might reflect automatic empathic arousal to others' pain and are modulated by racial group membership and autistic traits, providing a potential physiological indicator, at least at the group level, for probing affective resonance in children or individuals with socio-cognitive disorders (e.g., autism spectrum disorder).<\/div><p class=\"tp_close_menu\"><a class=\"tp_close\" onclick=\"teachpress_pub_showhide('13790','tp_abstract')\">Close<\/a><\/p><\/div><div class=\"tp_links\" id=\"tp_links_13790\" style=\"display:none;\"><div class=\"tp_links_entry\"><ul class=\"tp_pub_list\"><li><i class=\"ai ai-doi\"><\/i><a class=\"tp_pub_list\" href=\"https:\/\/dx.doi.org\/10.1016\/j.cognition.2025.106384\" title=\"Follow DOI:10.1016\/j.cognition.2025.106384\" target=\"_blank\">doi:10.1016\/j.cognition.2025.106384<\/a><\/li><\/ul><\/div><p class=\"tp_close_menu\"><a class=\"tp_close\" onclick=\"teachpress_pub_showhide('13790','tp_links')\">Close<\/a><\/p><\/div><\/td><\/tr><tr class=\"tp_publication tp_publication_article\"><td class=\"tp_pub_info\"><p class=\"tp_pub_author\">Wei Fang; Naiqi G. Xiao<\/p><p class=\"tp_pub_title\"><a class=\"tp_title_link\" onclick=\"teachpress_pub_showhide('3374','tp_abstract')\" style=\"cursor:pointer;\">Emotional consistency guides social engagement in 18- to 24-month-old toddlers<\/a> <span class=\"tp_pub_type tp_  article\">Journal Article<\/span> <\/p><p class=\"tp_pub_additional\"><span class=\"tp_pub_additional_in\">In: <\/span><span class=\"tp_pub_additional_journal\">Child Development, <\/span><span class=\"tp_pub_additional_pages\">pp. 1\u201314, <\/span><span class=\"tp_pub_additional_year\">2026<\/span>.<\/p><p class=\"tp_pub_menu\"><span class=\"tp_abstract_link\"><a id=\"tp_abstract_sh_3374\" class=\"tp_show\" onclick=\"teachpress_pub_showhide('3374','tp_abstract')\" title=\"Show abstract\" style=\"cursor:pointer;\">Abstract<\/a><\/span> | <span class=\"tp_resource_link\"><a id=\"tp_links_sh_3374\" class=\"tp_show\" onclick=\"teachpress_pub_showhide('3374','tp_links')\" title=\"Show links and resources\" style=\"cursor:pointer;\">Links<\/a><\/span> | <span class=\"tp_bibtex_link\"><a id=\"tp_bibtex_sh_3374\" class=\"tp_show\" onclick=\"teachpress_pub_showhide('3374','tp_bibtex')\" title=\"Show BibTeX entry\" style=\"cursor:pointer;\">BibTeX<\/a><\/span><\/p><div class=\"tp_bibtex\" id=\"tp_bibtex_3374\" style=\"display:none;\"><div class=\"tp_bibtex_entry\"><pre>@article{Fang2026,<br \/>\r\ntitle = {Emotional consistency guides social engagement in 18- to 24-month-old toddlers},<br \/>\r\nauthor = {Wei Fang and Naiqi G. Xiao},<br \/>\r\neditor = {Jie He and Shauna Cooper},<br \/>\r\ndoi = {10.1093\/chidev\/aacaf031},<br \/>\r\nyear  = {2026},<br \/>\r\ndate = {2026-01-01},<br \/>\r\njournal = {Child Development},<br \/>\r\npages = {1\u201314},<br \/>\r\nabstract = {This study investigated toddlers' sensitivity to emotional consistency and its influence on social engagement. Sixty-eight toddlers of diverse ethnic backgrounds (39 females; 338\u2013908 days old; 79.4% White; and collected in 2024) watched videos depicting adults expressing emotions toward novel objects. The expression valence was either consistent (e.g., always positive toward Object A) or inconsistent (e.g., both positive and negative toward Object A). Eighteen- to 24-month-olds exhibited distinct looking when learning the consistent versus inconsistent informants (Cohen's d = 0.42) and showed greater sustained gaze following toward the emotionally consistent informants (Hedges' g = 0.45). Twelve- to 18-month-olds did not differentiate between conditions. These data suggest that detecting and utilizing emotional consistency as a cue for social engagement develops during the second year of life.},<br \/>\r\nkeywords = {},<br \/>\r\npubstate = {published},<br \/>\r\ntppubtype = {article}<br \/>\r\n}<br \/>\r\n<\/pre><\/div><p class=\"tp_close_menu\"><a class=\"tp_close\" onclick=\"teachpress_pub_showhide('3374','tp_bibtex')\">Close<\/a><\/p><\/div><div class=\"tp_abstract\" id=\"tp_abstract_3374\" style=\"display:none;\"><div class=\"tp_abstract_entry\">This study investigated toddlers' sensitivity to emotional consistency and its influence on social engagement. Sixty-eight toddlers of diverse ethnic backgrounds (39 females; 338\u2013908 days old; 79.4% White; and collected in 2024) watched videos depicting adults expressing emotions toward novel objects. The expression valence was either consistent (e.g., always positive toward Object A) or inconsistent (e.g., both positive and negative toward Object A). Eighteen- to 24-month-olds exhibited distinct looking when learning the consistent versus inconsistent informants (Cohen's d = 0.42) and showed greater sustained gaze following toward the emotionally consistent informants (Hedges' g = 0.45). Twelve- to 18-month-olds did not differentiate between conditions. These data suggest that detecting and utilizing emotional consistency as a cue for social engagement develops during the second year of life.<\/div><p class=\"tp_close_menu\"><a class=\"tp_close\" onclick=\"teachpress_pub_showhide('3374','tp_abstract')\">Close<\/a><\/p><\/div><div class=\"tp_links\" id=\"tp_links_3374\" style=\"display:none;\"><div class=\"tp_links_entry\"><ul class=\"tp_pub_list\"><li><i class=\"ai ai-doi\"><\/i><a class=\"tp_pub_list\" href=\"https:\/\/dx.doi.org\/10.1093\/chidev\/aacaf031\" title=\"Follow DOI:10.1093\/chidev\/aacaf031\" target=\"_blank\">doi:10.1093\/chidev\/aacaf031<\/a><\/li><\/ul><\/div><p class=\"tp_close_menu\"><a class=\"tp_close\" onclick=\"teachpress_pub_showhide('3374','tp_links')\">Close<\/a><\/p><\/div><\/td><\/tr><tr class=\"tp_publication tp_publication_article\"><td class=\"tp_pub_info\"><p class=\"tp_pub_author\">Gabrielle F. Freitag; Shannon Shaughnessy; Jennifer M. Meigs; Parmis Khosravi; Julia O. Linke; Spencer C. Evans; Ellen Leibenluft; Melissa A. Brotman; Daniel S. Pine; Katharina Kircanski; Elise M. Cardinale<\/p><p class=\"tp_pub_title\"><a class=\"tp_title_link\" onclick=\"teachpress_pub_showhide('3685','tp_abstract')\" style=\"cursor:pointer;\">An investigation of inhibitory control as a mechanism differentiating tonic and phasic irritability<\/a> <span class=\"tp_pub_type tp_  article\">Journal Article<\/span> <\/p><p class=\"tp_pub_additional\"><span class=\"tp_pub_additional_in\">In: <\/span><span class=\"tp_pub_additional_journal\">Child Psychiatry &amp; Human Development, <\/span><span class=\"tp_pub_additional_pages\">pp. 1\u201311, <\/span><span class=\"tp_pub_additional_year\">2026<\/span>.<\/p><p class=\"tp_pub_menu\"><span class=\"tp_abstract_link\"><a id=\"tp_abstract_sh_3685\" class=\"tp_show\" onclick=\"teachpress_pub_showhide('3685','tp_abstract')\" title=\"Show abstract\" style=\"cursor:pointer;\">Abstract<\/a><\/span> | <span class=\"tp_resource_link\"><a id=\"tp_links_sh_3685\" class=\"tp_show\" onclick=\"teachpress_pub_showhide('3685','tp_links')\" title=\"Show links and resources\" style=\"cursor:pointer;\">Links<\/a><\/span> | <span class=\"tp_bibtex_link\"><a id=\"tp_bibtex_sh_3685\" class=\"tp_show\" onclick=\"teachpress_pub_showhide('3685','tp_bibtex')\" title=\"Show BibTeX entry\" style=\"cursor:pointer;\">BibTeX<\/a><\/span><\/p><div class=\"tp_bibtex\" id=\"tp_bibtex_3685\" style=\"display:none;\"><div class=\"tp_bibtex_entry\"><pre>@article{Freitag2026,<br \/>\r\ntitle = {An investigation of inhibitory control as a mechanism differentiating tonic and phasic irritability},<br \/>\r\nauthor = {Gabrielle F. Freitag and Shannon Shaughnessy and Jennifer M. Meigs and Parmis Khosravi and Julia O. Linke and Spencer C. Evans and Ellen Leibenluft and Melissa A. Brotman and Daniel S. Pine and Katharina Kircanski and Elise M. Cardinale},<br \/>\r\ndoi = {10.1007\/s10578-025-01957-6},<br \/>\r\nyear  = {2026},<br \/>\r\ndate = {2026-01-01},<br \/>\r\njournal = {Child Psychiatry & Human Development},<br \/>\r\npages = {1\u201311},<br \/>\r\nabstract = {Phasic and tonic irritability are highly correlated clinical constructs yet differentially associated with developmental trajectories and treatment response. However, limited research has identified their shared and unique underlying behavioral mechanisms. In a sample of youths enriched for irritability (N = 141, age range 7\u201318, age M[SD] = 12.60[2.54], 48.23% female), we investigated whether inhibitory control is differentially associated with phasic versus tonic irritability. Repli- cating prior work, tonic and phasic irritability were estimated via independent confirmatory factor analyses (CFAs) using items and\/or subscales from multi-informant questionnaires. A latent factor of inhibitory control was extracted from four behavioral tasks. Initial multiple linear regression analysis found that phasic, not tonic, irritability was significantly associ- ated with impaired inhibitory control. However, results were no longer significant after accounting for shared associations with age. In addition, when adding commonly co-occurring symptoms such as attention-deficit\/hyperactivity disorder (ADHD) symptoms and oppositionality, age and ADHD were significant predictors of inhibitory control, but phasic irri- tability was not. Results suggest that inhibitory control alone may not be a salient mechanism for disambiguating phasic and tonic irritability. Future work leveraging longitudinal methods and consideration of other potential contextual factors is needed.},<br \/>\r\nkeywords = {},<br \/>\r\npubstate = {published},<br \/>\r\ntppubtype = {article}<br \/>\r\n}<br \/>\r\n<\/pre><\/div><p class=\"tp_close_menu\"><a class=\"tp_close\" onclick=\"teachpress_pub_showhide('3685','tp_bibtex')\">Close<\/a><\/p><\/div><div class=\"tp_abstract\" id=\"tp_abstract_3685\" style=\"display:none;\"><div class=\"tp_abstract_entry\">Phasic and tonic irritability are highly correlated clinical constructs yet differentially associated with developmental trajectories and treatment response. However, limited research has identified their shared and unique underlying behavioral mechanisms. In a sample of youths enriched for irritability (N = 141, age range 7\u201318, age M[SD] = 12.60[2.54], 48.23% female), we investigated whether inhibitory control is differentially associated with phasic versus tonic irritability. Repli- cating prior work, tonic and phasic irritability were estimated via independent confirmatory factor analyses (CFAs) using items and\/or subscales from multi-informant questionnaires. A latent factor of inhibitory control was extracted from four behavioral tasks. Initial multiple linear regression analysis found that phasic, not tonic, irritability was significantly associ- ated with impaired inhibitory control. However, results were no longer significant after accounting for shared associations with age. In addition, when adding commonly co-occurring symptoms such as attention-deficit\/hyperactivity disorder (ADHD) symptoms and oppositionality, age and ADHD were significant predictors of inhibitory control, but phasic irri- tability was not. Results suggest that inhibitory control alone may not be a salient mechanism for disambiguating phasic and tonic irritability. Future work leveraging longitudinal methods and consideration of other potential contextual factors is needed.<\/div><p class=\"tp_close_menu\"><a class=\"tp_close\" onclick=\"teachpress_pub_showhide('3685','tp_abstract')\">Close<\/a><\/p><\/div><div class=\"tp_links\" id=\"tp_links_3685\" style=\"display:none;\"><div class=\"tp_links_entry\"><ul class=\"tp_pub_list\"><li><i class=\"ai ai-doi\"><\/i><a class=\"tp_pub_list\" href=\"https:\/\/dx.doi.org\/10.1007\/s10578-025-01957-6\" title=\"Follow DOI:10.1007\/s10578-025-01957-6\" target=\"_blank\">doi:10.1007\/s10578-025-01957-6<\/a><\/li><\/ul><\/div><p class=\"tp_close_menu\"><a class=\"tp_close\" onclick=\"teachpress_pub_showhide('3685','tp_links')\">Close<\/a><\/p><\/div><\/td><\/tr><tr class=\"tp_publication tp_publication_article\"><td class=\"tp_pub_info\"><p class=\"tp_pub_author\">Carie Guan; Naomi Geller; Maya Mammon; Naiqi G. Xiao<\/p><p class=\"tp_pub_title\"><a class=\"tp_title_link\" onclick=\"teachpress_pub_showhide('4299','tp_abstract')\" style=\"cursor:pointer;\">Infants recognized other-race faces when learning them with incidental emotional sounds<\/a> <span class=\"tp_pub_type tp_  article\">Journal Article<\/span> <\/p><p class=\"tp_pub_additional\"><span class=\"tp_pub_additional_in\">In: <\/span><span class=\"tp_pub_additional_journal\">Developmental Psychobiology, <\/span><span class=\"tp_pub_additional_volume\">vol. 68, <\/span><span class=\"tp_pub_additional_number\">no. 1, <\/span><span class=\"tp_pub_additional_pages\">pp. 1\u201313, <\/span><span class=\"tp_pub_additional_year\">2026<\/span>.<\/p><p class=\"tp_pub_menu\"><span class=\"tp_abstract_link\"><a id=\"tp_abstract_sh_4299\" class=\"tp_show\" onclick=\"teachpress_pub_showhide('4299','tp_abstract')\" title=\"Show abstract\" style=\"cursor:pointer;\">Abstract<\/a><\/span> | <span class=\"tp_resource_link\"><a id=\"tp_links_sh_4299\" class=\"tp_show\" onclick=\"teachpress_pub_showhide('4299','tp_links')\" title=\"Show links and resources\" style=\"cursor:pointer;\">Links<\/a><\/span> | <span class=\"tp_bibtex_link\"><a id=\"tp_bibtex_sh_4299\" class=\"tp_show\" onclick=\"teachpress_pub_showhide('4299','tp_bibtex')\" title=\"Show BibTeX entry\" style=\"cursor:pointer;\">BibTeX<\/a><\/span><\/p><div class=\"tp_bibtex\" id=\"tp_bibtex_4299\" style=\"display:none;\"><div class=\"tp_bibtex_entry\"><pre>@article{Guan2026,<br \/>\r\ntitle = {Infants recognized other-race faces when learning them with incidental emotional sounds},<br \/>\r\nauthor = {Carie Guan and Naomi Geller and Maya Mammon and Naiqi G. Xiao},<br \/>\r\ndoi = {10.1002\/dev.70110},<br \/>\r\nyear  = {2026},<br \/>\r\ndate = {2026-01-01},<br \/>\r\njournal = {Developmental Psychobiology},<br \/>\r\nvolume = {68},<br \/>\r\nnumber = {1},<br \/>\r\npages = {1\u201313},<br \/>\r\npublisher = {John Wiley and Sons Inc},<br \/>\r\nabstract = {Infant face recognition shows plasticity, with recent evidence indicating enhancement by the presence of emotional facial expressions. The mechanisms and domain-generality of this effect remain largely unknown. This study tested whether auditory emotional cues (vocalizations) facilitated infants' recognition of other-race faces, a perceptual challenge during the first year of life. Infants (N = 89) were presented with emotionally neutral faces paired with happy, sad, or neutral vocal sounds in a within-subjects design. Experiment 1 assessed recognition using identical face images between the familiarization and test phases, while Experiment 2 examined face recognition across viewpoint changes. Across both experiments, infants exhibited successful face recognition only when they were learned with emotional sounds (happy and sad). This facilitative effect remained stable across the tested age range and did not differ between happy and sad vocalizations. Infants' eye movement data revealed comparable face-looking patterns across conditions, suggesting that the facilitation was not driven by changes in visual attention. Thus, incidental, cross-modal emotional signals significantly enhance infant face recognition. This underscores the early integrative nature of emotion processing and its catalytic role in cognitive development.},<br \/>\r\nkeywords = {},<br \/>\r\npubstate = {published},<br \/>\r\ntppubtype = {article}<br \/>\r\n}<br \/>\r\n<\/pre><\/div><p class=\"tp_close_menu\"><a class=\"tp_close\" onclick=\"teachpress_pub_showhide('4299','tp_bibtex')\">Close<\/a><\/p><\/div><div class=\"tp_abstract\" id=\"tp_abstract_4299\" style=\"display:none;\"><div class=\"tp_abstract_entry\">Infant face recognition shows plasticity, with recent evidence indicating enhancement by the presence of emotional facial expressions. The mechanisms and domain-generality of this effect remain largely unknown. This study tested whether auditory emotional cues (vocalizations) facilitated infants' recognition of other-race faces, a perceptual challenge during the first year of life. Infants (N = 89) were presented with emotionally neutral faces paired with happy, sad, or neutral vocal sounds in a within-subjects design. Experiment 1 assessed recognition using identical face images between the familiarization and test phases, while Experiment 2 examined face recognition across viewpoint changes. Across both experiments, infants exhibited successful face recognition only when they were learned with emotional sounds (happy and sad). This facilitative effect remained stable across the tested age range and did not differ between happy and sad vocalizations. Infants' eye movement data revealed comparable face-looking patterns across conditions, suggesting that the facilitation was not driven by changes in visual attention. Thus, incidental, cross-modal emotional signals significantly enhance infant face recognition. This underscores the early integrative nature of emotion processing and its catalytic role in cognitive development.<\/div><p class=\"tp_close_menu\"><a class=\"tp_close\" onclick=\"teachpress_pub_showhide('4299','tp_abstract')\">Close<\/a><\/p><\/div><div class=\"tp_links\" id=\"tp_links_4299\" style=\"display:none;\"><div class=\"tp_links_entry\"><ul class=\"tp_pub_list\"><li><i class=\"ai ai-doi\"><\/i><a class=\"tp_pub_list\" href=\"https:\/\/dx.doi.org\/10.1002\/dev.70110\" title=\"Follow DOI:10.1002\/dev.70110\" target=\"_blank\">doi:10.1002\/dev.70110<\/a><\/li><\/ul><\/div><p class=\"tp_close_menu\"><a class=\"tp_close\" onclick=\"teachpress_pub_showhide('4299','tp_links')\">Close<\/a><\/p><\/div><\/td><\/tr><tr class=\"tp_publication tp_publication_article\"><td class=\"tp_pub_info\"><p class=\"tp_pub_author\">Thomas Seacrist; Elizabeth A. Walshe; Shukai Cheng; Emily Brown; Charlotte Birnbaum; Victoria Kaufman; Flaura K. Winston; William C. Gaetz<\/p><p class=\"tp_pub_title\"><a class=\"tp_title_link\" onclick=\"teachpress_pub_showhide('10749','tp_abstract')\" style=\"cursor:pointer;\">A novel paradigm for identifying eye-tracking metrics associated with cognitive control during driving through MEG neuroimaging<\/a> <span class=\"tp_pub_type tp_  article\">Journal Article<\/span> <\/p><p class=\"tp_pub_additional\"><span class=\"tp_pub_additional_in\">In: <\/span><span class=\"tp_pub_additional_journal\">Transportation Research Part F: Traffic Psychology and Behaviour, <\/span><span class=\"tp_pub_additional_volume\">vol. 116, <\/span><span class=\"tp_pub_additional_pages\">pp. 1\u201313, <\/span><span class=\"tp_pub_additional_year\">2026<\/span>.<\/p><p class=\"tp_pub_menu\"><span class=\"tp_abstract_link\"><a id=\"tp_abstract_sh_10749\" class=\"tp_show\" onclick=\"teachpress_pub_showhide('10749','tp_abstract')\" title=\"Show abstract\" style=\"cursor:pointer;\">Abstract<\/a><\/span> | <span class=\"tp_resource_link\"><a id=\"tp_links_sh_10749\" class=\"tp_show\" onclick=\"teachpress_pub_showhide('10749','tp_links')\" title=\"Show links and resources\" style=\"cursor:pointer;\">Links<\/a><\/span> | <span class=\"tp_bibtex_link\"><a id=\"tp_bibtex_sh_10749\" class=\"tp_show\" onclick=\"teachpress_pub_showhide('10749','tp_bibtex')\" title=\"Show BibTeX entry\" style=\"cursor:pointer;\">BibTeX<\/a><\/span><\/p><div class=\"tp_bibtex\" id=\"tp_bibtex_10749\" style=\"display:none;\"><div class=\"tp_bibtex_entry\"><pre>@article{Seacrist2026,<br \/>\r\ntitle = {A novel paradigm for identifying eye-tracking metrics associated with cognitive control during driving through MEG neuroimaging},<br \/>\r\nauthor = {Thomas Seacrist and Elizabeth A. Walshe and Shukai Cheng and Emily Brown and Charlotte Birnbaum and Victoria Kaufman and Flaura K. Winston and William C. Gaetz},<br \/>\r\ndoi = {10.1016\/j.trf.2025.103434},<br \/>\r\nyear  = {2026},<br \/>\r\ndate = {2026-01-01},<br \/>\r\njournal = {Transportation Research Part F: Traffic Psychology and Behaviour},<br \/>\r\nvolume = {116},<br \/>\r\npages = {1\u201313},<br \/>\r\npublisher = {Elsevier Ltd},<br \/>\r\nabstract = {Understanding the neurocognitive underpinnings of driving behavior in adolescents is critical to improving road safety. To address this, we established a novel paradigm linking magnetoencephalography (MEG)-recorded frequency-specific brain activity to simulated driving performance, identifying periods of increased cognitive control. However, this initial paradigm did not incorporate eye-tracking \u2013 a potentially scalable proxy for cognitive control that could be leveraged by in-vehicle driver monitoring systems. This proof-of-concept study expands our paradigm by integrating eye-tracking to identify scanning behavior metrics associated with periods of increased cognitive control validated by MEG. Typically developing adolescents (n = 11; mean age = 15.1 \u00b1 1.5 yrs) completed three driving tasks of varying cognitive demand, and MEG frequency specific analysis confirmed periods of high (Hi) and low (Lo) cognitive control via the established biomarker of frontal midline theta (FMT). Fixation count, fixation duration, horizontal\/vertical mean gaze position, saccade amplitude, and horizontal\/vertical spread of search were compared between Hi vs. Lo periods of cognitive control. Task-specific differences in fixation count (p &lt; 0.05), mean gaze position (p &lt; 0.01), saccade amplitude (p &lt; 0.05), and spread of search (p &lt; 0.01) were observed between Hi compared to Lo cognitive control periods. These differences corresponded to expected task-specific changes in scanning behavior that would accompany cognitive control over behavior, suggesting a signal that eye-tracking may serve as a proxy for underlying neurocognitive processes. This integrated approach demonstrates methodological rigor and offers a promising framework for further research and informing development of in-vehicle driver monitoring systems for detecting cognitive deficits in real time, with implications for enhancing teen driver safety.},<br \/>\r\nkeywords = {},<br \/>\r\npubstate = {published},<br \/>\r\ntppubtype = {article}<br \/>\r\n}<br \/>\r\n<\/pre><\/div><p class=\"tp_close_menu\"><a class=\"tp_close\" onclick=\"teachpress_pub_showhide('10749','tp_bibtex')\">Close<\/a><\/p><\/div><div class=\"tp_abstract\" id=\"tp_abstract_10749\" style=\"display:none;\"><div class=\"tp_abstract_entry\">Understanding the neurocognitive underpinnings of driving behavior in adolescents is critical to improving road safety. To address this, we established a novel paradigm linking magnetoencephalography (MEG)-recorded frequency-specific brain activity to simulated driving performance, identifying periods of increased cognitive control. However, this initial paradigm did not incorporate eye-tracking \u2013 a potentially scalable proxy for cognitive control that could be leveraged by in-vehicle driver monitoring systems. This proof-of-concept study expands our paradigm by integrating eye-tracking to identify scanning behavior metrics associated with periods of increased cognitive control validated by MEG. Typically developing adolescents (n = 11; mean age = 15.1 \u00b1 1.5 yrs) completed three driving tasks of varying cognitive demand, and MEG frequency specific analysis confirmed periods of high (Hi) and low (Lo) cognitive control via the established biomarker of frontal midline theta (FMT). Fixation count, fixation duration, horizontal\/vertical mean gaze position, saccade amplitude, and horizontal\/vertical spread of search were compared between Hi vs. Lo periods of cognitive control. Task-specific differences in fixation count (p &lt; 0.05), mean gaze position (p &lt; 0.01), saccade amplitude (p &lt; 0.05), and spread of search (p &lt; 0.01) were observed between Hi compared to Lo cognitive control periods. These differences corresponded to expected task-specific changes in scanning behavior that would accompany cognitive control over behavior, suggesting a signal that eye-tracking may serve as a proxy for underlying neurocognitive processes. This integrated approach demonstrates methodological rigor and offers a promising framework for further research and informing development of in-vehicle driver monitoring systems for detecting cognitive deficits in real time, with implications for enhancing teen driver safety.<\/div><p class=\"tp_close_menu\"><a class=\"tp_close\" onclick=\"teachpress_pub_showhide('10749','tp_abstract')\">Close<\/a><\/p><\/div><div class=\"tp_links\" id=\"tp_links_10749\" style=\"display:none;\"><div class=\"tp_links_entry\"><ul class=\"tp_pub_list\"><li><i class=\"ai ai-doi\"><\/i><a class=\"tp_pub_list\" href=\"https:\/\/dx.doi.org\/10.1016\/j.trf.2025.103434\" title=\"Follow DOI:10.1016\/j.trf.2025.103434\" target=\"_blank\">doi:10.1016\/j.trf.2025.103434<\/a><\/li><\/ul><\/div><p class=\"tp_close_menu\"><a class=\"tp_close\" onclick=\"teachpress_pub_showhide('10749','tp_links')\">Close<\/a><\/p><\/div><\/td><\/tr><tr class=\"tp_publication tp_publication_article\"><td class=\"tp_pub_info\"><p class=\"tp_pub_author\">Songqiao Xie; Chunyan He<\/p><p class=\"tp_pub_title\"><a class=\"tp_title_link\" onclick=\"teachpress_pub_showhide('13293','tp_abstract')\" style=\"cursor:pointer;\">An empirical study on native Mandarin-speaking children's metonymy comprehension development<\/a> <span class=\"tp_pub_type tp_  article\">Journal Article<\/span> <\/p><p class=\"tp_pub_additional\"><span class=\"tp_pub_additional_in\">In: <\/span><span class=\"tp_pub_additional_journal\">Journal ofChild Language, <\/span><span class=\"tp_pub_additional_volume\">vol. 53, <\/span><span class=\"tp_pub_additional_pages\">pp. 80\u2013107, <\/span><span class=\"tp_pub_additional_year\">2026<\/span>.<\/p><p class=\"tp_pub_menu\"><span class=\"tp_abstract_link\"><a id=\"tp_abstract_sh_13293\" class=\"tp_show\" onclick=\"teachpress_pub_showhide('13293','tp_abstract')\" title=\"Show abstract\" style=\"cursor:pointer;\">Abstract<\/a><\/span> | <span class=\"tp_bibtex_link\"><a id=\"tp_bibtex_sh_13293\" class=\"tp_show\" onclick=\"teachpress_pub_showhide('13293','tp_bibtex')\" title=\"Show BibTeX entry\" style=\"cursor:pointer;\">BibTeX<\/a><\/span><\/p><div class=\"tp_bibtex\" id=\"tp_bibtex_13293\" style=\"display:none;\"><div class=\"tp_bibtex_entry\"><pre>@article{Xie2026,<br \/>\r\ntitle = {An empirical study on native Mandarin-speaking children's metonymy comprehension development},<br \/>\r\nauthor = {Songqiao Xie and Chunyan He},<br \/>\r\nyear  = {2026},<br \/>\r\ndate = {2026-01-01},<br \/>\r\njournal = {Journal ofChild Language},<br \/>\r\nvolume = {53},<br \/>\r\npages = {80\u2013107},<br \/>\r\nabstract = {This study investigatesMandarin-speaking children's(age 3\u20137) comprehension development ofnovel and conventional metonymy, combining online and offline methods. Both online and offline data show significantly better performances from the oldest group (6-to-7-year-old) and a delayed acquisition of conventional metonymy compared with novel metonymy. However, part of offline data shows no significant difference between adjacent age groups, while the eye-tracking data show a chronological development fromage 3\u20137. Furthermore, in offline tasks, the three-year-old group features a high choice randomness and the four-to-five- year-olds show the longest reaction time. Therefore, we argue that, not only age but also metonymy type can influence metonymy acquisition, and that a lack of socio-cultural experience can be a source of acquisition difficulty for children under six. Methodologically speaking, we believe that online methods should not be considered superior to offline ones as they investigate different aspects of implicit and explicit language comprehension.},<br \/>\r\nkeywords = {},<br \/>\r\npubstate = {published},<br \/>\r\ntppubtype = {article}<br \/>\r\n}<br \/>\r\n<\/pre><\/div><p class=\"tp_close_menu\"><a class=\"tp_close\" onclick=\"teachpress_pub_showhide('13293','tp_bibtex')\">Close<\/a><\/p><\/div><div class=\"tp_abstract\" id=\"tp_abstract_13293\" style=\"display:none;\"><div class=\"tp_abstract_entry\">This study investigatesMandarin-speaking children's(age 3\u20137) comprehension development ofnovel and conventional metonymy, combining online and offline methods. Both online and offline data show significantly better performances from the oldest group (6-to-7-year-old) and a delayed acquisition of conventional metonymy compared with novel metonymy. However, part of offline data shows no significant difference between adjacent age groups, while the eye-tracking data show a chronological development fromage 3\u20137. Furthermore, in offline tasks, the three-year-old group features a high choice randomness and the four-to-five- year-olds show the longest reaction time. Therefore, we argue that, not only age but also metonymy type can influence metonymy acquisition, and that a lack of socio-cultural experience can be a source of acquisition difficulty for children under six. Methodologically speaking, we believe that online methods should not be considered superior to offline ones as they investigate different aspects of implicit and explicit language comprehension.<\/div><p class=\"tp_close_menu\"><a class=\"tp_close\" onclick=\"teachpress_pub_showhide('13293','tp_abstract')\">Close<\/a><\/p><\/div><\/td><\/tr><tr class=\"tp_publication tp_publication_article\"><td class=\"tp_pub_info\"><p class=\"tp_pub_author\">Amanda Rose Yuile; Justin B. Kueser; Claney Outzen; Sharon Christ; Risa Stiegler; Mary Carson Adams; Barbara Brown; Arielle Borovsky<\/p><p class=\"tp_pub_title\"><a class=\"tp_title_link\" onclick=\"teachpress_pub_showhide('13612','tp_abstract')\" style=\"cursor:pointer;\">Lexical vocabulary acquisition through multimodal annotation: An eye-tracking study with Chinese learners' dictionaries<\/a> <span class=\"tp_pub_type tp_  article\">Journal Article<\/span> <\/p><p class=\"tp_pub_additional\"><span class=\"tp_pub_additional_in\">In: <\/span><span class=\"tp_pub_additional_journal\">Developmental Science, <\/span><span class=\"tp_pub_additional_volume\">vol. 29, <\/span><span class=\"tp_pub_additional_number\">no. 1, <\/span><span class=\"tp_pub_additional_pages\">pp. 1\u201318, <\/span><span class=\"tp_pub_additional_year\">2026<\/span>.<\/p><p class=\"tp_pub_menu\"><span class=\"tp_abstract_link\"><a id=\"tp_abstract_sh_13612\" class=\"tp_show\" onclick=\"teachpress_pub_showhide('13612','tp_abstract')\" title=\"Show abstract\" style=\"cursor:pointer;\">Abstract<\/a><\/span> | <span class=\"tp_resource_link\"><a id=\"tp_links_sh_13612\" class=\"tp_show\" onclick=\"teachpress_pub_showhide('13612','tp_links')\" title=\"Show links and resources\" style=\"cursor:pointer;\">Links<\/a><\/span> | <span class=\"tp_bibtex_link\"><a id=\"tp_bibtex_sh_13612\" class=\"tp_show\" onclick=\"teachpress_pub_showhide('13612','tp_bibtex')\" title=\"Show BibTeX entry\" style=\"cursor:pointer;\">BibTeX<\/a><\/span><\/p><div class=\"tp_bibtex\" id=\"tp_bibtex_13612\" style=\"display:none;\"><div class=\"tp_bibtex_entry\"><pre>@article{Yuile2026,<br \/>\r\ntitle = {Lexical vocabulary acquisition through multimodal annotation: An eye-tracking study with Chinese learners' dictionaries},<br \/>\r\nauthor = {Amanda Rose Yuile and Justin B. Kueser and Claney Outzen and Sharon Christ and Risa Stiegler and Mary Carson Adams and Barbara Brown and Arielle Borovsky},<br \/>\r\ndoi = {10.1111\/desc.70087},<br \/>\r\nyear  = {2026},<br \/>\r\ndate = {2026-01-01},<br \/>\r\njournal = {Developmental Science},<br \/>\r\nvolume = {29},<br \/>\r\nnumber = {1},<br \/>\r\npages = {1\u201318},<br \/>\r\npublisher = {John Wiley and Sons Inc},<br \/>\r\nabstract = {Toddlers better retain novel object-label mappings from taxonomic categories they have more knowledge of. Separately, words for concepts with more perceptual features are learned earlier than words for concepts with fewer perceptual features. Because these factors have only been examined separately, it is unclear whether the effects of taxonomic density stem from differences in structured taxonomic knowledge or simply reflect lower-level differences in perceptual similarity among concepts. We asked how taxonomic structure and perceptual information jointly contribute to word learning at 24 months old in an ostensive word learning task. We found that semantic category knowledge facilitated word learning. We also found that the availability of perceptual features served as additional supports for word learning by children with smaller expressive vocabularies. This indicates that structured taxonomic knowledge is a better predictor of word learning compared to lower-level perceptual features at 24 months old. However, perceptual cues may provide additional support for vocabulary growth at the start of development. Summary: We explore how semantic category knowledge and perceptual features jointly influence novel word learning at 24 months old in an ostensive word learning context. Novel word learning was facilitated within semantic categories the toddlers knew more about, when controlling for the availability of perceptual information. Toddlers with smaller productive vocabularies used perceptual features as additional supports for word learning, but those with larger vocabularies did not. These findings show that structured taxonomic knowledge is a better predictor of word learning at 24 months old compared to lower-level perceptual information.},<br \/>\r\nkeywords = {},<br \/>\r\npubstate = {published},<br \/>\r\ntppubtype = {article}<br \/>\r\n}<br \/>\r\n<\/pre><\/div><p class=\"tp_close_menu\"><a class=\"tp_close\" onclick=\"teachpress_pub_showhide('13612','tp_bibtex')\">Close<\/a><\/p><\/div><div class=\"tp_abstract\" id=\"tp_abstract_13612\" style=\"display:none;\"><div class=\"tp_abstract_entry\">Toddlers better retain novel object-label mappings from taxonomic categories they have more knowledge of. Separately, words for concepts with more perceptual features are learned earlier than words for concepts with fewer perceptual features. Because these factors have only been examined separately, it is unclear whether the effects of taxonomic density stem from differences in structured taxonomic knowledge or simply reflect lower-level differences in perceptual similarity among concepts. We asked how taxonomic structure and perceptual information jointly contribute to word learning at 24 months old in an ostensive word learning task. We found that semantic category knowledge facilitated word learning. We also found that the availability of perceptual features served as additional supports for word learning by children with smaller expressive vocabularies. This indicates that structured taxonomic knowledge is a better predictor of word learning compared to lower-level perceptual features at 24 months old. However, perceptual cues may provide additional support for vocabulary growth at the start of development. Summary: We explore how semantic category knowledge and perceptual features jointly influence novel word learning at 24 months old in an ostensive word learning context. Novel word learning was facilitated within semantic categories the toddlers knew more about, when controlling for the availability of perceptual information. Toddlers with smaller productive vocabularies used perceptual features as additional supports for word learning, but those with larger vocabularies did not. These findings show that structured taxonomic knowledge is a better predictor of word learning at 24 months old compared to lower-level perceptual information.<\/div><p class=\"tp_close_menu\"><a class=\"tp_close\" onclick=\"teachpress_pub_showhide('13612','tp_abstract')\">Close<\/a><\/p><\/div><div class=\"tp_links\" id=\"tp_links_13612\" style=\"display:none;\"><div class=\"tp_links_entry\"><ul class=\"tp_pub_list\"><li><i class=\"ai ai-doi\"><\/i><a class=\"tp_pub_list\" href=\"https:\/\/dx.doi.org\/10.1111\/desc.70087\" title=\"Follow DOI:10.1111\/desc.70087\" target=\"_blank\">doi:10.1111\/desc.70087<\/a><\/li><\/ul><\/div><p class=\"tp_close_menu\"><a class=\"tp_close\" onclick=\"teachpress_pub_showhide('13612','tp_links')\">Close<\/a><\/p><\/div><\/td><\/tr><tr>\r\n                    <td>\r\n                        <h3 class=\"tp_h3\" id=\"tp_h3_2025\">2025<\/h3>\r\n                    <\/td>\r\n                <\/tr><tr class=\"tp_publication tp_publication_article\"><td class=\"tp_pub_info\"><p class=\"tp_pub_author\">Schea Fissel Brannick; Arianna N. LaCroix<\/p><p class=\"tp_pub_title\"><a class=\"tp_title_link\" onclick=\"teachpress_pub_showhide('1292','tp_abstract')\" style=\"cursor:pointer;\">Blinking indexes dynamic attending during and after music listening<\/a> <span class=\"tp_pub_type tp_  article\">Journal Article<\/span> <\/p><p class=\"tp_pub_additional\"><span class=\"tp_pub_additional_in\">In: <\/span><span class=\"tp_pub_additional_journal\">Scientific Reports, <\/span><span class=\"tp_pub_additional_volume\">vol. 15, <\/span><span class=\"tp_pub_additional_number\">no. 1, <\/span><span class=\"tp_pub_additional_year\">2025<\/span>.<\/p><p class=\"tp_pub_menu\"><span class=\"tp_abstract_link\"><a id=\"tp_abstract_sh_1292\" class=\"tp_show\" onclick=\"teachpress_pub_showhide('1292','tp_abstract')\" title=\"Show abstract\" style=\"cursor:pointer;\">Abstract<\/a><\/span> | <span class=\"tp_resource_link\"><a id=\"tp_links_sh_1292\" class=\"tp_show\" onclick=\"teachpress_pub_showhide('1292','tp_links')\" title=\"Show links and resources\" style=\"cursor:pointer;\">Links<\/a><\/span> | <span class=\"tp_bibtex_link\"><a id=\"tp_bibtex_sh_1292\" class=\"tp_show\" onclick=\"teachpress_pub_showhide('1292','tp_bibtex')\" title=\"Show BibTeX entry\" style=\"cursor:pointer;\">BibTeX<\/a><\/span><\/p><div class=\"tp_bibtex\" id=\"tp_bibtex_1292\" style=\"display:none;\"><div class=\"tp_bibtex_entry\"><pre>@article{Brannick2025,<br \/>\r\ntitle = {Blinking indexes dynamic attending during and after music listening},<br \/>\r\nauthor = {Schea Fissel Brannick and Arianna N. LaCroix},<br \/>\r\ndoi = {10.1038\/s41598-025-12200-6},<br \/>\r\nyear  = {2025},<br \/>\r\ndate = {2025-12-01},<br \/>\r\njournal = {Scientific Reports},<br \/>\r\nvolume = {15},<br \/>\r\nnumber = {1},<br \/>\r\npublisher = {Nature Research},<br \/>\r\nabstract = {Music's rhythmic and acoustic structure can shape how attention unfolds over time, but little is known about how music listening influences the temporal dynamics of attention. This study examined whether blinking, a linked marker of attention, entrains to acoustic features of music, and whether this entrainment predicts changes in attention post-listening. Fifty-seven middle-aged and older adults listened to either high dynamic (fast, perceptually complex), low dynamic (slow, perceptually stable), or no music for 10\u00a0min before and after completing the Attention Network Test (ANT). Blink probabilities were analyzed in relation to perceptual dynamics during music listening (spectral novelty) and at task-relevant timepoints during the ANT. Spectral novelty in the music predicted non-linear fluctuations in blinking, with high dynamic music eliciting early blink\u2013music coupling and low dynamic music producing delayed, later stage entrainment. After listening, alerting effects differed by music condition: low dynamic music was associated with reduced blinking on double cue trials, suggesting greater cue-based attentional readiness, whereas high dynamic listeners showed increased blinking probabilities, possibly reflecting internally guided task preparation. The low dynamic group also showed enhanced executive control, marked by increased and earlier blinking on high-conflict trials, with greater entrainment also predicting earlier blink onsets. These results suggest that music entrainment supports flexible attentional coordination and may enhance attention in aging through distinct cognitive pathways.},<br \/>\r\nkeywords = {},<br \/>\r\npubstate = {published},<br \/>\r\ntppubtype = {article}<br \/>\r\n}<br \/>\r\n<\/pre><\/div><p class=\"tp_close_menu\"><a class=\"tp_close\" onclick=\"teachpress_pub_showhide('1292','tp_bibtex')\">Close<\/a><\/p><\/div><div class=\"tp_abstract\" id=\"tp_abstract_1292\" style=\"display:none;\"><div class=\"tp_abstract_entry\">Music's rhythmic and acoustic structure can shape how attention unfolds over time, but little is known about how music listening influences the temporal dynamics of attention. This study examined whether blinking, a linked marker of attention, entrains to acoustic features of music, and whether this entrainment predicts changes in attention post-listening. Fifty-seven middle-aged and older adults listened to either high dynamic (fast, perceptually complex), low dynamic (slow, perceptually stable), or no music for 10\u00a0min before and after completing the Attention Network Test (ANT). Blink probabilities were analyzed in relation to perceptual dynamics during music listening (spectral novelty) and at task-relevant timepoints during the ANT. Spectral novelty in the music predicted non-linear fluctuations in blinking, with high dynamic music eliciting early blink\u2013music coupling and low dynamic music producing delayed, later stage entrainment. After listening, alerting effects differed by music condition: low dynamic music was associated with reduced blinking on double cue trials, suggesting greater cue-based attentional readiness, whereas high dynamic listeners showed increased blinking probabilities, possibly reflecting internally guided task preparation. The low dynamic group also showed enhanced executive control, marked by increased and earlier blinking on high-conflict trials, with greater entrainment also predicting earlier blink onsets. These results suggest that music entrainment supports flexible attentional coordination and may enhance attention in aging through distinct cognitive pathways.<\/div><p class=\"tp_close_menu\"><a class=\"tp_close\" onclick=\"teachpress_pub_showhide('1292','tp_abstract')\">Close<\/a><\/p><\/div><div class=\"tp_links\" id=\"tp_links_1292\" style=\"display:none;\"><div class=\"tp_links_entry\"><ul class=\"tp_pub_list\"><li><i class=\"ai ai-doi\"><\/i><a class=\"tp_pub_list\" href=\"https:\/\/dx.doi.org\/10.1038\/s41598-025-12200-6\" title=\"Follow DOI:10.1038\/s41598-025-12200-6\" target=\"_blank\">doi:10.1038\/s41598-025-12200-6<\/a><\/li><\/ul><\/div><p class=\"tp_close_menu\"><a class=\"tp_close\" onclick=\"teachpress_pub_showhide('1292','tp_links')\">Close<\/a><\/p><\/div><\/td><\/tr><tr class=\"tp_publication tp_publication_article\"><td class=\"tp_pub_info\"><p class=\"tp_pub_author\">Charlotte Grosse Wiesmann; Katrin Rothmaler; Esra Hasan; Kathrine Habdank; Chen Yang; Emanuela Yeung; Victoria Southgate<\/p><p class=\"tp_pub_title\"><a class=\"tp_title_link\" onclick=\"teachpress_pub_showhide('4264','tp_abstract')\" style=\"cursor:pointer;\">The self-reference memory bias is preceded by an other-reference bias in infancy<\/a> <span class=\"tp_pub_type tp_  article\">Journal Article<\/span> <\/p><p class=\"tp_pub_additional\"><span class=\"tp_pub_additional_in\">In: <\/span><span class=\"tp_pub_additional_journal\">Nature Communications, <\/span><span class=\"tp_pub_additional_volume\">vol. 16, <\/span><span class=\"tp_pub_additional_number\">no. 1, <\/span><span class=\"tp_pub_additional_pages\">pp. 1\u20138, <\/span><span class=\"tp_pub_additional_year\">2025<\/span>.<\/p><p class=\"tp_pub_menu\"><span class=\"tp_abstract_link\"><a id=\"tp_abstract_sh_4264\" class=\"tp_show\" onclick=\"teachpress_pub_showhide('4264','tp_abstract')\" title=\"Show abstract\" style=\"cursor:pointer;\">Abstract<\/a><\/span> | <span class=\"tp_resource_link\"><a id=\"tp_links_sh_4264\" class=\"tp_show\" onclick=\"teachpress_pub_showhide('4264','tp_links')\" title=\"Show links and resources\" style=\"cursor:pointer;\">Links<\/a><\/span> | <span class=\"tp_bibtex_link\"><a id=\"tp_bibtex_sh_4264\" class=\"tp_show\" onclick=\"teachpress_pub_showhide('4264','tp_bibtex')\" title=\"Show BibTeX entry\" style=\"cursor:pointer;\">BibTeX<\/a><\/span><\/p><div class=\"tp_bibtex\" id=\"tp_bibtex_4264\" style=\"display:none;\"><div class=\"tp_bibtex_entry\"><pre>@article{GrosseWiesmann2025,<br \/>\r\ntitle = {The self-reference memory bias is preceded by an other-reference bias in infancy},<br \/>\r\nauthor = {Charlotte Grosse Wiesmann and Katrin Rothmaler and Esra Hasan and Kathrine Habdank and Chen Yang and Emanuela Yeung and Victoria Southgate},<br \/>\r\ndoi = {10.1038\/s41467-025-61642-z},<br \/>\r\nyear  = {2025},<br \/>\r\ndate = {2025-12-01},<br \/>\r\njournal = {Nature Communications},<br \/>\r\nvolume = {16},<br \/>\r\nnumber = {1},<br \/>\r\npages = {1\u20138},<br \/>\r\npublisher = {Nature Research},<br \/>\r\nabstract = {One of the most established biases in human memory is that we remember information better when it refers to ourselves. We investigated the development of this self-reference effect and its relationship with the emergence of a self-concept. We presented 18-month-old infants with objects that were assigned either to them, or to another agent. Infants were then tested on their memory for the objects by presenting them with an image of each object, alongside a modified version of it. Mirror self-recognition served as an index of self-concept emergence. Infants who recognize themselves in the mirror remember objects assigned to themselves better than those assigned to the other. In contrast, non-self-recognizers only remember the objects assigned to the other rather than themselves. This difference is not explained by differences in infants' age or inhibitory abilities. This suggests that the self-reference effect emerges with the development of self-concept in the second year. Prior to the emergence of a self-concept, however, infants instead seem to exhibit an other-reference effect. This reversal of the classic self-reference effect suggests that early in life, when infants are heavily reliant on others for information, they may be biased towards encoding the world as it relates to others.},<br \/>\r\nkeywords = {},<br \/>\r\npubstate = {published},<br \/>\r\ntppubtype = {article}<br \/>\r\n}<br \/>\r\n<\/pre><\/div><p class=\"tp_close_menu\"><a class=\"tp_close\" onclick=\"teachpress_pub_showhide('4264','tp_bibtex')\">Close<\/a><\/p><\/div><div class=\"tp_abstract\" id=\"tp_abstract_4264\" style=\"display:none;\"><div class=\"tp_abstract_entry\">One of the most established biases in human memory is that we remember information better when it refers to ourselves. We investigated the development of this self-reference effect and its relationship with the emergence of a self-concept. We presented 18-month-old infants with objects that were assigned either to them, or to another agent. Infants were then tested on their memory for the objects by presenting them with an image of each object, alongside a modified version of it. Mirror self-recognition served as an index of self-concept emergence. Infants who recognize themselves in the mirror remember objects assigned to themselves better than those assigned to the other. In contrast, non-self-recognizers only remember the objects assigned to the other rather than themselves. This difference is not explained by differences in infants' age or inhibitory abilities. This suggests that the self-reference effect emerges with the development of self-concept in the second year. Prior to the emergence of a self-concept, however, infants instead seem to exhibit an other-reference effect. This reversal of the classic self-reference effect suggests that early in life, when infants are heavily reliant on others for information, they may be biased towards encoding the world as it relates to others.<\/div><p class=\"tp_close_menu\"><a class=\"tp_close\" onclick=\"teachpress_pub_showhide('4264','tp_abstract')\">Close<\/a><\/p><\/div><div class=\"tp_links\" id=\"tp_links_4264\" style=\"display:none;\"><div class=\"tp_links_entry\"><ul class=\"tp_pub_list\"><li><i class=\"ai ai-doi\"><\/i><a class=\"tp_pub_list\" href=\"https:\/\/dx.doi.org\/10.1038\/s41467-025-61642-z\" title=\"Follow DOI:10.1038\/s41467-025-61642-z\" target=\"_blank\">doi:10.1038\/s41467-025-61642-z<\/a><\/li><\/ul><\/div><p class=\"tp_close_menu\"><a class=\"tp_close\" onclick=\"teachpress_pub_showhide('4264','tp_links')\">Close<\/a><\/p><\/div><\/td><\/tr><tr class=\"tp_publication tp_publication_article\"><td class=\"tp_pub_info\"><p class=\"tp_pub_author\">Liat Israeli-Ran; Tamar Kadosh Laor; Florina Uzefovsky<\/p><p class=\"tp_pub_title\"><a class=\"tp_title_link\" onclick=\"teachpress_pub_showhide('5405','tp_abstract')\" style=\"cursor:pointer;\">Emotion regulation dynamics in empathy in young children<\/a> <span class=\"tp_pub_type tp_  article\">Journal Article<\/span> <\/p><p class=\"tp_pub_additional\"><span class=\"tp_pub_additional_in\">In: <\/span><span class=\"tp_pub_additional_journal\">Scientific Reports, <\/span><span class=\"tp_pub_additional_volume\">vol. 15, <\/span><span class=\"tp_pub_additional_number\">no. 1, <\/span><span class=\"tp_pub_additional_pages\">pp. 1\u201313, <\/span><span class=\"tp_pub_additional_year\">2025<\/span>.<\/p><p class=\"tp_pub_menu\"><span class=\"tp_abstract_link\"><a id=\"tp_abstract_sh_5405\" class=\"tp_show\" onclick=\"teachpress_pub_showhide('5405','tp_abstract')\" title=\"Show abstract\" style=\"cursor:pointer;\">Abstract<\/a><\/span> | <span class=\"tp_resource_link\"><a id=\"tp_links_sh_5405\" class=\"tp_show\" onclick=\"teachpress_pub_showhide('5405','tp_links')\" title=\"Show links and resources\" style=\"cursor:pointer;\">Links<\/a><\/span> | <span class=\"tp_bibtex_link\"><a id=\"tp_bibtex_sh_5405\" class=\"tp_show\" onclick=\"teachpress_pub_showhide('5405','tp_bibtex')\" title=\"Show BibTeX entry\" style=\"cursor:pointer;\">BibTeX<\/a><\/span><\/p><div class=\"tp_bibtex\" id=\"tp_bibtex_5405\" style=\"display:none;\"><div class=\"tp_bibtex_entry\"><pre>@article{IsraeliRan2025,<br \/>\r\ntitle = {Emotion regulation dynamics in empathy in young children},<br \/>\r\nauthor = {Liat Israeli-Ran and Tamar Kadosh Laor and Florina Uzefovsky},<br \/>\r\ndoi = {10.1038\/s41598-025-26201-y},<br \/>\r\nyear  = {2025},<br \/>\r\ndate = {2025-12-01},<br \/>\r\njournal = {Scientific Reports},<br \/>\r\nvolume = {15},<br \/>\r\nnumber = {1},<br \/>\r\npages = {1\u201313},<br \/>\r\npublisher = {Nature Research},<br \/>\r\nabstract = {The capacity to empathize plays a pivotal role in most forms of social interaction, contributing significantly to adaptive social behavior. Empathy entails experiencing others' emotions, making the ability to regulate one's emotional reactions to both positive and negative emotions of others crucial for effective empathy. Both empathy and emotion regulation are capacities that develop within the context of parenting, yet the dynamics of this process are not well understood. Moreover, while there has been considerable research on empathy towards others' distress, there is less understanding of how people regulate their emotions in response to the positive emotions of others. This lack of knowledge is particularly pronounced in childhood. To address these gaps, our study focused on young children (, years and 8 months, months, female), observing their attention patterns through eye-tracking as they watched video clips designed to elicit empathic responses, both positive and negative. Additionally, we collected mothers' reports on the children's behavioral symptoms. Our findings revealed a decline in the children's attention to the face over time. However, this decline was slower in situations eliciting positive empathy and faster in those eliciting negative empathy. Interestingly, this pattern varied with the children's behavioral problems. Specifically, children with higher internalizing problems maintained their attention in positive empathy situations, whereas those with medium to high levels of externalizing symptoms initially showed a decline, followed by an increase in attention to other's negative emotional expressions. These results indicate that individual differences in behavioral issues are linked to distinct approaches to regulating emotions in empathic contexts.},<br \/>\r\nkeywords = {},<br \/>\r\npubstate = {published},<br \/>\r\ntppubtype = {article}<br \/>\r\n}<br \/>\r\n<\/pre><\/div><p class=\"tp_close_menu\"><a class=\"tp_close\" onclick=\"teachpress_pub_showhide('5405','tp_bibtex')\">Close<\/a><\/p><\/div><div class=\"tp_abstract\" id=\"tp_abstract_5405\" style=\"display:none;\"><div class=\"tp_abstract_entry\">The capacity to empathize plays a pivotal role in most forms of social interaction, contributing significantly to adaptive social behavior. Empathy entails experiencing others' emotions, making the ability to regulate one's emotional reactions to both positive and negative emotions of others crucial for effective empathy. Both empathy and emotion regulation are capacities that develop within the context of parenting, yet the dynamics of this process are not well understood. Moreover, while there has been considerable research on empathy towards others' distress, there is less understanding of how people regulate their emotions in response to the positive emotions of others. This lack of knowledge is particularly pronounced in childhood. To address these gaps, our study focused on young children (, years and 8 months, months, female), observing their attention patterns through eye-tracking as they watched video clips designed to elicit empathic responses, both positive and negative. Additionally, we collected mothers' reports on the children's behavioral symptoms. Our findings revealed a decline in the children's attention to the face over time. However, this decline was slower in situations eliciting positive empathy and faster in those eliciting negative empathy. Interestingly, this pattern varied with the children's behavioral problems. Specifically, children with higher internalizing problems maintained their attention in positive empathy situations, whereas those with medium to high levels of externalizing symptoms initially showed a decline, followed by an increase in attention to other's negative emotional expressions. These results indicate that individual differences in behavioral issues are linked to distinct approaches to regulating emotions in empathic contexts.<\/div><p class=\"tp_close_menu\"><a class=\"tp_close\" onclick=\"teachpress_pub_showhide('5405','tp_abstract')\">Close<\/a><\/p><\/div><div class=\"tp_links\" id=\"tp_links_5405\" style=\"display:none;\"><div class=\"tp_links_entry\"><ul class=\"tp_pub_list\"><li><i class=\"ai ai-doi\"><\/i><a class=\"tp_pub_list\" href=\"https:\/\/dx.doi.org\/10.1038\/s41598-025-26201-y\" title=\"Follow DOI:10.1038\/s41598-025-26201-y\" target=\"_blank\">doi:10.1038\/s41598-025-26201-y<\/a><\/li><\/ul><\/div><p class=\"tp_close_menu\"><a class=\"tp_close\" onclick=\"teachpress_pub_showhide('5405','tp_links')\">Close<\/a><\/p><\/div><\/td><\/tr><tr class=\"tp_publication tp_publication_article\"><td class=\"tp_pub_info\"><p class=\"tp_pub_author\">Krista R. Kelly; Mina Nouradanesh; Reed M. Jost; Christina S. Cheng-Patel; Eileen E. Birch; Serena X. Wang; James Y. Tung; Ewa Niechwiej-Szwedo<\/p><p class=\"tp_pub_title\"><a class=\"tp_title_link\" onclick=\"teachpress_pub_showhide('5956','tp_abstract')\" style=\"cursor:pointer;\">Eye-hand coordination during visually-guided reaching in children with monocular deprivation amblyopia<\/a> <span class=\"tp_pub_type tp_  article\">Journal Article<\/span> <\/p><p class=\"tp_pub_additional\"><span class=\"tp_pub_additional_in\">In: <\/span><span class=\"tp_pub_additional_journal\">Vision Research, <\/span><span class=\"tp_pub_additional_volume\">vol. 237, <\/span><span class=\"tp_pub_additional_pages\">pp. 1\u201310, <\/span><span class=\"tp_pub_additional_year\">2025<\/span>.<\/p><p class=\"tp_pub_menu\"><span class=\"tp_abstract_link\"><a id=\"tp_abstract_sh_5956\" class=\"tp_show\" onclick=\"teachpress_pub_showhide('5956','tp_abstract')\" title=\"Show abstract\" style=\"cursor:pointer;\">Abstract<\/a><\/span> | <span class=\"tp_resource_link\"><a id=\"tp_links_sh_5956\" class=\"tp_show\" onclick=\"teachpress_pub_showhide('5956','tp_links')\" title=\"Show links and resources\" style=\"cursor:pointer;\">Links<\/a><\/span> | <span class=\"tp_bibtex_link\"><a id=\"tp_bibtex_sh_5956\" class=\"tp_show\" onclick=\"teachpress_pub_showhide('5956','tp_bibtex')\" title=\"Show BibTeX entry\" style=\"cursor:pointer;\">BibTeX<\/a><\/span><\/p><div class=\"tp_bibtex\" id=\"tp_bibtex_5956\" style=\"display:none;\"><div class=\"tp_bibtex_entry\"><pre>@article{Kelly2025,<br \/>\r\ntitle = {Eye-hand coordination during visually-guided reaching in children with monocular deprivation amblyopia},<br \/>\r\nauthor = {Krista R. Kelly and Mina Nouradanesh and Reed M. Jost and Christina S. Cheng-Patel and Eileen E. Birch and Serena X. Wang and James Y. Tung and Ewa Niechwiej-Szwedo},<br \/>\r\ndoi = {10.1016\/j.visres.2025.108708},<br \/>\r\nyear  = {2025},<br \/>\r\ndate = {2025-12-01},<br \/>\r\njournal = {Vision Research},<br \/>\r\nvolume = {237},<br \/>\r\npages = {1\u201310},<br \/>\r\npublisher = {Elsevier Ltd},<br \/>\r\nabstract = {Monocular deprivation (MD) amblyopia caused by a dense unilateral congenital or infantile cataract leads to both sensory and ocular motor deficits, which can in turn affect motor performance. Previous research shows reduced fine motor skills in children with MD amblyopia on standardized tasks. Here, we evaluate eye-hand coordination during visually-guided reaching in MD amblyopia. A group of 17 children aged 7\u201315 years with MD amblyopia resulting from a unilateral cataract and a group of 41 age-similar control children were enrolled. During binocular viewing, children's reaching movements (LEAP Motion Controller) and eye movements (EyeLink 1000 binocular eye tracker) were recorded as they reached to touch a dot displayed at one of four locations (\u00b15 deg or \u00b110 deg) on a computer monitor. Saccade and reach kinematic measures were assessed between groups, and factors associated with impairments in the MD amblyopia group were evaluated. The MD amblyopia group as a whole had impaired saccade (lower saccade gain, reduced saccade precision, more reach-related saccades) and reach (longer total reach duration, slower peak velocity, reduced touch accuracy) kinematics compared to controls. However, performance was worse in those with a poorer visual acuity outcome (\u22650.7 logMAR) compared to good visual acuity outcome (\u22640.6 logMAR). MD amblyopia impacts the development of eye-hand coordination during reaching, particularly in those with a poorer visual acuity outcome. Longer deceleration in the final approach and more reach-related saccades may suggest an inability to adapt or form an efficient compensatory strategy and may also be indicative of impaired on-line control.},<br \/>\r\nkeywords = {},<br \/>\r\npubstate = {published},<br \/>\r\ntppubtype = {article}<br \/>\r\n}<br \/>\r\n<\/pre><\/div><p class=\"tp_close_menu\"><a class=\"tp_close\" onclick=\"teachpress_pub_showhide('5956','tp_bibtex')\">Close<\/a><\/p><\/div><div class=\"tp_abstract\" id=\"tp_abstract_5956\" style=\"display:none;\"><div class=\"tp_abstract_entry\">Monocular deprivation (MD) amblyopia caused by a dense unilateral congenital or infantile cataract leads to both sensory and ocular motor deficits, which can in turn affect motor performance. Previous research shows reduced fine motor skills in children with MD amblyopia on standardized tasks. Here, we evaluate eye-hand coordination during visually-guided reaching in MD amblyopia. A group of 17 children aged 7\u201315 years with MD amblyopia resulting from a unilateral cataract and a group of 41 age-similar control children were enrolled. During binocular viewing, children's reaching movements (LEAP Motion Controller) and eye movements (EyeLink 1000 binocular eye tracker) were recorded as they reached to touch a dot displayed at one of four locations (\u00b15 deg or \u00b110 deg) on a computer monitor. Saccade and reach kinematic measures were assessed between groups, and factors associated with impairments in the MD amblyopia group were evaluated. The MD amblyopia group as a whole had impaired saccade (lower saccade gain, reduced saccade precision, more reach-related saccades) and reach (longer total reach duration, slower peak velocity, reduced touch accuracy) kinematics compared to controls. However, performance was worse in those with a poorer visual acuity outcome (\u22650.7 logMAR) compared to good visual acuity outcome (\u22640.6 logMAR). MD amblyopia impacts the development of eye-hand coordination during reaching, particularly in those with a poorer visual acuity outcome. Longer deceleration in the final approach and more reach-related saccades may suggest an inability to adapt or form an efficient compensatory strategy and may also be indicative of impaired on-line control.<\/div><p class=\"tp_close_menu\"><a class=\"tp_close\" onclick=\"teachpress_pub_showhide('5956','tp_abstract')\">Close<\/a><\/p><\/div><div class=\"tp_links\" id=\"tp_links_5956\" style=\"display:none;\"><div class=\"tp_links_entry\"><ul class=\"tp_pub_list\"><li><i class=\"ai ai-doi\"><\/i><a class=\"tp_pub_list\" href=\"https:\/\/dx.doi.org\/10.1016\/j.visres.2025.108708\" title=\"Follow DOI:10.1016\/j.visres.2025.108708\" target=\"_blank\">doi:10.1016\/j.visres.2025.108708<\/a><\/li><\/ul><\/div><p class=\"tp_close_menu\"><a class=\"tp_close\" onclick=\"teachpress_pub_showhide('5956','tp_links')\">Close<\/a><\/p><\/div><\/td><\/tr><tr class=\"tp_publication tp_publication_article\"><td class=\"tp_pub_info\"><p class=\"tp_pub_author\">Nasrin Mortazavi; Puneet Talwar; Ekaterina Koshmanova; Roya Sharifpour; Elise Beckers; Alexandre Berger; Islay Campbell; Ilenia Paparella; Fermin Balda; Ismael Dardour Hamzaoui; Christian Berthomier; Christine Bastin; Christophe Phillips; Pierre Maquet; Fabienne Collette; Mikhail Zubkov; Laurent Lamalle; Gilles Vandewalle<\/p><p class=\"tp_pub_title\"><a class=\"tp_title_link\" onclick=\"teachpress_pub_showhide('8317','tp_abstract')\" style=\"cursor:pointer;\">REM sleep quality is associated with balanced tonic activity of the locus coeruleus during wakefulness<\/a> <span class=\"tp_pub_type tp_  article\">Journal Article<\/span> <\/p><p class=\"tp_pub_additional\"><span class=\"tp_pub_additional_in\">In: <\/span><span class=\"tp_pub_additional_journal\">Journal of Biomedical Science, <\/span><span class=\"tp_pub_additional_volume\">vol. 32, <\/span><span class=\"tp_pub_additional_number\">no. 1, <\/span><span class=\"tp_pub_additional_pages\">pp. 1\u201313, <\/span><span class=\"tp_pub_additional_year\">2025<\/span>.<\/p><p class=\"tp_pub_menu\"><span class=\"tp_abstract_link\"><a id=\"tp_abstract_sh_8317\" class=\"tp_show\" onclick=\"teachpress_pub_showhide('8317','tp_abstract')\" title=\"Show abstract\" style=\"cursor:pointer;\">Abstract<\/a><\/span> | <span class=\"tp_resource_link\"><a id=\"tp_links_sh_8317\" class=\"tp_show\" onclick=\"teachpress_pub_showhide('8317','tp_links')\" title=\"Show links and resources\" style=\"cursor:pointer;\">Links<\/a><\/span> | <span class=\"tp_bibtex_link\"><a id=\"tp_bibtex_sh_8317\" class=\"tp_show\" onclick=\"teachpress_pub_showhide('8317','tp_bibtex')\" title=\"Show BibTeX entry\" style=\"cursor:pointer;\">BibTeX<\/a><\/span><\/p><div class=\"tp_bibtex\" id=\"tp_bibtex_8317\" style=\"display:none;\"><div class=\"tp_bibtex_entry\"><pre>@article{Mortazavi2025,<br \/>\r\ntitle = {REM sleep quality is associated with balanced tonic activity of the locus coeruleus during wakefulness},<br \/>\r\nauthor = {Nasrin Mortazavi and Puneet Talwar and Ekaterina Koshmanova and Roya Sharifpour and Elise Beckers and Alexandre Berger and Islay Campbell and Ilenia Paparella and Fermin Balda and Ismael Dardour Hamzaoui and Christian Berthomier and Christine Bastin and Christophe Phillips and Pierre Maquet and Fabienne Collette and Mikhail Zubkov and Laurent Lamalle and Gilles Vandewalle},<br \/>\r\ndoi = {10.1186\/s12929-025-01127-9},<br \/>\r\nyear  = {2025},<br \/>\r\ndate = {2025-12-01},<br \/>\r\njournal = {Journal of Biomedical Science},<br \/>\r\nvolume = {32},<br \/>\r\nnumber = {1},<br \/>\r\npages = {1\u201313},<br \/>\r\npublisher = {BioMed Central Ltd},<br \/>\r\nabstract = {Background: Animal studies established that the locus coeruleus (LC) plays important roles in sleep and wakefulness regulation. Whether it contributes to sleep variability in humans is not yet established. Here, we investigated if the in vivo activity of the LC is related to the variability in the quality of Rapid Eye Movement (REM) sleep. Methods: We assessed the LC activity of 34 healthy younger (~ 22y) and 18 older (~ 61y) individuals engaged in bottom-up and top-down cognitive tasks using 7-Tesla functional Magnetic Resonance Imaging (fMRI). We further recorded their sleep electroencephalogram (EEG) to evaluate associations between LC fMRI measures and REM sleep EEG metrics. Results: Theta oscillation energy during REM sleep was positively associated with LC response in the top-down task. In contrast, REM sleep theta energy was negatively associated with LC activity in older individuals during the bottom-up task. Importantly, sigma oscillations power immediately preceding a REM sleep episode was positively associated with LC activity in the top-down task. Conclusions: LC activity during wakefulness was related to REM sleep intensity and to a transient EEG change preceding REM sleep, a feature causally related to LC activity in animal studies. The associations depend on the cognitive task, suggesting that a balanced level of LC tonic activity during wakefulness is required for optimal expression of REM sleep. The findings may have implications for the high prevalence of sleep complaints reported in aging and for disorders such as insomnia, Alzheimer's, and Parkinson's disease, for which the LC may play pivotal roles through sleep.},<br \/>\r\nkeywords = {},<br \/>\r\npubstate = {published},<br \/>\r\ntppubtype = {article}<br \/>\r\n}<br \/>\r\n<\/pre><\/div><p class=\"tp_close_menu\"><a class=\"tp_close\" onclick=\"teachpress_pub_showhide('8317','tp_bibtex')\">Close<\/a><\/p><\/div><div class=\"tp_abstract\" id=\"tp_abstract_8317\" style=\"display:none;\"><div class=\"tp_abstract_entry\">Background: Animal studies established that the locus coeruleus (LC) plays important roles in sleep and wakefulness regulation. Whether it contributes to sleep variability in humans is not yet established. Here, we investigated if the in vivo activity of the LC is related to the variability in the quality of Rapid Eye Movement (REM) sleep. Methods: We assessed the LC activity of 34 healthy younger (~ 22y) and 18 older (~ 61y) individuals engaged in bottom-up and top-down cognitive tasks using 7-Tesla functional Magnetic Resonance Imaging (fMRI). We further recorded their sleep electroencephalogram (EEG) to evaluate associations between LC fMRI measures and REM sleep EEG metrics. Results: Theta oscillation energy during REM sleep was positively associated with LC response in the top-down task. In contrast, REM sleep theta energy was negatively associated with LC activity in older individuals during the bottom-up task. Importantly, sigma oscillations power immediately preceding a REM sleep episode was positively associated with LC activity in the top-down task. Conclusions: LC activity during wakefulness was related to REM sleep intensity and to a transient EEG change preceding REM sleep, a feature causally related to LC activity in animal studies. The associations depend on the cognitive task, suggesting that a balanced level of LC tonic activity during wakefulness is required for optimal expression of REM sleep. The findings may have implications for the high prevalence of sleep complaints reported in aging and for disorders such as insomnia, Alzheimer's, and Parkinson's disease, for which the LC may play pivotal roles through sleep.<\/div><p class=\"tp_close_menu\"><a class=\"tp_close\" onclick=\"teachpress_pub_showhide('8317','tp_abstract')\">Close<\/a><\/p><\/div><div class=\"tp_links\" id=\"tp_links_8317\" style=\"display:none;\"><div class=\"tp_links_entry\"><ul class=\"tp_pub_list\"><li><i class=\"ai ai-doi\"><\/i><a class=\"tp_pub_list\" href=\"https:\/\/dx.doi.org\/10.1186\/s12929-025-01127-9\" title=\"Follow DOI:10.1186\/s12929-025-01127-9\" target=\"_blank\">doi:10.1186\/s12929-025-01127-9<\/a><\/li><\/ul><\/div><p class=\"tp_close_menu\"><a class=\"tp_close\" onclick=\"teachpress_pub_showhide('8317','tp_links')\">Close<\/a><\/p><\/div><\/td><\/tr><tr class=\"tp_publication tp_publication_article\"><td class=\"tp_pub_info\"><p class=\"tp_pub_author\">Ewa Niechwiej-Szwedo; Susana Wu; Deborah Giaschi; Linda Colpa; Agnes M. F. Wong; Lisa Christian<\/p><p class=\"tp_pub_title\"><a class=\"tp_title_link\" onclick=\"teachpress_pub_showhide('8632','tp_abstract')\" style=\"cursor:pointer;\">Eye-hand coordination during a precision grasping and placement task in children with a history of amblyopia<\/a> <span class=\"tp_pub_type tp_  article\">Journal Article<\/span> <\/p><p class=\"tp_pub_additional\"><span class=\"tp_pub_additional_in\">In: <\/span><span class=\"tp_pub_additional_journal\">Vision Research, <\/span><span class=\"tp_pub_additional_volume\">vol. 237, <\/span><span class=\"tp_pub_additional_pages\">pp. 1\u201311, <\/span><span class=\"tp_pub_additional_year\">2025<\/span>.<\/p><p class=\"tp_pub_menu\"><span class=\"tp_abstract_link\"><a id=\"tp_abstract_sh_8632\" class=\"tp_show\" onclick=\"teachpress_pub_showhide('8632','tp_abstract')\" title=\"Show abstract\" style=\"cursor:pointer;\">Abstract<\/a><\/span> | <span class=\"tp_resource_link\"><a id=\"tp_links_sh_8632\" class=\"tp_show\" onclick=\"teachpress_pub_showhide('8632','tp_links')\" title=\"Show links and resources\" style=\"cursor:pointer;\">Links<\/a><\/span> | <span class=\"tp_bibtex_link\"><a id=\"tp_bibtex_sh_8632\" class=\"tp_show\" onclick=\"teachpress_pub_showhide('8632','tp_bibtex')\" title=\"Show BibTeX entry\" style=\"cursor:pointer;\">BibTeX<\/a><\/span><\/p><div class=\"tp_bibtex\" id=\"tp_bibtex_8632\" style=\"display:none;\"><div class=\"tp_bibtex_entry\"><pre>@article{NiechwiejSzwedo2025a,<br \/>\r\ntitle = {Eye-hand coordination during a precision grasping and placement task in children with a history of amblyopia},<br \/>\r\nauthor = {Ewa Niechwiej-Szwedo and Susana Wu and Deborah Giaschi and Linda Colpa and Agnes M. F. Wong and Lisa Christian},<br \/>\r\ndoi = {10.1016\/j.visres.2025.108700},<br \/>\r\nyear  = {2025},<br \/>\r\ndate = {2025-12-01},<br \/>\r\njournal = {Vision Research},<br \/>\r\nvolume = {237},<br \/>\r\npages = {1\u201311},<br \/>\r\npublisher = {Elsevier Ltd},<br \/>\r\nabstract = {Eye-hand coordination is a key aspect of visuomotor control essential for performing most daily activities. Disruption in visuomotor control, characterized by slower arm movements and grasping errors, has been documented in children with amblyopia. This study aimed to characterize the effects of amblyopia on the temporal pattern of eye and hand coordination during the performance of a task that involves reaching, precision grasping, and placement. The study recruited 28 children with a history of amblyopia and 56 typically developing peers (age range 6\u201314 years). Children performed a bead-threading task while their eyes and hand movements were recorded concurrently. As hypothesized, children with amblyopia demonstrated poorer task performance, with greater deficits for the object manipulation compared to the reaching (transport) components. In comparison to their peers with normal vision, children with amblyopia had shorter reaction time for initiating eye and hand movement, longer object fixation duration to guide grasp execution and object placement, and lower eye-hand latency difference for the second movement indicating that the hand movement preceded eye initiation. These results suggest that children with amblyopia have poorer motor planning ability, which impacts movement execution. Longer fixations during object manipulations indicate that more time is required to transform the noisy visual input into a motor response. Overall, the study adds to the growing body of evidence highlighting deficits in visuomotor control in amblyopia.},<br \/>\r\nkeywords = {},<br \/>\r\npubstate = {published},<br \/>\r\ntppubtype = {article}<br \/>\r\n}<br \/>\r\n<\/pre><\/div><p class=\"tp_close_menu\"><a class=\"tp_close\" onclick=\"teachpress_pub_showhide('8632','tp_bibtex')\">Close<\/a><\/p><\/div><div class=\"tp_abstract\" id=\"tp_abstract_8632\" style=\"display:none;\"><div class=\"tp_abstract_entry\">Eye-hand coordination is a key aspect of visuomotor control essential for performing most daily activities. Disruption in visuomotor control, characterized by slower arm movements and grasping errors, has been documented in children with amblyopia. This study aimed to characterize the effects of amblyopia on the temporal pattern of eye and hand coordination during the performance of a task that involves reaching, precision grasping, and placement. The study recruited 28 children with a history of amblyopia and 56 typically developing peers (age range 6\u201314 years). Children performed a bead-threading task while their eyes and hand movements were recorded concurrently. As hypothesized, children with amblyopia demonstrated poorer task performance, with greater deficits for the object manipulation compared to the reaching (transport) components. In comparison to their peers with normal vision, children with amblyopia had shorter reaction time for initiating eye and hand movement, longer object fixation duration to guide grasp execution and object placement, and lower eye-hand latency difference for the second movement indicating that the hand movement preceded eye initiation. These results suggest that children with amblyopia have poorer motor planning ability, which impacts movement execution. Longer fixations during object manipulations indicate that more time is required to transform the noisy visual input into a motor response. Overall, the study adds to the growing body of evidence highlighting deficits in visuomotor control in amblyopia.<\/div><p class=\"tp_close_menu\"><a class=\"tp_close\" onclick=\"teachpress_pub_showhide('8632','tp_abstract')\">Close<\/a><\/p><\/div><div class=\"tp_links\" id=\"tp_links_8632\" style=\"display:none;\"><div class=\"tp_links_entry\"><ul class=\"tp_pub_list\"><li><i class=\"ai ai-doi\"><\/i><a class=\"tp_pub_list\" href=\"https:\/\/dx.doi.org\/10.1016\/j.visres.2025.108700\" title=\"Follow DOI:10.1016\/j.visres.2025.108700\" target=\"_blank\">doi:10.1016\/j.visres.2025.108700<\/a><\/li><\/ul><\/div><p class=\"tp_close_menu\"><a class=\"tp_close\" onclick=\"teachpress_pub_showhide('8632','tp_links')\">Close<\/a><\/p><\/div><\/td><\/tr><tr class=\"tp_publication tp_publication_article\"><td class=\"tp_pub_info\"><p class=\"tp_pub_author\">Dorsa Mir Norouzi; Norah M. Nyangau; Yi Zhong Wang; Lori M. Dao; Cynthia L. Beauchamp; David R. Stager; Jeffrey S. Hunter; Krista R. Kelly<\/p><p class=\"tp_pub_title\"><a class=\"tp_title_link\" onclick=\"teachpress_pub_showhide('8711','tp_abstract')\" style=\"cursor:pointer;\">Slow binocular reading during rapid serial visual presentation (RSVP) in children with amblyopia and the role of fixation instability<\/a> <span class=\"tp_pub_type tp_  article\">Journal Article<\/span> <\/p><p class=\"tp_pub_additional\"><span class=\"tp_pub_additional_in\">In: <\/span><span class=\"tp_pub_additional_journal\">Vision Research, <\/span><span class=\"tp_pub_additional_volume\">vol. 237, <\/span><span class=\"tp_pub_additional_pages\">pp. 1\u20137, <\/span><span class=\"tp_pub_additional_year\">2025<\/span>.<\/p><p class=\"tp_pub_menu\"><span class=\"tp_abstract_link\"><a id=\"tp_abstract_sh_8711\" class=\"tp_show\" onclick=\"teachpress_pub_showhide('8711','tp_abstract')\" title=\"Show abstract\" style=\"cursor:pointer;\">Abstract<\/a><\/span> | <span class=\"tp_resource_link\"><a id=\"tp_links_sh_8711\" class=\"tp_show\" onclick=\"teachpress_pub_showhide('8711','tp_links')\" title=\"Show links and resources\" style=\"cursor:pointer;\">Links<\/a><\/span> | <span class=\"tp_bibtex_link\"><a id=\"tp_bibtex_sh_8711\" class=\"tp_show\" onclick=\"teachpress_pub_showhide('8711','tp_bibtex')\" title=\"Show BibTeX entry\" style=\"cursor:pointer;\">BibTeX<\/a><\/span><\/p><div class=\"tp_bibtex\" id=\"tp_bibtex_8711\" style=\"display:none;\"><div class=\"tp_bibtex_entry\"><pre>@article{Norouzi2025,<br \/>\r\ntitle = {Slow binocular reading during rapid serial visual presentation (RSVP) in children with amblyopia and the role of fixation instability},<br \/>\r\nauthor = {Dorsa Mir Norouzi and Norah M. Nyangau and Yi Zhong Wang and Lori M. Dao and Cynthia L. Beauchamp and David R. Stager and Jeffrey S. Hunter and Krista R. Kelly},<br \/>\r\ndoi = {10.1016\/j.visres.2025.108684},<br \/>\r\nyear  = {2025},<br \/>\r\ndate = {2025-12-01},<br \/>\r\njournal = {Vision Research},<br \/>\r\nvolume = {237},<br \/>\r\npages = {1\u20137},<br \/>\r\npublisher = {Elsevier Ltd},<br \/>\r\nabstract = {Children with amblyopia read slower than their peers during binocular viewing. Ocular motor dysfunction typical of amblyopia may cause slow reading. It is unclear whether this is due to fixation instability or increased forward saccades. We examined whether removing the requirement of inter-word saccades helps children with amblyopia read at a similar rate as controls using a rapid serial visual presentation (RSVP) task. We also assessed whether reading rate was related to fixation instability. Children with amblyopia (n = 32) and control (n = 30) children ages 8\u201312 years silently read sentences presented in RSVP (single word presentation at screen center) during binocular viewing. Exposure time per sentence changed with a 2 \u2212 down 1 \u2212 up staircase to obtain reading speed thresholds (log words\/minute [WPM]). Eye movements were tracked to determine fellow eye (FE) and amblyopic eye (AE) fixation stability during RSVP reading. Children with amblyopia read slower than controls (2.75 \u00b1 0.47 log WPM vs 3.06 \u00b1 0.40 log WPM), and had increased AE fixation instability (0.21 \u00b1 0.39 log deg2 vs \u2212 0.20 \u00b1 0.18 log deg2) and increased FE fixation instability (\u22120.03 \u00b1 0.34 log deg2 vs \u2212 0.20 \u00b1 0.15 log deg2) during RSVP reading. Reading rate in amblyopic children with good FE stability (n = 11) did not differ from controls and was faster than those with poor FE stability (n = 21). Children with poor FE stability read slower than controls. Removing the need for inter-word saccades (i.e., RSVP reading) did not help children with amblyopia read at control speeds. Our data support FE fixation instability as a source of slow reading in amblyopia.},<br \/>\r\nkeywords = {},<br \/>\r\npubstate = {published},<br \/>\r\ntppubtype = {article}<br \/>\r\n}<br \/>\r\n<\/pre><\/div><p class=\"tp_close_menu\"><a class=\"tp_close\" onclick=\"teachpress_pub_showhide('8711','tp_bibtex')\">Close<\/a><\/p><\/div><div class=\"tp_abstract\" id=\"tp_abstract_8711\" style=\"display:none;\"><div class=\"tp_abstract_entry\">Children with amblyopia read slower than their peers during binocular viewing. Ocular motor dysfunction typical of amblyopia may cause slow reading. It is unclear whether this is due to fixation instability or increased forward saccades. We examined whether removing the requirement of inter-word saccades helps children with amblyopia read at a similar rate as controls using a rapid serial visual presentation (RSVP) task. We also assessed whether reading rate was related to fixation instability. Children with amblyopia (n = 32) and control (n = 30) children ages 8\u201312 years silently read sentences presented in RSVP (single word presentation at screen center) during binocular viewing. Exposure time per sentence changed with a 2 \u2212 down 1 \u2212 up staircase to obtain reading speed thresholds (log words\/minute [WPM]). Eye movements were tracked to determine fellow eye (FE) and amblyopic eye (AE) fixation stability during RSVP reading. Children with amblyopia read slower than controls (2.75 \u00b1 0.47 log WPM vs 3.06 \u00b1 0.40 log WPM), and had increased AE fixation instability (0.21 \u00b1 0.39 log deg2 vs \u2212 0.20 \u00b1 0.18 log deg2) and increased FE fixation instability (\u22120.03 \u00b1 0.34 log deg2 vs \u2212 0.20 \u00b1 0.15 log deg2) during RSVP reading. Reading rate in amblyopic children with good FE stability (n = 11) did not differ from controls and was faster than those with poor FE stability (n = 21). Children with poor FE stability read slower than controls. Removing the need for inter-word saccades (i.e., RSVP reading) did not help children with amblyopia read at control speeds. Our data support FE fixation instability as a source of slow reading in amblyopia.<\/div><p class=\"tp_close_menu\"><a class=\"tp_close\" onclick=\"teachpress_pub_showhide('8711','tp_abstract')\">Close<\/a><\/p><\/div><div class=\"tp_links\" id=\"tp_links_8711\" style=\"display:none;\"><div class=\"tp_links_entry\"><ul class=\"tp_pub_list\"><li><i class=\"ai ai-doi\"><\/i><a class=\"tp_pub_list\" href=\"https:\/\/dx.doi.org\/10.1016\/j.visres.2025.108684\" title=\"Follow DOI:10.1016\/j.visres.2025.108684\" target=\"_blank\">doi:10.1016\/j.visres.2025.108684<\/a><\/li><\/ul><\/div><p class=\"tp_close_menu\"><a class=\"tp_close\" onclick=\"teachpress_pub_showhide('8711','tp_links')\">Close<\/a><\/p><\/div><\/td><\/tr><tr class=\"tp_publication tp_publication_article\"><td class=\"tp_pub_info\"><p class=\"tp_pub_author\">Claire Prendergast<\/p><p class=\"tp_pub_title\"><a class=\"tp_title_link\" onclick=\"teachpress_pub_showhide('9651','tp_abstract')\" style=\"cursor:pointer;\">What young children's processing and understanding of compound words can tell us about their pragmatic development<\/a> <span class=\"tp_pub_type tp_  article\">Journal Article<\/span> <\/p><p class=\"tp_pub_additional\"><span class=\"tp_pub_additional_in\">In: <\/span><span class=\"tp_pub_additional_journal\">Psychology of Language and Communication, <\/span><span class=\"tp_pub_additional_volume\">vol. 29, <\/span><span class=\"tp_pub_additional_number\">no. 1, <\/span><span class=\"tp_pub_additional_pages\">pp. 1\u201334, <\/span><span class=\"tp_pub_additional_year\">2025<\/span>.<\/p><p class=\"tp_pub_menu\"><span class=\"tp_abstract_link\"><a id=\"tp_abstract_sh_9651\" class=\"tp_show\" onclick=\"teachpress_pub_showhide('9651','tp_abstract')\" title=\"Show abstract\" style=\"cursor:pointer;\">Abstract<\/a><\/span> | <span class=\"tp_resource_link\"><a id=\"tp_links_sh_9651\" class=\"tp_show\" onclick=\"teachpress_pub_showhide('9651','tp_links')\" title=\"Show links and resources\" style=\"cursor:pointer;\">Links<\/a><\/span> | <span class=\"tp_bibtex_link\"><a id=\"tp_bibtex_sh_9651\" class=\"tp_show\" onclick=\"teachpress_pub_showhide('9651','tp_bibtex')\" title=\"Show BibTeX entry\" style=\"cursor:pointer;\">BibTeX<\/a><\/span><\/p><div class=\"tp_bibtex\" id=\"tp_bibtex_9651\" style=\"display:none;\"><div class=\"tp_bibtex_entry\"><pre>@article{Prendergast2025,<br \/>\r\ntitle = {What young children's processing and understanding of compound words can tell us about their pragmatic development},<br \/>\r\nauthor = {Claire Prendergast},<br \/>\r\ndoi = {10.58734\/plc-2025-0019},<br \/>\r\nyear  = {2025},<br \/>\r\ndate = {2025-12-01},<br \/>\r\njournal = {Psychology of Language and Communication},<br \/>\r\nvolume = {29},<br \/>\r\nnumber = {1},<br \/>\r\npages = {1\u201334},<br \/>\r\nabstract = {What can we learn by observing how children process and interpret compound terms? By integrating both linguistic and pragmatic factors, typically studied in isolation, the current study revealed children's growing adherence to linguistic norms, but also their increasing openness to unconventional reference. Across three experiments employing a picture selection task for referent selection, young children were presented with lexicalized and novel exocentric and endocentric compound nouns. Examining age-related differences in referent selection, Experiment 1 (baseline), found a preference for conventional and semantically transparent referents, increasing with age. Experiment 2 showed that an individual speaker influenced referent selection across both age groups, with 5-year-olds showing more accommodation of the speaker's intended meaning. Experiment 3, examining gaze behaviour, indicated that both 3- and 5-year-olds decompose lexicalized compound terms similarly to novel compounds. This research highlights the interplay between language and social development, showcasing key stages in children's pragmatic development.},<br \/>\r\nkeywords = {},<br \/>\r\npubstate = {published},<br \/>\r\ntppubtype = {article}<br \/>\r\n}<br \/>\r\n<\/pre><\/div><p class=\"tp_close_menu\"><a class=\"tp_close\" onclick=\"teachpress_pub_showhide('9651','tp_bibtex')\">Close<\/a><\/p><\/div><div class=\"tp_abstract\" id=\"tp_abstract_9651\" style=\"display:none;\"><div class=\"tp_abstract_entry\">What can we learn by observing how children process and interpret compound terms? By integrating both linguistic and pragmatic factors, typically studied in isolation, the current study revealed children's growing adherence to linguistic norms, but also their increasing openness to unconventional reference. Across three experiments employing a picture selection task for referent selection, young children were presented with lexicalized and novel exocentric and endocentric compound nouns. Examining age-related differences in referent selection, Experiment 1 (baseline), found a preference for conventional and semantically transparent referents, increasing with age. Experiment 2 showed that an individual speaker influenced referent selection across both age groups, with 5-year-olds showing more accommodation of the speaker's intended meaning. Experiment 3, examining gaze behaviour, indicated that both 3- and 5-year-olds decompose lexicalized compound terms similarly to novel compounds. This research highlights the interplay between language and social development, showcasing key stages in children's pragmatic development.<\/div><p class=\"tp_close_menu\"><a class=\"tp_close\" onclick=\"teachpress_pub_showhide('9651','tp_abstract')\">Close<\/a><\/p><\/div><div class=\"tp_links\" id=\"tp_links_9651\" style=\"display:none;\"><div class=\"tp_links_entry\"><ul class=\"tp_pub_list\"><li><i class=\"ai ai-doi\"><\/i><a class=\"tp_pub_list\" href=\"https:\/\/dx.doi.org\/10.58734\/plc-2025-0019\" title=\"Follow DOI:10.58734\/plc-2025-0019\" target=\"_blank\">doi:10.58734\/plc-2025-0019<\/a><\/li><\/ul><\/div><p class=\"tp_close_menu\"><a class=\"tp_close\" onclick=\"teachpress_pub_showhide('9651','tp_links')\">Close<\/a><\/p><\/div><\/td><\/tr><tr class=\"tp_publication tp_publication_article\"><td class=\"tp_pub_info\"><p class=\"tp_pub_author\">Iris Wiegand; Mariska Pouderoijen; Joukje M. Oosterman; Kay Deckers; Gernot Horstmann; Mariska Van Pouderoijen; Joukje M. Oosterman; Kay Deckers; Gernot Horstmann<\/p><p class=\"tp_pub_title\"><a class=\"tp_title_link\" onclick=\"teachpress_pub_showhide('13023','tp_abstract')\" style=\"cursor:pointer;\">Contributions of distractor dwelling , skipping , and revisiting to age differences in visual search<\/a> <span class=\"tp_pub_type tp_  article\">Journal Article<\/span> <\/p><p class=\"tp_pub_additional\"><span class=\"tp_pub_additional_in\">In: <\/span><span class=\"tp_pub_additional_journal\">Scientific Reports, <\/span><span class=\"tp_pub_additional_volume\">vol. 15, <\/span><span class=\"tp_pub_additional_number\">no. 1, <\/span><span class=\"tp_pub_additional_pages\">pp. 1\u201328, <\/span><span class=\"tp_pub_additional_year\">2025<\/span>.<\/p><p class=\"tp_pub_menu\"><span class=\"tp_abstract_link\"><a id=\"tp_abstract_sh_13023\" class=\"tp_show\" onclick=\"teachpress_pub_showhide('13023','tp_abstract')\" title=\"Show abstract\" style=\"cursor:pointer;\">Abstract<\/a><\/span> | <span class=\"tp_resource_link\"><a id=\"tp_links_sh_13023\" class=\"tp_show\" onclick=\"teachpress_pub_showhide('13023','tp_links')\" title=\"Show links and resources\" style=\"cursor:pointer;\">Links<\/a><\/span> | <span class=\"tp_bibtex_link\"><a id=\"tp_bibtex_sh_13023\" class=\"tp_show\" onclick=\"teachpress_pub_showhide('13023','tp_bibtex')\" title=\"Show BibTeX entry\" style=\"cursor:pointer;\">BibTeX<\/a><\/span><\/p><div class=\"tp_bibtex\" id=\"tp_bibtex_13023\" style=\"display:none;\"><div class=\"tp_bibtex_entry\"><pre>@article{Wiegand2025,<br \/>\r\ntitle = {Contributions of distractor dwelling , skipping , and revisiting to age differences in visual search},<br \/>\r\nauthor = {Iris Wiegand and Mariska Pouderoijen and Joukje M. Oosterman and Kay Deckers and Gernot Horstmann and Mariska Van Pouderoijen and Joukje M. Oosterman and Kay Deckers and Gernot Horstmann},<br \/>\r\ndoi = {10.1038\/s41598-024-83532-y},<br \/>\r\nyear  = {2025},<br \/>\r\ndate = {2025-12-01},<br \/>\r\njournal = {Scientific Reports},<br \/>\r\nvolume = {15},<br \/>\r\nnumber = {1},<br \/>\r\npages = {1\u201328},<br \/>\r\npublisher = {Nature Research},<br \/>\r\nabstract = {Visual search becomes slower with aging, particularly when targets are difficult to discriminate from distractors. Multiple distractor rejection processes may contribute independently to slower search times: dwelling on, skipping of, and revisiting of distractors, measurable by eye-tracking. The present study investigated how age affects each of the distractor rejection processes, and how these contribute to the final search times in difficult (inefficient) visual search. In a sample of Dutch healthy adults (19\u201385 years), we measured reaction times and eye-movements during a target present\/absent visual search task, with varying target-distractor similarity and visual set size. We found that older age was associated with longer dwelling and more revisiting of distractors, while skipping was unaffected by age. This suggests that increased processing time and reduced visuo-spatial memory for visited distractor locations contribute to age-related decline in visual search. Furthermore, independently of age, dwelling and revisiting contributed stronger to search times than skipping of distractors. In conclusion, under conditions of poor guidance, dwelling and revisiting have a major contribution to search times and age-related slowing in difficult visual search, while skipping is largely negligible.},<br \/>\r\nkeywords = {},<br \/>\r\npubstate = {published},<br \/>\r\ntppubtype = {article}<br \/>\r\n}<br \/>\r\n<\/pre><\/div><p class=\"tp_close_menu\"><a class=\"tp_close\" onclick=\"teachpress_pub_showhide('13023','tp_bibtex')\">Close<\/a><\/p><\/div><div class=\"tp_abstract\" id=\"tp_abstract_13023\" style=\"display:none;\"><div class=\"tp_abstract_entry\">Visual search becomes slower with aging, particularly when targets are difficult to discriminate from distractors. Multiple distractor rejection processes may contribute independently to slower search times: dwelling on, skipping of, and revisiting of distractors, measurable by eye-tracking. The present study investigated how age affects each of the distractor rejection processes, and how these contribute to the final search times in difficult (inefficient) visual search. In a sample of Dutch healthy adults (19\u201385 years), we measured reaction times and eye-movements during a target present\/absent visual search task, with varying target-distractor similarity and visual set size. We found that older age was associated with longer dwelling and more revisiting of distractors, while skipping was unaffected by age. This suggests that increased processing time and reduced visuo-spatial memory for visited distractor locations contribute to age-related decline in visual search. Furthermore, independently of age, dwelling and revisiting contributed stronger to search times than skipping of distractors. In conclusion, under conditions of poor guidance, dwelling and revisiting have a major contribution to search times and age-related slowing in difficult visual search, while skipping is largely negligible.<\/div><p class=\"tp_close_menu\"><a class=\"tp_close\" onclick=\"teachpress_pub_showhide('13023','tp_abstract')\">Close<\/a><\/p><\/div><div class=\"tp_links\" id=\"tp_links_13023\" style=\"display:none;\"><div class=\"tp_links_entry\"><ul class=\"tp_pub_list\"><li><i class=\"ai ai-doi\"><\/i><a class=\"tp_pub_list\" href=\"https:\/\/dx.doi.org\/10.1038\/s41598-024-83532-y\" title=\"Follow DOI:10.1038\/s41598-024-83532-y\" target=\"_blank\">doi:10.1038\/s41598-024-83532-y<\/a><\/li><\/ul><\/div><p class=\"tp_close_menu\"><a class=\"tp_close\" onclick=\"teachpress_pub_showhide('13023','tp_links')\">Close<\/a><\/p><\/div><\/td><\/tr><tr class=\"tp_publication tp_publication_article\"><td class=\"tp_pub_info\"><p class=\"tp_pub_author\">Jia-Jie Xu; Jun-Yi Chen; Hong-Zhou Xu; Zhiwei Zheng; Jing Yu<\/p><p class=\"tp_pub_title\"><a class=\"tp_title_link\" onclick=\"teachpress_pub_showhide('13316','tp_abstract')\" style=\"cursor:pointer;\">The role of inhibitory function in associative memory among older adults and its plasticity<\/a> <span class=\"tp_pub_type tp_  article\">Journal Article<\/span> <\/p><p class=\"tp_pub_additional\"><span class=\"tp_pub_additional_in\">In: <\/span><span class=\"tp_pub_additional_journal\">Cognitive Research: Principles and Implications, <\/span><span class=\"tp_pub_additional_volume\">vol. 10, <\/span><span class=\"tp_pub_additional_number\">no. 1, <\/span><span class=\"tp_pub_additional_pages\">pp. 1\u201320, <\/span><span class=\"tp_pub_additional_year\">2025<\/span>.<\/p><p class=\"tp_pub_menu\"><span class=\"tp_abstract_link\"><a id=\"tp_abstract_sh_13316\" class=\"tp_show\" onclick=\"teachpress_pub_showhide('13316','tp_abstract')\" title=\"Show abstract\" style=\"cursor:pointer;\">Abstract<\/a><\/span> | <span class=\"tp_resource_link\"><a id=\"tp_links_sh_13316\" class=\"tp_show\" onclick=\"teachpress_pub_showhide('13316','tp_links')\" title=\"Show links and resources\" style=\"cursor:pointer;\">Links<\/a><\/span> | <span class=\"tp_bibtex_link\"><a id=\"tp_bibtex_sh_13316\" class=\"tp_show\" onclick=\"teachpress_pub_showhide('13316','tp_bibtex')\" title=\"Show BibTeX entry\" style=\"cursor:pointer;\">BibTeX<\/a><\/span><\/p><div class=\"tp_bibtex\" id=\"tp_bibtex_13316\" style=\"display:none;\"><div class=\"tp_bibtex_entry\"><pre>@article{Xu2025,<br \/>\r\ntitle = {The role of inhibitory function in associative memory among older adults and its plasticity},<br \/>\r\nauthor = {Jia-Jie Xu and Jun-Yi Chen and Hong-Zhou Xu and Zhiwei Zheng and Jing Yu},<br \/>\r\ndoi = {10.1186\/s41235-025-00688-5},<br \/>\r\nyear  = {2025},<br \/>\r\ndate = {2025-12-01},<br \/>\r\njournal = {Cognitive Research: Principles and Implications},<br \/>\r\nvolume = {10},<br \/>\r\nnumber = {1},<br \/>\r\npages = {1\u201320},<br \/>\r\npublisher = {Springer Science and Business Media Deutschland GmbH},<br \/>\r\nabstract = {Associative memory deteriorates with age. One possible reason for this associative memory deficit in older adults is a decline in inhibitory function. However, it remains unclear what role of inhibitory function plays in age-related associative memory deficits, and whether and how acute training of inhibitory function could ameliorate the detrimental effects of inhibitory deficits on associative memory in older adults. In Experiment 1, 80 participants (40 younger and 40 older adults) studied scene-word pairs while attempting to inhibit interfering words during encoding, with two conditions: gist and non-gist interferences. In Experiment 2, 66 older adults were randomly assigned to either acute inhibitory training or a control group, and eye-tracking technology was used to capture the benefits of acute inhibitory training. Results showed that older adults were more disturbed by gist than non-gist interferences because of hyper-binding, and that inhibitory function mediated the relationship between age and associative memory accuracy. Notably, although acute inhibitory training did not significantly improve associative memory accuracy in the training group compared to the control group, structural equation model showed that older adults in the acute training group showed shorter fixation durations and lower frequencies in the interference region of interest, leading to better associative memory. These results indicate that inhibitory function plays a mediating role in age-related associative memory decline, as well as its plasticity in this association. It provides a potential pathway to improve associative memory in older adults.},<br \/>\r\nkeywords = {},<br \/>\r\npubstate = {published},<br \/>\r\ntppubtype = {article}<br \/>\r\n}<br \/>\r\n<\/pre><\/div><p class=\"tp_close_menu\"><a class=\"tp_close\" onclick=\"teachpress_pub_showhide('13316','tp_bibtex')\">Close<\/a><\/p><\/div><div class=\"tp_abstract\" id=\"tp_abstract_13316\" style=\"display:none;\"><div class=\"tp_abstract_entry\">Associative memory deteriorates with age. One possible reason for this associative memory deficit in older adults is a decline in inhibitory function. However, it remains unclear what role of inhibitory function plays in age-related associative memory deficits, and whether and how acute training of inhibitory function could ameliorate the detrimental effects of inhibitory deficits on associative memory in older adults. In Experiment 1, 80 participants (40 younger and 40 older adults) studied scene-word pairs while attempting to inhibit interfering words during encoding, with two conditions: gist and non-gist interferences. In Experiment 2, 66 older adults were randomly assigned to either acute inhibitory training or a control group, and eye-tracking technology was used to capture the benefits of acute inhibitory training. Results showed that older adults were more disturbed by gist than non-gist interferences because of hyper-binding, and that inhibitory function mediated the relationship between age and associative memory accuracy. Notably, although acute inhibitory training did not significantly improve associative memory accuracy in the training group compared to the control group, structural equation model showed that older adults in the acute training group showed shorter fixation durations and lower frequencies in the interference region of interest, leading to better associative memory. These results indicate that inhibitory function plays a mediating role in age-related associative memory decline, as well as its plasticity in this association. It provides a potential pathway to improve associative memory in older adults.<\/div><p class=\"tp_close_menu\"><a class=\"tp_close\" onclick=\"teachpress_pub_showhide('13316','tp_abstract')\">Close<\/a><\/p><\/div><div class=\"tp_links\" id=\"tp_links_13316\" style=\"display:none;\"><div class=\"tp_links_entry\"><ul class=\"tp_pub_list\"><li><i class=\"ai ai-doi\"><\/i><a class=\"tp_pub_list\" href=\"https:\/\/dx.doi.org\/10.1186\/s41235-025-00688-5\" title=\"Follow DOI:10.1186\/s41235-025-00688-5\" target=\"_blank\">doi:10.1186\/s41235-025-00688-5<\/a><\/li><\/ul><\/div><p class=\"tp_close_menu\"><a class=\"tp_close\" onclick=\"teachpress_pub_showhide('13316','tp_links')\">Close<\/a><\/p><\/div><\/td><\/tr><tr class=\"tp_publication tp_publication_article\"><td class=\"tp_pub_info\"><p class=\"tp_pub_author\">Andrea Helo; Mar\u00eda Teresa Martin-Aragoneses; Ernesto Guerra; Carmen Julia Coloma<\/p><p class=\"tp_pub_title\"><a class=\"tp_title_link\" onclick=\"teachpress_pub_showhide('4744','tp_abstract')\" style=\"cursor:pointer;\">Real-time preposition comprehension in monolingual Spanish-speaking preschool children with developmental language disorder: A visual-world eye-tracking study<\/a> <span class=\"tp_pub_type tp_  article\">Journal Article<\/span> <\/p><p class=\"tp_pub_additional\"><span class=\"tp_pub_additional_in\">In: <\/span><span class=\"tp_pub_additional_journal\">Journal of Communication Disorders, <\/span><span class=\"tp_pub_additional_volume\">vol. 118, <\/span><span class=\"tp_pub_additional_pages\">pp. 1\u201314, <\/span><span class=\"tp_pub_additional_year\">2025<\/span>.<\/p><p class=\"tp_pub_menu\"><span class=\"tp_abstract_link\"><a id=\"tp_abstract_sh_4744\" class=\"tp_show\" onclick=\"teachpress_pub_showhide('4744','tp_abstract')\" title=\"Show abstract\" style=\"cursor:pointer;\">Abstract<\/a><\/span> | <span class=\"tp_resource_link\"><a id=\"tp_links_sh_4744\" class=\"tp_show\" onclick=\"teachpress_pub_showhide('4744','tp_links')\" title=\"Show links and resources\" style=\"cursor:pointer;\">Links<\/a><\/span> | <span class=\"tp_bibtex_link\"><a id=\"tp_bibtex_sh_4744\" class=\"tp_show\" onclick=\"teachpress_pub_showhide('4744','tp_bibtex')\" title=\"Show BibTeX entry\" style=\"cursor:pointer;\">BibTeX<\/a><\/span><\/p><div class=\"tp_bibtex\" id=\"tp_bibtex_4744\" style=\"display:none;\"><div class=\"tp_bibtex_entry\"><pre>@article{Helo2025,<br \/>\r\ntitle = {Real-time preposition comprehension in monolingual Spanish-speaking preschool children with developmental language disorder: A visual-world eye-tracking study},<br \/>\r\nauthor = {Andrea Helo and Mar\u00eda Teresa Martin-Aragoneses and Ernesto Guerra and Carmen Julia Coloma},<br \/>\r\ndoi = {10.1016\/j.jcomdis.2025.106578},<br \/>\r\nyear  = {2025},<br \/>\r\ndate = {2025-11-01},<br \/>\r\njournal = {Journal of Communication Disorders},<br \/>\r\nvolume = {118},<br \/>\r\npages = {1\u201314},<br \/>\r\npublisher = {Elsevier Inc.},<br \/>\r\nabstract = {This study investigated comprehension of prepositions (\u201ccon\u201d vs \u201csin\u201d and \u201cbajo\u201d vs \u201csobre\u201d; in English: \u2018with' vs \u2018without' and \u2018under'\/\u2018below' vs \u2018on') and prepositional locutions (\u201cdelante de\u201d vs \u201cdetr\u00e1s de\u201d and \u201cdentro de\u201d vs \u201cfuera de\u201d; in English: \u2018in front of' vs \u2018behind' and \u2018in'\/\u2018inside' vs \u2018out of') (hereafter, PPL) in Spanish-speaking preschoolers with Developmental Language Disorder (DLD) compared to their typically developing peers. We used an experimental approach assessing visual preference in real-time through eye tracking. The results showed that both groups demonstrated comprehension of the evaluated PPL, as evidenced by their visual preference for the image matching the sentence heard. However, children with DLD took longer to identify the correct image and tended to display a weaker preference pattern, although differences were not significant. Moreover, the prepositional locutions \u2018in front of' and \u2018behind'\u2014which are typically acquired later among the morphological items assessed\u2014were particularly challenging for children with DLD, who did not show a consistent visual preference for these prepositions. These findings suggest that, with respect to prepositions, children with DLD follow a trajectory similar to that of typically developing children, though characterized by a mild developmental delay. At a practical level, subtle difficulties in processing prepositions might have meaningful effects in everyday contexts, where rapid comprehension of language input is critical for children's participation and learning at school.},<br \/>\r\nkeywords = {},<br \/>\r\npubstate = {published},<br \/>\r\ntppubtype = {article}<br \/>\r\n}<br \/>\r\n<\/pre><\/div><p class=\"tp_close_menu\"><a class=\"tp_close\" onclick=\"teachpress_pub_showhide('4744','tp_bibtex')\">Close<\/a><\/p><\/div><div class=\"tp_abstract\" id=\"tp_abstract_4744\" style=\"display:none;\"><div class=\"tp_abstract_entry\">This study investigated comprehension of prepositions (\u201ccon\u201d vs \u201csin\u201d and \u201cbajo\u201d vs \u201csobre\u201d; in English: \u2018with' vs \u2018without' and \u2018under'\/\u2018below' vs \u2018on') and prepositional locutions (\u201cdelante de\u201d vs \u201cdetr\u00e1s de\u201d and \u201cdentro de\u201d vs \u201cfuera de\u201d; in English: \u2018in front of' vs \u2018behind' and \u2018in'\/\u2018inside' vs \u2018out of') (hereafter, PPL) in Spanish-speaking preschoolers with Developmental Language Disorder (DLD) compared to their typically developing peers. We used an experimental approach assessing visual preference in real-time through eye tracking. The results showed that both groups demonstrated comprehension of the evaluated PPL, as evidenced by their visual preference for the image matching the sentence heard. However, children with DLD took longer to identify the correct image and tended to display a weaker preference pattern, although differences were not significant. Moreover, the prepositional locutions \u2018in front of' and \u2018behind'\u2014which are typically acquired later among the morphological items assessed\u2014were particularly challenging for children with DLD, who did not show a consistent visual preference for these prepositions. These findings suggest that, with respect to prepositions, children with DLD follow a trajectory similar to that of typically developing children, though characterized by a mild developmental delay. At a practical level, subtle difficulties in processing prepositions might have meaningful effects in everyday contexts, where rapid comprehension of language input is critical for children's participation and learning at school.<\/div><p class=\"tp_close_menu\"><a class=\"tp_close\" onclick=\"teachpress_pub_showhide('4744','tp_abstract')\">Close<\/a><\/p><\/div><div class=\"tp_links\" id=\"tp_links_4744\" style=\"display:none;\"><div class=\"tp_links_entry\"><ul class=\"tp_pub_list\"><li><i class=\"ai ai-doi\"><\/i><a class=\"tp_pub_list\" href=\"https:\/\/dx.doi.org\/10.1016\/j.jcomdis.2025.106578\" title=\"Follow DOI:10.1016\/j.jcomdis.2025.106578\" target=\"_blank\">doi:10.1016\/j.jcomdis.2025.106578<\/a><\/li><\/ul><\/div><p class=\"tp_close_menu\"><a class=\"tp_close\" onclick=\"teachpress_pub_showhide('4744','tp_links')\">Close<\/a><\/p><\/div><\/td><\/tr><tr class=\"tp_publication tp_publication_article\"><td class=\"tp_pub_info\"><p class=\"tp_pub_author\">Brianna K. Hunter; John E. Kiat; Steven J. Luck; Lisa M. Oakes<\/p><p class=\"tp_pub_title\"><a class=\"tp_title_link\" onclick=\"teachpress_pub_showhide('5269','tp_abstract')\" style=\"cursor:pointer;\">Relating infant fixations to adult cortical activation patterns using the natural scenes dataset<\/a> <span class=\"tp_pub_type tp_  article\">Journal Article<\/span> <\/p><p class=\"tp_pub_additional\"><span class=\"tp_pub_additional_in\">In: <\/span><span class=\"tp_pub_additional_journal\">Developmental Science, <\/span><span class=\"tp_pub_additional_volume\">vol. 28, <\/span><span class=\"tp_pub_additional_number\">no. 6, <\/span><span class=\"tp_pub_additional_pages\">pp. 1\u201314, <\/span><span class=\"tp_pub_additional_year\">2025<\/span>.<\/p><p class=\"tp_pub_menu\"><span class=\"tp_abstract_link\"><a id=\"tp_abstract_sh_5269\" class=\"tp_show\" onclick=\"teachpress_pub_showhide('5269','tp_abstract')\" title=\"Show abstract\" style=\"cursor:pointer;\">Abstract<\/a><\/span> | <span class=\"tp_resource_link\"><a id=\"tp_links_sh_5269\" class=\"tp_show\" onclick=\"teachpress_pub_showhide('5269','tp_links')\" title=\"Show links and resources\" style=\"cursor:pointer;\">Links<\/a><\/span> | <span class=\"tp_bibtex_link\"><a id=\"tp_bibtex_sh_5269\" class=\"tp_show\" onclick=\"teachpress_pub_showhide('5269','tp_bibtex')\" title=\"Show BibTeX entry\" style=\"cursor:pointer;\">BibTeX<\/a><\/span><\/p><div class=\"tp_bibtex\" id=\"tp_bibtex_5269\" style=\"display:none;\"><div class=\"tp_bibtex_entry\"><pre>@article{Hunter2025,<br \/>\r\ntitle = {Relating infant fixations to adult cortical activation patterns using the natural scenes dataset},<br \/>\r\nauthor = {Brianna K. Hunter and John E. Kiat and Steven J. Luck and Lisa M. Oakes},<br \/>\r\ndoi = {10.1111\/desc.70076},<br \/>\r\nyear  = {2025},<br \/>\r\ndate = {2025-11-01},<br \/>\r\njournal = {Developmental Science},<br \/>\r\nvolume = {28},<br \/>\r\nnumber = {6},<br \/>\r\npages = {1\u201314},<br \/>\r\npublisher = {John Wiley and Sons Inc},<br \/>\r\nabstract = {Visual attention develops rapidly across the first postnatal year, from reflexive eye movements driven by low-level stimulus properties to increasingly voluntary eye movements influenced by higher-order factors. To test the hypothesis that development reflects guidance by increasingly abstract features, we used representational similarity analysis to evaluate the representational link between gaze patterns (N = 47 5\u20137-month-old infants},<br \/>\r\nkeywords = {},<br \/>\r\npubstate = {published},<br \/>\r\ntppubtype = {article}<br \/>\r\n}<br \/>\r\n<\/pre><\/div><p class=\"tp_close_menu\"><a class=\"tp_close\" onclick=\"teachpress_pub_showhide('5269','tp_bibtex')\">Close<\/a><\/p><\/div><div class=\"tp_abstract\" id=\"tp_abstract_5269\" style=\"display:none;\"><div class=\"tp_abstract_entry\">Visual attention develops rapidly across the first postnatal year, from reflexive eye movements driven by low-level stimulus properties to increasingly voluntary eye movements influenced by higher-order factors. To test the hypothesis that development reflects guidance by increasingly abstract features, we used representational similarity analysis to evaluate the representational link between gaze patterns (N = 47 5\u20137-month-old infants<\/div><p class=\"tp_close_menu\"><a class=\"tp_close\" onclick=\"teachpress_pub_showhide('5269','tp_abstract')\">Close<\/a><\/p><\/div><div class=\"tp_links\" id=\"tp_links_5269\" style=\"display:none;\"><div class=\"tp_links_entry\"><ul class=\"tp_pub_list\"><li><i class=\"ai ai-doi\"><\/i><a class=\"tp_pub_list\" href=\"https:\/\/dx.doi.org\/10.1111\/desc.70076\" title=\"Follow DOI:10.1111\/desc.70076\" target=\"_blank\">doi:10.1111\/desc.70076<\/a><\/li><\/ul><\/div><p class=\"tp_close_menu\"><a class=\"tp_close\" onclick=\"teachpress_pub_showhide('5269','tp_links')\">Close<\/a><\/p><\/div><\/td><\/tr><tr class=\"tp_publication tp_publication_article\"><td class=\"tp_pub_info\"><p class=\"tp_pub_author\">Anisha Khosla; Jordana S. Wynn; Arber Kacollja; Elaheh Shahmiri; Nicole D. Anderson; Kelly Shen; Jennifer D. Ryan<\/p><p class=\"tp_pub_title\"><a class=\"tp_title_link\" onclick=\"teachpress_pub_showhide('6025','tp_abstract')\" style=\"cursor:pointer;\">Changes in naturalistic viewing in healthy aging and amnestic mild cognitive impairment<\/a> <span class=\"tp_pub_type tp_  article\">Journal Article<\/span> <\/p><p class=\"tp_pub_additional\"><span class=\"tp_pub_additional_in\">In: <\/span><span class=\"tp_pub_additional_journal\">Hippocampus, <\/span><span class=\"tp_pub_additional_volume\">vol. 35, <\/span><span class=\"tp_pub_additional_number\">no. 6, <\/span><span class=\"tp_pub_additional_pages\">pp. 1\u20138, <\/span><span class=\"tp_pub_additional_year\">2025<\/span>.<\/p><p class=\"tp_pub_menu\"><span class=\"tp_abstract_link\"><a id=\"tp_abstract_sh_6025\" class=\"tp_show\" onclick=\"teachpress_pub_showhide('6025','tp_abstract')\" title=\"Show abstract\" style=\"cursor:pointer;\">Abstract<\/a><\/span> | <span class=\"tp_resource_link\"><a id=\"tp_links_sh_6025\" class=\"tp_show\" onclick=\"teachpress_pub_showhide('6025','tp_links')\" title=\"Show links and resources\" style=\"cursor:pointer;\">Links<\/a><\/span> | <span class=\"tp_bibtex_link\"><a id=\"tp_bibtex_sh_6025\" class=\"tp_show\" onclick=\"teachpress_pub_showhide('6025','tp_bibtex')\" title=\"Show BibTeX entry\" style=\"cursor:pointer;\">BibTeX<\/a><\/span><\/p><div class=\"tp_bibtex\" id=\"tp_bibtex_6025\" style=\"display:none;\"><div class=\"tp_bibtex_entry\"><pre>@article{Khosla2025,<br \/>\r\ntitle = {Changes in naturalistic viewing in healthy aging and amnestic mild cognitive impairment},<br \/>\r\nauthor = {Anisha Khosla and Jordana S. Wynn and Arber Kacollja and Elaheh Shahmiri and Nicole D. Anderson and Kelly Shen and Jennifer D. Ryan},<br \/>\r\ndoi = {10.1002\/hipo.70037},<br \/>\r\nyear  = {2025},<br \/>\r\ndate = {2025-11-01},<br \/>\r\njournal = {Hippocampus},<br \/>\r\nvolume = {35},<br \/>\r\nnumber = {6},<br \/>\r\npages = {1\u20138},<br \/>\r\npublisher = {John Wiley and Sons Inc},<br \/>\r\nabstract = {Visual exploration\u2014where the eyes move and when\u2014is guided by prior experiences. Memory-guided viewing behavior is altered in healthy aging and is further disrupted in amnestic mild cognitive impairment (aMCI), a condition in which there is accelerated structural and functional decline of the hippocampus and associated medial temporal lobe structures (HC\/MTL). Computational modeling has demonstrated the potential for rapid information flow from the HC\/MTL to regions responsible for the cognitive control of eye movements, such that visual exploration behavior could be impacted in the moment and on an ongoing fashion. It was predicted here, then, that older adults and individuals with aMCI would show changes in naturalistic viewing compared to younger adults, even in the absence of any memory task. Multivariate analyses revealed that viewing for younger adults was characterized by larger saccade amplitudes and a larger area of exploration; the opposite pattern was reliably expressed by individuals with aMCI. Viewing patterns of healthy older adults were associated with shorter gaze durations. The entropy of viewing in older adults was associated with overall cognitive status, as determined by the Montreal Cognitive Assessment, highlighting the top-down influence of cognitive function on active vision. Lower scores on the memory subtest were reliably associated with a pattern of viewing characterized by fewer fixations (with longer durations), saccades, regions explored, smaller area of exploration, and lower entropy, mimicking some of the viewing features of the aMCI group and suggesting that increasing HC\/MTL decline results in less exploratory viewing patterns. These findings reveal the ongoing influence of the hippocampus and its extended system on moment-to-moment naturalistic viewing.},<br \/>\r\nkeywords = {},<br \/>\r\npubstate = {published},<br \/>\r\ntppubtype = {article}<br \/>\r\n}<br \/>\r\n<\/pre><\/div><p class=\"tp_close_menu\"><a class=\"tp_close\" onclick=\"teachpress_pub_showhide('6025','tp_bibtex')\">Close<\/a><\/p><\/div><div class=\"tp_abstract\" id=\"tp_abstract_6025\" style=\"display:none;\"><div class=\"tp_abstract_entry\">Visual exploration\u2014where the eyes move and when\u2014is guided by prior experiences. Memory-guided viewing behavior is altered in healthy aging and is further disrupted in amnestic mild cognitive impairment (aMCI), a condition in which there is accelerated structural and functional decline of the hippocampus and associated medial temporal lobe structures (HC\/MTL). Computational modeling has demonstrated the potential for rapid information flow from the HC\/MTL to regions responsible for the cognitive control of eye movements, such that visual exploration behavior could be impacted in the moment and on an ongoing fashion. It was predicted here, then, that older adults and individuals with aMCI would show changes in naturalistic viewing compared to younger adults, even in the absence of any memory task. Multivariate analyses revealed that viewing for younger adults was characterized by larger saccade amplitudes and a larger area of exploration; the opposite pattern was reliably expressed by individuals with aMCI. Viewing patterns of healthy older adults were associated with shorter gaze durations. The entropy of viewing in older adults was associated with overall cognitive status, as determined by the Montreal Cognitive Assessment, highlighting the top-down influence of cognitive function on active vision. Lower scores on the memory subtest were reliably associated with a pattern of viewing characterized by fewer fixations (with longer durations), saccades, regions explored, smaller area of exploration, and lower entropy, mimicking some of the viewing features of the aMCI group and suggesting that increasing HC\/MTL decline results in less exploratory viewing patterns. These findings reveal the ongoing influence of the hippocampus and its extended system on moment-to-moment naturalistic viewing.<\/div><p class=\"tp_close_menu\"><a class=\"tp_close\" onclick=\"teachpress_pub_showhide('6025','tp_abstract')\">Close<\/a><\/p><\/div><div class=\"tp_links\" id=\"tp_links_6025\" style=\"display:none;\"><div class=\"tp_links_entry\"><ul class=\"tp_pub_list\"><li><i class=\"ai ai-doi\"><\/i><a class=\"tp_pub_list\" href=\"https:\/\/dx.doi.org\/10.1002\/hipo.70037\" title=\"Follow DOI:10.1002\/hipo.70037\" target=\"_blank\">doi:10.1002\/hipo.70037<\/a><\/li><\/ul><\/div><p class=\"tp_close_menu\"><a class=\"tp_close\" onclick=\"teachpress_pub_showhide('6025','tp_links')\">Close<\/a><\/p><\/div><\/td><\/tr><tr class=\"tp_publication tp_publication_article\"><td class=\"tp_pub_info\"><p class=\"tp_pub_author\">Hui Li; Yeh Hsueh; Xiaozhuo Zheng; Haoxue Yu<\/p><p class=\"tp_pub_title\"><a class=\"tp_title_link\" onclick=\"teachpress_pub_showhide('6886','tp_abstract')\" style=\"cursor:pointer;\">The immediate post-viewing effects of animated fantastical events on the executive function of Chinese kindergarteners with high and low fantasy orientations<\/a> <span class=\"tp_pub_type tp_  article\">Journal Article<\/span> <\/p><p class=\"tp_pub_additional\"><span class=\"tp_pub_additional_in\">In: <\/span><span class=\"tp_pub_additional_journal\">British Journal of Developmental Psychology, <\/span><span class=\"tp_pub_additional_volume\">vol. 43, <\/span><span class=\"tp_pub_additional_number\">no. 4, <\/span><span class=\"tp_pub_additional_pages\">pp. 860\u2013872, <\/span><span class=\"tp_pub_additional_year\">2025<\/span>.<\/p><p class=\"tp_pub_menu\"><span class=\"tp_abstract_link\"><a id=\"tp_abstract_sh_6886\" class=\"tp_show\" onclick=\"teachpress_pub_showhide('6886','tp_abstract')\" title=\"Show abstract\" style=\"cursor:pointer;\">Abstract<\/a><\/span> | <span class=\"tp_resource_link\"><a id=\"tp_links_sh_6886\" class=\"tp_show\" onclick=\"teachpress_pub_showhide('6886','tp_links')\" title=\"Show links and resources\" style=\"cursor:pointer;\">Links<\/a><\/span> | <span class=\"tp_bibtex_link\"><a id=\"tp_bibtex_sh_6886\" class=\"tp_show\" onclick=\"teachpress_pub_showhide('6886','tp_bibtex')\" title=\"Show BibTeX entry\" style=\"cursor:pointer;\">BibTeX<\/a><\/span><\/p><div class=\"tp_bibtex\" id=\"tp_bibtex_6886\" style=\"display:none;\"><div class=\"tp_bibtex_entry\"><pre>@article{Li2025e,<br \/>\r\ntitle = {The immediate post-viewing effects of animated fantastical events on the executive function of Chinese kindergarteners with high and low fantasy orientations},<br \/>\r\nauthor = {Hui Li and Yeh Hsueh and Xiaozhuo Zheng and Haoxue Yu},<br \/>\r\ndoi = {10.1111\/bjdp.12558},<br \/>\r\nyear  = {2025},<br \/>\r\ndate = {2025-11-01},<br \/>\r\njournal = {British Journal of Developmental Psychology},<br \/>\r\nvolume = {43},<br \/>\r\nnumber = {4},<br \/>\r\npages = {860\u2013872},<br \/>\r\npublisher = {John Wiley and Sons Ltd},<br \/>\r\nabstract = {Children with high fantasy orientation (HFO) can quickly switch between reality and fantasy, facilitating their processing of fantastical information. This study examined the effects of viewing a high fantastical video (HFV) and a low fantastical video (LFV) on the executive function (EF) of 102 Chinese kindergarteners at the ages of 5 and 6 by their fantasy orientation level (HFO vs. LFO). Each child's viewing was recorded by an eye tracker. Results showed that after viewing the HFV, HFO group demonstrated a significantly shorter inhibitory control reaction time than LFO group, whereas, after watching the LFV programme, HFO group's inhibitory control was significantly less accurate than the LFO group. The average pupil size of the HFO group was significantly larger than that of the LFO group, regardless of the fantastical video type. This study is the first to assess the effects of viewing two types of fantastical videos on Chinese children's EF by their FO level. It provides direct behavioural and physiological evidence associated with the post-viewing EF changes.},<br \/>\r\nkeywords = {},<br \/>\r\npubstate = {published},<br \/>\r\ntppubtype = {article}<br \/>\r\n}<br \/>\r\n<\/pre><\/div><p class=\"tp_close_menu\"><a class=\"tp_close\" onclick=\"teachpress_pub_showhide('6886','tp_bibtex')\">Close<\/a><\/p><\/div><div class=\"tp_abstract\" id=\"tp_abstract_6886\" style=\"display:none;\"><div class=\"tp_abstract_entry\">Children with high fantasy orientation (HFO) can quickly switch between reality and fantasy, facilitating their processing of fantastical information. This study examined the effects of viewing a high fantastical video (HFV) and a low fantastical video (LFV) on the executive function (EF) of 102 Chinese kindergarteners at the ages of 5 and 6 by their fantasy orientation level (HFO vs. LFO). Each child's viewing was recorded by an eye tracker. Results showed that after viewing the HFV, HFO group demonstrated a significantly shorter inhibitory control reaction time than LFO group, whereas, after watching the LFV programme, HFO group's inhibitory control was significantly less accurate than the LFO group. The average pupil size of the HFO group was significantly larger than that of the LFO group, regardless of the fantastical video type. This study is the first to assess the effects of viewing two types of fantastical videos on Chinese children's EF by their FO level. It provides direct behavioural and physiological evidence associated with the post-viewing EF changes.<\/div><p class=\"tp_close_menu\"><a class=\"tp_close\" onclick=\"teachpress_pub_showhide('6886','tp_abstract')\">Close<\/a><\/p><\/div><div class=\"tp_links\" id=\"tp_links_6886\" style=\"display:none;\"><div class=\"tp_links_entry\"><ul class=\"tp_pub_list\"><li><i class=\"ai ai-doi\"><\/i><a class=\"tp_pub_list\" href=\"https:\/\/dx.doi.org\/10.1111\/bjdp.12558\" title=\"Follow DOI:10.1111\/bjdp.12558\" target=\"_blank\">doi:10.1111\/bjdp.12558<\/a><\/li><\/ul><\/div><p class=\"tp_close_menu\"><a class=\"tp_close\" onclick=\"teachpress_pub_showhide('6886','tp_links')\">Close<\/a><\/p><\/div><\/td><\/tr><tr class=\"tp_publication tp_publication_article\"><td class=\"tp_pub_info\"><p class=\"tp_pub_author\">Maksim Markevich; Anastasiia Streltsova<\/p><p class=\"tp_pub_title\"><a class=\"tp_title_link\" onclick=\"teachpress_pub_showhide('7645','tp_abstract')\" style=\"cursor:pointer;\">The influence of text genre on eye movement patterns during reading<\/a> <span class=\"tp_pub_type tp_  article\">Journal Article<\/span> <\/p><p class=\"tp_pub_additional\"><span class=\"tp_pub_additional_in\">In: <\/span><span class=\"tp_pub_additional_journal\">Journal of Eye Movement Research, <\/span><span class=\"tp_pub_additional_volume\">vol. 18, <\/span><span class=\"tp_pub_additional_number\">no. 6, <\/span><span class=\"tp_pub_additional_pages\">pp. 1\u201322, <\/span><span class=\"tp_pub_additional_year\">2025<\/span>.<\/p><p class=\"tp_pub_menu\"><span class=\"tp_abstract_link\"><a id=\"tp_abstract_sh_7645\" class=\"tp_show\" onclick=\"teachpress_pub_showhide('7645','tp_abstract')\" title=\"Show abstract\" style=\"cursor:pointer;\">Abstract<\/a><\/span> | <span class=\"tp_resource_link\"><a id=\"tp_links_sh_7645\" class=\"tp_show\" onclick=\"teachpress_pub_showhide('7645','tp_links')\" title=\"Show links and resources\" style=\"cursor:pointer;\">Links<\/a><\/span> | <span class=\"tp_bibtex_link\"><a id=\"tp_bibtex_sh_7645\" class=\"tp_show\" onclick=\"teachpress_pub_showhide('7645','tp_bibtex')\" title=\"Show BibTeX entry\" style=\"cursor:pointer;\">BibTeX<\/a><\/span><\/p><div class=\"tp_bibtex\" id=\"tp_bibtex_7645\" style=\"display:none;\"><div class=\"tp_bibtex_entry\"><pre>@article{Markevich2025,<br \/>\r\ntitle = {The influence of text genre on eye movement patterns during reading},<br \/>\r\nauthor = {Maksim Markevich and Anastasiia Streltsova},<br \/>\r\ndoi = {10.3390\/jemr18060060},<br \/>\r\nyear  = {2025},<br \/>\r\ndate = {2025-11-01},<br \/>\r\njournal = {Journal of Eye Movement Research},<br \/>\r\nvolume = {18},<br \/>\r\nnumber = {6},<br \/>\r\npages = {1\u201322},<br \/>\r\npublisher = {MDPI AG},<br \/>\r\nabstract = {Successful reading comprehension depends on many factors, including text genre. Eye-tracking studies indicate that genre shapes eye movement patterns at a local level. Although the reading of expository and narrative texts by adolescents has been described in the literature, the reading of poetry by adolescents remains understudied. In this study, we used scanpath analysis to examine how genre and comprehension level influence global eye movement strategies in adolescents (N = 44). Thus, the novelty of this study lies in the use of scanpath analysis to measure global eye movement strategies employed by adolescents while reading narrative, expository, and poetic texts. Two distinct reading patterns emerged: a forward reading pattern (linear progression) and a regressive reading pattern (frequent lookbacks). Readers tended to use regressive patterns more often with expository and poetic texts, while forward patterns were more common with a narrative text. Comprehension level also played a significant role, with readers with a higher level of comprehension relying more on regressive patterns for expository and poetic texts. The results of this experiment suggest that scanpaths effectively capture genre-driven differences in reading strategies, underscoring how genre expectations may shape visual processing during reading.},<br \/>\r\nkeywords = {},<br \/>\r\npubstate = {published},<br \/>\r\ntppubtype = {article}<br \/>\r\n}<br \/>\r\n<\/pre><\/div><p class=\"tp_close_menu\"><a class=\"tp_close\" onclick=\"teachpress_pub_showhide('7645','tp_bibtex')\">Close<\/a><\/p><\/div><div class=\"tp_abstract\" id=\"tp_abstract_7645\" style=\"display:none;\"><div class=\"tp_abstract_entry\">Successful reading comprehension depends on many factors, including text genre. Eye-tracking studies indicate that genre shapes eye movement patterns at a local level. Although the reading of expository and narrative texts by adolescents has been described in the literature, the reading of poetry by adolescents remains understudied. In this study, we used scanpath analysis to examine how genre and comprehension level influence global eye movement strategies in adolescents (N = 44). Thus, the novelty of this study lies in the use of scanpath analysis to measure global eye movement strategies employed by adolescents while reading narrative, expository, and poetic texts. Two distinct reading patterns emerged: a forward reading pattern (linear progression) and a regressive reading pattern (frequent lookbacks). Readers tended to use regressive patterns more often with expository and poetic texts, while forward patterns were more common with a narrative text. Comprehension level also played a significant role, with readers with a higher level of comprehension relying more on regressive patterns for expository and poetic texts. The results of this experiment suggest that scanpaths effectively capture genre-driven differences in reading strategies, underscoring how genre expectations may shape visual processing during reading.<\/div><p class=\"tp_close_menu\"><a class=\"tp_close\" onclick=\"teachpress_pub_showhide('7645','tp_abstract')\">Close<\/a><\/p><\/div><div class=\"tp_links\" id=\"tp_links_7645\" style=\"display:none;\"><div class=\"tp_links_entry\"><ul class=\"tp_pub_list\"><li><i class=\"ai ai-doi\"><\/i><a class=\"tp_pub_list\" href=\"https:\/\/dx.doi.org\/10.3390\/jemr18060060\" title=\"Follow DOI:10.3390\/jemr18060060\" target=\"_blank\">doi:10.3390\/jemr18060060<\/a><\/li><\/ul><\/div><p class=\"tp_close_menu\"><a class=\"tp_close\" onclick=\"teachpress_pub_showhide('7645','tp_links')\">Close<\/a><\/p><\/div><\/td><\/tr><tr class=\"tp_publication tp_publication_article\"><td class=\"tp_pub_info\"><p class=\"tp_pub_author\">Tracy E. Reuter; Lauren L. Emberson<\/p><p class=\"tp_pub_title\"><a class=\"tp_title_link\" onclick=\"teachpress_pub_showhide('10007','tp_abstract')\" style=\"cursor:pointer;\">Relative contributions of predictive vs. associative processes to infant looking behavior during language comprehension<\/a> <span class=\"tp_pub_type tp_  article\">Journal Article<\/span> <\/p><p class=\"tp_pub_additional\"><span class=\"tp_pub_additional_in\">In: <\/span><span class=\"tp_pub_additional_journal\">Journal of Child Language, <\/span><span class=\"tp_pub_additional_volume\">vol. 52, <\/span><span class=\"tp_pub_additional_number\">no. 6, <\/span><span class=\"tp_pub_additional_pages\">pp. 1225\u20131248, <\/span><span class=\"tp_pub_additional_year\">2025<\/span>.<\/p><p class=\"tp_pub_menu\"><span class=\"tp_abstract_link\"><a id=\"tp_abstract_sh_10007\" class=\"tp_show\" onclick=\"teachpress_pub_showhide('10007','tp_abstract')\" title=\"Show abstract\" style=\"cursor:pointer;\">Abstract<\/a><\/span> | <span class=\"tp_resource_link\"><a id=\"tp_links_sh_10007\" class=\"tp_show\" onclick=\"teachpress_pub_showhide('10007','tp_links')\" title=\"Show links and resources\" style=\"cursor:pointer;\">Links<\/a><\/span> | <span class=\"tp_bibtex_link\"><a id=\"tp_bibtex_sh_10007\" class=\"tp_show\" onclick=\"teachpress_pub_showhide('10007','tp_bibtex')\" title=\"Show BibTeX entry\" style=\"cursor:pointer;\">BibTeX<\/a><\/span><\/p><div class=\"tp_bibtex\" id=\"tp_bibtex_10007\" style=\"display:none;\"><div class=\"tp_bibtex_entry\"><pre>@article{Reuter2025,<br \/>\r\ntitle = {Relative contributions of predictive vs. associative processes to infant looking behavior during language comprehension},<br \/>\r\nauthor = {Tracy E. Reuter and Lauren L. Emberson},<br \/>\r\ndoi = {10.1017\/S0305000924000102},<br \/>\r\nyear  = {2025},<br \/>\r\ndate = {2025-11-01},<br \/>\r\njournal = {Journal of Child Language},<br \/>\r\nvolume = {52},<br \/>\r\nnumber = {6},<br \/>\r\npages = {1225\u20131248},<br \/>\r\npublisher = {Cambridge University Press},<br \/>\r\nabstract = {Numerous developmental findings suggest that infants and toddlers engage predictive processing during language comprehension. However, a significant limitation of this research is that associative (bottom-up) and predictive (top-down) explanations are not readily differentiated. Following adult studies that varied predictiveness relative to semantic-relatedness to differentiate associative vs. predictive processes, the present study used eye-tracking to begin to disentangle the contributions of bottom-up and top-down mechanisms to infants' real-time language processing. Replicating prior results, infants (14-19 months old) use successive semantically-related words across sentences (e.g., eat, yum, mouth) to predict upcoming nouns (e.g., cookie). However, we also provide evidence that using successive semantically-related words to predict is distinct from the bottom-up activation of the word itself. In a second experiment, we investigate the potential effects of repetition on the findings. This work is the first to reveal that infant language comprehension is affected by both associative and predictive processes.},<br \/>\r\nkeywords = {},<br \/>\r\npubstate = {published},<br \/>\r\ntppubtype = {article}<br \/>\r\n}<br \/>\r\n<\/pre><\/div><p class=\"tp_close_menu\"><a class=\"tp_close\" onclick=\"teachpress_pub_showhide('10007','tp_bibtex')\">Close<\/a><\/p><\/div><div class=\"tp_abstract\" id=\"tp_abstract_10007\" style=\"display:none;\"><div class=\"tp_abstract_entry\">Numerous developmental findings suggest that infants and toddlers engage predictive processing during language comprehension. However, a significant limitation of this research is that associative (bottom-up) and predictive (top-down) explanations are not readily differentiated. Following adult studies that varied predictiveness relative to semantic-relatedness to differentiate associative vs. predictive processes, the present study used eye-tracking to begin to disentangle the contributions of bottom-up and top-down mechanisms to infants' real-time language processing. Replicating prior results, infants (14-19 months old) use successive semantically-related words across sentences (e.g., eat, yum, mouth) to predict upcoming nouns (e.g., cookie). However, we also provide evidence that using successive semantically-related words to predict is distinct from the bottom-up activation of the word itself. In a second experiment, we investigate the potential effects of repetition on the findings. This work is the first to reveal that infant language comprehension is affected by both associative and predictive processes.<\/div><p class=\"tp_close_menu\"><a class=\"tp_close\" onclick=\"teachpress_pub_showhide('10007','tp_abstract')\">Close<\/a><\/p><\/div><div class=\"tp_links\" id=\"tp_links_10007\" style=\"display:none;\"><div class=\"tp_links_entry\"><ul class=\"tp_pub_list\"><li><i class=\"ai ai-doi\"><\/i><a class=\"tp_pub_list\" href=\"https:\/\/dx.doi.org\/10.1017\/S0305000924000102\" title=\"Follow DOI:10.1017\/S0305000924000102\" target=\"_blank\">doi:10.1017\/S0305000924000102<\/a><\/li><\/ul><\/div><p class=\"tp_close_menu\"><a class=\"tp_close\" onclick=\"teachpress_pub_showhide('10007','tp_links')\">Close<\/a><\/p><\/div><\/td><\/tr><tr class=\"tp_publication tp_publication_article\"><td class=\"tp_pub_info\"><p class=\"tp_pub_author\">Raju Sapkota; Monika McAtarsney-Kovacs; Ian Linde; Shahina Pardhan<\/p><p class=\"tp_pub_title\"><a class=\"tp_title_link\" onclick=\"teachpress_pub_showhide('10456','tp_abstract')\" style=\"cursor:pointer;\">A comparative analysis of eye movement accuracy for locating items held in visual short-term memory among young healthy adults, older adults with normal cognition, and older adults indicative of mild cognitive impairment<\/a> <span class=\"tp_pub_type tp_  article\">Journal Article<\/span> <\/p><p class=\"tp_pub_additional\"><span class=\"tp_pub_additional_in\">In: <\/span><span class=\"tp_pub_additional_journal\">Brain and Behavior, <\/span><span class=\"tp_pub_additional_volume\">vol. 15, <\/span><span class=\"tp_pub_additional_number\">no. 11, <\/span><span class=\"tp_pub_additional_pages\">pp. 1\u201311, <\/span><span class=\"tp_pub_additional_year\">2025<\/span>.<\/p><p class=\"tp_pub_menu\"><span class=\"tp_abstract_link\"><a id=\"tp_abstract_sh_10456\" class=\"tp_show\" onclick=\"teachpress_pub_showhide('10456','tp_abstract')\" title=\"Show abstract\" style=\"cursor:pointer;\">Abstract<\/a><\/span> | <span class=\"tp_resource_link\"><a id=\"tp_links_sh_10456\" class=\"tp_show\" onclick=\"teachpress_pub_showhide('10456','tp_links')\" title=\"Show links and resources\" style=\"cursor:pointer;\">Links<\/a><\/span> | <span class=\"tp_bibtex_link\"><a id=\"tp_bibtex_sh_10456\" class=\"tp_show\" onclick=\"teachpress_pub_showhide('10456','tp_bibtex')\" title=\"Show BibTeX entry\" style=\"cursor:pointer;\">BibTeX<\/a><\/span><\/p><div class=\"tp_bibtex\" id=\"tp_bibtex_10456\" style=\"display:none;\"><div class=\"tp_bibtex_entry\"><pre>@article{Sapkota2025,<br \/>\r\ntitle = {A comparative analysis of eye movement accuracy for locating items held in visual short-term memory among young healthy adults, older adults with normal cognition, and older adults indicative of mild cognitive impairment},<br \/>\r\nauthor = {Raju Sapkota and Monika McAtarsney-Kovacs and Ian Linde and Shahina Pardhan},<br \/>\r\ndoi = {10.1002\/brb3.71021},<br \/>\r\nyear  = {2025},<br \/>\r\ndate = {2025-11-01},<br \/>\r\njournal = {Brain and Behavior},<br \/>\r\nvolume = {15},<br \/>\r\nnumber = {11},<br \/>\r\npages = {1\u201311},<br \/>\r\npublisher = {John Wiley and Sons Ltd},<br \/>\r\nabstract = {Background: We compared the accuracy of eye movements in locating an item stored in visual short-term memory between young healthy adults, normally aging older adults, and older adults with mild cognitive impairment as indicated by the Montreal Cognitive Assessment or Addenbrooke's Cognitive Examination-III test. Methods: Thirty-three young healthy adults, 38 normally aging older adults, and 17 older adults indicative of MCI completed two experiments requiring object-location binding. In Experiment 1, participants viewed 2\u20134 memory items displayed sequentially at random screen locations. Following a 900 ms interval, eye movements were recorded while participants moved their eyes to the location of the memory item corresponding to a displayed cue. In Experiment 2 (control), participants indicated whether or not the test item was shown at its original location using a yes\/no response. Results: MCI-indicative participants exhibited greater saccadic error (spatial deviation of saccadic endpoint from the remembered target location) than normally aging older (p = 0.002) and young (p &lt; 0.001) participants at low memory load only. At higher memory load, the saccadic error distance was greater for all groups (p &lt; 0.001). Moreover, in Experiment 2, MCI-indicative participants exhibited significantly poorer memory performance than normally aging older adults, but only at lower memory load (p = 0.02). Conclusion: Saccadic accuracy declined with memory load for all groups. The MCI-indicative group showed lower saccadic accuracy versus normally aging older and young adults at low memory load. The findings offer important insights into our understanding of saccadic eye movement as a potential behavioral marker for MCI.},<br \/>\r\nkeywords = {},<br \/>\r\npubstate = {published},<br \/>\r\ntppubtype = {article}<br \/>\r\n}<br \/>\r\n<\/pre><\/div><p class=\"tp_close_menu\"><a class=\"tp_close\" onclick=\"teachpress_pub_showhide('10456','tp_bibtex')\">Close<\/a><\/p><\/div><div class=\"tp_abstract\" id=\"tp_abstract_10456\" style=\"display:none;\"><div class=\"tp_abstract_entry\">Background: We compared the accuracy of eye movements in locating an item stored in visual short-term memory between young healthy adults, normally aging older adults, and older adults with mild cognitive impairment as indicated by the Montreal Cognitive Assessment or Addenbrooke's Cognitive Examination-III test. Methods: Thirty-three young healthy adults, 38 normally aging older adults, and 17 older adults indicative of MCI completed two experiments requiring object-location binding. In Experiment 1, participants viewed 2\u20134 memory items displayed sequentially at random screen locations. Following a 900 ms interval, eye movements were recorded while participants moved their eyes to the location of the memory item corresponding to a displayed cue. In Experiment 2 (control), participants indicated whether or not the test item was shown at its original location using a yes\/no response. Results: MCI-indicative participants exhibited greater saccadic error (spatial deviation of saccadic endpoint from the remembered target location) than normally aging older (p = 0.002) and young (p &lt; 0.001) participants at low memory load only. At higher memory load, the saccadic error distance was greater for all groups (p &lt; 0.001). Moreover, in Experiment 2, MCI-indicative participants exhibited significantly poorer memory performance than normally aging older adults, but only at lower memory load (p = 0.02). Conclusion: Saccadic accuracy declined with memory load for all groups. The MCI-indicative group showed lower saccadic accuracy versus normally aging older and young adults at low memory load. The findings offer important insights into our understanding of saccadic eye movement as a potential behavioral marker for MCI.<\/div><p class=\"tp_close_menu\"><a class=\"tp_close\" onclick=\"teachpress_pub_showhide('10456','tp_abstract')\">Close<\/a><\/p><\/div><div class=\"tp_links\" id=\"tp_links_10456\" style=\"display:none;\"><div class=\"tp_links_entry\"><ul class=\"tp_pub_list\"><li><i class=\"ai ai-doi\"><\/i><a class=\"tp_pub_list\" href=\"https:\/\/dx.doi.org\/10.1002\/brb3.71021\" title=\"Follow DOI:10.1002\/brb3.71021\" target=\"_blank\">doi:10.1002\/brb3.71021<\/a><\/li><\/ul><\/div><p class=\"tp_close_menu\"><a class=\"tp_close\" onclick=\"teachpress_pub_showhide('10456','tp_links')\">Close<\/a><\/p><\/div><\/td><\/tr><tr class=\"tp_publication tp_publication_article\"><td class=\"tp_pub_info\"><p class=\"tp_pub_author\">Franziska Sieber; Jan Czarnomski; Moritz M. Daum; Norbert Zmyj<\/p><p class=\"tp_pub_title\"><a class=\"tp_title_link\" onclick=\"teachpress_pub_showhide('11002','tp_abstract')\" style=\"cursor:pointer;\">The relation between goal-predictive gaze behavior and imitation\u2014A live eye-tracking study in 12-month-olds<\/a> <span class=\"tp_pub_type tp_  article\">Journal Article<\/span> <\/p><p class=\"tp_pub_additional\"><span class=\"tp_pub_additional_in\">In: <\/span><span class=\"tp_pub_additional_journal\">Infancy, <\/span><span class=\"tp_pub_additional_volume\">vol. 30, <\/span><span class=\"tp_pub_additional_number\">no. 6, <\/span><span class=\"tp_pub_additional_pages\">pp. 1\u201311, <\/span><span class=\"tp_pub_additional_year\">2025<\/span>.<\/p><p class=\"tp_pub_menu\"><span class=\"tp_abstract_link\"><a id=\"tp_abstract_sh_11002\" class=\"tp_show\" onclick=\"teachpress_pub_showhide('11002','tp_abstract')\" title=\"Show abstract\" style=\"cursor:pointer;\">Abstract<\/a><\/span> | <span class=\"tp_resource_link\"><a id=\"tp_links_sh_11002\" class=\"tp_show\" onclick=\"teachpress_pub_showhide('11002','tp_links')\" title=\"Show links and resources\" style=\"cursor:pointer;\">Links<\/a><\/span> | <span class=\"tp_bibtex_link\"><a id=\"tp_bibtex_sh_11002\" class=\"tp_show\" onclick=\"teachpress_pub_showhide('11002','tp_bibtex')\" title=\"Show BibTeX entry\" style=\"cursor:pointer;\">BibTeX<\/a><\/span><\/p><div class=\"tp_bibtex\" id=\"tp_bibtex_11002\" style=\"display:none;\"><div class=\"tp_bibtex_entry\"><pre>@article{Sieber2025,<br \/>\r\ntitle = {The relation between goal-predictive gaze behavior and imitation\u2014A live eye-tracking study in 12-month-olds},<br \/>\r\nauthor = {Franziska Sieber and Jan Czarnomski and Moritz M. Daum and Norbert Zmyj},<br \/>\r\ndoi = {10.1111\/infa.70050},<br \/>\r\nyear  = {2025},<br \/>\r\ndate = {2025-11-01},<br \/>\r\njournal = {Infancy},<br \/>\r\nvolume = {30},<br \/>\r\nnumber = {6},<br \/>\r\npages = {1\u201311},<br \/>\r\npublisher = {John Wiley and Sons Inc},<br \/>\r\nabstract = {Children learn from others by imitating observed behavior. According to some theorists, to imitate an agent's action, infants need to identify the agent's action goal. To test this assumption, goal-predictive gaze shifts of 104 German 12-month-olds (57 female) were measured using live eye-tracking. These goal-predictive gaze shifts were related to their imitation of an action performed by a live model. This relationship was controlled for in terms of cognitive developmental status. We used one task of the imitation battery FIT 12 and analyzed the infants' imitation and goal-predictive gaze shifts. The infants showed goal-predictive gaze shifts to actions presented at a realistic speed. Furthermore, imitation was related to their goal-predictive gaze shifts. This association was partially explained by cognitive-developmental status, which should be considered an important factor in the development of imitation.},<br \/>\r\nkeywords = {},<br \/>\r\npubstate = {published},<br \/>\r\ntppubtype = {article}<br \/>\r\n}<br \/>\r\n<\/pre><\/div><p class=\"tp_close_menu\"><a class=\"tp_close\" onclick=\"teachpress_pub_showhide('11002','tp_bibtex')\">Close<\/a><\/p><\/div><div class=\"tp_abstract\" id=\"tp_abstract_11002\" style=\"display:none;\"><div class=\"tp_abstract_entry\">Children learn from others by imitating observed behavior. According to some theorists, to imitate an agent's action, infants need to identify the agent's action goal. To test this assumption, goal-predictive gaze shifts of 104 German 12-month-olds (57 female) were measured using live eye-tracking. These goal-predictive gaze shifts were related to their imitation of an action performed by a live model. This relationship was controlled for in terms of cognitive developmental status. We used one task of the imitation battery FIT 12 and analyzed the infants' imitation and goal-predictive gaze shifts. The infants showed goal-predictive gaze shifts to actions presented at a realistic speed. Furthermore, imitation was related to their goal-predictive gaze shifts. This association was partially explained by cognitive-developmental status, which should be considered an important factor in the development of imitation.<\/div><p class=\"tp_close_menu\"><a class=\"tp_close\" onclick=\"teachpress_pub_showhide('11002','tp_abstract')\">Close<\/a><\/p><\/div><div class=\"tp_links\" id=\"tp_links_11002\" style=\"display:none;\"><div class=\"tp_links_entry\"><ul class=\"tp_pub_list\"><li><i class=\"ai ai-doi\"><\/i><a class=\"tp_pub_list\" href=\"https:\/\/dx.doi.org\/10.1111\/infa.70050\" title=\"Follow DOI:10.1111\/infa.70050\" target=\"_blank\">doi:10.1111\/infa.70050<\/a><\/li><\/ul><\/div><p class=\"tp_close_menu\"><a class=\"tp_close\" onclick=\"teachpress_pub_showhide('11002','tp_links')\">Close<\/a><\/p><\/div><\/td><\/tr><tr class=\"tp_publication tp_publication_article\"><td class=\"tp_pub_info\"><p class=\"tp_pub_author\">Maria Z. Chroneos; Marlene Behrmann; J. Patrick Mayo<\/p><p class=\"tp_pub_title\"><a class=\"tp_title_link\" onclick=\"teachpress_pub_showhide('2052','tp_abstract')\" style=\"cursor:pointer;\">Bidirectional and asymmetric smooth pursuit deficits in childhood hemispherectomy patients<\/a> <span class=\"tp_pub_type tp_  article\">Journal Article<\/span> <\/p><p class=\"tp_pub_additional\"><span class=\"tp_pub_additional_in\">In: <\/span><span class=\"tp_pub_additional_journal\">Cortex, <\/span><span class=\"tp_pub_additional_volume\">vol. 191, <\/span><span class=\"tp_pub_additional_pages\">pp. 266\u2013282, <\/span><span class=\"tp_pub_additional_year\">2025<\/span>.<\/p><p class=\"tp_pub_menu\"><span class=\"tp_abstract_link\"><a id=\"tp_abstract_sh_2052\" class=\"tp_show\" onclick=\"teachpress_pub_showhide('2052','tp_abstract')\" title=\"Show abstract\" style=\"cursor:pointer;\">Abstract<\/a><\/span> | <span class=\"tp_resource_link\"><a id=\"tp_links_sh_2052\" class=\"tp_show\" onclick=\"teachpress_pub_showhide('2052','tp_links')\" title=\"Show links and resources\" style=\"cursor:pointer;\">Links<\/a><\/span> | <span class=\"tp_bibtex_link\"><a id=\"tp_bibtex_sh_2052\" class=\"tp_show\" onclick=\"teachpress_pub_showhide('2052','tp_bibtex')\" title=\"Show BibTeX entry\" style=\"cursor:pointer;\">BibTeX<\/a><\/span><\/p><div class=\"tp_bibtex\" id=\"tp_bibtex_2052\" style=\"display:none;\"><div class=\"tp_bibtex_entry\"><pre>@article{Chroneos2025,<br \/>\r\ntitle = {Bidirectional and asymmetric smooth pursuit deficits in childhood hemispherectomy patients},<br \/>\r\nauthor = {Maria Z. Chroneos and Marlene Behrmann and J. Patrick Mayo},<br \/>\r\ndoi = {10.1016\/j.cortex.2025.08.005},<br \/>\r\nyear  = {2025},<br \/>\r\ndate = {2025-10-01},<br \/>\r\njournal = {Cortex},<br \/>\r\nvolume = {191},<br \/>\r\npages = {266\u2013282},<br \/>\r\npublisher = {Masson SpA},<br \/>\r\nabstract = {The neural circuitry engaged in supporting eye movements has been well characterized, but fundamental questions remain about the necessity and sufficiency of the individual hemispheric contributions. To gain a better understanding of the neural correlates of oculomotor control, we measured horizontal smooth pursuit tracking behavior in 14 patients following childhood hemispherectomy. Relative to developmentally typical age-matched controls, patients exhibited a bilateral and asymmetric pursuit deficit with reduced ipsilesional but elevated contralesional eye speeds, and asymmetric accompanying \u2018catch up' saccades. The atypical pursuit behavior could not be explained by a sensory deficit associated with their hemianopia, as patients adjusted their eye position to maintain visibility of the target. The pursuit deficit was also not accounted for by a general motor impairment as patients made faster catch-up saccades than controls, particularly in the ipsilesional direction. These results, all of which hold irrespective of whether the right or left hemisphere is resected, demonstrate that patients can compensate for reduced pursuit speeds by modulating their saccade characteristics. Overall, this study represents the most comprehensive characterization of smooth pursuit disturbances in hemispherectomy patients. Our results elucidate: 1) the competence of a single hemisphere for generating pursuit and compensatory behaviors; 2) the lack of a hemispheric bias supporting pursuit given large-scale cortical disruptions; and 3) that intact horizontal pursuit likely requires the interaction of brain circuitry across both hemispheres.},<br \/>\r\nkeywords = {},<br \/>\r\npubstate = {published},<br \/>\r\ntppubtype = {article}<br \/>\r\n}<br \/>\r\n<\/pre><\/div><p class=\"tp_close_menu\"><a class=\"tp_close\" onclick=\"teachpress_pub_showhide('2052','tp_bibtex')\">Close<\/a><\/p><\/div><div class=\"tp_abstract\" id=\"tp_abstract_2052\" style=\"display:none;\"><div class=\"tp_abstract_entry\">The neural circuitry engaged in supporting eye movements has been well characterized, but fundamental questions remain about the necessity and sufficiency of the individual hemispheric contributions. To gain a better understanding of the neural correlates of oculomotor control, we measured horizontal smooth pursuit tracking behavior in 14 patients following childhood hemispherectomy. Relative to developmentally typical age-matched controls, patients exhibited a bilateral and asymmetric pursuit deficit with reduced ipsilesional but elevated contralesional eye speeds, and asymmetric accompanying \u2018catch up' saccades. The atypical pursuit behavior could not be explained by a sensory deficit associated with their hemianopia, as patients adjusted their eye position to maintain visibility of the target. The pursuit deficit was also not accounted for by a general motor impairment as patients made faster catch-up saccades than controls, particularly in the ipsilesional direction. These results, all of which hold irrespective of whether the right or left hemisphere is resected, demonstrate that patients can compensate for reduced pursuit speeds by modulating their saccade characteristics. Overall, this study represents the most comprehensive characterization of smooth pursuit disturbances in hemispherectomy patients. Our results elucidate: 1) the competence of a single hemisphere for generating pursuit and compensatory behaviors; 2) the lack of a hemispheric bias supporting pursuit given large-scale cortical disruptions; and 3) that intact horizontal pursuit likely requires the interaction of brain circuitry across both hemispheres.<\/div><p class=\"tp_close_menu\"><a class=\"tp_close\" onclick=\"teachpress_pub_showhide('2052','tp_abstract')\">Close<\/a><\/p><\/div><div class=\"tp_links\" id=\"tp_links_2052\" style=\"display:none;\"><div class=\"tp_links_entry\"><ul class=\"tp_pub_list\"><li><i class=\"ai ai-doi\"><\/i><a class=\"tp_pub_list\" href=\"https:\/\/dx.doi.org\/10.1016\/j.cortex.2025.08.005\" title=\"Follow DOI:10.1016\/j.cortex.2025.08.005\" target=\"_blank\">doi:10.1016\/j.cortex.2025.08.005<\/a><\/li><\/ul><\/div><p class=\"tp_close_menu\"><a class=\"tp_close\" onclick=\"teachpress_pub_showhide('2052','tp_links')\">Close<\/a><\/p><\/div><\/td><\/tr><tr class=\"tp_publication tp_publication_article\"><td class=\"tp_pub_info\"><p class=\"tp_pub_author\">Elly Francis-Pester; Jessica E. Manousakis; Anna W. T. Cai; Jinny Collet; Clare Anderson<\/p><p class=\"tp_pub_title\"><a class=\"tp_title_link\" onclick=\"teachpress_pub_showhide('3656','tp_abstract')\" style=\"cursor:pointer;\">Age-related vulnerability to sleep deprivation is task dependent and influenced by large inter-individual differences in younger adults<\/a> <span class=\"tp_pub_type tp_  article\">Journal Article<\/span> <\/p><p class=\"tp_pub_additional\"><span class=\"tp_pub_additional_in\">In: <\/span><span class=\"tp_pub_additional_journal\">Sleep, <\/span><span class=\"tp_pub_additional_volume\">vol. 48, <\/span><span class=\"tp_pub_additional_number\">no. 10, <\/span><span class=\"tp_pub_additional_pages\">pp. 1\u201313, <\/span><span class=\"tp_pub_additional_year\">2025<\/span>.<\/p><p class=\"tp_pub_menu\"><span class=\"tp_abstract_link\"><a id=\"tp_abstract_sh_3656\" class=\"tp_show\" onclick=\"teachpress_pub_showhide('3656','tp_abstract')\" title=\"Show abstract\" style=\"cursor:pointer;\">Abstract<\/a><\/span> | <span class=\"tp_resource_link\"><a id=\"tp_links_sh_3656\" class=\"tp_show\" onclick=\"teachpress_pub_showhide('3656','tp_links')\" title=\"Show links and resources\" style=\"cursor:pointer;\">Links<\/a><\/span> | <span class=\"tp_bibtex_link\"><a id=\"tp_bibtex_sh_3656\" class=\"tp_show\" onclick=\"teachpress_pub_showhide('3656','tp_bibtex')\" title=\"Show BibTeX entry\" style=\"cursor:pointer;\">BibTeX<\/a><\/span><\/p><div class=\"tp_bibtex\" id=\"tp_bibtex_3656\" style=\"display:none;\"><div class=\"tp_bibtex_entry\"><pre>@article{FrancisPester2025,<br \/>\r\ntitle = {Age-related vulnerability to sleep deprivation is task dependent and influenced by large inter-individual differences in younger adults},<br \/>\r\nauthor = {Elly Francis-Pester and Jessica E. Manousakis and Anna W. T. Cai and Jinny Collet and Clare Anderson},<br \/>\r\ndoi = {10.1093\/sleep\/zsaf144},<br \/>\r\nyear  = {2025},<br \/>\r\ndate = {2025-10-01},<br \/>\r\njournal = {Sleep},<br \/>\r\nvolume = {48},<br \/>\r\nnumber = {10},<br \/>\r\npages = {1\u201313},<br \/>\r\npublisher = {Oxford University Press},<br \/>\r\nabstract = {Study Objectives: Healthy older adults appear more resilient to sleep loss relative to younger adults, particularly with respect to the likelihood of falling asleep. We examined task-dependent differences in age-related vulnerability to sleep deprivation focusing on outcomes reflecting sleep-initiation (microsleep, slow eye movements [SEMs], electroencephalography [EEG] delta power, and long lapses &gt; 3 s) versus other non-sleep-initiation aspects of impairment (adjusted mean RT\/lapses, reflexive attention, and inhibitory control). Methods: Seventeen younger (M = 24.5 \u00b1 3.2 years [range 21\u201333 years], 10 males) and 17 older (M = 57.3 \u00b1 5.2 years [range 50\u201365 years], 9 males) healthy adults underwent 26 h of sleep deprivation. Test batteries (psychomotor vigilance test [PVT], Karolinska drowsiness test, and ocular motor paradigms) with simultaneous EEG were administered at regular intervals throughout. Results: During sleep deprivation, younger adults had significantly more sleep-initiation events relative to older adults (p &lt; .031) including EEG microsleep (average 4.4 vs. 1.1), SEMs (10.7 vs. 4.9), and relative delta power (38.1 vs. 24.2%). For non-sleep-initiation outcomes, interaction effects were not observed. Both younger and older groups had slower reflexive attention (4.2 and 3.1 ms, respectively) and poorer inhibitory control (8.6% and 9% more errors) during sleep deprivation relative to when well-rested (p &lt; .001), with older adults being more impaired than younger adults overall (p &lt; .001). Large inter-individual differences in sleep-initiation events were observed for younger adults. Preliminary results suggest women exhibited age-related differences in all sleep-initiation events (Hedges' g = 0.73 to 1.64), while men did not (g = 0.12 to 0.34). Conclusions: Younger adults are more likely to fall asleep during sleep deprivation, particularly women, while older adults may be more likely to exhibit attentional control difficulties.},<br \/>\r\nkeywords = {},<br \/>\r\npubstate = {published},<br \/>\r\ntppubtype = {article}<br \/>\r\n}<br \/>\r\n<\/pre><\/div><p class=\"tp_close_menu\"><a class=\"tp_close\" onclick=\"teachpress_pub_showhide('3656','tp_bibtex')\">Close<\/a><\/p><\/div><div class=\"tp_abstract\" id=\"tp_abstract_3656\" style=\"display:none;\"><div class=\"tp_abstract_entry\">Study Objectives: Healthy older adults appear more resilient to sleep loss relative to younger adults, particularly with respect to the likelihood of falling asleep. We examined task-dependent differences in age-related vulnerability to sleep deprivation focusing on outcomes reflecting sleep-initiation (microsleep, slow eye movements [SEMs], electroencephalography [EEG] delta power, and long lapses &gt; 3 s) versus other non-sleep-initiation aspects of impairment (adjusted mean RT\/lapses, reflexive attention, and inhibitory control). Methods: Seventeen younger (M = 24.5 \u00b1 3.2 years [range 21\u201333 years], 10 males) and 17 older (M = 57.3 \u00b1 5.2 years [range 50\u201365 years], 9 males) healthy adults underwent 26 h of sleep deprivation. Test batteries (psychomotor vigilance test [PVT], Karolinska drowsiness test, and ocular motor paradigms) with simultaneous EEG were administered at regular intervals throughout. Results: During sleep deprivation, younger adults had significantly more sleep-initiation events relative to older adults (p &lt; .031) including EEG microsleep (average 4.4 vs. 1.1), SEMs (10.7 vs. 4.9), and relative delta power (38.1 vs. 24.2%). For non-sleep-initiation outcomes, interaction effects were not observed. Both younger and older groups had slower reflexive attention (4.2 and 3.1 ms, respectively) and poorer inhibitory control (8.6% and 9% more errors) during sleep deprivation relative to when well-rested (p &lt; .001), with older adults being more impaired than younger adults overall (p &lt; .001). Large inter-individual differences in sleep-initiation events were observed for younger adults. Preliminary results suggest women exhibited age-related differences in all sleep-initiation events (Hedges' g = 0.73 to 1.64), while men did not (g = 0.12 to 0.34). Conclusions: Younger adults are more likely to fall asleep during sleep deprivation, particularly women, while older adults may be more likely to exhibit attentional control difficulties.<\/div><p class=\"tp_close_menu\"><a class=\"tp_close\" onclick=\"teachpress_pub_showhide('3656','tp_abstract')\">Close<\/a><\/p><\/div><div class=\"tp_links\" id=\"tp_links_3656\" style=\"display:none;\"><div class=\"tp_links_entry\"><ul class=\"tp_pub_list\"><li><i class=\"ai ai-doi\"><\/i><a class=\"tp_pub_list\" href=\"https:\/\/dx.doi.org\/10.1093\/sleep\/zsaf144\" title=\"Follow DOI:10.1093\/sleep\/zsaf144\" target=\"_blank\">doi:10.1093\/sleep\/zsaf144<\/a><\/li><\/ul><\/div><p class=\"tp_close_menu\"><a class=\"tp_close\" onclick=\"teachpress_pub_showhide('3656','tp_links')\">Close<\/a><\/p><\/div><\/td><\/tr><tr class=\"tp_publication tp_publication_article\"><td class=\"tp_pub_info\"><p class=\"tp_pub_author\">Natasa Ganea; Richard N. Aslin; David J. Lewkowicz<\/p><p class=\"tp_pub_title\"><a class=\"tp_title_link\" onclick=\"teachpress_pub_showhide('3818','tp_abstract')\" style=\"cursor:pointer;\">Covert attention modulates the SSVEP in a paradigm suitable for infants and young children<\/a> <span class=\"tp_pub_type tp_  article\">Journal Article<\/span> <\/p><p class=\"tp_pub_additional\"><span class=\"tp_pub_additional_in\">In: <\/span><span class=\"tp_pub_additional_journal\">Attention, Perception, &amp; Psychophysics, <\/span><span class=\"tp_pub_additional_volume\">vol. 87, <\/span><span class=\"tp_pub_additional_number\">no. 7, <\/span><span class=\"tp_pub_additional_pages\">pp. 2085\u20132104, <\/span><span class=\"tp_pub_additional_year\">2025<\/span>.<\/p><p class=\"tp_pub_menu\"><span class=\"tp_abstract_link\"><a id=\"tp_abstract_sh_3818\" class=\"tp_show\" onclick=\"teachpress_pub_showhide('3818','tp_abstract')\" title=\"Show abstract\" style=\"cursor:pointer;\">Abstract<\/a><\/span> | <span class=\"tp_resource_link\"><a id=\"tp_links_sh_3818\" class=\"tp_show\" onclick=\"teachpress_pub_showhide('3818','tp_links')\" title=\"Show links and resources\" style=\"cursor:pointer;\">Links<\/a><\/span> | <span class=\"tp_bibtex_link\"><a id=\"tp_bibtex_sh_3818\" class=\"tp_show\" onclick=\"teachpress_pub_showhide('3818','tp_bibtex')\" title=\"Show BibTeX entry\" style=\"cursor:pointer;\">BibTeX<\/a><\/span><\/p><div class=\"tp_bibtex\" id=\"tp_bibtex_3818\" style=\"display:none;\"><div class=\"tp_bibtex_entry\"><pre>@article{Ganea2025,<br \/>\r\ntitle = {Covert attention modulates the SSVEP in a paradigm suitable for infants and young children},<br \/>\r\nauthor = {Natasa Ganea and Richard N. Aslin and David J. Lewkowicz},<br \/>\r\ndoi = {10.3758\/s13414-025-03097-4},<br \/>\r\nyear  = {2025},<br \/>\r\ndate = {2025-10-01},<br \/>\r\njournal = {Attention, Perception, & Psychophysics},<br \/>\r\nvolume = {87},<br \/>\r\nnumber = {7},<br \/>\r\npages = {2085\u20132104},<br \/>\r\npublisher = {Springer},<br \/>\r\nabstract = {Attention and visual gaze are usually tightly linked. Sometimes, however, we attend covertly to peripheral events without redirecting our gaze from the event that first attracted our overt attention. Despite evidence in adults that the steady-state visual evoked potential (SSVEP) varies with modulation of covert attention, paradigms used with adults are not suitable for use with infants and young children who cannot be instructed to perform tasks that dissociate overt from covert attention. Here, we provide evidence from a paradigm suitable for infants and young children that when gaze remains fixed on a central flickering visual stimulus while covert attention is directed briefly to the peripheral visual field, the SSVEP response undergoes significant attenuation. Signal-to-noise ratio (SNR) and intertrial coherence (ITC) measures of the SSVEP response to the central stimulus were lower when participants covertly deployed their attention to the peripheral stimulus than when central gaze and attention were aligned. Crucially, SNR was a more robust measure of attentional modulation than ITC, even though both measures were significantly correlated. Moreover, a 6 Hz flicker of the central stimulus resulted in a more reliable measure of attentional modulation than 12 Hz, and the inclusion of higher harmonics did not improve the reliability of either the SNR or the ITC measures. Our paradigm is unique in that it relies on short (2 s) response epochs, validates eye position during rapid shifts of covert attention, and makes it possible to obtain SSVEP measures of covert attention from infants, young children, and special populations.},<br \/>\r\nkeywords = {},<br \/>\r\npubstate = {published},<br \/>\r\ntppubtype = {article}<br \/>\r\n}<br \/>\r\n<\/pre><\/div><p class=\"tp_close_menu\"><a class=\"tp_close\" onclick=\"teachpress_pub_showhide('3818','tp_bibtex')\">Close<\/a><\/p><\/div><div class=\"tp_abstract\" id=\"tp_abstract_3818\" style=\"display:none;\"><div class=\"tp_abstract_entry\">Attention and visual gaze are usually tightly linked. Sometimes, however, we attend covertly to peripheral events without redirecting our gaze from the event that first attracted our overt attention. Despite evidence in adults that the steady-state visual evoked potential (SSVEP) varies with modulation of covert attention, paradigms used with adults are not suitable for use with infants and young children who cannot be instructed to perform tasks that dissociate overt from covert attention. Here, we provide evidence from a paradigm suitable for infants and young children that when gaze remains fixed on a central flickering visual stimulus while covert attention is directed briefly to the peripheral visual field, the SSVEP response undergoes significant attenuation. Signal-to-noise ratio (SNR) and intertrial coherence (ITC) measures of the SSVEP response to the central stimulus were lower when participants covertly deployed their attention to the peripheral stimulus than when central gaze and attention were aligned. Crucially, SNR was a more robust measure of attentional modulation than ITC, even though both measures were significantly correlated. Moreover, a 6 Hz flicker of the central stimulus resulted in a more reliable measure of attentional modulation than 12 Hz, and the inclusion of higher harmonics did not improve the reliability of either the SNR or the ITC measures. Our paradigm is unique in that it relies on short (2 s) response epochs, validates eye position during rapid shifts of covert attention, and makes it possible to obtain SSVEP measures of covert attention from infants, young children, and special populations.<\/div><p class=\"tp_close_menu\"><a class=\"tp_close\" onclick=\"teachpress_pub_showhide('3818','tp_abstract')\">Close<\/a><\/p><\/div><div class=\"tp_links\" id=\"tp_links_3818\" style=\"display:none;\"><div class=\"tp_links_entry\"><ul class=\"tp_pub_list\"><li><i class=\"ai ai-doi\"><\/i><a class=\"tp_pub_list\" href=\"https:\/\/dx.doi.org\/10.3758\/s13414-025-03097-4\" title=\"Follow DOI:10.3758\/s13414-025-03097-4\" target=\"_blank\">doi:10.3758\/s13414-025-03097-4<\/a><\/li><\/ul><\/div><p class=\"tp_close_menu\"><a class=\"tp_close\" onclick=\"teachpress_pub_showhide('3818','tp_links')\">Close<\/a><\/p><\/div><\/td><\/tr><tr class=\"tp_publication tp_publication_article\"><td class=\"tp_pub_info\"><p class=\"tp_pub_author\">Anne Sophie Laurin; No\u00e9mie Redureau; Julie Ouerfelli-Ethier; Christine Gao; Georgiana Tolan; Daria Balan; Amine Rafai; Laure Pisella; Aarlenne Zein Khan<\/p><p class=\"tp_pub_title\"><a class=\"tp_title_link\" onclick=\"teachpress_pub_showhide('6675','tp_abstract')\" style=\"cursor:pointer;\">Influence of aging on visual attention and peripheral perception<\/a> <span class=\"tp_pub_type tp_  article\">Journal Article<\/span> <\/p><p class=\"tp_pub_additional\"><span class=\"tp_pub_additional_in\">In: <\/span><span class=\"tp_pub_additional_journal\">Journal of Vision, <\/span><span class=\"tp_pub_additional_volume\">vol. 25, <\/span><span class=\"tp_pub_additional_number\">no. 12, <\/span><span class=\"tp_pub_additional_pages\">pp. 1\u201318, <\/span><span class=\"tp_pub_additional_year\">2025<\/span>.<\/p><p class=\"tp_pub_menu\"><span class=\"tp_abstract_link\"><a id=\"tp_abstract_sh_6675\" class=\"tp_show\" onclick=\"teachpress_pub_showhide('6675','tp_abstract')\" title=\"Show abstract\" style=\"cursor:pointer;\">Abstract<\/a><\/span> | <span class=\"tp_resource_link\"><a id=\"tp_links_sh_6675\" class=\"tp_show\" onclick=\"teachpress_pub_showhide('6675','tp_links')\" title=\"Show links and resources\" style=\"cursor:pointer;\">Links<\/a><\/span> | <span class=\"tp_bibtex_link\"><a id=\"tp_bibtex_sh_6675\" class=\"tp_show\" onclick=\"teachpress_pub_showhide('6675','tp_bibtex')\" title=\"Show BibTeX entry\" style=\"cursor:pointer;\">BibTeX<\/a><\/span><\/p><div class=\"tp_bibtex\" id=\"tp_bibtex_6675\" style=\"display:none;\"><div class=\"tp_bibtex_entry\"><pre>@article{Laurin2025,<br \/>\r\ntitle = {Influence of aging on visual attention and peripheral perception},<br \/>\r\nauthor = {Anne Sophie Laurin and No\u00e9mie Redureau and Julie Ouerfelli-Ethier and Christine Gao and Georgiana Tolan and Daria Balan and Amine Rafai and Laure Pisella and Aarlenne Zein Khan},<br \/>\r\ndoi = {10.1167\/jov.25.12.1},<br \/>\r\nyear  = {2025},<br \/>\r\ndate = {2025-10-01},<br \/>\r\njournal = {Journal of Vision},<br \/>\r\nvolume = {25},<br \/>\r\nnumber = {12},<br \/>\r\npages = {1\u201318},<br \/>\r\npublisher = {Association for Research in Vision and Ophthalmology Inc.},<br \/>\r\nabstract = {During visual search, our attention extends around each fixation. It has been suggested that, in aging, there is a reduced attentional field, leading to visual function declines. To investigate the attentional field, 30 younger and 20 older adults performed a pop-out visual search task. We estimated each participant's attentional field size based on their search times in the presence of different sizes of gaze-contingent visible windows (25\u00b0, 20\u00b0, and 15\u00b0 around fixation). Further, we tested whether performance in the visual search task was related to peripheral visual function. Participants performed a contrast discrimination task and two motion perception tasks (local and global motion perception). In these tasks, stimuli were presented at two different peripheral eccentricities (5\u00b0 and 10\u00b0). Overall, older adults took longer than younger adults to report the presence of the target in the control full-view pop-out search task. Compared to younger participants, they also had a significantly smaller attentional field. In addition, irrespective of eccentricity, older adults had higher peripheral contrast discrimination thresholds and a higher threshold in global motion perception, but not local. We also found negative correlations between attentional field size and thresholds for contrast discrimination and for global motion perception for older adults. In conclusion, we observed reduced attentional fields in aging, which were associated with lowered contrast and lowered global motion perception. These results highlight the importance of spatial covert attention in peripheral visual function and support the notion of a decline in the functions of the dorsal visual network in aging.},<br \/>\r\nkeywords = {},<br \/>\r\npubstate = {published},<br \/>\r\ntppubtype = {article}<br \/>\r\n}<br \/>\r\n<\/pre><\/div><p class=\"tp_close_menu\"><a class=\"tp_close\" onclick=\"teachpress_pub_showhide('6675','tp_bibtex')\">Close<\/a><\/p><\/div><div class=\"tp_abstract\" id=\"tp_abstract_6675\" style=\"display:none;\"><div class=\"tp_abstract_entry\">During visual search, our attention extends around each fixation. It has been suggested that, in aging, there is a reduced attentional field, leading to visual function declines. To investigate the attentional field, 30 younger and 20 older adults performed a pop-out visual search task. We estimated each participant's attentional field size based on their search times in the presence of different sizes of gaze-contingent visible windows (25\u00b0, 20\u00b0, and 15\u00b0 around fixation). Further, we tested whether performance in the visual search task was related to peripheral visual function. Participants performed a contrast discrimination task and two motion perception tasks (local and global motion perception). In these tasks, stimuli were presented at two different peripheral eccentricities (5\u00b0 and 10\u00b0). Overall, older adults took longer than younger adults to report the presence of the target in the control full-view pop-out search task. Compared to younger participants, they also had a significantly smaller attentional field. In addition, irrespective of eccentricity, older adults had higher peripheral contrast discrimination thresholds and a higher threshold in global motion perception, but not local. We also found negative correlations between attentional field size and thresholds for contrast discrimination and for global motion perception for older adults. In conclusion, we observed reduced attentional fields in aging, which were associated with lowered contrast and lowered global motion perception. These results highlight the importance of spatial covert attention in peripheral visual function and support the notion of a decline in the functions of the dorsal visual network in aging.<\/div><p class=\"tp_close_menu\"><a class=\"tp_close\" onclick=\"teachpress_pub_showhide('6675','tp_abstract')\">Close<\/a><\/p><\/div><div class=\"tp_links\" id=\"tp_links_6675\" style=\"display:none;\"><div class=\"tp_links_entry\"><ul class=\"tp_pub_list\"><li><i class=\"ai ai-doi\"><\/i><a class=\"tp_pub_list\" href=\"https:\/\/dx.doi.org\/10.1167\/jov.25.12.1\" title=\"Follow DOI:10.1167\/jov.25.12.1\" target=\"_blank\">doi:10.1167\/jov.25.12.1<\/a><\/li><\/ul><\/div><p class=\"tp_close_menu\"><a class=\"tp_close\" onclick=\"teachpress_pub_showhide('6675','tp_links')\">Close<\/a><\/p><\/div><\/td><\/tr><tr class=\"tp_publication tp_publication_article\"><td class=\"tp_pub_info\"><p class=\"tp_pub_author\">Eleni Peristeri; Michaela Nerantzini; Timothy C. Papadopoulos; Spyridoula Varlokosta<\/p><p class=\"tp_pub_title\"><a class=\"tp_title_link\" onclick=\"teachpress_pub_showhide('9312','tp_abstract')\" style=\"cursor:pointer;\">Autistic children's reading comprehension revisited through eye-tracking: Evidence from bridging inferencing<\/a> <span class=\"tp_pub_type tp_  article\">Journal Article<\/span> <\/p><p class=\"tp_pub_additional\"><span class=\"tp_pub_additional_in\">In: <\/span><span class=\"tp_pub_additional_journal\">Research in Autism, <\/span><span class=\"tp_pub_additional_volume\">vol. 128, <\/span><span class=\"tp_pub_additional_pages\">pp. 1\u201314, <\/span><span class=\"tp_pub_additional_year\">2025<\/span>.<\/p><p class=\"tp_pub_menu\"><span class=\"tp_abstract_link\"><a id=\"tp_abstract_sh_9312\" class=\"tp_show\" onclick=\"teachpress_pub_showhide('9312','tp_abstract')\" title=\"Show abstract\" style=\"cursor:pointer;\">Abstract<\/a><\/span> | <span class=\"tp_resource_link\"><a id=\"tp_links_sh_9312\" class=\"tp_show\" onclick=\"teachpress_pub_showhide('9312','tp_links')\" title=\"Show links and resources\" style=\"cursor:pointer;\">Links<\/a><\/span> | <span class=\"tp_bibtex_link\"><a id=\"tp_bibtex_sh_9312\" class=\"tp_show\" onclick=\"teachpress_pub_showhide('9312','tp_bibtex')\" title=\"Show BibTeX entry\" style=\"cursor:pointer;\">BibTeX<\/a><\/span><\/p><div class=\"tp_bibtex\" id=\"tp_bibtex_9312\" style=\"display:none;\"><div class=\"tp_bibtex_entry\"><pre>@article{Peristeri2025,<br \/>\r\ntitle = {Autistic children's reading comprehension revisited through eye-tracking: Evidence from bridging inferencing},<br \/>\r\nauthor = {Eleni Peristeri and Michaela Nerantzini and Timothy C. Papadopoulos and Spyridoula Varlokosta},<br \/>\r\ndoi = {10.1016\/j.reia.2025.202721},<br \/>\r\nyear  = {2025},<br \/>\r\ndate = {2025-10-01},<br \/>\r\njournal = {Research in Autism},<br \/>\r\nvolume = {128},<br \/>\r\npages = {1\u201314},<br \/>\r\npublisher = {Elsevier Ltd},<br \/>\r\nabstract = {Pragmatic language impairments are universally observed in Autism Spectrum Disorders. Inferencing, i.e., combining information within text and using background knowledge to go beyond what is explicitly stated in the text to make a conjecture, has been a challenging pragmatic domain for autistic children. Most studies that have investigated inferencing in autism have used behavioral measurements. The objective of the current study was to assess inferencing in autistic and age-matched typically-developing children by employing eye-tracking to capture children's \u2018in-the-moment' eye gaze behaviors while reading short passages. We also investigated links between children's inferencing and executive function skills. The study included 19 autistic children and 19 age-matched typically-developing children. Groups were administered an eye-tracking task that assessed children's inferencing skills while reading short vignettes that differed in a critical word that supported inferencing or not. Children were asked to read the vignettes and then answer questions that were either primed or not by the inference. The two groups were also assessed on executive functions, including working memory and attention. We found that autistic children exhibited lower comprehension accuracy in passages not primed by inferencing as compared to those that were primed, and also spent more looking time on primed passages than the typically-developing children. Moreover, while inferencing in typically-developing children was significantly related to their executive function skills, no such relations were observed for the autistic group. The overall findings show that reading comprehension for the autistic children was reduced when questions did not anchor to previous discourse through bridging inferencing. Finally, inferencing in the autistic group did not rely on executive functions to the same extent as in typically-developing children.},<br \/>\r\nkeywords = {},<br \/>\r\npubstate = {published},<br \/>\r\ntppubtype = {article}<br \/>\r\n}<br \/>\r\n<\/pre><\/div><p class=\"tp_close_menu\"><a class=\"tp_close\" onclick=\"teachpress_pub_showhide('9312','tp_bibtex')\">Close<\/a><\/p><\/div><div class=\"tp_abstract\" id=\"tp_abstract_9312\" style=\"display:none;\"><div class=\"tp_abstract_entry\">Pragmatic language impairments are universally observed in Autism Spectrum Disorders. Inferencing, i.e., combining information within text and using background knowledge to go beyond what is explicitly stated in the text to make a conjecture, has been a challenging pragmatic domain for autistic children. Most studies that have investigated inferencing in autism have used behavioral measurements. The objective of the current study was to assess inferencing in autistic and age-matched typically-developing children by employing eye-tracking to capture children's \u2018in-the-moment' eye gaze behaviors while reading short passages. We also investigated links between children's inferencing and executive function skills. The study included 19 autistic children and 19 age-matched typically-developing children. Groups were administered an eye-tracking task that assessed children's inferencing skills while reading short vignettes that differed in a critical word that supported inferencing or not. Children were asked to read the vignettes and then answer questions that were either primed or not by the inference. The two groups were also assessed on executive functions, including working memory and attention. We found that autistic children exhibited lower comprehension accuracy in passages not primed by inferencing as compared to those that were primed, and also spent more looking time on primed passages than the typically-developing children. Moreover, while inferencing in typically-developing children was significantly related to their executive function skills, no such relations were observed for the autistic group. The overall findings show that reading comprehension for the autistic children was reduced when questions did not anchor to previous discourse through bridging inferencing. Finally, inferencing in the autistic group did not rely on executive functions to the same extent as in typically-developing children.<\/div><p class=\"tp_close_menu\"><a class=\"tp_close\" onclick=\"teachpress_pub_showhide('9312','tp_abstract')\">Close<\/a><\/p><\/div><div class=\"tp_links\" id=\"tp_links_9312\" style=\"display:none;\"><div class=\"tp_links_entry\"><ul class=\"tp_pub_list\"><li><i class=\"ai ai-doi\"><\/i><a class=\"tp_pub_list\" href=\"https:\/\/dx.doi.org\/10.1016\/j.reia.2025.202721\" title=\"Follow DOI:10.1016\/j.reia.2025.202721\" target=\"_blank\">doi:10.1016\/j.reia.2025.202721<\/a><\/li><\/ul><\/div><p class=\"tp_close_menu\"><a class=\"tp_close\" onclick=\"teachpress_pub_showhide('9312','tp_links')\">Close<\/a><\/p><\/div><\/td><\/tr><tr class=\"tp_publication tp_publication_article\"><td class=\"tp_pub_info\"><p class=\"tp_pub_author\">Matthieu Rolland; Sadia Khan; Sarah Lyon-Caen; Cathrine Thomsen; Amrit K. Sakhi; S\u00e9verine Valmary-Degano; Azemira Sabaredzovic; Sam Bayat; R\u00e9my Slama; David M\u00e9ary; Claire Philippat<\/p><p class=\"tp_pub_title\"><a class=\"tp_title_link\" onclick=\"teachpress_pub_showhide('10192','tp_abstract')\" style=\"cursor:pointer;\">Using eye tracking to evaluate cognitive and visual outcomes of early life phenol exposure<\/a> <span class=\"tp_pub_type tp_  article\">Journal Article<\/span> <\/p><p class=\"tp_pub_additional\"><span class=\"tp_pub_additional_in\">In: <\/span><span class=\"tp_pub_additional_journal\">Environmental Research, <\/span><span class=\"tp_pub_additional_volume\">vol. 282, <\/span><span class=\"tp_pub_additional_pages\">pp. 1\u201310, <\/span><span class=\"tp_pub_additional_year\">2025<\/span>.<\/p><p class=\"tp_pub_menu\"><span class=\"tp_abstract_link\"><a id=\"tp_abstract_sh_10192\" class=\"tp_show\" onclick=\"teachpress_pub_showhide('10192','tp_abstract')\" title=\"Show abstract\" style=\"cursor:pointer;\">Abstract<\/a><\/span> | <span class=\"tp_resource_link\"><a id=\"tp_links_sh_10192\" class=\"tp_show\" onclick=\"teachpress_pub_showhide('10192','tp_links')\" title=\"Show links and resources\" style=\"cursor:pointer;\">Links<\/a><\/span> | <span class=\"tp_bibtex_link\"><a id=\"tp_bibtex_sh_10192\" class=\"tp_show\" onclick=\"teachpress_pub_showhide('10192','tp_bibtex')\" title=\"Show BibTeX entry\" style=\"cursor:pointer;\">BibTeX<\/a><\/span><\/p><div class=\"tp_bibtex\" id=\"tp_bibtex_10192\" style=\"display:none;\"><div class=\"tp_bibtex_entry\"><pre>@article{Rolland2025,<br \/>\r\ntitle = {Using eye tracking to evaluate cognitive and visual outcomes of early life phenol exposure},<br \/>\r\nauthor = {Matthieu Rolland and Sadia Khan and Sarah Lyon-Caen and Cathrine Thomsen and Amrit K. Sakhi and S\u00e9verine Valmary-Degano and Azemira Sabaredzovic and Sam Bayat and R\u00e9my Slama and David M\u00e9ary and Claire Philippat},<br \/>\r\ndoi = {10.1016\/j.envres.2025.122067},<br \/>\r\nyear  = {2025},<br \/>\r\ndate = {2025-10-01},<br \/>\r\njournal = {Environmental Research},<br \/>\r\nvolume = {282},<br \/>\r\npages = {1\u201310},<br \/>\r\npublisher = {Academic Press Inc.},<br \/>\r\nabstract = {Introduction: Studies on behavioral effects of synthetic phenols have often relied on parent-reported questionnaires and primarily focused on prenatal exposure. Aims: We examined associations between prenatal and infancy phenol exposures and objective measures of child visual behavior and cognitive function at 2 years of age. Methods: At age 2, 151 children from the SEPAGES mother-child cohort completed eye-tracking tasks assessing four indicators: fixation duration (attentional control), novelty preference (visual recognition memory), time spent looking at eyes (social attention), and reaction time (processing speed).Phenol concentrations (two bisphenols, three parabens, benzophenone-3, triclosan) were measured in multiple urine samples collected from mothers (second and third trimesters; median: 42 samples per woman) and infants (2 and 12 months; median: 7 samples). Results: No associations were found with \u2211parabens. However, individual parabens showed significant associations: ethylparaben at third trimester (T3) and 12 months (M12) was linked to shorter reaction time; at 2 months (M2), it was associated with reduced time spent looking at eyes. Propylparaben at T2 and T3 correlated with increased time spent looking at a novel face, especially in boys. Bisphenol S at T2 was associated with reduced reaction time; at M12, infants with detectable bisphenol S was linked to more time spent looking at eyes. Conclusion: Several associations observed indicate that increased phenol exposure sometimes correlated with improved eye-tracking scores. These findings align with prior literature on phenol exposure and ASD symptoms, which highlight variability by exposure window and phenol type.Given limited research and typically small sample sizes, further studies using objective markers and clinical assessments are necessary.},<br \/>\r\nkeywords = {},<br \/>\r\npubstate = {published},<br \/>\r\ntppubtype = {article}<br \/>\r\n}<br \/>\r\n<\/pre><\/div><p class=\"tp_close_menu\"><a class=\"tp_close\" onclick=\"teachpress_pub_showhide('10192','tp_bibtex')\">Close<\/a><\/p><\/div><div class=\"tp_abstract\" id=\"tp_abstract_10192\" style=\"display:none;\"><div class=\"tp_abstract_entry\">Introduction: Studies on behavioral effects of synthetic phenols have often relied on parent-reported questionnaires and primarily focused on prenatal exposure. Aims: We examined associations between prenatal and infancy phenol exposures and objective measures of child visual behavior and cognitive function at 2 years of age. Methods: At age 2, 151 children from the SEPAGES mother-child cohort completed eye-tracking tasks assessing four indicators: fixation duration (attentional control), novelty preference (visual recognition memory), time spent looking at eyes (social attention), and reaction time (processing speed).Phenol concentrations (two bisphenols, three parabens, benzophenone-3, triclosan) were measured in multiple urine samples collected from mothers (second and third trimesters; median: 42 samples per woman) and infants (2 and 12 months; median: 7 samples). Results: No associations were found with \u2211parabens. However, individual parabens showed significant associations: ethylparaben at third trimester (T3) and 12 months (M12) was linked to shorter reaction time; at 2 months (M2), it was associated with reduced time spent looking at eyes. Propylparaben at T2 and T3 correlated with increased time spent looking at a novel face, especially in boys. Bisphenol S at T2 was associated with reduced reaction time; at M12, infants with detectable bisphenol S was linked to more time spent looking at eyes. Conclusion: Several associations observed indicate that increased phenol exposure sometimes correlated with improved eye-tracking scores. These findings align with prior literature on phenol exposure and ASD symptoms, which highlight variability by exposure window and phenol type.Given limited research and typically small sample sizes, further studies using objective markers and clinical assessments are necessary.<\/div><p class=\"tp_close_menu\"><a class=\"tp_close\" onclick=\"teachpress_pub_showhide('10192','tp_abstract')\">Close<\/a><\/p><\/div><div class=\"tp_links\" id=\"tp_links_10192\" style=\"display:none;\"><div class=\"tp_links_entry\"><ul class=\"tp_pub_list\"><li><i class=\"ai ai-doi\"><\/i><a class=\"tp_pub_list\" href=\"https:\/\/dx.doi.org\/10.1016\/j.envres.2025.122067\" title=\"Follow DOI:10.1016\/j.envres.2025.122067\" target=\"_blank\">doi:10.1016\/j.envres.2025.122067<\/a><\/li><\/ul><\/div><p class=\"tp_close_menu\"><a class=\"tp_close\" onclick=\"teachpress_pub_showhide('10192','tp_links')\">Close<\/a><\/p><\/div><\/td><\/tr><tr class=\"tp_publication tp_publication_article\"><td class=\"tp_pub_info\"><p class=\"tp_pub_author\">Roslyn Wong; Aaron Veldre<\/p><p class=\"tp_pub_title\"><a class=\"tp_title_link\" onclick=\"teachpress_pub_showhide('13180','tp_abstract')\" style=\"cursor:pointer;\">Anticipatory prediction in older readers<\/a> <span class=\"tp_pub_type tp_  article\">Journal Article<\/span> <\/p><p class=\"tp_pub_additional\"><span class=\"tp_pub_additional_in\">In: <\/span><span class=\"tp_pub_additional_journal\">Memory and Cognition, <\/span><span class=\"tp_pub_additional_volume\">vol. 53, <\/span><span class=\"tp_pub_additional_number\">no. 7, <\/span><span class=\"tp_pub_additional_pages\">pp. 2312\u20132331, <\/span><span class=\"tp_pub_additional_year\">2025<\/span>.<\/p><p class=\"tp_pub_menu\"><span class=\"tp_abstract_link\"><a id=\"tp_abstract_sh_13180\" class=\"tp_show\" onclick=\"teachpress_pub_showhide('13180','tp_abstract')\" title=\"Show abstract\" style=\"cursor:pointer;\">Abstract<\/a><\/span> | <span class=\"tp_resource_link\"><a id=\"tp_links_sh_13180\" class=\"tp_show\" onclick=\"teachpress_pub_showhide('13180','tp_links')\" title=\"Show links and resources\" style=\"cursor:pointer;\">Links<\/a><\/span> | <span class=\"tp_bibtex_link\"><a id=\"tp_bibtex_sh_13180\" class=\"tp_show\" onclick=\"teachpress_pub_showhide('13180','tp_bibtex')\" title=\"Show BibTeX entry\" style=\"cursor:pointer;\">BibTeX<\/a><\/span><\/p><div class=\"tp_bibtex\" id=\"tp_bibtex_13180\" style=\"display:none;\"><div class=\"tp_bibtex_entry\"><pre>@article{Wong2025,<br \/>\r\ntitle = {Anticipatory prediction in older readers},<br \/>\r\nauthor = {Roslyn Wong and Aaron Veldre},<br \/>\r\ndoi = {10.3758\/s13421-025-01712-1},<br \/>\r\nyear  = {2025},<br \/>\r\ndate = {2025-10-01},<br \/>\r\njournal = {Memory and Cognition},<br \/>\r\nvolume = {53},<br \/>\r\nnumber = {7},<br \/>\r\npages = {2312\u20132331},<br \/>\r\npublisher = {Springer},<br \/>\r\nabstract = {It is well-established that skilled, young-adult readers rely on predictive processing during online language comprehension; however, fewer studies have investigated whether this extends to healthy, older adults (60 + years). The aim of the present research was to assess whether older readers make use of lexical prediction by investigating whether they demonstrate processing costs for incorrect predictions in a controlled experimental design. The eye movements of a sample of older adults (60\u201386 years) were recorded as they read strongly and weakly constraining sentences containing a predictable word or an unpredictable alternative that was either semantically related or unrelated. To determine whether predictive processing depends on the stimuli presentation format, a second experiment presented the same materials in a self-paced reading task in which each word of a sentence appears one at a time at the readers' own pace. Older adults showed processing benefits for expected input on eye-movement measures of reading. They also showed processing costs for unexpected input across both methodologies, but only when semantically unrelated to the best completion. Taken together, the results suggest that the use of predictive processes remains relatively preserved with age. The implications of these findings for understanding whether prediction is a fundamental component of online language comprehension are discussed.},<br \/>\r\nkeywords = {},<br \/>\r\npubstate = {published},<br \/>\r\ntppubtype = {article}<br \/>\r\n}<br \/>\r\n<\/pre><\/div><p class=\"tp_close_menu\"><a class=\"tp_close\" onclick=\"teachpress_pub_showhide('13180','tp_bibtex')\">Close<\/a><\/p><\/div><div class=\"tp_abstract\" id=\"tp_abstract_13180\" style=\"display:none;\"><div class=\"tp_abstract_entry\">It is well-established that skilled, young-adult readers rely on predictive processing during online language comprehension; however, fewer studies have investigated whether this extends to healthy, older adults (60 + years). The aim of the present research was to assess whether older readers make use of lexical prediction by investigating whether they demonstrate processing costs for incorrect predictions in a controlled experimental design. The eye movements of a sample of older adults (60\u201386 years) were recorded as they read strongly and weakly constraining sentences containing a predictable word or an unpredictable alternative that was either semantically related or unrelated. To determine whether predictive processing depends on the stimuli presentation format, a second experiment presented the same materials in a self-paced reading task in which each word of a sentence appears one at a time at the readers' own pace. Older adults showed processing benefits for expected input on eye-movement measures of reading. They also showed processing costs for unexpected input across both methodologies, but only when semantically unrelated to the best completion. Taken together, the results suggest that the use of predictive processes remains relatively preserved with age. The implications of these findings for understanding whether prediction is a fundamental component of online language comprehension are discussed.<\/div><p class=\"tp_close_menu\"><a class=\"tp_close\" onclick=\"teachpress_pub_showhide('13180','tp_abstract')\">Close<\/a><\/p><\/div><div class=\"tp_links\" id=\"tp_links_13180\" style=\"display:none;\"><div class=\"tp_links_entry\"><ul class=\"tp_pub_list\"><li><i class=\"ai ai-doi\"><\/i><a class=\"tp_pub_list\" href=\"https:\/\/dx.doi.org\/10.3758\/s13421-025-01712-1\" title=\"Follow DOI:10.3758\/s13421-025-01712-1\" target=\"_blank\">doi:10.3758\/s13421-025-01712-1<\/a><\/li><\/ul><\/div><p class=\"tp_close_menu\"><a class=\"tp_close\" onclick=\"teachpress_pub_showhide('13180','tp_links')\">Close<\/a><\/p><\/div><\/td><\/tr><tr class=\"tp_publication tp_publication_article\"><td class=\"tp_pub_info\"><p class=\"tp_pub_author\">Addison D. N. Billing; Eleanor S. Smith; Robert J. Cooper; Rebecca P. Lawson<\/p><p class=\"tp_pub_title\"><a class=\"tp_title_link\" onclick=\"teachpress_pub_showhide('995','tp_abstract')\" style=\"cursor:pointer;\">Maternal anxiety shapes prediction error responses in the infant brain<\/a> <span class=\"tp_pub_type tp_  article\">Journal Article<\/span> <\/p><p class=\"tp_pub_additional\"><span class=\"tp_pub_additional_in\">In: <\/span><span class=\"tp_pub_additional_journal\">Neurophotonics, <\/span><span class=\"tp_pub_additional_volume\">vol. 12, <\/span><span class=\"tp_pub_additional_number\">no. 03, <\/span><span class=\"tp_pub_additional_pages\">pp. 1\u201316, <\/span><span class=\"tp_pub_additional_year\">2025<\/span>.<\/p><p class=\"tp_pub_menu\"><span class=\"tp_abstract_link\"><a id=\"tp_abstract_sh_995\" class=\"tp_show\" onclick=\"teachpress_pub_showhide('995','tp_abstract')\" title=\"Show abstract\" style=\"cursor:pointer;\">Abstract<\/a><\/span> | <span class=\"tp_resource_link\"><a id=\"tp_links_sh_995\" class=\"tp_show\" onclick=\"teachpress_pub_showhide('995','tp_links')\" title=\"Show links and resources\" style=\"cursor:pointer;\">Links<\/a><\/span> | <span class=\"tp_bibtex_link\"><a id=\"tp_bibtex_sh_995\" class=\"tp_show\" onclick=\"teachpress_pub_showhide('995','tp_bibtex')\" title=\"Show BibTeX entry\" style=\"cursor:pointer;\">BibTeX<\/a><\/span><\/p><div class=\"tp_bibtex\" id=\"tp_bibtex_995\" style=\"display:none;\"><div class=\"tp_bibtex_entry\"><pre>@article{Billing2025,<br \/>\r\ntitle = {Maternal anxiety shapes prediction error responses in the infant brain},<br \/>\r\nauthor = {Addison D. N. Billing and Eleanor S. Smith and Robert J. Cooper and Rebecca P. Lawson},<br \/>\r\ndoi = {10.1117\/1.nph.12.3.035013},<br \/>\r\nyear  = {2025},<br \/>\r\ndate = {2025-09-01},<br \/>\r\njournal = {Neurophotonics},<br \/>\r\nvolume = {12},<br \/>\r\nnumber = {03},<br \/>\r\npages = {1\u201316},<br \/>\r\npublisher = {SPIE-Intl Soc Optical Eng},<br \/>\r\nabstract = {SIGNIFICANCE: Postnatal maternal anxiety affects a substantial number of new mothers and is linked to long-term risk for anxiety in their offspring. Yet, the neural mechanisms through which postnatal maternal anxiety influences early cognitive development remain unclear. We investigated whether postnatal maternal anxiety shapes how infant brains respond to unexpected events-prediction errors-which are central to learning in uncertain environments. AIM: We examined prediction error processing in 6- to 8-month-old infants using high-density diffuse optical tomography and eye-tracking. We hypothesized that neural responses in the medial prefrontal cortex (mPFC) would vary with maternal anxiety levels. APPROACH: Infants viewed audiovisual events where expected outcomes were occasionally omitted, eliciting prediction errors. Hemodynamic responses in the frontal cortex were analyzed using a general linear model, with trial-by-trial gaze data as a parametric modulator. Maternal anxiety was measured using the state-trait anxiety inventory. RESULTS: Prediction error responses were localized to the mPFC and were only detectable when controlling for infant attention using eye-tracking. Cortical activation in response to unexpected stimuli was significantly enhanced in infants of mothers with higher trait anxiety. CONCLUSION: Our findings suggest that maternal anxiety modulates prediction error processing in the infant brain, potentially shaping early sensitivity to environmental unpredictability and conferring risk for later anxiety.},<br \/>\r\nkeywords = {},<br \/>\r\npubstate = {published},<br \/>\r\ntppubtype = {article}<br \/>\r\n}<br \/>\r\n<\/pre><\/div><p class=\"tp_close_menu\"><a class=\"tp_close\" onclick=\"teachpress_pub_showhide('995','tp_bibtex')\">Close<\/a><\/p><\/div><div class=\"tp_abstract\" id=\"tp_abstract_995\" style=\"display:none;\"><div class=\"tp_abstract_entry\">SIGNIFICANCE: Postnatal maternal anxiety affects a substantial number of new mothers and is linked to long-term risk for anxiety in their offspring. Yet, the neural mechanisms through which postnatal maternal anxiety influences early cognitive development remain unclear. We investigated whether postnatal maternal anxiety shapes how infant brains respond to unexpected events-prediction errors-which are central to learning in uncertain environments. AIM: We examined prediction error processing in 6- to 8-month-old infants using high-density diffuse optical tomography and eye-tracking. We hypothesized that neural responses in the medial prefrontal cortex (mPFC) would vary with maternal anxiety levels. APPROACH: Infants viewed audiovisual events where expected outcomes were occasionally omitted, eliciting prediction errors. Hemodynamic responses in the frontal cortex were analyzed using a general linear model, with trial-by-trial gaze data as a parametric modulator. Maternal anxiety was measured using the state-trait anxiety inventory. RESULTS: Prediction error responses were localized to the mPFC and were only detectable when controlling for infant attention using eye-tracking. Cortical activation in response to unexpected stimuli was significantly enhanced in infants of mothers with higher trait anxiety. CONCLUSION: Our findings suggest that maternal anxiety modulates prediction error processing in the infant brain, potentially shaping early sensitivity to environmental unpredictability and conferring risk for later anxiety.<\/div><p class=\"tp_close_menu\"><a class=\"tp_close\" onclick=\"teachpress_pub_showhide('995','tp_abstract')\">Close<\/a><\/p><\/div><div class=\"tp_links\" id=\"tp_links_995\" style=\"display:none;\"><div class=\"tp_links_entry\"><ul class=\"tp_pub_list\"><li><i class=\"ai ai-doi\"><\/i><a class=\"tp_pub_list\" href=\"https:\/\/dx.doi.org\/10.1117\/1.nph.12.3.035013\" title=\"Follow DOI:10.1117\/1.nph.12.3.035013\" target=\"_blank\">doi:10.1117\/1.nph.12.3.035013<\/a><\/li><\/ul><\/div><p class=\"tp_close_menu\"><a class=\"tp_close\" onclick=\"teachpress_pub_showhide('995','tp_links')\">Close<\/a><\/p><\/div><\/td><\/tr><tr class=\"tp_publication tp_publication_article\"><td class=\"tp_pub_info\"><p class=\"tp_pub_author\">Annabell Coors; Weiyi Zeng; Ulrich Ettinger; Monique M. B. Breteler<\/p><p class=\"tp_pub_title\"><a class=\"tp_title_link\" onclick=\"teachpress_pub_showhide('2242','tp_abstract')\" style=\"cursor:pointer;\">Neuropathology determines whether brain systems segregation benefits cognitive performance<\/a> <span class=\"tp_pub_type tp_  article\">Journal Article<\/span> <\/p><p class=\"tp_pub_additional\"><span class=\"tp_pub_additional_in\">In: <\/span><span class=\"tp_pub_additional_journal\">Imaging Neuroscience, <\/span><span class=\"tp_pub_additional_volume\">vol. 3, <\/span><span class=\"tp_pub_additional_pages\">pp. 1\u201315, <\/span><span class=\"tp_pub_additional_year\">2025<\/span>.<\/p><p class=\"tp_pub_menu\"><span class=\"tp_abstract_link\"><a id=\"tp_abstract_sh_2242\" class=\"tp_show\" onclick=\"teachpress_pub_showhide('2242','tp_abstract')\" title=\"Show abstract\" style=\"cursor:pointer;\">Abstract<\/a><\/span> | <span class=\"tp_resource_link\"><a id=\"tp_links_sh_2242\" class=\"tp_show\" onclick=\"teachpress_pub_showhide('2242','tp_links')\" title=\"Show links and resources\" style=\"cursor:pointer;\">Links<\/a><\/span> | <span class=\"tp_bibtex_link\"><a id=\"tp_bibtex_sh_2242\" class=\"tp_show\" onclick=\"teachpress_pub_showhide('2242','tp_bibtex')\" title=\"Show BibTeX entry\" style=\"cursor:pointer;\">BibTeX<\/a><\/span><\/p><div class=\"tp_bibtex\" id=\"tp_bibtex_2242\" style=\"display:none;\"><div class=\"tp_bibtex_entry\"><pre>@article{Coors2025,<br \/>\r\ntitle = {Neuropathology determines whether brain systems segregation benefits cognitive performance},<br \/>\r\nauthor = {Annabell Coors and Weiyi Zeng and Ulrich Ettinger and Monique M. B. Breteler},<br \/>\r\ndoi = {10.1162\/IMAG.a.138},<br \/>\r\nyear  = {2025},<br \/>\r\ndate = {2025-09-01},<br \/>\r\njournal = {Imaging Neuroscience},<br \/>\r\nvolume = {3},<br \/>\r\npages = {1\u201315},<br \/>\r\npublisher = {Massachusetts Institute of Technology},<br \/>\r\nabstract = {The human brain is a large-scale network, containing multiple segregated, functionally specialized systems. With increasing age, these systems become less segregated, but the reasons and consequences of this age-related reorganization are largely unknown. Thus, after characterizing age- and sex-specific differences in the segregation of global, sensorimotor, and association systems using resting-state functional MRI data, we analyzed how segregation relates to cognitive performance in both classical and eye movement tasks across age strata and whether this is influenced by the degree of neuropathology. Our analyses included 6,455 participants (30\u201395 years) of the community-based Rhineland Study. System segregation indices were based on functional connectivity within and between 12 brain systems. We assessed cognitive performance with tests for memory, processing speed, executive function, and crystallized intelligence and oculomotor tasks. Multivariable regression models confirmed that brain systems become less segregated with age (e.g., global segregation: standardized regression coefficient (\u00df) = -0.298; 95% confidence interval [-0.299, -0.297], p &lt; 0.001) and that in older age this effect is stronger in women compared to men. Higher segregation benefited memory (especially in young individuals) and processing speed in individuals with mild neuropathology (not significant after multiple testing correction). Lower segregation benefited crystallized intelligence in 46- to 55-year-olds. Associations between segregation indices and cognition were generally weak (\u00df ~ 0.01\u20130.06). This suggests that optimal brain organization may depend on the degree of brain pathology. Age-related brain reorganization could serve as a compensatory mechanism and partly explain improvements in crystallized intelligence and the decline in fluid cognitive domains from adolescence to (late) adulthood.},<br \/>\r\nkeywords = {},<br \/>\r\npubstate = {published},<br \/>\r\ntppubtype = {article}<br \/>\r\n}<br \/>\r\n<\/pre><\/div><p class=\"tp_close_menu\"><a class=\"tp_close\" onclick=\"teachpress_pub_showhide('2242','tp_bibtex')\">Close<\/a><\/p><\/div><div class=\"tp_abstract\" id=\"tp_abstract_2242\" style=\"display:none;\"><div class=\"tp_abstract_entry\">The human brain is a large-scale network, containing multiple segregated, functionally specialized systems. With increasing age, these systems become less segregated, but the reasons and consequences of this age-related reorganization are largely unknown. Thus, after characterizing age- and sex-specific differences in the segregation of global, sensorimotor, and association systems using resting-state functional MRI data, we analyzed how segregation relates to cognitive performance in both classical and eye movement tasks across age strata and whether this is influenced by the degree of neuropathology. Our analyses included 6,455 participants (30\u201395 years) of the community-based Rhineland Study. System segregation indices were based on functional connectivity within and between 12 brain systems. We assessed cognitive performance with tests for memory, processing speed, executive function, and crystallized intelligence and oculomotor tasks. Multivariable regression models confirmed that brain systems become less segregated with age (e.g., global segregation: standardized regression coefficient (\u00df) = -0.298; 95% confidence interval [-0.299, -0.297], p &lt; 0.001) and that in older age this effect is stronger in women compared to men. Higher segregation benefited memory (especially in young individuals) and processing speed in individuals with mild neuropathology (not significant after multiple testing correction). Lower segregation benefited crystallized intelligence in 46- to 55-year-olds. Associations between segregation indices and cognition were generally weak (\u00df ~ 0.01\u20130.06). This suggests that optimal brain organization may depend on the degree of brain pathology. Age-related brain reorganization could serve as a compensatory mechanism and partly explain improvements in crystallized intelligence and the decline in fluid cognitive domains from adolescence to (late) adulthood.<\/div><p class=\"tp_close_menu\"><a class=\"tp_close\" onclick=\"teachpress_pub_showhide('2242','tp_abstract')\">Close<\/a><\/p><\/div><div class=\"tp_links\" id=\"tp_links_2242\" style=\"display:none;\"><div class=\"tp_links_entry\"><ul class=\"tp_pub_list\"><li><i class=\"ai ai-doi\"><\/i><a class=\"tp_pub_list\" href=\"https:\/\/dx.doi.org\/10.1162\/IMAG.a.138\" title=\"Follow DOI:10.1162\/IMAG.a.138\" target=\"_blank\">doi:10.1162\/IMAG.a.138<\/a><\/li><\/ul><\/div><p class=\"tp_close_menu\"><a class=\"tp_close\" onclick=\"teachpress_pub_showhide('2242','tp_links')\">Close<\/a><\/p><\/div><\/td><\/tr><tr class=\"tp_publication tp_publication_article\"><td class=\"tp_pub_info\"><p class=\"tp_pub_author\">Alex Carvalho; Isabelle Dautriche<\/p><p class=\"tp_pub_title\"><a class=\"tp_title_link\" onclick=\"teachpress_pub_showhide('2618','tp_abstract')\" style=\"cursor:pointer;\">20-month-olds can use negative evidence while learning word meanings<\/a> <span class=\"tp_pub_type tp_  article\">Journal Article<\/span> <\/p><p class=\"tp_pub_additional\"><span class=\"tp_pub_additional_in\">In: <\/span><span class=\"tp_pub_additional_journal\">Cognition, <\/span><span class=\"tp_pub_additional_volume\">vol. 262, <\/span><span class=\"tp_pub_additional_pages\">pp. 1\u201310, <\/span><span class=\"tp_pub_additional_year\">2025<\/span>.<\/p><p class=\"tp_pub_menu\"><span class=\"tp_abstract_link\"><a id=\"tp_abstract_sh_2618\" class=\"tp_show\" onclick=\"teachpress_pub_showhide('2618','tp_abstract')\" title=\"Show abstract\" style=\"cursor:pointer;\">Abstract<\/a><\/span> | <span class=\"tp_resource_link\"><a id=\"tp_links_sh_2618\" class=\"tp_show\" onclick=\"teachpress_pub_showhide('2618','tp_links')\" title=\"Show links and resources\" style=\"cursor:pointer;\">Links<\/a><\/span> | <span class=\"tp_bibtex_link\"><a id=\"tp_bibtex_sh_2618\" class=\"tp_show\" onclick=\"teachpress_pub_showhide('2618','tp_bibtex')\" title=\"Show BibTeX entry\" style=\"cursor:pointer;\">BibTeX<\/a><\/span><\/p><div class=\"tp_bibtex\" id=\"tp_bibtex_2618\" style=\"display:none;\"><div class=\"tp_bibtex_entry\"><pre>@article{Carvalho2025,<br \/>\r\ntitle = {20-month-olds can use negative evidence while learning word meanings},<br \/>\r\nauthor = {Alex Carvalho and Isabelle Dautriche},<br \/>\r\ndoi = {10.1016\/j.cognition.2025.106171},<br \/>\r\nyear  = {2025},<br \/>\r\ndate = {2025-09-01},<br \/>\r\njournal = {Cognition},<br \/>\r\nvolume = {262},<br \/>\r\npages = {1\u201310},<br \/>\r\npublisher = {Elsevier B.V.},<br \/>\r\nabstract = {Decades of research in psychology have built models and theoretical assumptions about language development evaluating how children extract information from positive evidence to learn the meanings of novel words. In the present set of studies, we evaluated whether children can also consider negative evidence, information about what a word cannot refer to. Across two experiments (n = 73), we show that English-learning 20-month-olds can use negative evidence in the form of negative sentences (e.g., \u201cThis is not a danu\u201d) to constrain their interpretation of a novel word meaning (\u201cdanu\u201d). These findings raise the possibility that learning word meanings through positive evidence alone, while possible, may not be the most accurate characterization of the word learning process and invite further developments of current word learning theories and models that incorporate negative evidence.},<br \/>\r\nkeywords = {},<br \/>\r\npubstate = {published},<br \/>\r\ntppubtype = {article}<br \/>\r\n}<br \/>\r\n<\/pre><\/div><p class=\"tp_close_menu\"><a class=\"tp_close\" onclick=\"teachpress_pub_showhide('2618','tp_bibtex')\">Close<\/a><\/p><\/div><div class=\"tp_abstract\" id=\"tp_abstract_2618\" style=\"display:none;\"><div class=\"tp_abstract_entry\">Decades of research in psychology have built models and theoretical assumptions about language development evaluating how children extract information from positive evidence to learn the meanings of novel words. In the present set of studies, we evaluated whether children can also consider negative evidence, information about what a word cannot refer to. Across two experiments (n = 73), we show that English-learning 20-month-olds can use negative evidence in the form of negative sentences (e.g., \u201cThis is not a danu\u201d) to constrain their interpretation of a novel word meaning (\u201cdanu\u201d). These findings raise the possibility that learning word meanings through positive evidence alone, while possible, may not be the most accurate characterization of the word learning process and invite further developments of current word learning theories and models that incorporate negative evidence.<\/div><p class=\"tp_close_menu\"><a class=\"tp_close\" onclick=\"teachpress_pub_showhide('2618','tp_abstract')\">Close<\/a><\/p><\/div><div class=\"tp_links\" id=\"tp_links_2618\" style=\"display:none;\"><div class=\"tp_links_entry\"><ul class=\"tp_pub_list\"><li><i class=\"ai ai-doi\"><\/i><a class=\"tp_pub_list\" href=\"https:\/\/dx.doi.org\/10.1016\/j.cognition.2025.106171\" title=\"Follow DOI:10.1016\/j.cognition.2025.106171\" target=\"_blank\">doi:10.1016\/j.cognition.2025.106171<\/a><\/li><\/ul><\/div><p class=\"tp_close_menu\"><a class=\"tp_close\" onclick=\"teachpress_pub_showhide('2618','tp_links')\">Close<\/a><\/p><\/div><\/td><\/tr><tr class=\"tp_publication tp_publication_article\"><td class=\"tp_pub_info\"><p class=\"tp_pub_author\">Elizaveta Igoshina; Iska Moxon-Emre; Eric Bouffet; Donald J. Mabbott<\/p><p class=\"tp_pub_title\"><a class=\"tp_title_link\" onclick=\"teachpress_pub_showhide('5335','tp_abstract')\" style=\"cursor:pointer;\">Distress evokes a visual attention bias to treatment-related scenes in children and adolescents treated for a posterior fossa brain tumour<\/a> <span class=\"tp_pub_type tp_  article\">Journal Article<\/span> <\/p><p class=\"tp_pub_additional\"><span class=\"tp_pub_additional_in\">In: <\/span><span class=\"tp_pub_additional_journal\">Pediatric Blood and Cancer, <\/span><span class=\"tp_pub_additional_volume\">vol. 72, <\/span><span class=\"tp_pub_additional_number\">no. 9, <\/span><span class=\"tp_pub_additional_pages\">pp. 1\u201314, <\/span><span class=\"tp_pub_additional_year\">2025<\/span>.<\/p><p class=\"tp_pub_menu\"><span class=\"tp_abstract_link\"><a id=\"tp_abstract_sh_5335\" class=\"tp_show\" onclick=\"teachpress_pub_showhide('5335','tp_abstract')\" title=\"Show abstract\" style=\"cursor:pointer;\">Abstract<\/a><\/span> | <span class=\"tp_resource_link\"><a id=\"tp_links_sh_5335\" class=\"tp_show\" onclick=\"teachpress_pub_showhide('5335','tp_links')\" title=\"Show links and resources\" style=\"cursor:pointer;\">Links<\/a><\/span> | <span class=\"tp_bibtex_link\"><a id=\"tp_bibtex_sh_5335\" class=\"tp_show\" onclick=\"teachpress_pub_showhide('5335','tp_bibtex')\" title=\"Show BibTeX entry\" style=\"cursor:pointer;\">BibTeX<\/a><\/span><\/p><div class=\"tp_bibtex\" id=\"tp_bibtex_5335\" style=\"display:none;\"><div class=\"tp_bibtex_entry\"><pre>@article{Igoshina2025,<br \/>\r\ntitle = {Distress evokes a visual attention bias to treatment-related scenes in children and adolescents treated for a posterior fossa brain tumour},<br \/>\r\nauthor = {Elizaveta Igoshina and Iska Moxon-Emre and Eric Bouffet and Donald J. Mabbott},<br \/>\r\ndoi = {10.1002\/pbc.31879},<br \/>\r\nyear  = {2025},<br \/>\r\ndate = {2025-09-01},<br \/>\r\njournal = {Pediatric Blood and Cancer},<br \/>\r\nvolume = {72},<br \/>\r\nnumber = {9},<br \/>\r\npages = {1\u201314},<br \/>\r\npublisher = {John Wiley and Sons Inc},<br \/>\r\nabstract = {Objective: Distress following treatment is common in children and adolescents treated for a brain tumour, reflecting underlying difficulties with emotion regulation. However, the medical factors that evoke distress remain poorly understood. Cranial radiation therapy (CRT), administered for malignant tumours, is associated with a high treatment burden and poor emotion regulation. This study investigates the effect of CRT on distress compared to non-CRT treatment and typically developing children (TDC), using self-report and eye-tracking measures. Method: Data were collected from 18 TDC and 36 children and adolescents treated for a posterior fossa brain tumour, including 17 who received CRT and 19 who did not. Participants completed a questionnaire assessing distress and then free-viewed treatment-related and emotional scenes while their eyes were tracked. Visual avoidance of a scene type served as a behavioural indicator of implicit emotion regulation. Results: Participants treated with CRT reported distress more frequently (84.21%) compared to those treated without CRT (58.82%) and TDC (52.94%). Distressed participants exhibited greater visual avoidance of treatment-related scenes than their non-distressed counterparts. Participants treated with CRT also demonstrated more visual avoidance than those treated without CRT or TDC. Conclusion: The high treatment burden associated with CRT likely contributes to increased distress and visual avoidance of treatment-related scenes, which may reflect attempts to regulate unpleasant emotional responses. Accumulating medical procedures may heighten threat sensitivity and reinforce avoidance as a strategy for emotion regulation. Thus, visual avoidance may serve as a behavioural marker of distress and help identify patients who are at an elevated risk.},<br \/>\r\nkeywords = {},<br \/>\r\npubstate = {published},<br \/>\r\ntppubtype = {article}<br \/>\r\n}<br \/>\r\n<\/pre><\/div><p class=\"tp_close_menu\"><a class=\"tp_close\" onclick=\"teachpress_pub_showhide('5335','tp_bibtex')\">Close<\/a><\/p><\/div><div class=\"tp_abstract\" id=\"tp_abstract_5335\" style=\"display:none;\"><div class=\"tp_abstract_entry\">Objective: Distress following treatment is common in children and adolescents treated for a brain tumour, reflecting underlying difficulties with emotion regulation. However, the medical factors that evoke distress remain poorly understood. Cranial radiation therapy (CRT), administered for malignant tumours, is associated with a high treatment burden and poor emotion regulation. This study investigates the effect of CRT on distress compared to non-CRT treatment and typically developing children (TDC), using self-report and eye-tracking measures. Method: Data were collected from 18 TDC and 36 children and adolescents treated for a posterior fossa brain tumour, including 17 who received CRT and 19 who did not. Participants completed a questionnaire assessing distress and then free-viewed treatment-related and emotional scenes while their eyes were tracked. Visual avoidance of a scene type served as a behavioural indicator of implicit emotion regulation. Results: Participants treated with CRT reported distress more frequently (84.21%) compared to those treated without CRT (58.82%) and TDC (52.94%). Distressed participants exhibited greater visual avoidance of treatment-related scenes than their non-distressed counterparts. Participants treated with CRT also demonstrated more visual avoidance than those treated without CRT or TDC. Conclusion: The high treatment burden associated with CRT likely contributes to increased distress and visual avoidance of treatment-related scenes, which may reflect attempts to regulate unpleasant emotional responses. Accumulating medical procedures may heighten threat sensitivity and reinforce avoidance as a strategy for emotion regulation. Thus, visual avoidance may serve as a behavioural marker of distress and help identify patients who are at an elevated risk.<\/div><p class=\"tp_close_menu\"><a class=\"tp_close\" onclick=\"teachpress_pub_showhide('5335','tp_abstract')\">Close<\/a><\/p><\/div><div class=\"tp_links\" id=\"tp_links_5335\" style=\"display:none;\"><div class=\"tp_links_entry\"><ul class=\"tp_pub_list\"><li><i class=\"ai ai-doi\"><\/i><a class=\"tp_pub_list\" href=\"https:\/\/dx.doi.org\/10.1002\/pbc.31879\" title=\"Follow DOI:10.1002\/pbc.31879\" target=\"_blank\">doi:10.1002\/pbc.31879<\/a><\/li><\/ul><\/div><p class=\"tp_close_menu\"><a class=\"tp_close\" onclick=\"teachpress_pub_showhide('5335','tp_links')\">Close<\/a><\/p><\/div><\/td><\/tr><tr class=\"tp_publication tp_publication_article\"><td class=\"tp_pub_info\"><p class=\"tp_pub_author\">Haoning Liu; Yue Qi; Yaxin Zhang; Andy Yu; Yinghe Chen; Xin Zhang; Yan Lou; Xiao Yu<\/p><p class=\"tp_pub_title\"><a class=\"tp_title_link\" onclick=\"teachpress_pub_showhide('7099','tp_abstract')\" style=\"cursor:pointer;\">Working memory vs. inhibitory control training: Differential and sustained improvements on school-age children's analogical performance and strategy<\/a> <span class=\"tp_pub_type tp_  article\">Journal Article<\/span> <\/p><p class=\"tp_pub_additional\"><span class=\"tp_pub_additional_in\">In: <\/span><span class=\"tp_pub_additional_journal\">Current Psychology, <\/span><span class=\"tp_pub_additional_volume\">vol. 44, <\/span><span class=\"tp_pub_additional_number\">no. 18, <\/span><span class=\"tp_pub_additional_pages\">pp. 14843\u201314858, <\/span><span class=\"tp_pub_additional_year\">2025<\/span>.<\/p><p class=\"tp_pub_menu\"><span class=\"tp_abstract_link\"><a id=\"tp_abstract_sh_7099\" class=\"tp_show\" onclick=\"teachpress_pub_showhide('7099','tp_abstract')\" title=\"Show abstract\" style=\"cursor:pointer;\">Abstract<\/a><\/span> | <span class=\"tp_resource_link\"><a id=\"tp_links_sh_7099\" class=\"tp_show\" onclick=\"teachpress_pub_showhide('7099','tp_links')\" title=\"Show links and resources\" style=\"cursor:pointer;\">Links<\/a><\/span> | <span class=\"tp_bibtex_link\"><a id=\"tp_bibtex_sh_7099\" class=\"tp_show\" onclick=\"teachpress_pub_showhide('7099','tp_bibtex')\" title=\"Show BibTeX entry\" style=\"cursor:pointer;\">BibTeX<\/a><\/span><\/p><div class=\"tp_bibtex\" id=\"tp_bibtex_7099\" style=\"display:none;\"><div class=\"tp_bibtex_entry\"><pre>@article{Liu2025j,<br \/>\r\ntitle = {Working memory vs. inhibitory control training: Differential and sustained improvements on school-age children's analogical performance and strategy},<br \/>\r\nauthor = {Haoning Liu and Yue Qi and Yaxin Zhang and Andy Yu and Yinghe Chen and Xin Zhang and Yan Lou and Xiao Yu},<br \/>\r\ndoi = {10.1007\/s12144-025-08145-8},<br \/>\r\nyear  = {2025},<br \/>\r\ndate = {2025-09-01},<br \/>\r\njournal = {Current Psychology},<br \/>\r\nvolume = {44},<br \/>\r\nnumber = {18},<br \/>\r\npages = {14843\u201314858},<br \/>\r\npublisher = {Springer},<br \/>\r\nabstract = {The effects of executive function (EF) training on children's analogical reasoning\u2014particularly analogical strategy use\u2014remain unclear. This study used a pretest\u2013posttest\u2013follow-up design to explore and compare the effects of working memory (WM) and inhibitory control (IC) training on analogical performance and strategy use in school-age children. Fifty-nine children aged 8\u201310 were randomly allocated into WM training, IC training, and control groups. Children in the WM and IC training groups received adaptive training targeting multiple sub-components of WM and IC. In the pretest, posttest, and 6-month follow-up, children were tested on WM, IC, and analogical reasoning. Analogical performance was measured by the accuracy of the visual analogy task. Eye tracking was used to measure the analogical strategies when solving the visual analogy task. Results showed that WM and IC training improved analogical performance and strategy use in the posttest and even lasted for six months. WM training group demonstrated greater improvements in analogical strategy use but did not outperform the IC group in analogical performance. These findings highlight the value of WM and IC training in promoting the development of analogical reasoning in children.},<br \/>\r\nkeywords = {},<br \/>\r\npubstate = {published},<br \/>\r\ntppubtype = {article}<br \/>\r\n}<br \/>\r\n<\/pre><\/div><p class=\"tp_close_menu\"><a class=\"tp_close\" onclick=\"teachpress_pub_showhide('7099','tp_bibtex')\">Close<\/a><\/p><\/div><div class=\"tp_abstract\" id=\"tp_abstract_7099\" style=\"display:none;\"><div class=\"tp_abstract_entry\">The effects of executive function (EF) training on children's analogical reasoning\u2014particularly analogical strategy use\u2014remain unclear. This study used a pretest\u2013posttest\u2013follow-up design to explore and compare the effects of working memory (WM) and inhibitory control (IC) training on analogical performance and strategy use in school-age children. Fifty-nine children aged 8\u201310 were randomly allocated into WM training, IC training, and control groups. Children in the WM and IC training groups received adaptive training targeting multiple sub-components of WM and IC. In the pretest, posttest, and 6-month follow-up, children were tested on WM, IC, and analogical reasoning. Analogical performance was measured by the accuracy of the visual analogy task. Eye tracking was used to measure the analogical strategies when solving the visual analogy task. Results showed that WM and IC training improved analogical performance and strategy use in the posttest and even lasted for six months. WM training group demonstrated greater improvements in analogical strategy use but did not outperform the IC group in analogical performance. These findings highlight the value of WM and IC training in promoting the development of analogical reasoning in children.<\/div><p class=\"tp_close_menu\"><a class=\"tp_close\" onclick=\"teachpress_pub_showhide('7099','tp_abstract')\">Close<\/a><\/p><\/div><div class=\"tp_links\" id=\"tp_links_7099\" style=\"display:none;\"><div class=\"tp_links_entry\"><ul class=\"tp_pub_list\"><li><i class=\"ai ai-doi\"><\/i><a class=\"tp_pub_list\" href=\"https:\/\/dx.doi.org\/10.1007\/s12144-025-08145-8\" title=\"Follow DOI:10.1007\/s12144-025-08145-8\" target=\"_blank\">doi:10.1007\/s12144-025-08145-8<\/a><\/li><\/ul><\/div><p class=\"tp_close_menu\"><a class=\"tp_close\" onclick=\"teachpress_pub_showhide('7099','tp_links')\">Close<\/a><\/p><\/div><\/td><\/tr><tr class=\"tp_publication tp_publication_article\"><td class=\"tp_pub_info\"><p class=\"tp_pub_author\">Emma L. Axelsson; Tayla Britton; Gurmeher K. Gulhati; Chloe Kelly; Helen Copeland; Luca McNamara; Hester Covell; Alyssa A. Quinn<\/p><p class=\"tp_pub_title\"><a class=\"tp_title_link\" onclick=\"teachpress_pub_showhide('482','tp_abstract')\" style=\"cursor:pointer;\">Strike a pose: Relationships between infants' motor development and visuospatial representations of bodies<\/a> <span class=\"tp_pub_type tp_  article\">Journal Article<\/span> <\/p><p class=\"tp_pub_additional\"><span class=\"tp_pub_additional_in\">In: <\/span><span class=\"tp_pub_additional_journal\">Behavioral Sciences, <\/span><span class=\"tp_pub_additional_volume\">vol. 15, <\/span><span class=\"tp_pub_additional_number\">no. 8, <\/span><span class=\"tp_pub_additional_pages\">pp. 1\u201331, <\/span><span class=\"tp_pub_additional_year\">2025<\/span>.<\/p><p class=\"tp_pub_menu\"><span class=\"tp_abstract_link\"><a id=\"tp_abstract_sh_482\" class=\"tp_show\" onclick=\"teachpress_pub_showhide('482','tp_abstract')\" title=\"Show abstract\" style=\"cursor:pointer;\">Abstract<\/a><\/span> | <span class=\"tp_resource_link\"><a id=\"tp_links_sh_482\" class=\"tp_show\" onclick=\"teachpress_pub_showhide('482','tp_links')\" title=\"Show links and resources\" style=\"cursor:pointer;\">Links<\/a><\/span> | <span class=\"tp_bibtex_link\"><a id=\"tp_bibtex_sh_482\" class=\"tp_show\" onclick=\"teachpress_pub_showhide('482','tp_bibtex')\" title=\"Show BibTeX entry\" style=\"cursor:pointer;\">BibTeX<\/a><\/span><\/p><div class=\"tp_bibtex\" id=\"tp_bibtex_482\" style=\"display:none;\"><div class=\"tp_bibtex_entry\"><pre>@article{Axelsson2025a,<br \/>\r\ntitle = {Strike a pose: Relationships between infants' motor development and visuospatial representations of bodies},<br \/>\r\nauthor = {Emma L. Axelsson and Tayla Britton and Gurmeher K. Gulhati and Chloe Kelly and Helen Copeland and Luca McNamara and Hester Covell and Alyssa A. Quinn},<br \/>\r\ndoi = {10.3390\/bs15081021},<br \/>\r\nyear  = {2025},<br \/>\r\ndate = {2025-08-01},<br \/>\r\njournal = {Behavioral Sciences},<br \/>\r\nvolume = {15},<br \/>\r\nnumber = {8},<br \/>\r\npages = {1\u201331},<br \/>\r\npublisher = {Multidisciplinary Digital Publishing Institute (MDPI)},<br \/>\r\nabstract = {Infants discriminate faces early in the first year, but research on infants' discrimination of bodies is plagued by mixed findings. Using a familiarisation novelty preference method, we investigated 7- and 9-month-old infants' discrimination of body postures presented in upright and inverted orientations, and with and without heads, along with relationships with gross and fine motor development. In our initial studies, 7-month-old infants discriminated upright headless postures with forward-facing and about-facing images. Eye tracking revealed that infants looked at the bodies of the upright headless postures the longest and at the heads of upright whole figures for 60\u201370% of the time regardless of the presence of faces, suggesting that heads detract attention from bodies. In a more stringent test, with similarly complex limb positions between test items, infants could not discriminate postures. With longer trials, the 7-month-olds demonstrated a familiarity preference for the upright whole figures, and the 9-month-olds demonstrated a novelty preference, albeit with a less robust effect. Unlike previous studies, we found that better gross motor skills were related to the 7-month-olds' better discrimination of upright headless postures compared to inverted postures. The 9-month-old infants' lower gross and fine motor skills were associated with a stronger preference for inverted compared to upright whole figures. This is further evidence of a configural representation of bodies in infancy, but it is constrained by an upper bias (heads in upright figures, feet in inverted), the test item similarity, and the trial duration. The measure and type of motor development reveals differential relationships with infants' representations of bodies.},<br \/>\r\nkeywords = {},<br \/>\r\npubstate = {published},<br \/>\r\ntppubtype = {article}<br \/>\r\n}<br \/>\r\n<\/pre><\/div><p class=\"tp_close_menu\"><a class=\"tp_close\" onclick=\"teachpress_pub_showhide('482','tp_bibtex')\">Close<\/a><\/p><\/div><div class=\"tp_abstract\" id=\"tp_abstract_482\" style=\"display:none;\"><div class=\"tp_abstract_entry\">Infants discriminate faces early in the first year, but research on infants' discrimination of bodies is plagued by mixed findings. Using a familiarisation novelty preference method, we investigated 7- and 9-month-old infants' discrimination of body postures presented in upright and inverted orientations, and with and without heads, along with relationships with gross and fine motor development. In our initial studies, 7-month-old infants discriminated upright headless postures with forward-facing and about-facing images. Eye tracking revealed that infants looked at the bodies of the upright headless postures the longest and at the heads of upright whole figures for 60\u201370% of the time regardless of the presence of faces, suggesting that heads detract attention from bodies. In a more stringent test, with similarly complex limb positions between test items, infants could not discriminate postures. With longer trials, the 7-month-olds demonstrated a familiarity preference for the upright whole figures, and the 9-month-olds demonstrated a novelty preference, albeit with a less robust effect. Unlike previous studies, we found that better gross motor skills were related to the 7-month-olds' better discrimination of upright headless postures compared to inverted postures. The 9-month-old infants' lower gross and fine motor skills were associated with a stronger preference for inverted compared to upright whole figures. This is further evidence of a configural representation of bodies in infancy, but it is constrained by an upper bias (heads in upright figures, feet in inverted), the test item similarity, and the trial duration. The measure and type of motor development reveals differential relationships with infants' representations of bodies.<\/div><p class=\"tp_close_menu\"><a class=\"tp_close\" onclick=\"teachpress_pub_showhide('482','tp_abstract')\">Close<\/a><\/p><\/div><div class=\"tp_links\" id=\"tp_links_482\" style=\"display:none;\"><div class=\"tp_links_entry\"><ul class=\"tp_pub_list\"><li><i class=\"ai ai-doi\"><\/i><a class=\"tp_pub_list\" href=\"https:\/\/dx.doi.org\/10.3390\/bs15081021\" title=\"Follow DOI:10.3390\/bs15081021\" target=\"_blank\">doi:10.3390\/bs15081021<\/a><\/li><\/ul><\/div><p class=\"tp_close_menu\"><a class=\"tp_close\" onclick=\"teachpress_pub_showhide('482','tp_links')\">Close<\/a><\/p><\/div><\/td><\/tr><tr class=\"tp_publication tp_publication_article\"><td class=\"tp_pub_info\"><p class=\"tp_pub_author\">Jason C. Coronel; Matthew Sweitzer; James Alex Bonus; Rebecca Dore; Blue Lerner<\/p><p class=\"tp_pub_title\"><a class=\"tp_title_link\" onclick=\"teachpress_pub_showhide('2272','tp_abstract')\" style=\"cursor:pointer;\">Fusing theory-guided machine learning and bio-sensing: Considering time in how children learn science from dynamic multimedia<\/a> <span class=\"tp_pub_type tp_  article\">Journal Article<\/span> <\/p><p class=\"tp_pub_additional\"><span class=\"tp_pub_additional_in\">In: <\/span><span class=\"tp_pub_additional_journal\">Journal of Communication, <\/span><span class=\"tp_pub_additional_pages\">pp. 1\u201318, <\/span><span class=\"tp_pub_additional_year\">2025<\/span>.<\/p><p class=\"tp_pub_menu\"><span class=\"tp_abstract_link\"><a id=\"tp_abstract_sh_2272\" class=\"tp_show\" onclick=\"teachpress_pub_showhide('2272','tp_abstract')\" title=\"Show abstract\" style=\"cursor:pointer;\">Abstract<\/a><\/span> | <span class=\"tp_resource_link\"><a id=\"tp_links_sh_2272\" class=\"tp_show\" onclick=\"teachpress_pub_showhide('2272','tp_links')\" title=\"Show links and resources\" style=\"cursor:pointer;\">Links<\/a><\/span> | <span class=\"tp_bibtex_link\"><a id=\"tp_bibtex_sh_2272\" class=\"tp_show\" onclick=\"teachpress_pub_showhide('2272','tp_bibtex')\" title=\"Show BibTeX entry\" style=\"cursor:pointer;\">BibTeX<\/a><\/span><\/p><div class=\"tp_bibtex\" id=\"tp_bibtex_2272\" style=\"display:none;\"><div class=\"tp_bibtex_entry\"><pre>@article{Coronel2025,<br \/>\r\ntitle = {Fusing theory-guided machine learning and bio-sensing: Considering time in how children learn science from dynamic multimedia},<br \/>\r\nauthor = {Jason C. Coronel and Matthew Sweitzer and James Alex Bonus and Rebecca Dore and Blue Lerner},<br \/>\r\ndoi = {10.1093\/joc\/jqaf036},<br \/>\r\nyear  = {2025},<br \/>\r\ndate = {2025-08-01},<br \/>\r\njournal = {Journal of Communication},<br \/>\r\npages = {1\u201318},<br \/>\r\npublisher = {Oxford University Press (OUP)},<br \/>\r\nabstract = {A new era of message processing research will emerge from the convergence of powerful machine learning algorithms with dynamic data from everyday devices equipped with biological sensors. Our study takes critical steps into this era by integrating theory-guided artificial neural networks with eye movements to understand how people learn science concepts from dynamic multimedia. Essential to our theory-guided machine learning approach is a cognitive conceptualization of time as the dynamic interdependence between past and new information that guides how multimedia is attended to and understood. We tracked the eye movements of 197 children as they watched an educational video. We trained two neural network architectures differing in theory guidance to predict learning outcomes using eye movements. The theory-guided architecture, which considered the temporal interdependence of information, yielded more accurate out-of-sample predictions. Our work advances the use of theory-guided machine learning and the development of systems that monitor real-time learning.},<br \/>\r\nkeywords = {},<br \/>\r\npubstate = {published},<br \/>\r\ntppubtype = {article}<br \/>\r\n}<br \/>\r\n<\/pre><\/div><p class=\"tp_close_menu\"><a class=\"tp_close\" onclick=\"teachpress_pub_showhide('2272','tp_bibtex')\">Close<\/a><\/p><\/div><div class=\"tp_abstract\" id=\"tp_abstract_2272\" style=\"display:none;\"><div class=\"tp_abstract_entry\">A new era of message processing research will emerge from the convergence of powerful machine learning algorithms with dynamic data from everyday devices equipped with biological sensors. Our study takes critical steps into this era by integrating theory-guided artificial neural networks with eye movements to understand how people learn science concepts from dynamic multimedia. Essential to our theory-guided machine learning approach is a cognitive conceptualization of time as the dynamic interdependence between past and new information that guides how multimedia is attended to and understood. We tracked the eye movements of 197 children as they watched an educational video. We trained two neural network architectures differing in theory guidance to predict learning outcomes using eye movements. The theory-guided architecture, which considered the temporal interdependence of information, yielded more accurate out-of-sample predictions. Our work advances the use of theory-guided machine learning and the development of systems that monitor real-time learning.<\/div><p class=\"tp_close_menu\"><a class=\"tp_close\" onclick=\"teachpress_pub_showhide('2272','tp_abstract')\">Close<\/a><\/p><\/div><div class=\"tp_links\" id=\"tp_links_2272\" style=\"display:none;\"><div class=\"tp_links_entry\"><ul class=\"tp_pub_list\"><li><i class=\"ai ai-doi\"><\/i><a class=\"tp_pub_list\" href=\"https:\/\/dx.doi.org\/10.1093\/joc\/jqaf036\" title=\"Follow DOI:10.1093\/joc\/jqaf036\" target=\"_blank\">doi:10.1093\/joc\/jqaf036<\/a><\/li><\/ul><\/div><p class=\"tp_close_menu\"><a class=\"tp_close\" onclick=\"teachpress_pub_showhide('2272','tp_links')\">Close<\/a><\/p><\/div><\/td><\/tr><tr class=\"tp_publication tp_publication_article\"><td class=\"tp_pub_info\"><p class=\"tp_pub_author\">Min Liu; Sainan Li; Zhu Meng; Yongsheng Wang; Chuanli Zang; Guoli Yan; Simon P. Liversedge<\/p><p class=\"tp_pub_title\"><a class=\"tp_title_link\" onclick=\"teachpress_pub_showhide('7114','tp_abstract')\" style=\"cursor:pointer;\">Development of orthographic, phonological and semantic parafoveal processing in Chinese reading<\/a> <span class=\"tp_pub_type tp_  article\">Journal Article<\/span> <\/p><p class=\"tp_pub_additional\"><span class=\"tp_pub_additional_in\">In: <\/span><span class=\"tp_pub_additional_journal\">Quarterly Journal of Experimental Psychology, <\/span><span class=\"tp_pub_additional_pages\">pp. 1\u201323, <\/span><span class=\"tp_pub_additional_year\">2025<\/span>.<\/p><p class=\"tp_pub_menu\"><span class=\"tp_abstract_link\"><a id=\"tp_abstract_sh_7114\" class=\"tp_show\" onclick=\"teachpress_pub_showhide('7114','tp_abstract')\" title=\"Show abstract\" style=\"cursor:pointer;\">Abstract<\/a><\/span> | <span class=\"tp_resource_link\"><a id=\"tp_links_sh_7114\" class=\"tp_show\" onclick=\"teachpress_pub_showhide('7114','tp_links')\" title=\"Show links and resources\" style=\"cursor:pointer;\">Links<\/a><\/span> | <span class=\"tp_bibtex_link\"><a id=\"tp_bibtex_sh_7114\" class=\"tp_show\" onclick=\"teachpress_pub_showhide('7114','tp_bibtex')\" title=\"Show BibTeX entry\" style=\"cursor:pointer;\">BibTeX<\/a><\/span><\/p><div class=\"tp_bibtex\" id=\"tp_bibtex_7114\" style=\"display:none;\"><div class=\"tp_bibtex_entry\"><pre>@article{Liu2025k,<br \/>\r\ntitle = {Development of orthographic, phonological and semantic parafoveal processing in Chinese reading},<br \/>\r\nauthor = {Min Liu and Sainan Li and Zhu Meng and Yongsheng Wang and Chuanli Zang and Guoli Yan and Simon P. Liversedge},<br \/>\r\ndoi = {10.1177\/17470218251372482},<br \/>\r\nyear  = {2025},<br \/>\r\ndate = {2025-08-01},<br \/>\r\njournal = {Quarterly Journal of Experimental Psychology},<br \/>\r\npages = {1\u201323},<br \/>\r\npublisher = {SAGE Publications},<br \/>\r\nabstract = {Parafoveal pre-processing of upcoming words is a key aspect of fluent reading. A comparative analysis of how children's orthographic, phonological and semantic parafoveal processing changes with age has not been investigated to date. In the present study, three eye movement experiments used the boundary paradigm to characterize the nature of change in orthographic, phonological and semantic parafoveal processing across children in Grades 2 to 5 ( n = 366, Tianjin Primary School) and adults ( n = 90, Tianjin Normal University) during natural Chinese reading. In each experiment we manipulated preview type (identical, related or unrelated preview). The results showed that effective orthographic parafoveal processing occurred in all our participant groups; however, effective phonological and semantic parafoveal processing was somewhat delayed, occurring in the third or fourth grade through to adults. We suggest that the differential developmental time course of orthographic relative to phonological and semantic parafoveal processing likely arises because the phonological and semantic characteristics of a written character are accessed via the character's orthographic code. Orthographic parafoveal processing, therefore, likely takes developmental precedence over phonological and semantic parafoveal processing. Together, the results provide a quite comprehensive picture of how a fundamental aspect of reading, parafoveal processing, develops with age.},<br \/>\r\nkeywords = {},<br \/>\r\npubstate = {published},<br \/>\r\ntppubtype = {article}<br \/>\r\n}<br \/>\r\n<\/pre><\/div><p class=\"tp_close_menu\"><a class=\"tp_close\" onclick=\"teachpress_pub_showhide('7114','tp_bibtex')\">Close<\/a><\/p><\/div><div class=\"tp_abstract\" id=\"tp_abstract_7114\" style=\"display:none;\"><div class=\"tp_abstract_entry\">Parafoveal pre-processing of upcoming words is a key aspect of fluent reading. A comparative analysis of how children's orthographic, phonological and semantic parafoveal processing changes with age has not been investigated to date. In the present study, three eye movement experiments used the boundary paradigm to characterize the nature of change in orthographic, phonological and semantic parafoveal processing across children in Grades 2 to 5 ( n = 366, Tianjin Primary School) and adults ( n = 90, Tianjin Normal University) during natural Chinese reading. In each experiment we manipulated preview type (identical, related or unrelated preview). The results showed that effective orthographic parafoveal processing occurred in all our participant groups; however, effective phonological and semantic parafoveal processing was somewhat delayed, occurring in the third or fourth grade through to adults. We suggest that the differential developmental time course of orthographic relative to phonological and semantic parafoveal processing likely arises because the phonological and semantic characteristics of a written character are accessed via the character's orthographic code. Orthographic parafoveal processing, therefore, likely takes developmental precedence over phonological and semantic parafoveal processing. Together, the results provide a quite comprehensive picture of how a fundamental aspect of reading, parafoveal processing, develops with age.<\/div><p class=\"tp_close_menu\"><a class=\"tp_close\" onclick=\"teachpress_pub_showhide('7114','tp_abstract')\">Close<\/a><\/p><\/div><div class=\"tp_links\" id=\"tp_links_7114\" style=\"display:none;\"><div class=\"tp_links_entry\"><ul class=\"tp_pub_list\"><li><i class=\"ai ai-doi\"><\/i><a class=\"tp_pub_list\" href=\"https:\/\/dx.doi.org\/10.1177\/17470218251372482\" title=\"Follow DOI:10.1177\/17470218251372482\" target=\"_blank\">doi:10.1177\/17470218251372482<\/a><\/li><\/ul><\/div><p class=\"tp_close_menu\"><a class=\"tp_close\" onclick=\"teachpress_pub_showhide('7114','tp_links')\">Close<\/a><\/p><\/div><\/td><\/tr><tr class=\"tp_publication tp_publication_article\"><td class=\"tp_pub_info\"><p class=\"tp_pub_author\">Srishty Aggarwal; Supratim Ray<\/p><p class=\"tp_pub_title\"><a class=\"tp_title_link\" onclick=\"teachpress_pub_showhide('107','tp_abstract')\" style=\"cursor:pointer;\">Changes in Higuchi fractal dimension across age in healthy human EEG are anticorrelated with changes in oscillatory power and 1\/f slope<\/a> <span class=\"tp_pub_type tp_  article\">Journal Article<\/span> <\/p><p class=\"tp_pub_additional\"><span class=\"tp_pub_additional_in\">In: <\/span><span class=\"tp_pub_additional_journal\">European Journal of Neuroscience, <\/span><span class=\"tp_pub_additional_volume\">vol. 62, <\/span><span class=\"tp_pub_additional_number\">no. 2, <\/span><span class=\"tp_pub_additional_pages\">pp. 1\u201317, <\/span><span class=\"tp_pub_additional_year\">2025<\/span>.<\/p><p class=\"tp_pub_menu\"><span class=\"tp_abstract_link\"><a id=\"tp_abstract_sh_107\" class=\"tp_show\" onclick=\"teachpress_pub_showhide('107','tp_abstract')\" title=\"Show abstract\" style=\"cursor:pointer;\">Abstract<\/a><\/span> | <span class=\"tp_resource_link\"><a id=\"tp_links_sh_107\" class=\"tp_show\" onclick=\"teachpress_pub_showhide('107','tp_links')\" title=\"Show links and resources\" style=\"cursor:pointer;\">Links<\/a><\/span> | <span class=\"tp_bibtex_link\"><a id=\"tp_bibtex_sh_107\" class=\"tp_show\" onclick=\"teachpress_pub_showhide('107','tp_bibtex')\" title=\"Show BibTeX entry\" style=\"cursor:pointer;\">BibTeX<\/a><\/span><\/p><div class=\"tp_bibtex\" id=\"tp_bibtex_107\" style=\"display:none;\"><div class=\"tp_bibtex_entry\"><pre>@article{Aggarwal2025,<br \/>\r\ntitle = {Changes in Higuchi fractal dimension across age in healthy human EEG are anticorrelated with changes in oscillatory power and 1\/f slope},<br \/>\r\nauthor = {Srishty Aggarwal and Supratim Ray},<br \/>\r\ndoi = {10.1111\/ejn.70193},<br \/>\r\nyear  = {2025},<br \/>\r\ndate = {2025-07-01},<br \/>\r\njournal = {European Journal of Neuroscience},<br \/>\r\nvolume = {62},<br \/>\r\nnumber = {2},<br \/>\r\npages = {1\u201317},<br \/>\r\npublisher = {John Wiley and Sons Inc},<br \/>\r\nabstract = {Nonlinear dynamical methods such as Higuchi fractal dimension (HFD) are often used to study the complexities of brain activity. In human electroencephalogram (EEG), although power in the gamma band (30\u201370 Hz) and the slope of the power spectral density (PSD) have been shown to reduce with healthy ageing, there are conflicting findings regarding how HFD and other measures of complexity vary with ageing. Further, the dependence of HFD on features obtained from PSD (such as gamma power and slope) has not been thoroughly probed. To address these issues, we computed time- and frequency-resolved HFD for EEG data collected from an elderly population (N = 217), aged between 50 and 88 years, for baseline (BL) eyes open state and during a fixation task in which visual grating stimuli that induce strong gamma oscillations were presented. During BL, HFD increased with age for frequencies up to 150 Hz but surprisingly showed an opposite trend at higher frequencies. Interestingly, this change in HFD was opposite to the age-related change in PSD 1\/f slope. Further, stimulus-related changes in HFD were anticorrelated with the changes in oscillatory power. However, stimulus- and age-related changes in HFD persisted even after normalization with surrogates, showing the effect of nonlinear dynamics on HFD. Further, age classification using HFD was slightly better than classification using spectral features (power and slope). Therefore, HFD could be jointly sensitive to various spectral features as well as some nonlinearities not captured using spectral analysis, which could enhance our understanding of brain dynamics underlying healthy ageing.},<br \/>\r\nkeywords = {},<br \/>\r\npubstate = {published},<br \/>\r\ntppubtype = {article}<br \/>\r\n}<br \/>\r\n<\/pre><\/div><p class=\"tp_close_menu\"><a class=\"tp_close\" onclick=\"teachpress_pub_showhide('107','tp_bibtex')\">Close<\/a><\/p><\/div><div class=\"tp_abstract\" id=\"tp_abstract_107\" style=\"display:none;\"><div class=\"tp_abstract_entry\">Nonlinear dynamical methods such as Higuchi fractal dimension (HFD) are often used to study the complexities of brain activity. In human electroencephalogram (EEG), although power in the gamma band (30\u201370 Hz) and the slope of the power spectral density (PSD) have been shown to reduce with healthy ageing, there are conflicting findings regarding how HFD and other measures of complexity vary with ageing. Further, the dependence of HFD on features obtained from PSD (such as gamma power and slope) has not been thoroughly probed. To address these issues, we computed time- and frequency-resolved HFD for EEG data collected from an elderly population (N = 217), aged between 50 and 88 years, for baseline (BL) eyes open state and during a fixation task in which visual grating stimuli that induce strong gamma oscillations were presented. During BL, HFD increased with age for frequencies up to 150 Hz but surprisingly showed an opposite trend at higher frequencies. Interestingly, this change in HFD was opposite to the age-related change in PSD 1\/f slope. Further, stimulus-related changes in HFD were anticorrelated with the changes in oscillatory power. However, stimulus- and age-related changes in HFD persisted even after normalization with surrogates, showing the effect of nonlinear dynamics on HFD. Further, age classification using HFD was slightly better than classification using spectral features (power and slope). Therefore, HFD could be jointly sensitive to various spectral features as well as some nonlinearities not captured using spectral analysis, which could enhance our understanding of brain dynamics underlying healthy ageing.<\/div><p class=\"tp_close_menu\"><a class=\"tp_close\" onclick=\"teachpress_pub_showhide('107','tp_abstract')\">Close<\/a><\/p><\/div><div class=\"tp_links\" id=\"tp_links_107\" style=\"display:none;\"><div class=\"tp_links_entry\"><ul class=\"tp_pub_list\"><li><i class=\"ai ai-doi\"><\/i><a class=\"tp_pub_list\" href=\"https:\/\/dx.doi.org\/10.1111\/ejn.70193\" title=\"Follow DOI:10.1111\/ejn.70193\" target=\"_blank\">doi:10.1111\/ejn.70193<\/a><\/li><\/ul><\/div><p class=\"tp_close_menu\"><a class=\"tp_close\" onclick=\"teachpress_pub_showhide('107','tp_links')\">Close<\/a><\/p><\/div><\/td><\/tr><tr class=\"tp_publication tp_publication_article\"><td class=\"tp_pub_info\"><p class=\"tp_pub_author\">Shan-Mei Chang; Dai-Yi Wang; Zheng-Hong Guan<\/p><p class=\"tp_pub_title\"><a class=\"tp_title_link\" onclick=\"teachpress_pub_showhide('1807','tp_abstract')\" style=\"cursor:pointer;\">Craving and attentional bias in gaming: Comparing esports, casual, and high-risk gamers using eye-tracking<\/a> <span class=\"tp_pub_type tp_  article\">Journal Article<\/span> <\/p><p class=\"tp_pub_additional\"><span class=\"tp_pub_additional_in\">In: <\/span><span class=\"tp_pub_additional_journal\">Computers in Human Behavior, <\/span><span class=\"tp_pub_additional_volume\">vol. 168, <\/span><span class=\"tp_pub_additional_pages\">pp. 1\u201311, <\/span><span class=\"tp_pub_additional_year\">2025<\/span>.<\/p><p class=\"tp_pub_menu\"><span class=\"tp_abstract_link\"><a id=\"tp_abstract_sh_1807\" class=\"tp_show\" onclick=\"teachpress_pub_showhide('1807','tp_abstract')\" title=\"Show abstract\" style=\"cursor:pointer;\">Abstract<\/a><\/span> | <span class=\"tp_resource_link\"><a id=\"tp_links_sh_1807\" class=\"tp_show\" onclick=\"teachpress_pub_showhide('1807','tp_links')\" title=\"Show links and resources\" style=\"cursor:pointer;\">Links<\/a><\/span> | <span class=\"tp_bibtex_link\"><a id=\"tp_bibtex_sh_1807\" class=\"tp_show\" onclick=\"teachpress_pub_showhide('1807','tp_bibtex')\" title=\"Show BibTeX entry\" style=\"cursor:pointer;\">BibTeX<\/a><\/span><\/p><div class=\"tp_bibtex\" id=\"tp_bibtex_1807\" style=\"display:none;\"><div class=\"tp_bibtex_entry\"><pre>@article{Chang2025d,<br \/>\r\ntitle = {Craving and attentional bias in gaming: Comparing esports, casual, and high-risk gamers using eye-tracking},<br \/>\r\nauthor = {Shan-Mei Chang and Dai-Yi Wang and Zheng-Hong Guan},<br \/>\r\ndoi = {10.1016\/j.chb.2025.108662},<br \/>\r\nyear  = {2025},<br \/>\r\ndate = {2025-07-01},<br \/>\r\njournal = {Computers in Human Behavior},<br \/>\r\nvolume = {168},<br \/>\r\npages = {1\u201311},<br \/>\r\npublisher = {Elsevier Ltd},<br \/>\r\nabstract = {Attentional biases, as measured through eye movements, have been observed in both gaming disorders and substance addictions. However, few studies compare these biases among esports gamers (ESG), high-risk gamers (HRG), and other frequent gamers, despite ESG and HRG both groups dedicating significant time to gaming. This study included 47 male participants aged 15 to 19. Participants were categorized as ESG, casual gamers (CG), or HRG based on their MOBA experience, esports training, and Internet Gaming Disorder (IGD) scores. Each participant completed a dot-probe task with 56 stimulus conditions based on gaming cues, while eye-tracking technology recorded eye movements. The results indicated that HRG spent more total viewing time on stimulus images than ESG and CG. Additionally, HRG had longer first fixation durations and fewer saccade counts than the other two groups. Furthermore, HRG reported higher impulsivity and lower attentional focusing, suggesting a distinct psychological profile. Although ESG did not exhibit the same attentional biases as HRG, their self-reported gaming time was similar. This may be due to gaming being a career commitment for ESG, while for HRG, it serves as an escape from life pressures. Notably, eye-movement measures can identify high-risk tendencies early and uncover differences missed by self-report scales, including saccade count and attentional shifting. Caution is needed when diagnosing gaming disorder solely based on gaming time and self-reports. Future research could use attentional bias tasks as complementary diagnostic tools and further explore higher depression levels in HRG and ESG compared to CG.},<br \/>\r\nkeywords = {},<br \/>\r\npubstate = {published},<br \/>\r\ntppubtype = {article}<br \/>\r\n}<br \/>\r\n<\/pre><\/div><p class=\"tp_close_menu\"><a class=\"tp_close\" onclick=\"teachpress_pub_showhide('1807','tp_bibtex')\">Close<\/a><\/p><\/div><div class=\"tp_abstract\" id=\"tp_abstract_1807\" style=\"display:none;\"><div class=\"tp_abstract_entry\">Attentional biases, as measured through eye movements, have been observed in both gaming disorders and substance addictions. However, few studies compare these biases among esports gamers (ESG), high-risk gamers (HRG), and other frequent gamers, despite ESG and HRG both groups dedicating significant time to gaming. This study included 47 male participants aged 15 to 19. Participants were categorized as ESG, casual gamers (CG), or HRG based on their MOBA experience, esports training, and Internet Gaming Disorder (IGD) scores. Each participant completed a dot-probe task with 56 stimulus conditions based on gaming cues, while eye-tracking technology recorded eye movements. The results indicated that HRG spent more total viewing time on stimulus images than ESG and CG. Additionally, HRG had longer first fixation durations and fewer saccade counts than the other two groups. Furthermore, HRG reported higher impulsivity and lower attentional focusing, suggesting a distinct psychological profile. Although ESG did not exhibit the same attentional biases as HRG, their self-reported gaming time was similar. This may be due to gaming being a career commitment for ESG, while for HRG, it serves as an escape from life pressures. Notably, eye-movement measures can identify high-risk tendencies early and uncover differences missed by self-report scales, including saccade count and attentional shifting. Caution is needed when diagnosing gaming disorder solely based on gaming time and self-reports. Future research could use attentional bias tasks as complementary diagnostic tools and further explore higher depression levels in HRG and ESG compared to CG.<\/div><p class=\"tp_close_menu\"><a class=\"tp_close\" onclick=\"teachpress_pub_showhide('1807','tp_abstract')\">Close<\/a><\/p><\/div><div class=\"tp_links\" id=\"tp_links_1807\" style=\"display:none;\"><div class=\"tp_links_entry\"><ul class=\"tp_pub_list\"><li><i class=\"ai ai-doi\"><\/i><a class=\"tp_pub_list\" href=\"https:\/\/dx.doi.org\/10.1016\/j.chb.2025.108662\" title=\"Follow DOI:10.1016\/j.chb.2025.108662\" target=\"_blank\">doi:10.1016\/j.chb.2025.108662<\/a><\/li><\/ul><\/div><p class=\"tp_close_menu\"><a class=\"tp_close\" onclick=\"teachpress_pub_showhide('1807','tp_links')\">Close<\/a><\/p><\/div><\/td><\/tr><tr class=\"tp_publication tp_publication_article\"><td class=\"tp_pub_info\"><p class=\"tp_pub_author\">Xiaoxue Fu; Emma Platt; Frederick Shic; Jessica Bradshaw<\/p><p class=\"tp_pub_title\"><a class=\"tp_title_link\" onclick=\"teachpress_pub_showhide('3749','tp_abstract')\" style=\"cursor:pointer;\">Infant social attention associated with elevated likelihood for autism spectrum disorder: A multi-method comparison<\/a> <span class=\"tp_pub_type tp_  article\">Journal Article<\/span> <\/p><p class=\"tp_pub_additional\"><span class=\"tp_pub_additional_in\">In: <\/span><span class=\"tp_pub_additional_journal\">Journal of Autism and Developmental Disorders, <\/span><span class=\"tp_pub_additional_volume\">vol. 55, <\/span><span class=\"tp_pub_additional_number\">no. 7, <\/span><span class=\"tp_pub_additional_pages\">pp. 2337\u20132349, <\/span><span class=\"tp_pub_additional_year\">2025<\/span>.<\/p><p class=\"tp_pub_menu\"><span class=\"tp_abstract_link\"><a id=\"tp_abstract_sh_3749\" class=\"tp_show\" onclick=\"teachpress_pub_showhide('3749','tp_abstract')\" title=\"Show abstract\" style=\"cursor:pointer;\">Abstract<\/a><\/span> | <span class=\"tp_resource_link\"><a id=\"tp_links_sh_3749\" class=\"tp_show\" onclick=\"teachpress_pub_showhide('3749','tp_links')\" title=\"Show links and resources\" style=\"cursor:pointer;\">Links<\/a><\/span> | <span class=\"tp_bibtex_link\"><a id=\"tp_bibtex_sh_3749\" class=\"tp_show\" onclick=\"teachpress_pub_showhide('3749','tp_bibtex')\" title=\"Show BibTeX entry\" style=\"cursor:pointer;\">BibTeX<\/a><\/span><\/p><div class=\"tp_bibtex\" id=\"tp_bibtex_3749\" style=\"display:none;\"><div class=\"tp_bibtex_entry\"><pre>@article{Fu2025,<br \/>\r\ntitle = {Infant social attention associated with elevated likelihood for autism spectrum disorder: A multi-method comparison},<br \/>\r\nauthor = {Xiaoxue Fu and Emma Platt and Frederick Shic and Jessica Bradshaw},<br \/>\r\ndoi = {10.1007\/s10803-024-06360-z},<br \/>\r\nyear  = {2025},<br \/>\r\ndate = {2025-07-01},<br \/>\r\njournal = {Journal of Autism and Developmental Disorders},<br \/>\r\nvolume = {55},<br \/>\r\nnumber = {7},<br \/>\r\npages = {2337\u20132349},<br \/>\r\npublisher = {Springer},<br \/>\r\nabstract = {Purpose: The study aimed to compare eye tracking (ET) and manual coding (MC) measures of attention to social and nonsocial information in infants with elevated familial likelihood (EL) of autism spectrum disorder (ASD) and low likelihood of ASD (LL). ET provides a temporally and spatially sensitive tool for measuring gaze allocation. Existing evidence suggests that ET is a promising tool for detecting distinct social attention patterns that may serve as a biomarker for ASD. However, ET is prone to data loss, especially in young EL infants. Methods: To increase evidence for ET as a viable tool for capturing atypical social attention in EL infants, the current prospective, longitudinal study obtained ET and MC measures of social and nonsocial attention in 25 EL and 47 LL infants at several time points between 3 and 24 months of age. Results: ET data was obtained with a satisfactory success rate of 95.83%, albeit with a higher degree of data loss compared to MC. Infant age and ASD likelihood status did not impact the extent of ET or MC data loss. There was a significant positive association between the ET and MC measures of attention, and separate analyses of attention using ET and AC measures yielded comparable findings. These analyses indicated group differences (EL vs. LL) in age-related change in attention to social vs. nonsocial information. Conclusion: Together, the findings support infant ET as a promising approach for identifying very early markers associated with ASD likelihood.},<br \/>\r\nkeywords = {},<br \/>\r\npubstate = {published},<br \/>\r\ntppubtype = {article}<br \/>\r\n}<br \/>\r\n<\/pre><\/div><p class=\"tp_close_menu\"><a class=\"tp_close\" onclick=\"teachpress_pub_showhide('3749','tp_bibtex')\">Close<\/a><\/p><\/div><div class=\"tp_abstract\" id=\"tp_abstract_3749\" style=\"display:none;\"><div class=\"tp_abstract_entry\">Purpose: The study aimed to compare eye tracking (ET) and manual coding (MC) measures of attention to social and nonsocial information in infants with elevated familial likelihood (EL) of autism spectrum disorder (ASD) and low likelihood of ASD (LL). ET provides a temporally and spatially sensitive tool for measuring gaze allocation. Existing evidence suggests that ET is a promising tool for detecting distinct social attention patterns that may serve as a biomarker for ASD. However, ET is prone to data loss, especially in young EL infants. Methods: To increase evidence for ET as a viable tool for capturing atypical social attention in EL infants, the current prospective, longitudinal study obtained ET and MC measures of social and nonsocial attention in 25 EL and 47 LL infants at several time points between 3 and 24 months of age. Results: ET data was obtained with a satisfactory success rate of 95.83%, albeit with a higher degree of data loss compared to MC. Infant age and ASD likelihood status did not impact the extent of ET or MC data loss. There was a significant positive association between the ET and MC measures of attention, and separate analyses of attention using ET and AC measures yielded comparable findings. These analyses indicated group differences (EL vs. LL) in age-related change in attention to social vs. nonsocial information. Conclusion: Together, the findings support infant ET as a promising approach for identifying very early markers associated with ASD likelihood.<\/div><p class=\"tp_close_menu\"><a class=\"tp_close\" onclick=\"teachpress_pub_showhide('3749','tp_abstract')\">Close<\/a><\/p><\/div><div class=\"tp_links\" id=\"tp_links_3749\" style=\"display:none;\"><div class=\"tp_links_entry\"><ul class=\"tp_pub_list\"><li><i class=\"ai ai-doi\"><\/i><a class=\"tp_pub_list\" href=\"https:\/\/dx.doi.org\/10.1007\/s10803-024-06360-z\" title=\"Follow DOI:10.1007\/s10803-024-06360-z\" target=\"_blank\">doi:10.1007\/s10803-024-06360-z<\/a><\/li><\/ul><\/div><p class=\"tp_close_menu\"><a class=\"tp_close\" onclick=\"teachpress_pub_showhide('3749','tp_links')\">Close<\/a><\/p><\/div><\/td><\/tr><tr class=\"tp_publication tp_publication_article\"><td class=\"tp_pub_info\"><p class=\"tp_pub_author\">Marion Gardier; Marie Geurten<\/p><p class=\"tp_pub_title\"><a class=\"tp_title_link\" onclick=\"teachpress_pub_showhide('3854','tp_abstract')\" style=\"cursor:pointer;\">Is uncertainty in the eyes or in parents' talk? Linking an eye-tracking measure of toddlers' core metacognition to parental metacognitive talk<\/a> <span class=\"tp_pub_type tp_  article\">Journal Article<\/span> <\/p><p class=\"tp_pub_additional\"><span class=\"tp_pub_additional_in\">In: <\/span><span class=\"tp_pub_additional_journal\">Child Development, <\/span><span class=\"tp_pub_additional_volume\">vol. 96, <\/span><span class=\"tp_pub_additional_number\">no. 4, <\/span><span class=\"tp_pub_additional_pages\">pp. 1385\u20131394, <\/span><span class=\"tp_pub_additional_year\">2025<\/span>.<\/p><p class=\"tp_pub_menu\"><span class=\"tp_abstract_link\"><a id=\"tp_abstract_sh_3854\" class=\"tp_show\" onclick=\"teachpress_pub_showhide('3854','tp_abstract')\" title=\"Show abstract\" style=\"cursor:pointer;\">Abstract<\/a><\/span> | <span class=\"tp_resource_link\"><a id=\"tp_links_sh_3854\" class=\"tp_show\" onclick=\"teachpress_pub_showhide('3854','tp_links')\" title=\"Show links and resources\" style=\"cursor:pointer;\">Links<\/a><\/span> | <span class=\"tp_bibtex_link\"><a id=\"tp_bibtex_sh_3854\" class=\"tp_show\" onclick=\"teachpress_pub_showhide('3854','tp_bibtex')\" title=\"Show BibTeX entry\" style=\"cursor:pointer;\">BibTeX<\/a><\/span><\/p><div class=\"tp_bibtex\" id=\"tp_bibtex_3854\" style=\"display:none;\"><div class=\"tp_bibtex_entry\"><pre>@article{Gardier2025,<br \/>\r\ntitle = {Is uncertainty in the eyes or in parents' talk? Linking an eye-tracking measure of toddlers' core metacognition to parental metacognitive talk},<br \/>\r\nauthor = {Marion Gardier and Marie Geurten},<br \/>\r\ndoi = {10.1111\/cdev.14237},<br \/>\r\nyear  = {2025},<br \/>\r\ndate = {2025-07-01},<br \/>\r\njournal = {Child Development},<br \/>\r\nvolume = {96},<br \/>\r\nnumber = {4},<br \/>\r\npages = {1385\u20131394},<br \/>\r\npublisher = {John Wiley and Sons Inc},<br \/>\r\nabstract = {Recent studies have established that even preverbal infants can monitor and regulate their mental states, raising the question of the variables involved in this early metacognitive development. Here, the metacognition of fifty-five 18-month-old (27 females; mostly White; data collection: 2023) was assessed using an eye-tracking paradigm designed to capture children's ability to seek information (i.e., a cue) under uncertainty. Moreover, the relations between toddlers' metacognition and parental (52 mothers) metacognitive talk during a 10-min play session were also examined. Beyond replicating previous data showing metacognitive accuracy in toddlerhood, our results indicated that the frequency of parental utterances referring to metacognitive monitoring\u2014but not metacognitive regulation\u2014was related to toddlers' metacognition (OR = 1.3). Implications for sociocultural models of metacognitive development are discussed.},<br \/>\r\nkeywords = {},<br \/>\r\npubstate = {published},<br \/>\r\ntppubtype = {article}<br \/>\r\n}<br \/>\r\n<\/pre><\/div><p class=\"tp_close_menu\"><a class=\"tp_close\" onclick=\"teachpress_pub_showhide('3854','tp_bibtex')\">Close<\/a><\/p><\/div><div class=\"tp_abstract\" id=\"tp_abstract_3854\" style=\"display:none;\"><div class=\"tp_abstract_entry\">Recent studies have established that even preverbal infants can monitor and regulate their mental states, raising the question of the variables involved in this early metacognitive development. Here, the metacognition of fifty-five 18-month-old (27 females; mostly White; data collection: 2023) was assessed using an eye-tracking paradigm designed to capture children's ability to seek information (i.e., a cue) under uncertainty. Moreover, the relations between toddlers' metacognition and parental (52 mothers) metacognitive talk during a 10-min play session were also examined. Beyond replicating previous data showing metacognitive accuracy in toddlerhood, our results indicated that the frequency of parental utterances referring to metacognitive monitoring\u2014but not metacognitive regulation\u2014was related to toddlers' metacognition (OR = 1.3). Implications for sociocultural models of metacognitive development are discussed.<\/div><p class=\"tp_close_menu\"><a class=\"tp_close\" onclick=\"teachpress_pub_showhide('3854','tp_abstract')\">Close<\/a><\/p><\/div><div class=\"tp_links\" id=\"tp_links_3854\" style=\"display:none;\"><div class=\"tp_links_entry\"><ul class=\"tp_pub_list\"><li><i class=\"ai ai-doi\"><\/i><a class=\"tp_pub_list\" href=\"https:\/\/dx.doi.org\/10.1111\/cdev.14237\" title=\"Follow DOI:10.1111\/cdev.14237\" target=\"_blank\">doi:10.1111\/cdev.14237<\/a><\/li><\/ul><\/div><p class=\"tp_close_menu\"><a class=\"tp_close\" onclick=\"teachpress_pub_showhide('3854','tp_links')\">Close<\/a><\/p><\/div><\/td><\/tr><tr class=\"tp_publication tp_publication_article\"><td class=\"tp_pub_info\"><p class=\"tp_pub_author\">Andy Jeesu Kim; Keran Chen; Ying Tian; Mara Mather<\/p><p class=\"tp_pub_title\"><a class=\"tp_title_link\" onclick=\"teachpress_pub_showhide('6049','tp_abstract')\" style=\"cursor:pointer;\">The effects of mindfulness meditation on mechanisms of attentional control in young and older adults: A preregistered eye tracking study<\/a> <span class=\"tp_pub_type tp_  article\">Journal Article<\/span> <\/p><p class=\"tp_pub_additional\"><span class=\"tp_pub_additional_in\">In: <\/span><span class=\"tp_pub_additional_journal\">eNeuro, <\/span><span class=\"tp_pub_additional_volume\">vol. 12, <\/span><span class=\"tp_pub_additional_number\">no. 7, <\/span><span class=\"tp_pub_additional_pages\">pp. 1\u201318, <\/span><span class=\"tp_pub_additional_year\">2025<\/span>.<\/p><p class=\"tp_pub_menu\"><span class=\"tp_abstract_link\"><a id=\"tp_abstract_sh_6049\" class=\"tp_show\" onclick=\"teachpress_pub_showhide('6049','tp_abstract')\" title=\"Show abstract\" style=\"cursor:pointer;\">Abstract<\/a><\/span> | <span class=\"tp_resource_link\"><a id=\"tp_links_sh_6049\" class=\"tp_show\" onclick=\"teachpress_pub_showhide('6049','tp_links')\" title=\"Show links and resources\" style=\"cursor:pointer;\">Links<\/a><\/span> | <span class=\"tp_bibtex_link\"><a id=\"tp_bibtex_sh_6049\" class=\"tp_show\" onclick=\"teachpress_pub_showhide('6049','tp_bibtex')\" title=\"Show BibTeX entry\" style=\"cursor:pointer;\">BibTeX<\/a><\/span><\/p><div class=\"tp_bibtex\" id=\"tp_bibtex_6049\" style=\"display:none;\"><div class=\"tp_bibtex_entry\"><pre>@article{Kim2025,<br \/>\r\ntitle = {The effects of mindfulness meditation on mechanisms of attentional control in young and older adults: A preregistered eye tracking study},<br \/>\r\nauthor = {Andy Jeesu Kim and Keran Chen and Ying Tian and Mara Mather},<br \/>\r\ndoi = {10.1523\/ENEURO.0356-23.2025},<br \/>\r\nyear  = {2025},<br \/>\r\ndate = {2025-07-01},<br \/>\r\njournal = {eNeuro},<br \/>\r\nvolume = {12},<br \/>\r\nnumber = {7},<br \/>\r\npages = {1\u201318},<br \/>\r\npublisher = {Society for Neuroscience},<br \/>\r\nabstract = {Neuroimaging data reveal that a functional locus ceruleus-noradrenaline (LC-NA) system is critical in maintaining cognitive performance during aging. However, older adults show reduced LC integrity and altered functional connectivity, demonstrating both structural declines and dysfunction. The LC-NA system mediates mechanisms of attention processing and eye tracking studies have shown that older adults are slower and more distractible compared with young adults in visual search tasks. Prior studies have shown that mindfulness meditation modulates LC noradrenergic activity, increases gray matter volume in the brainstem, and improves attentional control. Thus, in a preregistered longitudinal study, we investigated whether 30 d of guided mindfulness meditation using a mobile application improved attentional control measured with eye movements. We hypothesized that older adults would show greater benefits from the mindfulness intervention compared with young adults. In two oculomotor search tasks, we identified that guided mindfulness practice improved saccadic reaction times, but that other longitudinal benefits in goal-directed attentional control or distractibility by task-irrelevant salient stimuli may be from repeated practice. Furthermore, we did not find evidence for age differences in response to the mindfulness intervention between young, middle-aged, and older adults, nor among scores on mindfulness questionnaires. Our findings show that short-term mindfulness practice can modulate cognition, specifically with the speed of overt orienting of attention that may not be observable in self-report measures. This study is the first to show the utility of mindfulness on cognition using a highly reliable measure in eye movements and suggests future longer-term intervention studies may be warranted.},<br \/>\r\nkeywords = {},<br \/>\r\npubstate = {published},<br \/>\r\ntppubtype = {article}<br \/>\r\n}<br \/>\r\n<\/pre><\/div><p class=\"tp_close_menu\"><a class=\"tp_close\" onclick=\"teachpress_pub_showhide('6049','tp_bibtex')\">Close<\/a><\/p><\/div><div class=\"tp_abstract\" id=\"tp_abstract_6049\" style=\"display:none;\"><div class=\"tp_abstract_entry\">Neuroimaging data reveal that a functional locus ceruleus-noradrenaline (LC-NA) system is critical in maintaining cognitive performance during aging. However, older adults show reduced LC integrity and altered functional connectivity, demonstrating both structural declines and dysfunction. The LC-NA system mediates mechanisms of attention processing and eye tracking studies have shown that older adults are slower and more distractible compared with young adults in visual search tasks. Prior studies have shown that mindfulness meditation modulates LC noradrenergic activity, increases gray matter volume in the brainstem, and improves attentional control. Thus, in a preregistered longitudinal study, we investigated whether 30 d of guided mindfulness meditation using a mobile application improved attentional control measured with eye movements. We hypothesized that older adults would show greater benefits from the mindfulness intervention compared with young adults. In two oculomotor search tasks, we identified that guided mindfulness practice improved saccadic reaction times, but that other longitudinal benefits in goal-directed attentional control or distractibility by task-irrelevant salient stimuli may be from repeated practice. Furthermore, we did not find evidence for age differences in response to the mindfulness intervention between young, middle-aged, and older adults, nor among scores on mindfulness questionnaires. Our findings show that short-term mindfulness practice can modulate cognition, specifically with the speed of overt orienting of attention that may not be observable in self-report measures. This study is the first to show the utility of mindfulness on cognition using a highly reliable measure in eye movements and suggests future longer-term intervention studies may be warranted.<\/div><p class=\"tp_close_menu\"><a class=\"tp_close\" onclick=\"teachpress_pub_showhide('6049','tp_abstract')\">Close<\/a><\/p><\/div><div class=\"tp_links\" id=\"tp_links_6049\" style=\"display:none;\"><div class=\"tp_links_entry\"><ul class=\"tp_pub_list\"><li><i class=\"ai ai-doi\"><\/i><a class=\"tp_pub_list\" href=\"https:\/\/dx.doi.org\/10.1523\/ENEURO.0356-23.2025\" title=\"Follow DOI:10.1523\/ENEURO.0356-23.2025\" target=\"_blank\">doi:10.1523\/ENEURO.0356-23.2025<\/a><\/li><\/ul><\/div><p class=\"tp_close_menu\"><a class=\"tp_close\" onclick=\"teachpress_pub_showhide('6049','tp_links')\">Close<\/a><\/p><\/div><\/td><\/tr><tr class=\"tp_publication tp_publication_article\"><td class=\"tp_pub_info\"><p class=\"tp_pub_author\">Magdalena Klimek; Hasse Karlsson; Linnea Karlsson; Riikka Korja; Saara Nolvi; Tuomo H\u00e4iki\u00f6; Jetro J. Tuulari; Eeva-Leena Kataja<\/p><p class=\"tp_pub_title\"><a class=\"tp_title_link\" onclick=\"teachpress_pub_showhide('6163','tp_abstract')\" style=\"cursor:pointer;\">Paternal adverse childhood experiences and offspring's attentional disengagement from faces at 8 months\u2014Results from the FinnBrain Birth Cohort Study<\/a> <span class=\"tp_pub_type tp_  article\">Journal Article<\/span> <\/p><p class=\"tp_pub_additional\"><span class=\"tp_pub_additional_in\">In: <\/span><span class=\"tp_pub_additional_journal\">PLoS One, <\/span><span class=\"tp_pub_additional_volume\">vol. 20, <\/span><span class=\"tp_pub_additional_number\">no. 7, <\/span><span class=\"tp_pub_additional_pages\">pp. 1\u201316, <\/span><span class=\"tp_pub_additional_year\">2025<\/span>.<\/p><p class=\"tp_pub_menu\"><span class=\"tp_abstract_link\"><a id=\"tp_abstract_sh_6163\" class=\"tp_show\" onclick=\"teachpress_pub_showhide('6163','tp_abstract')\" title=\"Show abstract\" style=\"cursor:pointer;\">Abstract<\/a><\/span> | <span class=\"tp_resource_link\"><a id=\"tp_links_sh_6163\" class=\"tp_show\" onclick=\"teachpress_pub_showhide('6163','tp_links')\" title=\"Show links and resources\" style=\"cursor:pointer;\">Links<\/a><\/span> | <span class=\"tp_bibtex_link\"><a id=\"tp_bibtex_sh_6163\" class=\"tp_show\" onclick=\"teachpress_pub_showhide('6163','tp_bibtex')\" title=\"Show BibTeX entry\" style=\"cursor:pointer;\">BibTeX<\/a><\/span><\/p><div class=\"tp_bibtex\" id=\"tp_bibtex_6163\" style=\"display:none;\"><div class=\"tp_bibtex_entry\"><pre>@article{Klimek2025,<br \/>\r\ntitle = {Paternal adverse childhood experiences and offspring's attentional disengagement from faces at 8 months\u2014Results from the FinnBrain Birth Cohort Study},<br \/>\r\nauthor = {Magdalena Klimek and Hasse Karlsson and Linnea Karlsson and Riikka Korja and Saara Nolvi and Tuomo H\u00e4iki\u00f6 and Jetro J. Tuulari and Eeva-Leena Kataja},<br \/>\r\ndoi = {10.1371\/journal.pone.0326437},<br \/>\r\nyear  = {2025},<br \/>\r\ndate = {2025-07-01},<br \/>\r\njournal = {PLoS One},<br \/>\r\nvolume = {20},<br \/>\r\nnumber = {7},<br \/>\r\npages = {1\u201316},<br \/>\r\npublisher = {Public Library of Science},<br \/>\r\nabstract = {Paternal adverse childhood experiences (ACEs) have been recently linked to offspring's brain development. Yet, none of the previous studies in humans have explored the association between paternal ACEs and a child's attentional bias for facial expressions of emotion. Our study fills this gap. Data were collected from 239 fathers (mean age 32.15; SD 5.04) and their children at 8 months of age who were part of the FinnBrain Birth Cohort Study. Paternal ACEs were evaluated using the Trauma and Distress Scale (TADS) in five domains: emotional and physical neglect, emotional and physical abuse, and sexual abuse. In children, eye-tracking was used to study attentional engagement to emotional faces vs. non-faces and distractors, and to calculate face and fear bias indices. Hierarchical linear regression and the Mann-Whitney U test were used for analyses. A negative association between paternal sexual abuse and face bias was found in children (p = 0.043), when paternal postpartum anxiety and sex of the child were controlled, however the effect size was rather low. Additionally, daughters (n = 6) of sexually abused fathers expressed lower face bias (p = 0.02) and higher fear bias (p = 0.04) than daughters of sexually non-abused fathers. Our preliminary exploration suggests a potential intergenerational effect of paternal exposure to sexual abuse on the processing of facial expression among daughters at the age of 8 months, yet the results require further confirmatory analyses, especially in a larger study group of ACEs-exposed individuals.},<br \/>\r\nkeywords = {},<br \/>\r\npubstate = {published},<br \/>\r\ntppubtype = {article}<br \/>\r\n}<br \/>\r\n<\/pre><\/div><p class=\"tp_close_menu\"><a class=\"tp_close\" onclick=\"teachpress_pub_showhide('6163','tp_bibtex')\">Close<\/a><\/p><\/div><div class=\"tp_abstract\" id=\"tp_abstract_6163\" style=\"display:none;\"><div class=\"tp_abstract_entry\">Paternal adverse childhood experiences (ACEs) have been recently linked to offspring's brain development. Yet, none of the previous studies in humans have explored the association between paternal ACEs and a child's attentional bias for facial expressions of emotion. Our study fills this gap. Data were collected from 239 fathers (mean age 32.15; SD 5.04) and their children at 8 months of age who were part of the FinnBrain Birth Cohort Study. Paternal ACEs were evaluated using the Trauma and Distress Scale (TADS) in five domains: emotional and physical neglect, emotional and physical abuse, and sexual abuse. In children, eye-tracking was used to study attentional engagement to emotional faces vs. non-faces and distractors, and to calculate face and fear bias indices. Hierarchical linear regression and the Mann-Whitney U test were used for analyses. A negative association between paternal sexual abuse and face bias was found in children (p = 0.043), when paternal postpartum anxiety and sex of the child were controlled, however the effect size was rather low. Additionally, daughters (n = 6) of sexually abused fathers expressed lower face bias (p = 0.02) and higher fear bias (p = 0.04) than daughters of sexually non-abused fathers. Our preliminary exploration suggests a potential intergenerational effect of paternal exposure to sexual abuse on the processing of facial expression among daughters at the age of 8 months, yet the results require further confirmatory analyses, especially in a larger study group of ACEs-exposed individuals.<\/div><p class=\"tp_close_menu\"><a class=\"tp_close\" onclick=\"teachpress_pub_showhide('6163','tp_abstract')\">Close<\/a><\/p><\/div><div class=\"tp_links\" id=\"tp_links_6163\" style=\"display:none;\"><div class=\"tp_links_entry\"><ul class=\"tp_pub_list\"><li><i class=\"ai ai-doi\"><\/i><a class=\"tp_pub_list\" href=\"https:\/\/dx.doi.org\/10.1371\/journal.pone.0326437\" title=\"Follow DOI:10.1371\/journal.pone.0326437\" target=\"_blank\">doi:10.1371\/journal.pone.0326437<\/a><\/li><\/ul><\/div><p class=\"tp_close_menu\"><a class=\"tp_close\" onclick=\"teachpress_pub_showhide('6163','tp_links')\">Close<\/a><\/p><\/div><\/td><\/tr><tr class=\"tp_publication tp_publication_article\"><td class=\"tp_pub_info\"><p class=\"tp_pub_author\">Maggie E. Zink; Leslie Zhen; Jacie R. McHaney; Jennifer Klara; Kimberly Yurasits; Victoria E. Cancel; Olivia Flemm; Claire Mitchell; Jyotishka Datta; Bharath Chandresekaran; Aravindakshan Parthasarathy<\/p><p class=\"tp_pub_title\"><a class=\"tp_title_link\" onclick=\"teachpress_pub_showhide('14032','tp_abstract')\" style=\"cursor:pointer;\">Increased listening effort and cochlear neural degeneration underlie speech-in-noise deficits in normal-hearing middle-aged adults<\/a> <span class=\"tp_pub_type tp_  article\">Journal Article<\/span> <\/p><p class=\"tp_pub_additional\"><span class=\"tp_pub_additional_in\">In: <\/span><span class=\"tp_pub_additional_journal\">eLife, <\/span><span class=\"tp_pub_additional_volume\">vol. 13, <\/span><span class=\"tp_pub_additional_pages\">pp. 1\u201327, <\/span><span class=\"tp_pub_additional_year\">2025<\/span>.<\/p><p class=\"tp_pub_menu\"><span class=\"tp_abstract_link\"><a id=\"tp_abstract_sh_14032\" class=\"tp_show\" onclick=\"teachpress_pub_showhide('14032','tp_abstract')\" title=\"Show abstract\" style=\"cursor:pointer;\">Abstract<\/a><\/span> | <span class=\"tp_resource_link\"><a id=\"tp_links_sh_14032\" class=\"tp_show\" onclick=\"teachpress_pub_showhide('14032','tp_links')\" title=\"Show links and resources\" style=\"cursor:pointer;\">Links<\/a><\/span> | <span class=\"tp_bibtex_link\"><a id=\"tp_bibtex_sh_14032\" class=\"tp_show\" onclick=\"teachpress_pub_showhide('14032','tp_bibtex')\" title=\"Show BibTeX entry\" style=\"cursor:pointer;\">BibTeX<\/a><\/span><\/p><div class=\"tp_bibtex\" id=\"tp_bibtex_14032\" style=\"display:none;\"><div class=\"tp_bibtex_entry\"><pre>@article{Zink2025,<br \/>\r\ntitle = {Increased listening effort and cochlear neural degeneration underlie speech-in-noise deficits in normal-hearing middle-aged adults},<br \/>\r\nauthor = {Maggie E. Zink and Leslie Zhen and Jacie R. McHaney and Jennifer Klara and Kimberly Yurasits and Victoria E. Cancel and Olivia Flemm and Claire Mitchell and Jyotishka Datta and Bharath Chandresekaran and Aravindakshan Parthasarathy},<br \/>\r\ndoi = {10.7554\/elife.102823},<br \/>\r\nyear  = {2025},<br \/>\r\ndate = {2025-07-01},<br \/>\r\njournal = {eLife},<br \/>\r\nvolume = {13},<br \/>\r\npages = {1\u201327},<br \/>\r\npublisher = {eLife Sciences Publications, Ltd},<br \/>\r\nabstract = {Middle age represents a critical period of accelerated brain changes and provides a window for early detection and intervention in age-related neurological decline. Hearing loss is a key early marker of such decline and is linked to numerous comorbidities in older adults. Yet, ~10% of middle-aged individuals who report hearing difficulties show normal audiograms. Cochlear neural degeneration (CND) could contribute to these hidden hearing deficits, though its role remains unclear due to a lack of objective diagnostics and uncertainty regarding its perceptual outcomes. Here, we employed a cross-species design to examine neural and behavioral signatures of CND. We measured envelope following responses (EFRs) \u2013 neural ensemble responses to sound originating from the peripheral auditory pathway \u2013 in young and middle-aged adults with normal audiograms and compared these responses to young and middle-aged Mongolian gerbils, where CND was histologically confirmed. We observed near-identical changes in EFRs across species that were associated with CND. Behavioral assessments revealed age-related speech-in-noise deficits under challenging conditions, while pupil-indexed listening effort increased with age even when behavioral performance was matched. Together, these results demonstrate that CND contributes to speech perception difficulties and elevated listening effort in midlife, which may ultimately lead to listening fatigue and social withdrawal.},<br \/>\r\nkeywords = {},<br \/>\r\npubstate = {published},<br \/>\r\ntppubtype = {article}<br \/>\r\n}<br \/>\r\n<\/pre><\/div><p class=\"tp_close_menu\"><a class=\"tp_close\" onclick=\"teachpress_pub_showhide('14032','tp_bibtex')\">Close<\/a><\/p><\/div><div class=\"tp_abstract\" id=\"tp_abstract_14032\" style=\"display:none;\"><div class=\"tp_abstract_entry\">Middle age represents a critical period of accelerated brain changes and provides a window for early detection and intervention in age-related neurological decline. Hearing loss is a key early marker of such decline and is linked to numerous comorbidities in older adults. Yet, ~10% of middle-aged individuals who report hearing difficulties show normal audiograms. Cochlear neural degeneration (CND) could contribute to these hidden hearing deficits, though its role remains unclear due to a lack of objective diagnostics and uncertainty regarding its perceptual outcomes. Here, we employed a cross-species design to examine neural and behavioral signatures of CND. We measured envelope following responses (EFRs) \u2013 neural ensemble responses to sound originating from the peripheral auditory pathway \u2013 in young and middle-aged adults with normal audiograms and compared these responses to young and middle-aged Mongolian gerbils, where CND was histologically confirmed. We observed near-identical changes in EFRs across species that were associated with CND. Behavioral assessments revealed age-related speech-in-noise deficits under challenging conditions, while pupil-indexed listening effort increased with age even when behavioral performance was matched. Together, these results demonstrate that CND contributes to speech perception difficulties and elevated listening effort in midlife, which may ultimately lead to listening fatigue and social withdrawal.<\/div><p class=\"tp_close_menu\"><a class=\"tp_close\" onclick=\"teachpress_pub_showhide('14032','tp_abstract')\">Close<\/a><\/p><\/div><div class=\"tp_links\" id=\"tp_links_14032\" style=\"display:none;\"><div class=\"tp_links_entry\"><ul class=\"tp_pub_list\"><li><i class=\"ai ai-doi\"><\/i><a class=\"tp_pub_list\" href=\"https:\/\/dx.doi.org\/10.7554\/elife.102823\" title=\"Follow DOI:10.7554\/elife.102823\" target=\"_blank\">doi:10.7554\/elife.102823<\/a><\/li><\/ul><\/div><p class=\"tp_close_menu\"><a class=\"tp_close\" onclick=\"teachpress_pub_showhide('14032','tp_links')\">Close<\/a><\/p><\/div><\/td><\/tr><tr class=\"tp_publication tp_publication_article\"><td class=\"tp_pub_info\"><p class=\"tp_pub_author\">Ralph Andrews; Michael C. Melnychuk; Catherine N. Moran; David P. McGovern; Alexa Holfelder; Sarah Moran; Paul M. Dockree<\/p><p class=\"tp_pub_title\"><a class=\"tp_title_link\" onclick=\"teachpress_pub_showhide('328','tp_abstract')\" style=\"cursor:pointer;\">Arousal and sustained attention fluctuate differently with respiration in younger and older adults<\/a> <span class=\"tp_pub_type tp_  article\">Journal Article<\/span> <\/p><p class=\"tp_pub_additional\"><span class=\"tp_pub_additional_in\">In: <\/span><span class=\"tp_pub_additional_journal\">Imaging Neuroscience, <\/span><span class=\"tp_pub_additional_volume\">vol. 3, <\/span><span class=\"tp_pub_additional_pages\">pp. 1\u201321, <\/span><span class=\"tp_pub_additional_year\">2025<\/span>.<\/p><p class=\"tp_pub_menu\"><span class=\"tp_abstract_link\"><a id=\"tp_abstract_sh_328\" class=\"tp_show\" onclick=\"teachpress_pub_showhide('328','tp_abstract')\" title=\"Show abstract\" style=\"cursor:pointer;\">Abstract<\/a><\/span> | <span class=\"tp_resource_link\"><a id=\"tp_links_sh_328\" class=\"tp_show\" onclick=\"teachpress_pub_showhide('328','tp_links')\" title=\"Show links and resources\" style=\"cursor:pointer;\">Links<\/a><\/span> | <span class=\"tp_bibtex_link\"><a id=\"tp_bibtex_sh_328\" class=\"tp_show\" onclick=\"teachpress_pub_showhide('328','tp_bibtex')\" title=\"Show BibTeX entry\" style=\"cursor:pointer;\">BibTeX<\/a><\/span><\/p><div class=\"tp_bibtex\" id=\"tp_bibtex_328\" style=\"display:none;\"><div class=\"tp_bibtex_entry\"><pre>@article{Andrews2025,<br \/>\r\ntitle = {Arousal and sustained attention fluctuate differently with respiration in younger and older adults},<br \/>\r\nauthor = {Ralph Andrews and Michael C. Melnychuk and Catherine N. Moran and David P. McGovern and Alexa Holfelder and Sarah Moran and Paul M. Dockree},<br \/>\r\ndoi = {10.1162\/IMAG.a.26},<br \/>\r\nyear  = {2025},<br \/>\r\ndate = {2025-06-01},<br \/>\r\njournal = {Imaging Neuroscience},<br \/>\r\nvolume = {3},<br \/>\r\npages = {1\u201321},<br \/>\r\npublisher = {Massachusetts Institute of Technology},<br \/>\r\nabstract = {Respiration is being increasingly recognised as both synchronising its dynamics with external events and modulating internal psychophysiological states. However, the extent to which these effects stem from a respiratory modulation of attention remains underexplored. Here, we leverage differing attentional strategies of younger (YA) and older adults (OA)\u2014OA exhibited greater focus during a simple contrast change detection task\u2014to examine their relationship with respiratory phase-locking behaviour. OA exhibited stronger phase-locking of their respiratory cycle to task-relevant events compared with YA. Notably, participants appeared to actively adjust their breathing so that late exhalation phases coincided with target presentation, despite variable inter-target intervals. To characterise this target-locked respiratory phase window, we analysed pupil diameter and EEG frequency-power as indices of arousal and attention. Pupil diameter, frontal delta and theta, posterior alpha, and steady-state visually evoked potential (SSVEP) amplitude all varied significantly over the respiratory cycle, suggesting that arousal was enhanced for respiratory phases aligned with target expectancy and attenuated outside these phases. OA showed stronger respiratory modulation of delta, theta, and alpha, whereas YA showed stronger modulation of pupil diameter and SSVEP. We interpret these findings as evidence that respiration shapes attentional fluctuations, expanding and contracting the vigilant state across the respiratory cycle through interactions with arousal and attentional systems. Further, the age-dependent quality of attention which is applied to a task has implications for the degree of respiratory phase-locking and how physiological signatures of arousal and attention are modulated.},<br \/>\r\nkeywords = {},<br \/>\r\npubstate = {published},<br \/>\r\ntppubtype = {article}<br \/>\r\n}<br \/>\r\n<\/pre><\/div><p class=\"tp_close_menu\"><a class=\"tp_close\" onclick=\"teachpress_pub_showhide('328','tp_bibtex')\">Close<\/a><\/p><\/div><div class=\"tp_abstract\" id=\"tp_abstract_328\" style=\"display:none;\"><div class=\"tp_abstract_entry\">Respiration is being increasingly recognised as both synchronising its dynamics with external events and modulating internal psychophysiological states. However, the extent to which these effects stem from a respiratory modulation of attention remains underexplored. Here, we leverage differing attentional strategies of younger (YA) and older adults (OA)\u2014OA exhibited greater focus during a simple contrast change detection task\u2014to examine their relationship with respiratory phase-locking behaviour. OA exhibited stronger phase-locking of their respiratory cycle to task-relevant events compared with YA. Notably, participants appeared to actively adjust their breathing so that late exhalation phases coincided with target presentation, despite variable inter-target intervals. To characterise this target-locked respiratory phase window, we analysed pupil diameter and EEG frequency-power as indices of arousal and attention. Pupil diameter, frontal delta and theta, posterior alpha, and steady-state visually evoked potential (SSVEP) amplitude all varied significantly over the respiratory cycle, suggesting that arousal was enhanced for respiratory phases aligned with target expectancy and attenuated outside these phases. OA showed stronger respiratory modulation of delta, theta, and alpha, whereas YA showed stronger modulation of pupil diameter and SSVEP. We interpret these findings as evidence that respiration shapes attentional fluctuations, expanding and contracting the vigilant state across the respiratory cycle through interactions with arousal and attentional systems. Further, the age-dependent quality of attention which is applied to a task has implications for the degree of respiratory phase-locking and how physiological signatures of arousal and attention are modulated.<\/div><p class=\"tp_close_menu\"><a class=\"tp_close\" onclick=\"teachpress_pub_showhide('328','tp_abstract')\">Close<\/a><\/p><\/div><div class=\"tp_links\" id=\"tp_links_328\" style=\"display:none;\"><div class=\"tp_links_entry\"><ul class=\"tp_pub_list\"><li><i class=\"ai ai-doi\"><\/i><a class=\"tp_pub_list\" href=\"https:\/\/dx.doi.org\/10.1162\/IMAG.a.26\" title=\"Follow DOI:10.1162\/IMAG.a.26\" target=\"_blank\">doi:10.1162\/IMAG.a.26<\/a><\/li><\/ul><\/div><p class=\"tp_close_menu\"><a class=\"tp_close\" onclick=\"teachpress_pub_showhide('328','tp_links')\">Close<\/a><\/p><\/div><\/td><\/tr><tr class=\"tp_publication tp_publication_article\"><td class=\"tp_pub_info\"><p class=\"tp_pub_author\">Tess Barich; Louise Kyriaki; Alexandre Forndran; Paul Williamson; Joanne Arciuli<\/p><p class=\"tp_pub_title\"><a class=\"tp_title_link\" onclick=\"teachpress_pub_showhide('645','tp_abstract')\" style=\"cursor:pointer;\">Children's processing of irony during reading in English: An eye-tracking study<\/a> <span class=\"tp_pub_type tp_  article\">Journal Article<\/span> <\/p><p class=\"tp_pub_additional\"><span class=\"tp_pub_additional_in\">In: <\/span><span class=\"tp_pub_additional_journal\">Journal of Experimental Child Psychology, <\/span><span class=\"tp_pub_additional_volume\">vol. 254, <\/span><span class=\"tp_pub_additional_pages\">pp. 1\u201319, <\/span><span class=\"tp_pub_additional_year\">2025<\/span>.<\/p><p class=\"tp_pub_menu\"><span class=\"tp_abstract_link\"><a id=\"tp_abstract_sh_645\" class=\"tp_show\" onclick=\"teachpress_pub_showhide('645','tp_abstract')\" title=\"Show abstract\" style=\"cursor:pointer;\">Abstract<\/a><\/span> | <span class=\"tp_resource_link\"><a id=\"tp_links_sh_645\" class=\"tp_show\" onclick=\"teachpress_pub_showhide('645','tp_links')\" title=\"Show links and resources\" style=\"cursor:pointer;\">Links<\/a><\/span> | <span class=\"tp_bibtex_link\"><a id=\"tp_bibtex_sh_645\" class=\"tp_show\" onclick=\"teachpress_pub_showhide('645','tp_bibtex')\" title=\"Show BibTeX entry\" style=\"cursor:pointer;\">BibTeX<\/a><\/span><\/p><div class=\"tp_bibtex\" id=\"tp_bibtex_645\" style=\"display:none;\"><div class=\"tp_bibtex_entry\"><pre>@article{Barich2025,<br \/>\r\ntitle = {Children's processing of irony during reading in English: An eye-tracking study},<br \/>\r\nauthor = {Tess Barich and Louise Kyriaki and Alexandre Forndran and Paul Williamson and Joanne Arciuli},<br \/>\r\ndoi = {10.1016\/j.jecp.2025.106202},<br \/>\r\nyear  = {2025},<br \/>\r\ndate = {2025-06-01},<br \/>\r\njournal = {Journal of Experimental Child Psychology},<br \/>\r\nvolume = {254},<br \/>\r\npages = {1\u201319},<br \/>\r\npublisher = {Academic Press Inc.},<br \/>\r\nabstract = {We know a great deal about the mechanisms underpinning literacy, yet gaps exist in understanding some complex literacy skills. The processing of irony during reading is one such skill. We used eye-tracking and behavioral measures to examine the processing of irony during reading in English in 30 children aged 10 to 12 years (33% female and 67% male; Mage = 11.34 years) by comparison with 32 adults (75% female and 25% male; Mage = 24.34 years). To accommodate individual differences, we included standardized measures of reading ability in our linear mixed models. Although children were slower in their reading times and had more difficulty in comprehending accurately the meanings of ironic texts versus literal texts by comparison with adults, children showed an adult-like processing cost for ironic information versus literal information across most measures. There were main effects but no substantial interactions involving reading ability. Future studies could include a broader range of ages to better understand the developmental trajectory of irony processing during reading.},<br \/>\r\nkeywords = {},<br \/>\r\npubstate = {published},<br \/>\r\ntppubtype = {article}<br \/>\r\n}<br \/>\r\n<\/pre><\/div><p class=\"tp_close_menu\"><a class=\"tp_close\" onclick=\"teachpress_pub_showhide('645','tp_bibtex')\">Close<\/a><\/p><\/div><div class=\"tp_abstract\" id=\"tp_abstract_645\" style=\"display:none;\"><div class=\"tp_abstract_entry\">We know a great deal about the mechanisms underpinning literacy, yet gaps exist in understanding some complex literacy skills. The processing of irony during reading is one such skill. We used eye-tracking and behavioral measures to examine the processing of irony during reading in English in 30 children aged 10 to 12 years (33% female and 67% male; Mage = 11.34 years) by comparison with 32 adults (75% female and 25% male; Mage = 24.34 years). To accommodate individual differences, we included standardized measures of reading ability in our linear mixed models. Although children were slower in their reading times and had more difficulty in comprehending accurately the meanings of ironic texts versus literal texts by comparison with adults, children showed an adult-like processing cost for ironic information versus literal information across most measures. There were main effects but no substantial interactions involving reading ability. Future studies could include a broader range of ages to better understand the developmental trajectory of irony processing during reading.<\/div><p class=\"tp_close_menu\"><a class=\"tp_close\" onclick=\"teachpress_pub_showhide('645','tp_abstract')\">Close<\/a><\/p><\/div><div class=\"tp_links\" id=\"tp_links_645\" style=\"display:none;\"><div class=\"tp_links_entry\"><ul class=\"tp_pub_list\"><li><i class=\"ai ai-doi\"><\/i><a class=\"tp_pub_list\" href=\"https:\/\/dx.doi.org\/10.1016\/j.jecp.2025.106202\" title=\"Follow DOI:10.1016\/j.jecp.2025.106202\" target=\"_blank\">doi:10.1016\/j.jecp.2025.106202<\/a><\/li><\/ul><\/div><p class=\"tp_close_menu\"><a class=\"tp_close\" onclick=\"teachpress_pub_showhide('645','tp_links')\">Close<\/a><\/p><\/div><\/td><\/tr><tr class=\"tp_publication tp_publication_article\"><td class=\"tp_pub_info\"><p class=\"tp_pub_author\">Timothy L. Hodgson; Phoebe Cartwright; Joseph Dodd; Annabelle Hippisley<\/p><p class=\"tp_pub_title\"><a class=\"tp_title_link\" onclick=\"teachpress_pub_showhide('4929','tp_abstract')\" style=\"cursor:pointer;\">Oculomotor deficits in children with sensory processing difficulties<\/a> <span class=\"tp_pub_type tp_  article\">Journal Article<\/span> <\/p><p class=\"tp_pub_additional\"><span class=\"tp_pub_additional_in\">In: <\/span><span class=\"tp_pub_additional_journal\">British Journal of Occupational Therapy, <\/span><span class=\"tp_pub_additional_volume\">vol. 88, <\/span><span class=\"tp_pub_additional_number\">no. 6, <\/span><span class=\"tp_pub_additional_pages\">pp. 352\u2013361, <\/span><span class=\"tp_pub_additional_year\">2025<\/span>.<\/p><p class=\"tp_pub_menu\"><span class=\"tp_abstract_link\"><a id=\"tp_abstract_sh_4929\" class=\"tp_show\" onclick=\"teachpress_pub_showhide('4929','tp_abstract')\" title=\"Show abstract\" style=\"cursor:pointer;\">Abstract<\/a><\/span> | <span class=\"tp_resource_link\"><a id=\"tp_links_sh_4929\" class=\"tp_show\" onclick=\"teachpress_pub_showhide('4929','tp_links')\" title=\"Show links and resources\" style=\"cursor:pointer;\">Links<\/a><\/span> | <span class=\"tp_bibtex_link\"><a id=\"tp_bibtex_sh_4929\" class=\"tp_show\" onclick=\"teachpress_pub_showhide('4929','tp_bibtex')\" title=\"Show BibTeX entry\" style=\"cursor:pointer;\">BibTeX<\/a><\/span><\/p><div class=\"tp_bibtex\" id=\"tp_bibtex_4929\" style=\"display:none;\"><div class=\"tp_bibtex_entry\"><pre>@article{Hodgson2025,<br \/>\r\ntitle = {Oculomotor deficits in children with sensory processing difficulties},<br \/>\r\nauthor = {Timothy L. Hodgson and Phoebe Cartwright and Joseph Dodd and Annabelle Hippisley},<br \/>\r\ndoi = {10.1177\/03080226251321342},<br \/>\r\nyear  = {2025},<br \/>\r\ndate = {2025-06-01},<br \/>\r\njournal = {British Journal of Occupational Therapy},<br \/>\r\nvolume = {88},<br \/>\r\nnumber = {6},<br \/>\r\npages = {352\u2013361},<br \/>\r\npublisher = {SAGE Publications Inc.},<br \/>\r\nabstract = {Background: Atypically developing children often present with a variety of sensory processing difficulties which have been proposed to reflect abnormal development of pathways integrating sensation and action. A brain system in which the process of sensorimotor integration is particularly well understood is the oculomotor system, but no studies to date have used computerised eye tracking to assess eye movements in children with sensory processing difficulties. Method: Ten children with sensory processing difficulties completed a battery of oculomotor tasks comprising pro-saccades, anti-saccades, smooth pursuit tracking and sustained fixation. Eye movements were recorded using a high-resolution eye tracker. Results: Compared to age-matched controls, children with sensory processing difficulties were found to make more directional errors in the anti-saccade task and less-accurate smooth pursuit and sustained fixation. Conclusion: Consistent differences were found in oculomotor ability in children with sensory processing difficulties which are likely to impact children's ability to process and respond to visual information within home and school contexts. Further research is needed to understand the relationship between oculomotor deficits in children with sensory processing difficulties and the presence\/absence of neurodevelopmental diagnoses. Eye tracking may be of value in the future for assessment and objective evaluation of interventions for sensory processing difficulties such as sensory integration therapy.},<br \/>\r\nkeywords = {},<br \/>\r\npubstate = {published},<br \/>\r\ntppubtype = {article}<br \/>\r\n}<br \/>\r\n<\/pre><\/div><p class=\"tp_close_menu\"><a class=\"tp_close\" onclick=\"teachpress_pub_showhide('4929','tp_bibtex')\">Close<\/a><\/p><\/div><div class=\"tp_abstract\" id=\"tp_abstract_4929\" style=\"display:none;\"><div class=\"tp_abstract_entry\">Background: Atypically developing children often present with a variety of sensory processing difficulties which have been proposed to reflect abnormal development of pathways integrating sensation and action. A brain system in which the process of sensorimotor integration is particularly well understood is the oculomotor system, but no studies to date have used computerised eye tracking to assess eye movements in children with sensory processing difficulties. Method: Ten children with sensory processing difficulties completed a battery of oculomotor tasks comprising pro-saccades, anti-saccades, smooth pursuit tracking and sustained fixation. Eye movements were recorded using a high-resolution eye tracker. Results: Compared to age-matched controls, children with sensory processing difficulties were found to make more directional errors in the anti-saccade task and less-accurate smooth pursuit and sustained fixation. Conclusion: Consistent differences were found in oculomotor ability in children with sensory processing difficulties which are likely to impact children's ability to process and respond to visual information within home and school contexts. Further research is needed to understand the relationship between oculomotor deficits in children with sensory processing difficulties and the presence\/absence of neurodevelopmental diagnoses. Eye tracking may be of value in the future for assessment and objective evaluation of interventions for sensory processing difficulties such as sensory integration therapy.<\/div><p class=\"tp_close_menu\"><a class=\"tp_close\" onclick=\"teachpress_pub_showhide('4929','tp_abstract')\">Close<\/a><\/p><\/div><div class=\"tp_links\" id=\"tp_links_4929\" style=\"display:none;\"><div class=\"tp_links_entry\"><ul class=\"tp_pub_list\"><li><i class=\"ai ai-doi\"><\/i><a class=\"tp_pub_list\" href=\"https:\/\/dx.doi.org\/10.1177\/03080226251321342\" title=\"Follow DOI:10.1177\/03080226251321342\" target=\"_blank\">doi:10.1177\/03080226251321342<\/a><\/li><\/ul><\/div><p class=\"tp_close_menu\"><a class=\"tp_close\" onclick=\"teachpress_pub_showhide('4929','tp_links')\">Close<\/a><\/p><\/div><\/td><\/tr><tr class=\"tp_publication tp_publication_article\"><td class=\"tp_pub_info\"><p class=\"tp_pub_author\">Nicolas Masson; Christine Schiltz; Laurie Geers; Michael Andres<\/p><p class=\"tp_pub_title\"><a class=\"tp_title_link\" onclick=\"teachpress_pub_showhide('7710','tp_abstract')\" style=\"cursor:pointer;\">Spatial coding of arithmetic operations in early learning: An eye tracking study in first-grade elementary school children<\/a> <span class=\"tp_pub_type tp_  article\">Journal Article<\/span> <\/p><p class=\"tp_pub_additional\"><span class=\"tp_pub_additional_in\">In: <\/span><span class=\"tp_pub_additional_journal\">Psychological Research, <\/span><span class=\"tp_pub_additional_volume\">vol. 89, <\/span><span class=\"tp_pub_additional_number\">no. 3, <\/span><span class=\"tp_pub_additional_pages\">pp. 1\u201311, <\/span><span class=\"tp_pub_additional_year\">2025<\/span>.<\/p><p class=\"tp_pub_menu\"><span class=\"tp_abstract_link\"><a id=\"tp_abstract_sh_7710\" class=\"tp_show\" onclick=\"teachpress_pub_showhide('7710','tp_abstract')\" title=\"Show abstract\" style=\"cursor:pointer;\">Abstract<\/a><\/span> | <span class=\"tp_resource_link\"><a id=\"tp_links_sh_7710\" class=\"tp_show\" onclick=\"teachpress_pub_showhide('7710','tp_links')\" title=\"Show links and resources\" style=\"cursor:pointer;\">Links<\/a><\/span> | <span class=\"tp_bibtex_link\"><a id=\"tp_bibtex_sh_7710\" class=\"tp_show\" onclick=\"teachpress_pub_showhide('7710','tp_bibtex')\" title=\"Show BibTeX entry\" style=\"cursor:pointer;\">BibTeX<\/a><\/span><\/p><div class=\"tp_bibtex\" id=\"tp_bibtex_7710\" style=\"display:none;\"><div class=\"tp_bibtex_entry\"><pre>@article{Masson2025,<br \/>\r\ntitle = {Spatial coding of arithmetic operations in early learning: An eye tracking study in first-grade elementary school children},<br \/>\r\nauthor = {Nicolas Masson and Christine Schiltz and Laurie Geers and Michael Andres},<br \/>\r\ndoi = {10.1007\/s00426-025-02119-y},<br \/>\r\nyear  = {2025},<br \/>\r\ndate = {2025-06-01},<br \/>\r\njournal = {Psychological Research},<br \/>\r\nvolume = {89},<br \/>\r\nnumber = {3},<br \/>\r\npages = {1\u201311},<br \/>\r\npublisher = {Springer Science and Business Media Deutschland GmbH},<br \/>\r\nabstract = {A growing body of evidence indicates that mental calculation in adults is accompanied by horizontal attention shifts along a mental continuum representing the range of plausible answers. The fast deployment of spatial attention suggests a predictive role in guiding the search for the answer. The link between arithmetic and spatial functions is theoretically justified by the need to alleviate the cognitive load of mental calculation, but the question of how this link establishes during development gives rise to opposing views emphasizing either biological or cultural factors. The role of education, in particular, remains debated in the absence of data covering the period when children learn arithmetic. In this study, we measured gaze movements, as a proxy for attentional shifts, while first-grade elementary school children solved single-digit additions and subtractions. The investigation was scheduled only a few weeks after the formal teaching of symbolic subtraction to assess the role of spatial attention in early learning. Gaze patterns revealed horizontal\u2013 but not vertical\u2013 attentional shifts, with addition shifting the gaze more rightward than subtraction. The shift was observed as soon as the first operand and the operator were presented, corroborating the view that attention is used to predictively identify the portion of the numerical continuum where the answer is likely to be located, as adult studies suggested. The finding of a similar gaze pattern in adults and six-year-old children who have just learned how to subtract single digits challenges the idea that arithmetic problem solving requires intensive practice to be linked to spatial attention.},<br \/>\r\nkeywords = {},<br \/>\r\npubstate = {published},<br \/>\r\ntppubtype = {article}<br \/>\r\n}<br \/>\r\n<\/pre><\/div><p class=\"tp_close_menu\"><a class=\"tp_close\" onclick=\"teachpress_pub_showhide('7710','tp_bibtex')\">Close<\/a><\/p><\/div><div class=\"tp_abstract\" id=\"tp_abstract_7710\" style=\"display:none;\"><div class=\"tp_abstract_entry\">A growing body of evidence indicates that mental calculation in adults is accompanied by horizontal attention shifts along a mental continuum representing the range of plausible answers. The fast deployment of spatial attention suggests a predictive role in guiding the search for the answer. The link between arithmetic and spatial functions is theoretically justified by the need to alleviate the cognitive load of mental calculation, but the question of how this link establishes during development gives rise to opposing views emphasizing either biological or cultural factors. The role of education, in particular, remains debated in the absence of data covering the period when children learn arithmetic. In this study, we measured gaze movements, as a proxy for attentional shifts, while first-grade elementary school children solved single-digit additions and subtractions. The investigation was scheduled only a few weeks after the formal teaching of symbolic subtraction to assess the role of spatial attention in early learning. Gaze patterns revealed horizontal\u2013 but not vertical\u2013 attentional shifts, with addition shifting the gaze more rightward than subtraction. The shift was observed as soon as the first operand and the operator were presented, corroborating the view that attention is used to predictively identify the portion of the numerical continuum where the answer is likely to be located, as adult studies suggested. The finding of a similar gaze pattern in adults and six-year-old children who have just learned how to subtract single digits challenges the idea that arithmetic problem solving requires intensive practice to be linked to spatial attention.<\/div><p class=\"tp_close_menu\"><a class=\"tp_close\" onclick=\"teachpress_pub_showhide('7710','tp_abstract')\">Close<\/a><\/p><\/div><div class=\"tp_links\" id=\"tp_links_7710\" style=\"display:none;\"><div class=\"tp_links_entry\"><ul class=\"tp_pub_list\"><li><i class=\"ai ai-doi\"><\/i><a class=\"tp_pub_list\" href=\"https:\/\/dx.doi.org\/10.1007\/s00426-025-02119-y\" title=\"Follow DOI:10.1007\/s00426-025-02119-y\" target=\"_blank\">doi:10.1007\/s00426-025-02119-y<\/a><\/li><\/ul><\/div><p class=\"tp_close_menu\"><a class=\"tp_close\" onclick=\"teachpress_pub_showhide('7710','tp_links')\">Close<\/a><\/p><\/div><\/td><\/tr><tr class=\"tp_publication tp_publication_article\"><td class=\"tp_pub_info\"><p class=\"tp_pub_author\">Ankan Biswas; Wupadrasta Santosh Kumar; Kanishka Sharma; Supratim Ray<\/p><p class=\"tp_pub_title\"><a class=\"tp_title_link\" onclick=\"teachpress_pub_showhide('1032','tp_abstract')\" style=\"cursor:pointer;\">Stimulus-induced gamma sources reduce in power but not in spatial extent with healthy aging in human EEG<\/a> <span class=\"tp_pub_type tp_  article\">Journal Article<\/span> <\/p><p class=\"tp_pub_additional\"><span class=\"tp_pub_additional_in\">In: <\/span><span class=\"tp_pub_additional_journal\">European Journal of Neuroscience, <\/span><span class=\"tp_pub_additional_volume\">vol. 61, <\/span><span class=\"tp_pub_additional_number\">no. 10, <\/span><span class=\"tp_pub_additional_pages\">pp. 1\u201312, <\/span><span class=\"tp_pub_additional_year\">2025<\/span>.<\/p><p class=\"tp_pub_menu\"><span class=\"tp_abstract_link\"><a id=\"tp_abstract_sh_1032\" class=\"tp_show\" onclick=\"teachpress_pub_showhide('1032','tp_abstract')\" title=\"Show abstract\" style=\"cursor:pointer;\">Abstract<\/a><\/span> | <span class=\"tp_resource_link\"><a id=\"tp_links_sh_1032\" class=\"tp_show\" onclick=\"teachpress_pub_showhide('1032','tp_links')\" title=\"Show links and resources\" style=\"cursor:pointer;\">Links<\/a><\/span> | <span class=\"tp_bibtex_link\"><a id=\"tp_bibtex_sh_1032\" class=\"tp_show\" onclick=\"teachpress_pub_showhide('1032','tp_bibtex')\" title=\"Show BibTeX entry\" style=\"cursor:pointer;\">BibTeX<\/a><\/span><\/p><div class=\"tp_bibtex\" id=\"tp_bibtex_1032\" style=\"display:none;\"><div class=\"tp_bibtex_entry\"><pre>@article{Biswas2025,<br \/>\r\ntitle = {Stimulus-induced gamma sources reduce in power but not in spatial extent with healthy aging in human EEG},<br \/>\r\nauthor = {Ankan Biswas and Wupadrasta Santosh Kumar and Kanishka Sharma and Supratim Ray},<br \/>\r\ndoi = {10.1111\/ejn.70138},<br \/>\r\nyear  = {2025},<br \/>\r\ndate = {2025-05-01},<br \/>\r\njournal = {European Journal of Neuroscience},<br \/>\r\nvolume = {61},<br \/>\r\nnumber = {10},<br \/>\r\npages = {1\u201312},<br \/>\r\npublisher = {John Wiley and Sons Inc},<br \/>\r\nabstract = {Aging alters brain structure and function, and studying such changes may help understand the neural basis underlying aging and devise interventions to detect deviations from healthy progression. Electroencephalogram (EEG) offers an effective way to study healthy aging owing to its high temporal resolution and affordability. Recent studies have shown that narrow-band stimulus-induced gamma oscillations (20\u201370 Hz) in EEG, induced with Cartesian gratings in a fixation task paradigm, weaken with healthy aging and onset of Alzheimer's disease (AD) while remaining highly reproducible for a given subject and thus hold promise as potential biomarkers. However, functional connectivity (FC) sometimes changes in a different way compared with sensor power with aging. This difference could be potentially addressed by studying how underlying gamma sources change with aging, since either a reduction in source power or a shrinkage of the sources (or both) could reduce the power in the sensors but may have different effects on other measures such as FC. We therefore reconstructed EEG gamma sources through a linear inverse method called exact low-resolution tomography analysis (eLORETA) on a large (N = 217) cohort of healthy elderly subjects (&gt; 50 years). We further characterized gamma distribution in cortical space as an exponential fall-off from a seed voxel with maximal gamma source power to delineate a reduction in magnitude versus shrinkage. We found a significant reduction in magnitude but not shrinkage with healthy aging. Overall, our results shed light on changes in EEG gamma source distribution with healthy aging, which could provide clues about underlying neural mechanisms.},<br \/>\r\nkeywords = {},<br \/>\r\npubstate = {published},<br \/>\r\ntppubtype = {article}<br \/>\r\n}<br \/>\r\n<\/pre><\/div><p class=\"tp_close_menu\"><a class=\"tp_close\" onclick=\"teachpress_pub_showhide('1032','tp_bibtex')\">Close<\/a><\/p><\/div><div class=\"tp_abstract\" id=\"tp_abstract_1032\" style=\"display:none;\"><div class=\"tp_abstract_entry\">Aging alters brain structure and function, and studying such changes may help understand the neural basis underlying aging and devise interventions to detect deviations from healthy progression. Electroencephalogram (EEG) offers an effective way to study healthy aging owing to its high temporal resolution and affordability. Recent studies have shown that narrow-band stimulus-induced gamma oscillations (20\u201370 Hz) in EEG, induced with Cartesian gratings in a fixation task paradigm, weaken with healthy aging and onset of Alzheimer's disease (AD) while remaining highly reproducible for a given subject and thus hold promise as potential biomarkers. However, functional connectivity (FC) sometimes changes in a different way compared with sensor power with aging. This difference could be potentially addressed by studying how underlying gamma sources change with aging, since either a reduction in source power or a shrinkage of the sources (or both) could reduce the power in the sensors but may have different effects on other measures such as FC. We therefore reconstructed EEG gamma sources through a linear inverse method called exact low-resolution tomography analysis (eLORETA) on a large (N = 217) cohort of healthy elderly subjects (&gt; 50 years). We further characterized gamma distribution in cortical space as an exponential fall-off from a seed voxel with maximal gamma source power to delineate a reduction in magnitude versus shrinkage. We found a significant reduction in magnitude but not shrinkage with healthy aging. Overall, our results shed light on changes in EEG gamma source distribution with healthy aging, which could provide clues about underlying neural mechanisms.<\/div><p class=\"tp_close_menu\"><a class=\"tp_close\" onclick=\"teachpress_pub_showhide('1032','tp_abstract')\">Close<\/a><\/p><\/div><div class=\"tp_links\" id=\"tp_links_1032\" style=\"display:none;\"><div class=\"tp_links_entry\"><ul class=\"tp_pub_list\"><li><i class=\"ai ai-doi\"><\/i><a class=\"tp_pub_list\" href=\"https:\/\/dx.doi.org\/10.1111\/ejn.70138\" title=\"Follow DOI:10.1111\/ejn.70138\" target=\"_blank\">doi:10.1111\/ejn.70138<\/a><\/li><\/ul><\/div><p class=\"tp_close_menu\"><a class=\"tp_close\" onclick=\"teachpress_pub_showhide('1032','tp_links')\">Close<\/a><\/p><\/div><\/td><\/tr><tr class=\"tp_publication tp_publication_article\"><td class=\"tp_pub_info\"><p class=\"tp_pub_author\">Melinda Y. Chang; Mark S. Borchert<\/p><p class=\"tp_pub_title\"><a class=\"tp_title_link\" onclick=\"teachpress_pub_showhide('1797','tp_abstract')\" style=\"cursor:pointer;\">Cerebral\/cortical visual impairment classification and categorization using eye tracking measures of oculomotor function<\/a> <span class=\"tp_pub_type tp_  article\">Journal Article<\/span> <\/p><p class=\"tp_pub_additional\"><span class=\"tp_pub_additional_in\">In: <\/span><span class=\"tp_pub_additional_journal\">Ophthalmology Science, <\/span><span class=\"tp_pub_additional_volume\">vol. 5, <\/span><span class=\"tp_pub_additional_number\">no. 3, <\/span><span class=\"tp_pub_additional_pages\">pp. 1\u201311, <\/span><span class=\"tp_pub_additional_year\">2025<\/span>.<\/p><p class=\"tp_pub_menu\"><span class=\"tp_abstract_link\"><a id=\"tp_abstract_sh_1797\" class=\"tp_show\" onclick=\"teachpress_pub_showhide('1797','tp_abstract')\" title=\"Show abstract\" style=\"cursor:pointer;\">Abstract<\/a><\/span> | <span class=\"tp_resource_link\"><a id=\"tp_links_sh_1797\" class=\"tp_show\" onclick=\"teachpress_pub_showhide('1797','tp_links')\" title=\"Show links and resources\" style=\"cursor:pointer;\">Links<\/a><\/span> | <span class=\"tp_bibtex_link\"><a id=\"tp_bibtex_sh_1797\" class=\"tp_show\" onclick=\"teachpress_pub_showhide('1797','tp_bibtex')\" title=\"Show BibTeX entry\" style=\"cursor:pointer;\">BibTeX<\/a><\/span><\/p><div class=\"tp_bibtex\" id=\"tp_bibtex_1797\" style=\"display:none;\"><div class=\"tp_bibtex_entry\"><pre>@article{Chang2025a,<br \/>\r\ntitle = {Cerebral\/cortical visual impairment classification and categorization using eye tracking measures of oculomotor function},<br \/>\r\nauthor = {Melinda Y. Chang and Mark S. Borchert},<br \/>\r\ndoi = {10.1016\/j.xops.2025.100728},<br \/>\r\nyear  = {2025},<br \/>\r\ndate = {2025-05-01},<br \/>\r\njournal = {Ophthalmology Science},<br \/>\r\nvolume = {5},<br \/>\r\nnumber = {3},<br \/>\r\npages = {1\u201311},<br \/>\r\npublisher = {Elsevier Inc.},<br \/>\r\nabstract = {Purpose: Cerebral\/cortical visual impairment (CVI) is a leading cause of pediatric visual impairment and is frequently associated with abnormal ocular motility. Eye tracking has previously been used to characterize oculomotor function in CVI. The purpose of this study was to evaluate the utility of eye tracking in diagnosis, categorization, and prognostication of CVI. Design: Prospective longitudinal study. Participants: Thirty-nine children with CVI and 41 age-matched controls. Methods: Children with CVI underwent 4 eye tracking sessions over 1 year, and age-matched controls completed 1 eye tracking session. Fixations and saccades were labeled by the eye tracking software and used to compute 9 oculomotor features. In children with CVI, unsupervised data-driven clustering analysis using these 9 features was performed to identify 3 CVI eye tracking oculomotor groups. Clinical and demographic characteristics of eye tracking oculomotor groups were compared. Main Outcome Measures: (1) Area under the curve (AUC) for eye tracking oculomotor features in classifying patients with CVI and controls; (2) differences between 3 CVI eye tracking oculomotor groups on clinical and demographic characteristics; and (3) change in visual acuity (VA) over 1 year in 3 CVI eye tracking oculomotor groups. Results: Six oculomotor features (fixation and saccade latency, frequency, and off-screen proportion) had an AUC \u22650.90 in classifying children with CVI and controls (P &lt; 0.0001). Cerebral\/cortical visual impairment eye tracking oculomotor groups had significantly different VA (P &lt; 0.0001) and change in VA over 1 year (P = 0.049). Patients in group B, who had the greatest improvement in VA, were younger and had higher rates of term hypoxic ischemic encephalopathy. Conclusions: Eye tracking measures of oculomotor function accurately distinguish between children with CVI and age-matched controls. Clustering analysis revealed 3 CVI eye tracking oculomotor groups with prognostic significance. Eye tracking shows promise as an objective, quantitative measure of oculomotor function in CVI that may in future be useful in both clinical practice (for longitudinal assessment, prognostication, and guiding individualized interventions) and research (as an outcome measure or method to stratify patients in clinical trials). Financial Disclosure(s): Proprietary or commercial disclosure may be found in the Footnotes and Disclosures at the end of this article.},<br \/>\r\nkeywords = {},<br \/>\r\npubstate = {published},<br \/>\r\ntppubtype = {article}<br \/>\r\n}<br \/>\r\n<\/pre><\/div><p class=\"tp_close_menu\"><a class=\"tp_close\" onclick=\"teachpress_pub_showhide('1797','tp_bibtex')\">Close<\/a><\/p><\/div><div class=\"tp_abstract\" id=\"tp_abstract_1797\" style=\"display:none;\"><div class=\"tp_abstract_entry\">Purpose: Cerebral\/cortical visual impairment (CVI) is a leading cause of pediatric visual impairment and is frequently associated with abnormal ocular motility. Eye tracking has previously been used to characterize oculomotor function in CVI. The purpose of this study was to evaluate the utility of eye tracking in diagnosis, categorization, and prognostication of CVI. Design: Prospective longitudinal study. Participants: Thirty-nine children with CVI and 41 age-matched controls. Methods: Children with CVI underwent 4 eye tracking sessions over 1 year, and age-matched controls completed 1 eye tracking session. Fixations and saccades were labeled by the eye tracking software and used to compute 9 oculomotor features. In children with CVI, unsupervised data-driven clustering analysis using these 9 features was performed to identify 3 CVI eye tracking oculomotor groups. Clinical and demographic characteristics of eye tracking oculomotor groups were compared. Main Outcome Measures: (1) Area under the curve (AUC) for eye tracking oculomotor features in classifying patients with CVI and controls; (2) differences between 3 CVI eye tracking oculomotor groups on clinical and demographic characteristics; and (3) change in visual acuity (VA) over 1 year in 3 CVI eye tracking oculomotor groups. Results: Six oculomotor features (fixation and saccade latency, frequency, and off-screen proportion) had an AUC \u22650.90 in classifying children with CVI and controls (P &lt; 0.0001). Cerebral\/cortical visual impairment eye tracking oculomotor groups had significantly different VA (P &lt; 0.0001) and change in VA over 1 year (P = 0.049). Patients in group B, who had the greatest improvement in VA, were younger and had higher rates of term hypoxic ischemic encephalopathy. Conclusions: Eye tracking measures of oculomotor function accurately distinguish between children with CVI and age-matched controls. Clustering analysis revealed 3 CVI eye tracking oculomotor groups with prognostic significance. Eye tracking shows promise as an objective, quantitative measure of oculomotor function in CVI that may in future be useful in both clinical practice (for longitudinal assessment, prognostication, and guiding individualized interventions) and research (as an outcome measure or method to stratify patients in clinical trials). Financial Disclosure(s): Proprietary or commercial disclosure may be found in the Footnotes and Disclosures at the end of this article.<\/div><p class=\"tp_close_menu\"><a class=\"tp_close\" onclick=\"teachpress_pub_showhide('1797','tp_abstract')\">Close<\/a><\/p><\/div><div class=\"tp_links\" id=\"tp_links_1797\" style=\"display:none;\"><div class=\"tp_links_entry\"><ul class=\"tp_pub_list\"><li><i class=\"ai ai-doi\"><\/i><a class=\"tp_pub_list\" href=\"https:\/\/dx.doi.org\/10.1016\/j.xops.2025.100728\" title=\"Follow DOI:10.1016\/j.xops.2025.100728\" target=\"_blank\">doi:10.1016\/j.xops.2025.100728<\/a><\/li><\/ul><\/div><p class=\"tp_close_menu\"><a class=\"tp_close\" onclick=\"teachpress_pub_showhide('1797','tp_links')\">Close<\/a><\/p><\/div><\/td><\/tr><tr class=\"tp_publication tp_publication_article\"><td class=\"tp_pub_info\"><p class=\"tp_pub_author\">Mana Biabani; Kevin Walsh; Shou Han Zhou; Joseph Wagner; Alexandra Johnstone; Julia Paterson; Beth P. Johnson; Natasha Matthews; Gerard M. Loughnane; Redmond G. O'Connell; Mark A. Bellgrove<\/p><p class=\"tp_pub_title\"><a class=\"tp_title_link\" onclick=\"teachpress_pub_showhide('971','tp_abstract')\" style=\"cursor:pointer;\">Neurophysiology of perceptual decision-making and its alterations in attention-deficit hyperactivity disorder<\/a> <span class=\"tp_pub_type tp_  article\">Journal Article<\/span> <\/p><p class=\"tp_pub_additional\"><span class=\"tp_pub_additional_in\">In: <\/span><span class=\"tp_pub_additional_journal\">The Journal of Neuroscience, <\/span><span class=\"tp_pub_additional_volume\">vol. 45, <\/span><span class=\"tp_pub_additional_number\">no. 14, <\/span><span class=\"tp_pub_additional_pages\">pp. 1\u201312, <\/span><span class=\"tp_pub_additional_year\">2025<\/span>.<\/p><p class=\"tp_pub_menu\"><span class=\"tp_abstract_link\"><a id=\"tp_abstract_sh_971\" class=\"tp_show\" onclick=\"teachpress_pub_showhide('971','tp_abstract')\" title=\"Show abstract\" style=\"cursor:pointer;\">Abstract<\/a><\/span> | <span class=\"tp_resource_link\"><a id=\"tp_links_sh_971\" class=\"tp_show\" onclick=\"teachpress_pub_showhide('971','tp_links')\" title=\"Show links and resources\" style=\"cursor:pointer;\">Links<\/a><\/span> | <span class=\"tp_bibtex_link\"><a id=\"tp_bibtex_sh_971\" class=\"tp_show\" onclick=\"teachpress_pub_showhide('971','tp_bibtex')\" title=\"Show BibTeX entry\" style=\"cursor:pointer;\">BibTeX<\/a><\/span><\/p><div class=\"tp_bibtex\" id=\"tp_bibtex_971\" style=\"display:none;\"><div class=\"tp_bibtex_entry\"><pre>@article{Biabani2025,<br \/>\r\ntitle = {Neurophysiology of perceptual decision-making and its alterations in attention-deficit hyperactivity disorder},<br \/>\r\nauthor = {Mana Biabani and Kevin Walsh and Shou Han Zhou and Joseph Wagner and Alexandra Johnstone and Julia Paterson and Beth P. Johnson and Natasha Matthews and Gerard M. Loughnane and Redmond G. O'Connell and Mark A. Bellgrove},<br \/>\r\ndoi = {10.1523\/JNEUROSCI.0469-24.2025},<br \/>\r\nyear  = {2025},<br \/>\r\ndate = {2025-04-01},<br \/>\r\njournal = {The Journal of Neuroscience},<br \/>\r\nvolume = {45},<br \/>\r\nnumber = {14},<br \/>\r\npages = {1\u201312},<br \/>\r\npublisher = {Society for Neuroscience},<br \/>\r\nabstract = {Despite the prevalence of attention-deficit hyperactivity disorder (ADHD), efforts to develop a detailed understanding of the neuropsychology of this neurodevelopmental condition are complicated by the diversity of interindividual presentations and the inability of current clinical tests to distinguish between its sensory, attentional, arousal, or motoric contributions. Identifying objective methods that can explain the diverse performance profiles across individuals diagnosed with ADHD has been a long-held goal. Achieving this could significantly advance our understanding of etiological processes and potentially inform the development of personalized treatment approaches. Here, we examine key neuropsychological components of ADHD within an electrophysiological (EEG) perceptual decision-making paradigm that is capable of isolating distinct neural signals of several key information processing stages necessary for sensory-guided actions from attentional selection to motor responses. Using a perceptual decision-making task (random dot motion), we evaluated the performance of 79 children (aged 8\u201317 years) and found slower and less accurate responses, along with a reduced rate of evidence accumulation (drift rate parameter of drift diffusion model), in children with ADHD (n = 37; 13 female) compared with typically developing peers (n = 42; 18 female). This was driven by the atypical dynamics of discrete electrophysiological signatures of attentional selection, the accumulation of sensory evidence, and strategic adjustments reflecting urgency of response. These findings offer an integrated account of decision-making in ADHD and establish discrete neural signals that might be used to understand the wide range of neuropsychological performance variations in individuals with ADHD.},<br \/>\r\nkeywords = {},<br \/>\r\npubstate = {published},<br \/>\r\ntppubtype = {article}<br \/>\r\n}<br \/>\r\n<\/pre><\/div><p class=\"tp_close_menu\"><a class=\"tp_close\" onclick=\"teachpress_pub_showhide('971','tp_bibtex')\">Close<\/a><\/p><\/div><div class=\"tp_abstract\" id=\"tp_abstract_971\" style=\"display:none;\"><div class=\"tp_abstract_entry\">Despite the prevalence of attention-deficit hyperactivity disorder (ADHD), efforts to develop a detailed understanding of the neuropsychology of this neurodevelopmental condition are complicated by the diversity of interindividual presentations and the inability of current clinical tests to distinguish between its sensory, attentional, arousal, or motoric contributions. Identifying objective methods that can explain the diverse performance profiles across individuals diagnosed with ADHD has been a long-held goal. Achieving this could significantly advance our understanding of etiological processes and potentially inform the development of personalized treatment approaches. Here, we examine key neuropsychological components of ADHD within an electrophysiological (EEG) perceptual decision-making paradigm that is capable of isolating distinct neural signals of several key information processing stages necessary for sensory-guided actions from attentional selection to motor responses. Using a perceptual decision-making task (random dot motion), we evaluated the performance of 79 children (aged 8\u201317 years) and found slower and less accurate responses, along with a reduced rate of evidence accumulation (drift rate parameter of drift diffusion model), in children with ADHD (n = 37; 13 female) compared with typically developing peers (n = 42; 18 female). This was driven by the atypical dynamics of discrete electrophysiological signatures of attentional selection, the accumulation of sensory evidence, and strategic adjustments reflecting urgency of response. These findings offer an integrated account of decision-making in ADHD and establish discrete neural signals that might be used to understand the wide range of neuropsychological performance variations in individuals with ADHD.<\/div><p class=\"tp_close_menu\"><a class=\"tp_close\" onclick=\"teachpress_pub_showhide('971','tp_abstract')\">Close<\/a><\/p><\/div><div class=\"tp_links\" id=\"tp_links_971\" style=\"display:none;\"><div class=\"tp_links_entry\"><ul class=\"tp_pub_list\"><li><i class=\"ai ai-doi\"><\/i><a class=\"tp_pub_list\" href=\"https:\/\/dx.doi.org\/10.1523\/JNEUROSCI.0469-24.2025\" title=\"Follow DOI:10.1523\/JNEUROSCI.0469-24.2025\" target=\"_blank\">doi:10.1523\/JNEUROSCI.0469-24.2025<\/a><\/li><\/ul><\/div><p class=\"tp_close_menu\"><a class=\"tp_close\" onclick=\"teachpress_pub_showhide('971','tp_links')\">Close<\/a><\/p><\/div><\/td><\/tr><tr class=\"tp_publication tp_publication_article\"><td class=\"tp_pub_info\"><p class=\"tp_pub_author\">Xilian Long; Yingfang Meng; Shunsen Chen; Haixia Chen; Qionghua Huang; Yi Chen; Bo Huang<\/p><p class=\"tp_pub_title\"><a class=\"tp_title_link\" onclick=\"teachpress_pub_showhide('7220','tp_abstract')\" style=\"cursor:pointer;\">The impact of clarity on hearing-impaired children's face processing: A eye-tracking study<\/a> <span class=\"tp_pub_type tp_  article\">Journal Article<\/span> <\/p><p class=\"tp_pub_additional\"><span class=\"tp_pub_additional_in\">In: <\/span><span class=\"tp_pub_additional_journal\">Research in Developmental Disabilities, <\/span><span class=\"tp_pub_additional_volume\">vol. 159, <\/span><span class=\"tp_pub_additional_pages\">pp. 1\u20139, <\/span><span class=\"tp_pub_additional_year\">2025<\/span>.<\/p><p class=\"tp_pub_menu\"><span class=\"tp_abstract_link\"><a id=\"tp_abstract_sh_7220\" class=\"tp_show\" onclick=\"teachpress_pub_showhide('7220','tp_abstract')\" title=\"Show abstract\" style=\"cursor:pointer;\">Abstract<\/a><\/span> | <span class=\"tp_resource_link\"><a id=\"tp_links_sh_7220\" class=\"tp_show\" onclick=\"teachpress_pub_showhide('7220','tp_links')\" title=\"Show links and resources\" style=\"cursor:pointer;\">Links<\/a><\/span> | <span class=\"tp_bibtex_link\"><a id=\"tp_bibtex_sh_7220\" class=\"tp_show\" onclick=\"teachpress_pub_showhide('7220','tp_bibtex')\" title=\"Show BibTeX entry\" style=\"cursor:pointer;\">BibTeX<\/a><\/span><\/p><div class=\"tp_bibtex\" id=\"tp_bibtex_7220\" style=\"display:none;\"><div class=\"tp_bibtex_entry\"><pre>@article{Long2025,<br \/>\r\ntitle = {The impact of clarity on hearing-impaired children's face processing: A eye-tracking study},<br \/>\r\nauthor = {Xilian Long and Yingfang Meng and Shunsen Chen and Haixia Chen and Qionghua Huang and Yi Chen and Bo Huang},<br \/>\r\ndoi = {10.1016\/j.ridd.2025.104957},<br \/>\r\nyear  = {2025},<br \/>\r\ndate = {2025-04-01},<br \/>\r\njournal = {Research in Developmental Disabilities},<br \/>\r\nvolume = {159},<br \/>\r\npages = {1\u20139},<br \/>\r\npublisher = {Elsevier Inc.},<br \/>\r\nabstract = {Faces contain a wealth of information, and facial processing plays a significant role in individuals' social development. Facial processing typically includes two methods: holistic processing and local processing. Normal hearing individuals primarily engage in holistic processing when dealing with faces of varying clarity, while hearing-impaired individuals show a local processing advantage for clear faces compared to normal hearing individuals. However, for hearing-impaired individuals, it is still inconclusive which processing method is dominant, and it is unclear whether there is a local processing advantage under low clarity, blurred conditions. Therefore, this study selected 30 hearing-impaired children aged 8\u201314 years as participants and used normal hearing children as the control group. By employing eye-tracking technology and manipulating the clarity of face images, the study explored the impact of different levels of clarity on the holistic and local processing of faces by hearing-impaired children. The results showed that as facial clarity decreased, the overall judgment accuracy (ACC) of both groups declined, and their reaction times (RT), first fixation duration (FFD), and fixation duration (FD) on the whole face increased. Both groups spent significantly more FD and fixation counts (FC) on the eyes and mouths of clear faces than on blurred faces. Hearing-impaired children's overall judgment ACC and FD for both holistic and local processing were inferior to those of normal hearing children. These results indicated that clarity affected the processing methods of both groups' faces, with a greater reliance on holistic processing and less on local processing as clarity decreased. Under low clarity, blurred conditions, hearing-impaired children primarily engaged in holistic processing just as normal hearing children, but their holistic and local processing of faces of varying clarity were not as good as that of normal hearing children. This indicated that hearing-impaired children not only lacked an advantage in local processing, but also exhibited certain deficiencies.},<br \/>\r\nkeywords = {},<br \/>\r\npubstate = {published},<br \/>\r\ntppubtype = {article}<br \/>\r\n}<br \/>\r\n<\/pre><\/div><p class=\"tp_close_menu\"><a class=\"tp_close\" onclick=\"teachpress_pub_showhide('7220','tp_bibtex')\">Close<\/a><\/p><\/div><div class=\"tp_abstract\" id=\"tp_abstract_7220\" style=\"display:none;\"><div class=\"tp_abstract_entry\">Faces contain a wealth of information, and facial processing plays a significant role in individuals' social development. Facial processing typically includes two methods: holistic processing and local processing. Normal hearing individuals primarily engage in holistic processing when dealing with faces of varying clarity, while hearing-impaired individuals show a local processing advantage for clear faces compared to normal hearing individuals. However, for hearing-impaired individuals, it is still inconclusive which processing method is dominant, and it is unclear whether there is a local processing advantage under low clarity, blurred conditions. Therefore, this study selected 30 hearing-impaired children aged 8\u201314 years as participants and used normal hearing children as the control group. By employing eye-tracking technology and manipulating the clarity of face images, the study explored the impact of different levels of clarity on the holistic and local processing of faces by hearing-impaired children. The results showed that as facial clarity decreased, the overall judgment accuracy (ACC) of both groups declined, and their reaction times (RT), first fixation duration (FFD), and fixation duration (FD) on the whole face increased. Both groups spent significantly more FD and fixation counts (FC) on the eyes and mouths of clear faces than on blurred faces. Hearing-impaired children's overall judgment ACC and FD for both holistic and local processing were inferior to those of normal hearing children. These results indicated that clarity affected the processing methods of both groups' faces, with a greater reliance on holistic processing and less on local processing as clarity decreased. Under low clarity, blurred conditions, hearing-impaired children primarily engaged in holistic processing just as normal hearing children, but their holistic and local processing of faces of varying clarity were not as good as that of normal hearing children. This indicated that hearing-impaired children not only lacked an advantage in local processing, but also exhibited certain deficiencies.<\/div><p class=\"tp_close_menu\"><a class=\"tp_close\" onclick=\"teachpress_pub_showhide('7220','tp_abstract')\">Close<\/a><\/p><\/div><div class=\"tp_links\" id=\"tp_links_7220\" style=\"display:none;\"><div class=\"tp_links_entry\"><ul class=\"tp_pub_list\"><li><i class=\"ai ai-doi\"><\/i><a class=\"tp_pub_list\" href=\"https:\/\/dx.doi.org\/10.1016\/j.ridd.2025.104957\" title=\"Follow DOI:10.1016\/j.ridd.2025.104957\" target=\"_blank\">doi:10.1016\/j.ridd.2025.104957<\/a><\/li><\/ul><\/div><p class=\"tp_close_menu\"><a class=\"tp_close\" onclick=\"teachpress_pub_showhide('7220','tp_links')\">Close<\/a><\/p><\/div><\/td><\/tr><tr class=\"tp_publication tp_publication_article\"><td class=\"tp_pub_info\"><p class=\"tp_pub_author\">Anastasiya Lopukhina; Walter J. B. Heuven; Rebecca Crowley; Kathleen Rastle<\/p><p class=\"tp_pub_title\"><a class=\"tp_title_link\" onclick=\"teachpress_pub_showhide('7238','tp_abstract')\" style=\"cursor:pointer;\">Where do children look when watching videos with same-language subtitles?<\/a> <span class=\"tp_pub_type tp_  article\">Journal Article<\/span> <\/p><p class=\"tp_pub_additional\"><span class=\"tp_pub_additional_in\">In: <\/span><span class=\"tp_pub_additional_journal\">Psychological Science, <\/span><span class=\"tp_pub_additional_volume\">vol. 36, <\/span><span class=\"tp_pub_additional_number\">no. 4, <\/span><span class=\"tp_pub_additional_pages\">pp. 223\u2013236, <\/span><span class=\"tp_pub_additional_year\">2025<\/span>.<\/p><p class=\"tp_pub_menu\"><span class=\"tp_abstract_link\"><a id=\"tp_abstract_sh_7238\" class=\"tp_show\" onclick=\"teachpress_pub_showhide('7238','tp_abstract')\" title=\"Show abstract\" style=\"cursor:pointer;\">Abstract<\/a><\/span> | <span class=\"tp_resource_link\"><a id=\"tp_links_sh_7238\" class=\"tp_show\" onclick=\"teachpress_pub_showhide('7238','tp_links')\" title=\"Show links and resources\" style=\"cursor:pointer;\">Links<\/a><\/span> | <span class=\"tp_bibtex_link\"><a id=\"tp_bibtex_sh_7238\" class=\"tp_show\" onclick=\"teachpress_pub_showhide('7238','tp_bibtex')\" title=\"Show BibTeX entry\" style=\"cursor:pointer;\">BibTeX<\/a><\/span><\/p><div class=\"tp_bibtex\" id=\"tp_bibtex_7238\" style=\"display:none;\"><div class=\"tp_bibtex_entry\"><pre>@article{Lopukhina2025,<br \/>\r\ntitle = {Where do children look when watching videos with same-language subtitles?},<br \/>\r\nauthor = {Anastasiya Lopukhina and Walter J. B. Heuven and Rebecca Crowley and Kathleen Rastle},<br \/>\r\ndoi = {10.1177\/09567976251325789},<br \/>\r\nyear  = {2025},<br \/>\r\ndate = {2025-04-01},<br \/>\r\njournal = {Psychological Science},<br \/>\r\nvolume = {36},<br \/>\r\nnumber = {4},<br \/>\r\npages = {223\u2013236},<br \/>\r\npublisher = {SAGE Publications Inc.},<br \/>\r\nabstract = {Influential campaigns in the United Kingdom and the United States have argued that same-language television subtitles may help children learn to read. In this study, we investigated the extent to which primary-school children pay attention to and read subtitles and whether this is related to their reading proficiency. We tracked the eye movements of 180 British children in Years 1 to 6 who watched videos with and without subtitles. Results showed that attention to subtitles was associated with reading proficiency: Superior readers were more likely to look at subtitles than less proficient readers and spent more time on them. When children looked at words in the subtitles, they showed evidence of reading them. We conclude that some degree of reading fluency may be necessary before children pay attention to subtitles. However, by the third or fourth year of reading instruction, most children read sufficiently quickly to follow same-language subtitles and potentially learn from them.},<br \/>\r\nkeywords = {},<br \/>\r\npubstate = {published},<br \/>\r\ntppubtype = {article}<br \/>\r\n}<br \/>\r\n<\/pre><\/div><p class=\"tp_close_menu\"><a class=\"tp_close\" onclick=\"teachpress_pub_showhide('7238','tp_bibtex')\">Close<\/a><\/p><\/div><div class=\"tp_abstract\" id=\"tp_abstract_7238\" style=\"display:none;\"><div class=\"tp_abstract_entry\">Influential campaigns in the United Kingdom and the United States have argued that same-language television subtitles may help children learn to read. In this study, we investigated the extent to which primary-school children pay attention to and read subtitles and whether this is related to their reading proficiency. We tracked the eye movements of 180 British children in Years 1 to 6 who watched videos with and without subtitles. Results showed that attention to subtitles was associated with reading proficiency: Superior readers were more likely to look at subtitles than less proficient readers and spent more time on them. When children looked at words in the subtitles, they showed evidence of reading them. We conclude that some degree of reading fluency may be necessary before children pay attention to subtitles. However, by the third or fourth year of reading instruction, most children read sufficiently quickly to follow same-language subtitles and potentially learn from them.<\/div><p class=\"tp_close_menu\"><a class=\"tp_close\" onclick=\"teachpress_pub_showhide('7238','tp_abstract')\">Close<\/a><\/p><\/div><div class=\"tp_links\" id=\"tp_links_7238\" style=\"display:none;\"><div class=\"tp_links_entry\"><ul class=\"tp_pub_list\"><li><i class=\"ai ai-doi\"><\/i><a class=\"tp_pub_list\" href=\"https:\/\/dx.doi.org\/10.1177\/09567976251325789\" title=\"Follow DOI:10.1177\/09567976251325789\" target=\"_blank\">doi:10.1177\/09567976251325789<\/a><\/li><\/ul><\/div><p class=\"tp_close_menu\"><a class=\"tp_close\" onclick=\"teachpress_pub_showhide('7238','tp_links')\">Close<\/a><\/p><\/div><\/td><\/tr><tr class=\"tp_publication tp_publication_article\"><td class=\"tp_pub_info\"><p class=\"tp_pub_author\">Catherine N. Moran; David P. McGovern; Mike Melnychuk; Alan F. Smeaton; Paul M. Dockree<\/p><p class=\"tp_pub_title\"><a class=\"tp_title_link\" onclick=\"teachpress_pub_showhide('8274','tp_abstract')\" style=\"cursor:pointer;\">Oscillations of the wandering mind: Neural evidence for distinct exploration\/exploitation strategies in younger and older adults<\/a> <span class=\"tp_pub_type tp_  article\">Journal Article<\/span> <\/p><p class=\"tp_pub_additional\"><span class=\"tp_pub_additional_in\">In: <\/span><span class=\"tp_pub_additional_journal\">Human Brain Mapping, <\/span><span class=\"tp_pub_additional_volume\">vol. 46, <\/span><span class=\"tp_pub_additional_number\">no. 6, <\/span><span class=\"tp_pub_additional_pages\">pp. 1\u201323, <\/span><span class=\"tp_pub_additional_year\">2025<\/span>.<\/p><p class=\"tp_pub_menu\"><span class=\"tp_abstract_link\"><a id=\"tp_abstract_sh_8274\" class=\"tp_show\" onclick=\"teachpress_pub_showhide('8274','tp_abstract')\" title=\"Show abstract\" style=\"cursor:pointer;\">Abstract<\/a><\/span> | <span class=\"tp_resource_link\"><a id=\"tp_links_sh_8274\" class=\"tp_show\" onclick=\"teachpress_pub_showhide('8274','tp_links')\" title=\"Show links and resources\" style=\"cursor:pointer;\">Links<\/a><\/span> | <span class=\"tp_bibtex_link\"><a id=\"tp_bibtex_sh_8274\" class=\"tp_show\" onclick=\"teachpress_pub_showhide('8274','tp_bibtex')\" title=\"Show BibTeX entry\" style=\"cursor:pointer;\">BibTeX<\/a><\/span><\/p><div class=\"tp_bibtex\" id=\"tp_bibtex_8274\" style=\"display:none;\"><div class=\"tp_bibtex_entry\"><pre>@article{Moran2025a,<br \/>\r\ntitle = {Oscillations of the wandering mind: Neural evidence for distinct exploration\/exploitation strategies in younger and older adults},<br \/>\r\nauthor = {Catherine N. Moran and David P. McGovern and Mike Melnychuk and Alan F. Smeaton and Paul M. Dockree},<br \/>\r\ndoi = {10.1002\/hbm.70174},<br \/>\r\nyear  = {2025},<br \/>\r\ndate = {2025-04-01},<br \/>\r\njournal = {Human Brain Mapping},<br \/>\r\nvolume = {46},<br \/>\r\nnumber = {6},<br \/>\r\npages = {1\u201323},<br \/>\r\npublisher = {John Wiley and Sons Inc},<br \/>\r\nabstract = {This study traced the neurophysiological signals of fluctuating attention and task-related processing to ascertain the mechanistic basis of transient strategic shifts between competing task focus and mind-wandering, as expressed by the \u2018exploitation\/exploration' framework, and explored how they are differentially affected with age. Thirty-four younger (16 female, mean age 22 years) and 34 healthy older (20 female, mean age 71 years) adults performed the Gradual Contrast Change Detection task; monitoring a continuously presented flickering annulus for intermittent gradual contrast reductions and responding to experience sampling probes to discriminate the nature of their thoughts at discrete moments. Electroencephalography and pupillometry were concurrently recorded during target- and probe-related intervals. Older adults tracked the downward stimulus trajectory with greater sensory integrity (reduced target SSVEP amplitude) and demonstrated earlier initiation of evidence accumulation (earlier onset CPP), attenuated variability in the attentional signal (posterior alpha) and more robust phasic pupillary responses to the target, suggesting steadier attentional engagement with age. Younger adults only exhibited intermittent sensory encoding, indexed by greater variability in the sensory (SSVEP) and attentional (alpha) signals before mind-wandering relative to focused states. Attentional variability was accompanied by disrupted behavioural performance and reduced task-related neural processing, independent of age group. Together, this elucidates distinct performance strategies employed by both groups. Older adults suspended mind-wandering and implemented an exploitative oscillation strategy to circumvent their reduced cognitive resources and allay potential behavioural costs. Conversely, younger adults exhibited greater exploration through mind-wandering, utilising their greater cognitive resources to flexibly alternate between competing goal-directed and mind-wandering strategies, with limited costs.},<br \/>\r\nkeywords = {},<br \/>\r\npubstate = {published},<br \/>\r\ntppubtype = {article}<br \/>\r\n}<br \/>\r\n<\/pre><\/div><p class=\"tp_close_menu\"><a class=\"tp_close\" onclick=\"teachpress_pub_showhide('8274','tp_bibtex')\">Close<\/a><\/p><\/div><div class=\"tp_abstract\" id=\"tp_abstract_8274\" style=\"display:none;\"><div class=\"tp_abstract_entry\">This study traced the neurophysiological signals of fluctuating attention and task-related processing to ascertain the mechanistic basis of transient strategic shifts between competing task focus and mind-wandering, as expressed by the \u2018exploitation\/exploration' framework, and explored how they are differentially affected with age. Thirty-four younger (16 female, mean age 22 years) and 34 healthy older (20 female, mean age 71 years) adults performed the Gradual Contrast Change Detection task; monitoring a continuously presented flickering annulus for intermittent gradual contrast reductions and responding to experience sampling probes to discriminate the nature of their thoughts at discrete moments. Electroencephalography and pupillometry were concurrently recorded during target- and probe-related intervals. Older adults tracked the downward stimulus trajectory with greater sensory integrity (reduced target SSVEP amplitude) and demonstrated earlier initiation of evidence accumulation (earlier onset CPP), attenuated variability in the attentional signal (posterior alpha) and more robust phasic pupillary responses to the target, suggesting steadier attentional engagement with age. Younger adults only exhibited intermittent sensory encoding, indexed by greater variability in the sensory (SSVEP) and attentional (alpha) signals before mind-wandering relative to focused states. Attentional variability was accompanied by disrupted behavioural performance and reduced task-related neural processing, independent of age group. Together, this elucidates distinct performance strategies employed by both groups. Older adults suspended mind-wandering and implemented an exploitative oscillation strategy to circumvent their reduced cognitive resources and allay potential behavioural costs. Conversely, younger adults exhibited greater exploration through mind-wandering, utilising their greater cognitive resources to flexibly alternate between competing goal-directed and mind-wandering strategies, with limited costs.<\/div><p class=\"tp_close_menu\"><a class=\"tp_close\" onclick=\"teachpress_pub_showhide('8274','tp_abstract')\">Close<\/a><\/p><\/div><div class=\"tp_links\" id=\"tp_links_8274\" style=\"display:none;\"><div class=\"tp_links_entry\"><ul class=\"tp_pub_list\"><li><i class=\"ai ai-doi\"><\/i><a class=\"tp_pub_list\" href=\"https:\/\/dx.doi.org\/10.1002\/hbm.70174\" title=\"Follow DOI:10.1002\/hbm.70174\" target=\"_blank\">doi:10.1002\/hbm.70174<\/a><\/li><\/ul><\/div><p class=\"tp_close_menu\"><a class=\"tp_close\" onclick=\"teachpress_pub_showhide('8274','tp_links')\">Close<\/a><\/p><\/div><\/td><\/tr><tr class=\"tp_publication tp_publication_article\"><td class=\"tp_pub_info\"><p class=\"tp_pub_author\">Jinger Pan; Aiping Wang; Mingsha Zhang; Yiu Kei Tsang; Ming Yan<\/p><p class=\"tp_pub_title\"><a class=\"tp_title_link\" onclick=\"teachpress_pub_showhide('9037','tp_abstract')\" style=\"cursor:pointer;\">Printing words in alternating colors facilitates eye movements among young and older Chinese adults<\/a> <span class=\"tp_pub_type tp_  article\">Journal Article<\/span> <\/p><p class=\"tp_pub_additional\"><span class=\"tp_pub_additional_in\">In: <\/span><span class=\"tp_pub_additional_journal\">Psychonomic Bulletin &amp; Review, <\/span><span class=\"tp_pub_additional_volume\">vol. 32, <\/span><span class=\"tp_pub_additional_number\">no. 2, <\/span><span class=\"tp_pub_additional_pages\">pp. 855\u2013865, <\/span><span class=\"tp_pub_additional_year\">2025<\/span>.<\/p><p class=\"tp_pub_menu\"><span class=\"tp_abstract_link\"><a id=\"tp_abstract_sh_9037\" class=\"tp_show\" onclick=\"teachpress_pub_showhide('9037','tp_abstract')\" title=\"Show abstract\" style=\"cursor:pointer;\">Abstract<\/a><\/span> | <span class=\"tp_resource_link\"><a id=\"tp_links_sh_9037\" class=\"tp_show\" onclick=\"teachpress_pub_showhide('9037','tp_links')\" title=\"Show links and resources\" style=\"cursor:pointer;\">Links<\/a><\/span> | <span class=\"tp_bibtex_link\"><a id=\"tp_bibtex_sh_9037\" class=\"tp_show\" onclick=\"teachpress_pub_showhide('9037','tp_bibtex')\" title=\"Show BibTeX entry\" style=\"cursor:pointer;\">BibTeX<\/a><\/span><\/p><div class=\"tp_bibtex\" id=\"tp_bibtex_9037\" style=\"display:none;\"><div class=\"tp_bibtex_entry\"><pre>@article{Pan2025b,<br \/>\r\ntitle = {Printing words in alternating colors facilitates eye movements among young and older Chinese adults},<br \/>\r\nauthor = {Jinger Pan and Aiping Wang and Mingsha Zhang and Yiu Kei Tsang and Ming Yan},<br \/>\r\ndoi = {10.3758\/s13423-024-02581-6},<br \/>\r\nyear  = {2025},<br \/>\r\ndate = {2025-04-01},<br \/>\r\njournal = {Psychonomic Bulletin & Review},<br \/>\r\nvolume = {32},<br \/>\r\nnumber = {2},<br \/>\r\npages = {855\u2013865},<br \/>\r\npublisher = {Springer},<br \/>\r\nabstract = {It is well known that the Chinese writing system lacks visual cues for word boundaries, such as interword spaces. However, characters must be grouped into words or phrases for understanding, and the lack of interword spaces can cause certain ambiguity. In the current study, young and older Chinese adults' eye movements were recorded during their reading of naturally unspaced sentences, where consecutive words or nonwords were printed using alternating colors. The eye movements of both the Chinese young and older adults were clearly influenced by this explicit word boundary information. Across a number of eye-movement measures, in addition to a general age-related slowdown, the results showed that both groups benefited overall from the explicit color-based word boundary and experienced interference from the nonword boundary. Moreover, the manipulations showed stronger effects among the older adults. We discuss implications for practical application.},<br \/>\r\nkeywords = {},<br \/>\r\npubstate = {published},<br \/>\r\ntppubtype = {article}<br \/>\r\n}<br \/>\r\n<\/pre><\/div><p class=\"tp_close_menu\"><a class=\"tp_close\" onclick=\"teachpress_pub_showhide('9037','tp_bibtex')\">Close<\/a><\/p><\/div><div class=\"tp_abstract\" id=\"tp_abstract_9037\" style=\"display:none;\"><div class=\"tp_abstract_entry\">It is well known that the Chinese writing system lacks visual cues for word boundaries, such as interword spaces. However, characters must be grouped into words or phrases for understanding, and the lack of interword spaces can cause certain ambiguity. In the current study, young and older Chinese adults' eye movements were recorded during their reading of naturally unspaced sentences, where consecutive words or nonwords were printed using alternating colors. The eye movements of both the Chinese young and older adults were clearly influenced by this explicit word boundary information. Across a number of eye-movement measures, in addition to a general age-related slowdown, the results showed that both groups benefited overall from the explicit color-based word boundary and experienced interference from the nonword boundary. Moreover, the manipulations showed stronger effects among the older adults. We discuss implications for practical application.<\/div><p class=\"tp_close_menu\"><a class=\"tp_close\" onclick=\"teachpress_pub_showhide('9037','tp_abstract')\">Close<\/a><\/p><\/div><div class=\"tp_links\" id=\"tp_links_9037\" style=\"display:none;\"><div class=\"tp_links_entry\"><ul class=\"tp_pub_list\"><li><i class=\"ai ai-doi\"><\/i><a class=\"tp_pub_list\" href=\"https:\/\/dx.doi.org\/10.3758\/s13423-024-02581-6\" title=\"Follow DOI:10.3758\/s13423-024-02581-6\" target=\"_blank\">doi:10.3758\/s13423-024-02581-6<\/a><\/li><\/ul><\/div><p class=\"tp_close_menu\"><a class=\"tp_close\" onclick=\"teachpress_pub_showhide('9037','tp_links')\">Close<\/a><\/p><\/div><\/td><\/tr><tr class=\"tp_publication tp_publication_article\"><td class=\"tp_pub_info\"><p class=\"tp_pub_author\">Tian-yu Zhang; Run-ze He; Wen-guang He<\/p><p class=\"tp_pub_title\"><a class=\"tp_title_link\" onclick=\"teachpress_pub_showhide('13787','tp_abstract')\" style=\"cursor:pointer;\">Effects of animacy on Chinese RCs processing in younger and old adults: Evidence from eye-tracking<\/a> <span class=\"tp_pub_type tp_  article\">Journal Article<\/span> <\/p><p class=\"tp_pub_additional\"><span class=\"tp_pub_additional_in\">In: <\/span><span class=\"tp_pub_additional_journal\">Journal of Literature and Art Studies, <\/span><span class=\"tp_pub_additional_volume\">vol. 15, <\/span><span class=\"tp_pub_additional_number\">no. 4, <\/span><span class=\"tp_pub_additional_pages\">pp. 294\u2013309, <\/span><span class=\"tp_pub_additional_year\">2025<\/span>.<\/p><p class=\"tp_pub_menu\"><span class=\"tp_abstract_link\"><a id=\"tp_abstract_sh_13787\" class=\"tp_show\" onclick=\"teachpress_pub_showhide('13787','tp_abstract')\" title=\"Show abstract\" style=\"cursor:pointer;\">Abstract<\/a><\/span> | <span class=\"tp_resource_link\"><a id=\"tp_links_sh_13787\" class=\"tp_show\" onclick=\"teachpress_pub_showhide('13787','tp_links')\" title=\"Show links and resources\" style=\"cursor:pointer;\">Links<\/a><\/span> | <span class=\"tp_bibtex_link\"><a id=\"tp_bibtex_sh_13787\" class=\"tp_show\" onclick=\"teachpress_pub_showhide('13787','tp_bibtex')\" title=\"Show BibTeX entry\" style=\"cursor:pointer;\">BibTeX<\/a><\/span><\/p><div class=\"tp_bibtex\" id=\"tp_bibtex_13787\" style=\"display:none;\"><div class=\"tp_bibtex_entry\"><pre>@article{Zhang2025l,<br \/>\r\ntitle = {Effects of animacy on Chinese RCs processing in younger and old adults: Evidence from eye-tracking},<br \/>\r\nauthor = {Tian-yu Zhang and Run-ze He and Wen-guang He},<br \/>\r\ndoi = {10.17265\/2159-5836\/2025.04.006},<br \/>\r\nyear  = {2025},<br \/>\r\ndate = {2025-04-01},<br \/>\r\njournal = {Journal of Literature and Art Studies},<br \/>\r\nvolume = {15},<br \/>\r\nnumber = {4},<br \/>\r\npages = {294\u2013309},<br \/>\r\npublisher = {David Publishing Company},<br \/>\r\nabstract = {Syntax and semantics are two important factors that influence sentence processing. Studies have found different aging effects in syntactic and semantic processing during sentence comprehension. While there is consensus on the aging effects in syntactic processing, the presence of aging in semantic processing remains debated. The present study aimed to explore whether there were aging effects in lexical-semantic information processing in complex sentence. 79 participants were recruited to take part in this study, including 40 younger adults (mean age of 21.1 \u00b1 1.19 years) and 39 older adults (mean age of 66.24 \u00b1 3.02 years). Using eye-movement tracking technology and manipulating the animacy of head nouns in Chinese subject relative clauses (SRCs) and object relative clauses (ORCs), we investigated the abilities of young and old adults in relative clauses (RCs) processing. The results of comprehension accuracy revealed a significant effect of aging in RCs processing, with older participants exhibiting poor performance compared with younger counterparts across all four clause conditions. Furthermore, younger participants demonstrated a clear animacy effect in RCs processing, but this effect was not found in older participants. Reading times indicated a prominent aging effect in clause processing, with older participants showing significantly longer reading times across all four types of RCs compared to younger participants. It was observed that processing ORCs in Chinese was relatively easier than processing SRCs. Additionally, a noticeable aging effect in semantic processing was found, specifically, the difficulties of processing SRCs and ORCs vary with the animacy configuration of the head nouns for younger participants but were not observed in older participants. In summary, aging in cognition would also inhinder semantic processing in complex sentence comprehension.},<br \/>\r\nkeywords = {},<br \/>\r\npubstate = {published},<br \/>\r\ntppubtype = {article}<br \/>\r\n}<br \/>\r\n<\/pre><\/div><p class=\"tp_close_menu\"><a class=\"tp_close\" onclick=\"teachpress_pub_showhide('13787','tp_bibtex')\">Close<\/a><\/p><\/div><div class=\"tp_abstract\" id=\"tp_abstract_13787\" style=\"display:none;\"><div class=\"tp_abstract_entry\">Syntax and semantics are two important factors that influence sentence processing. Studies have found different aging effects in syntactic and semantic processing during sentence comprehension. While there is consensus on the aging effects in syntactic processing, the presence of aging in semantic processing remains debated. The present study aimed to explore whether there were aging effects in lexical-semantic information processing in complex sentence. 79 participants were recruited to take part in this study, including 40 younger adults (mean age of 21.1 \u00b1 1.19 years) and 39 older adults (mean age of 66.24 \u00b1 3.02 years). Using eye-movement tracking technology and manipulating the animacy of head nouns in Chinese subject relative clauses (SRCs) and object relative clauses (ORCs), we investigated the abilities of young and old adults in relative clauses (RCs) processing. The results of comprehension accuracy revealed a significant effect of aging in RCs processing, with older participants exhibiting poor performance compared with younger counterparts across all four clause conditions. Furthermore, younger participants demonstrated a clear animacy effect in RCs processing, but this effect was not found in older participants. Reading times indicated a prominent aging effect in clause processing, with older participants showing significantly longer reading times across all four types of RCs compared to younger participants. It was observed that processing ORCs in Chinese was relatively easier than processing SRCs. Additionally, a noticeable aging effect in semantic processing was found, specifically, the difficulties of processing SRCs and ORCs vary with the animacy configuration of the head nouns for younger participants but were not observed in older participants. In summary, aging in cognition would also inhinder semantic processing in complex sentence comprehension.<\/div><p class=\"tp_close_menu\"><a class=\"tp_close\" onclick=\"teachpress_pub_showhide('13787','tp_abstract')\">Close<\/a><\/p><\/div><div class=\"tp_links\" id=\"tp_links_13787\" style=\"display:none;\"><div class=\"tp_links_entry\"><ul class=\"tp_pub_list\"><li><i class=\"ai ai-doi\"><\/i><a class=\"tp_pub_list\" href=\"https:\/\/dx.doi.org\/10.17265\/2159-5836\/2025.04.006\" title=\"Follow DOI:10.17265\/2159-5836\/2025.04.006\" target=\"_blank\">doi:10.17265\/2159-5836\/2025.04.006<\/a><\/li><\/ul><\/div><p class=\"tp_close_menu\"><a class=\"tp_close\" onclick=\"teachpress_pub_showhide('13787','tp_links')\">Close<\/a><\/p><\/div><\/td><\/tr><tr class=\"tp_publication tp_publication_article\"><td class=\"tp_pub_info\"><p class=\"tp_pub_author\">Tami Harel-Arbeli; Hagit Shaposhnik; Yuval Palgi; Boaz M. Ben-David<\/p><p class=\"tp_pub_title\"><a class=\"tp_title_link\" onclick=\"teachpress_pub_showhide('4512','tp_abstract')\" style=\"cursor:pointer;\">Taking the extra listening mile: Processing spoken semantic context is more effortful for older than young adults<\/a> <span class=\"tp_pub_type tp_  article\">Journal Article<\/span> <\/p><p class=\"tp_pub_additional\"><span class=\"tp_pub_additional_in\">In: <\/span><span class=\"tp_pub_additional_journal\">Ear and Hearing, <\/span><span class=\"tp_pub_additional_volume\">vol. 46, <\/span><span class=\"tp_pub_additional_number\">no. 2, <\/span><span class=\"tp_pub_additional_pages\">pp. 315\u2013324, <\/span><span class=\"tp_pub_additional_year\">2025<\/span>.<\/p><p class=\"tp_pub_menu\"><span class=\"tp_abstract_link\"><a id=\"tp_abstract_sh_4512\" class=\"tp_show\" onclick=\"teachpress_pub_showhide('4512','tp_abstract')\" title=\"Show abstract\" style=\"cursor:pointer;\">Abstract<\/a><\/span> | <span class=\"tp_resource_link\"><a id=\"tp_links_sh_4512\" class=\"tp_show\" onclick=\"teachpress_pub_showhide('4512','tp_links')\" title=\"Show links and resources\" style=\"cursor:pointer;\">Links<\/a><\/span> | <span class=\"tp_bibtex_link\"><a id=\"tp_bibtex_sh_4512\" class=\"tp_show\" onclick=\"teachpress_pub_showhide('4512','tp_bibtex')\" title=\"Show BibTeX entry\" style=\"cursor:pointer;\">BibTeX<\/a><\/span><\/p><div class=\"tp_bibtex\" id=\"tp_bibtex_4512\" style=\"display:none;\"><div class=\"tp_bibtex_entry\"><pre>@article{HarelArbeli2025,<br \/>\r\ntitle = {Taking the extra listening mile: Processing spoken semantic context is more effortful for older than young adults},<br \/>\r\nauthor = {Tami Harel-Arbeli and Hagit Shaposhnik and Yuval Palgi and Boaz M. Ben-David},<br \/>\r\ndoi = {10.1097\/AUD.0000000000001582},<br \/>\r\nyear  = {2025},<br \/>\r\ndate = {2025-03-01},<br \/>\r\njournal = {Ear and Hearing},<br \/>\r\nvolume = {46},<br \/>\r\nnumber = {2},<br \/>\r\npages = {315\u2013324},<br \/>\r\npublisher = {Wolters Kluwer Health},<br \/>\r\nabstract = {Objectives: Older adults use semantic context to generate predictions in speech processing, compensating for aging-related sensory and cognitive changes. This study aimed to gauge aging-related changes in effort exertion related to context use. Design: The study revisited data from Harel-Arbeli et al. (2023) that used a \"visual-world\"eye-tracking paradigm. Data on efficiency of context use (response latency and the probability to gaze at the target before hearing it) and effort exertion (pupil dilation) were extracted from a subset of 14 young adults (21 to 27 years old) and 13 older adults (65 to 79 years old). Results: Both age groups showed a similar pattern of context benefits for response latency and target word predictions, however only the older adults group showed overall increased pupil dilation when listening to context sentences. Conclusions: Older adults' efficient use of spoken semantic context appears to come at a cost of increased effort exertion.},<br \/>\r\nkeywords = {},<br \/>\r\npubstate = {published},<br \/>\r\ntppubtype = {article}<br \/>\r\n}<br \/>\r\n<\/pre><\/div><p class=\"tp_close_menu\"><a class=\"tp_close\" onclick=\"teachpress_pub_showhide('4512','tp_bibtex')\">Close<\/a><\/p><\/div><div class=\"tp_abstract\" id=\"tp_abstract_4512\" style=\"display:none;\"><div class=\"tp_abstract_entry\">Objectives: Older adults use semantic context to generate predictions in speech processing, compensating for aging-related sensory and cognitive changes. This study aimed to gauge aging-related changes in effort exertion related to context use. Design: The study revisited data from Harel-Arbeli et al. (2023) that used a \"visual-world\"eye-tracking paradigm. Data on efficiency of context use (response latency and the probability to gaze at the target before hearing it) and effort exertion (pupil dilation) were extracted from a subset of 14 young adults (21 to 27 years old) and 13 older adults (65 to 79 years old). Results: Both age groups showed a similar pattern of context benefits for response latency and target word predictions, however only the older adults group showed overall increased pupil dilation when listening to context sentences. Conclusions: Older adults' efficient use of spoken semantic context appears to come at a cost of increased effort exertion.<\/div><p class=\"tp_close_menu\"><a class=\"tp_close\" onclick=\"teachpress_pub_showhide('4512','tp_abstract')\">Close<\/a><\/p><\/div><div class=\"tp_links\" id=\"tp_links_4512\" style=\"display:none;\"><div class=\"tp_links_entry\"><ul class=\"tp_pub_list\"><li><i class=\"ai ai-doi\"><\/i><a class=\"tp_pub_list\" href=\"https:\/\/dx.doi.org\/10.1097\/AUD.0000000000001582\" title=\"Follow DOI:10.1097\/AUD.0000000000001582\" target=\"_blank\">doi:10.1097\/AUD.0000000000001582<\/a><\/li><\/ul><\/div><p class=\"tp_close_menu\"><a class=\"tp_close\" onclick=\"teachpress_pub_showhide('4512','tp_links')\">Close<\/a><\/p><\/div><\/td><\/tr><tr class=\"tp_publication tp_publication_article\"><td class=\"tp_pub_info\"><p class=\"tp_pub_author\">Charlotte Jeppsen; Keith Baxelbaum; Bruce Tomblin; Kelsey Klein; Bob McMurray<\/p><p class=\"tp_pub_title\"><a class=\"tp_title_link\" onclick=\"teachpress_pub_showhide('5536','tp_abstract')\" style=\"cursor:pointer;\">The development of lexical processing: Real-time phonological competition and semantic activation in school age children<\/a> <span class=\"tp_pub_type tp_  article\">Journal Article<\/span> <\/p><p class=\"tp_pub_additional\"><span class=\"tp_pub_additional_in\">In: <\/span><span class=\"tp_pub_additional_journal\">Quarterly Journal of Experimental Psychology, <\/span><span class=\"tp_pub_additional_volume\">vol. 78, <\/span><span class=\"tp_pub_additional_number\">no. 3, <\/span><span class=\"tp_pub_additional_pages\">pp. 437\u2013458, <\/span><span class=\"tp_pub_additional_year\">2025<\/span>.<\/p><p class=\"tp_pub_menu\"><span class=\"tp_abstract_link\"><a id=\"tp_abstract_sh_5536\" class=\"tp_show\" onclick=\"teachpress_pub_showhide('5536','tp_abstract')\" title=\"Show abstract\" style=\"cursor:pointer;\">Abstract<\/a><\/span> | <span class=\"tp_resource_link\"><a id=\"tp_links_sh_5536\" class=\"tp_show\" onclick=\"teachpress_pub_showhide('5536','tp_links')\" title=\"Show links and resources\" style=\"cursor:pointer;\">Links<\/a><\/span> | <span class=\"tp_bibtex_link\"><a id=\"tp_bibtex_sh_5536\" class=\"tp_show\" onclick=\"teachpress_pub_showhide('5536','tp_bibtex')\" title=\"Show BibTeX entry\" style=\"cursor:pointer;\">BibTeX<\/a><\/span><\/p><div class=\"tp_bibtex\" id=\"tp_bibtex_5536\" style=\"display:none;\"><div class=\"tp_bibtex_entry\"><pre>@article{Jeppsen2025,<br \/>\r\ntitle = {The development of lexical processing: Real-time phonological competition and semantic activation in school age children},<br \/>\r\nauthor = {Charlotte Jeppsen and Keith Baxelbaum and Bruce Tomblin and Kelsey Klein and Bob McMurray},<br \/>\r\ndoi = {10.1177\/17470218241244799},<br \/>\r\nyear  = {2025},<br \/>\r\ndate = {2025-03-01},<br \/>\r\njournal = {Quarterly Journal of Experimental Psychology},<br \/>\r\nvolume = {78},<br \/>\r\nnumber = {3},<br \/>\r\npages = {437\u2013458},<br \/>\r\npublisher = {SAGE Publications Ltd},<br \/>\r\nabstract = {Prior research suggests that the development of speech perception and word recognition stabilises in early childhood. However, recent work suggests that development of these processes continues throughout adolescence. This study aimed to investigate whether these developmental changes are based solely within the lexical system or are due to domain general changes, and to extend this investigation to lexical-semantic processing. We used two Visual World Paradigm tasks: one to examine phonological and semantic processing, one to capture non-linguistic domain-general skills. We tested 43 seven- to nine-year-olds, 42 ten- to thirteen-year-olds, and 30 sixteen- to seventeen-year-olds. Older children were quicker to fixate the target word and exhibited earlier onset and offset of fixations to both semantic and phonological competitors. Visual\/cognitive skills explained significant, but not all, variance in the development of these effects. Developmental changes in semantic activation were largely attributable to changes in upstream phonological processing. These results suggest that the concurrent development of linguistic processes and broader visual\/cognitive skills lead to developmental changes in real-time phonological competition, while semantic activation is more stable across these ages.},<br \/>\r\nkeywords = {},<br \/>\r\npubstate = {published},<br \/>\r\ntppubtype = {article}<br \/>\r\n}<br \/>\r\n<\/pre><\/div><p class=\"tp_close_menu\"><a class=\"tp_close\" onclick=\"teachpress_pub_showhide('5536','tp_bibtex')\">Close<\/a><\/p><\/div><div class=\"tp_abstract\" id=\"tp_abstract_5536\" style=\"display:none;\"><div class=\"tp_abstract_entry\">Prior research suggests that the development of speech perception and word recognition stabilises in early childhood. However, recent work suggests that development of these processes continues throughout adolescence. This study aimed to investigate whether these developmental changes are based solely within the lexical system or are due to domain general changes, and to extend this investigation to lexical-semantic processing. We used two Visual World Paradigm tasks: one to examine phonological and semantic processing, one to capture non-linguistic domain-general skills. We tested 43 seven- to nine-year-olds, 42 ten- to thirteen-year-olds, and 30 sixteen- to seventeen-year-olds. Older children were quicker to fixate the target word and exhibited earlier onset and offset of fixations to both semantic and phonological competitors. Visual\/cognitive skills explained significant, but not all, variance in the development of these effects. Developmental changes in semantic activation were largely attributable to changes in upstream phonological processing. These results suggest that the concurrent development of linguistic processes and broader visual\/cognitive skills lead to developmental changes in real-time phonological competition, while semantic activation is more stable across these ages.<\/div><p class=\"tp_close_menu\"><a class=\"tp_close\" onclick=\"teachpress_pub_showhide('5536','tp_abstract')\">Close<\/a><\/p><\/div><div class=\"tp_links\" id=\"tp_links_5536\" style=\"display:none;\"><div class=\"tp_links_entry\"><ul class=\"tp_pub_list\"><li><i class=\"ai ai-doi\"><\/i><a class=\"tp_pub_list\" href=\"https:\/\/dx.doi.org\/10.1177\/17470218241244799\" title=\"Follow DOI:10.1177\/17470218241244799\" target=\"_blank\">doi:10.1177\/17470218241244799<\/a><\/li><\/ul><\/div><p class=\"tp_close_menu\"><a class=\"tp_close\" onclick=\"teachpress_pub_showhide('5536','tp_links')\">Close<\/a><\/p><\/div><\/td><\/tr><tr class=\"tp_publication tp_publication_article\"><td class=\"tp_pub_info\"><p class=\"tp_pub_author\">Michela Redolfi; Chiara Melloni<\/p><p class=\"tp_pub_title\"><a class=\"tp_title_link\" onclick=\"teachpress_pub_showhide('9936','tp_abstract')\" style=\"cursor:pointer;\">Processing adjectives in development: Evidence from eye-tracking<\/a> <span class=\"tp_pub_type tp_  article\">Journal Article<\/span> <\/p><p class=\"tp_pub_additional\"><span class=\"tp_pub_additional_in\">In: <\/span><span class=\"tp_pub_additional_journal\">Journal of Child Language, <\/span><span class=\"tp_pub_additional_volume\">vol. 52, <\/span><span class=\"tp_pub_additional_number\">no. 2, <\/span><span class=\"tp_pub_additional_pages\">pp. 270\u2013293, <\/span><span class=\"tp_pub_additional_year\">2025<\/span>.<\/p><p class=\"tp_pub_menu\"><span class=\"tp_abstract_link\"><a id=\"tp_abstract_sh_9936\" class=\"tp_show\" onclick=\"teachpress_pub_showhide('9936','tp_abstract')\" title=\"Show abstract\" style=\"cursor:pointer;\">Abstract<\/a><\/span> | <span class=\"tp_resource_link\"><a id=\"tp_links_sh_9936\" class=\"tp_show\" onclick=\"teachpress_pub_showhide('9936','tp_links')\" title=\"Show links and resources\" style=\"cursor:pointer;\">Links<\/a><\/span> | <span class=\"tp_bibtex_link\"><a id=\"tp_bibtex_sh_9936\" class=\"tp_show\" onclick=\"teachpress_pub_showhide('9936','tp_bibtex')\" title=\"Show BibTeX entry\" style=\"cursor:pointer;\">BibTeX<\/a><\/span><\/p><div class=\"tp_bibtex\" id=\"tp_bibtex_9936\" style=\"display:none;\"><div class=\"tp_bibtex_entry\"><pre>@article{Redolfi2025,<br \/>\r\ntitle = {Processing adjectives in development: Evidence from eye-tracking},<br \/>\r\nauthor = {Michela Redolfi and Chiara Melloni},<br \/>\r\ndoi = {10.1017\/S0305000923000703},<br \/>\r\nyear  = {2025},<br \/>\r\ndate = {2025-03-01},<br \/>\r\njournal = {Journal of Child Language},<br \/>\r\nvolume = {52},<br \/>\r\nnumber = {2},<br \/>\r\npages = {270\u2013293},<br \/>\r\npublisher = {Cambridge University Press},<br \/>\r\nabstract = {Combining adjective meaning with the modified noun is particularly challenging for children under three years. Previous research suggests that in processing noun-adjective phrases children may over-rely on noun information, delaying or omitting adjective interpretation. However, the question of whether this difficulty is modulated by semantic differences among (subsective) adjectives is underinvestigated. A visual-world experiment explores how Italian-learning children (N=38, 2;4\u20135;3) process noun-adjective phrases and whether their processing strategies adapt based on the adjective class. Our investigation substantiates the proficient integration of noun and adjective semantics by children. Nevertheless, alligning with previous research, a notable asymmetry is evident in the interpretation of nouns and adjectives, the latter being integrated more slowly. Remarkably, by testing toddlers across a wide age range, we observe a developmental trajectory in processing, supporting a continuity approach to children's development. Moreover, we reveal that children exhibit sensitivity to the distinct interpretations associated with each subsective adjective.},<br \/>\r\nkeywords = {},<br \/>\r\npubstate = {published},<br \/>\r\ntppubtype = {article}<br \/>\r\n}<br \/>\r\n<\/pre><\/div><p class=\"tp_close_menu\"><a class=\"tp_close\" onclick=\"teachpress_pub_showhide('9936','tp_bibtex')\">Close<\/a><\/p><\/div><div class=\"tp_abstract\" id=\"tp_abstract_9936\" style=\"display:none;\"><div class=\"tp_abstract_entry\">Combining adjective meaning with the modified noun is particularly challenging for children under three years. Previous research suggests that in processing noun-adjective phrases children may over-rely on noun information, delaying or omitting adjective interpretation. However, the question of whether this difficulty is modulated by semantic differences among (subsective) adjectives is underinvestigated. A visual-world experiment explores how Italian-learning children (N=38, 2;4\u20135;3) process noun-adjective phrases and whether their processing strategies adapt based on the adjective class. Our investigation substantiates the proficient integration of noun and adjective semantics by children. Nevertheless, alligning with previous research, a notable asymmetry is evident in the interpretation of nouns and adjectives, the latter being integrated more slowly. Remarkably, by testing toddlers across a wide age range, we observe a developmental trajectory in processing, supporting a continuity approach to children's development. Moreover, we reveal that children exhibit sensitivity to the distinct interpretations associated with each subsective adjective.<\/div><p class=\"tp_close_menu\"><a class=\"tp_close\" onclick=\"teachpress_pub_showhide('9936','tp_abstract')\">Close<\/a><\/p><\/div><div class=\"tp_links\" id=\"tp_links_9936\" style=\"display:none;\"><div class=\"tp_links_entry\"><ul class=\"tp_pub_list\"><li><i class=\"ai ai-doi\"><\/i><a class=\"tp_pub_list\" href=\"https:\/\/dx.doi.org\/10.1017\/S0305000923000703\" title=\"Follow DOI:10.1017\/S0305000923000703\" target=\"_blank\">doi:10.1017\/S0305000923000703<\/a><\/li><\/ul><\/div><p class=\"tp_close_menu\"><a class=\"tp_close\" onclick=\"teachpress_pub_showhide('9936','tp_links')\">Close<\/a><\/p><\/div><\/td><\/tr><tr class=\"tp_publication tp_publication_article\"><td class=\"tp_pub_info\"><p class=\"tp_pub_author\">Jing Shen; Elizabeth Heller Murray<\/p><p class=\"tp_pub_title\"><a class=\"tp_title_link\" onclick=\"teachpress_pub_showhide('10908','tp_abstract')\" style=\"cursor:pointer;\">Breathy vocal quality, background noise, and hearing loss: How do these adverse conditions affect speech perception by older adults?<\/a> <span class=\"tp_pub_type tp_  article\">Journal Article<\/span> <\/p><p class=\"tp_pub_additional\"><span class=\"tp_pub_additional_in\">In: <\/span><span class=\"tp_pub_additional_journal\">Ear and Hearing, <\/span><span class=\"tp_pub_additional_volume\">vol. 46, <\/span><span class=\"tp_pub_additional_number\">no. 2, <\/span><span class=\"tp_pub_additional_pages\">pp. 474\u2013482, <\/span><span class=\"tp_pub_additional_year\">2025<\/span>.<\/p><p class=\"tp_pub_menu\"><span class=\"tp_abstract_link\"><a id=\"tp_abstract_sh_10908\" class=\"tp_show\" onclick=\"teachpress_pub_showhide('10908','tp_abstract')\" title=\"Show abstract\" style=\"cursor:pointer;\">Abstract<\/a><\/span> | <span class=\"tp_resource_link\"><a id=\"tp_links_sh_10908\" class=\"tp_show\" onclick=\"teachpress_pub_showhide('10908','tp_links')\" title=\"Show links and resources\" style=\"cursor:pointer;\">Links<\/a><\/span> | <span class=\"tp_bibtex_link\"><a id=\"tp_bibtex_sh_10908\" class=\"tp_show\" onclick=\"teachpress_pub_showhide('10908','tp_bibtex')\" title=\"Show BibTeX entry\" style=\"cursor:pointer;\">BibTeX<\/a><\/span><\/p><div class=\"tp_bibtex\" id=\"tp_bibtex_10908\" style=\"display:none;\"><div class=\"tp_bibtex_entry\"><pre>@article{Shen2025a,<br \/>\r\ntitle = {Breathy vocal quality, background noise, and hearing loss: How do these adverse conditions affect speech perception by older adults?},<br \/>\r\nauthor = {Jing Shen and Elizabeth Heller Murray},<br \/>\r\ndoi = {10.1097\/AUD.0000000000001599},<br \/>\r\nyear  = {2025},<br \/>\r\ndate = {2025-03-01},<br \/>\r\njournal = {Ear and Hearing},<br \/>\r\nvolume = {46},<br \/>\r\nnumber = {2},<br \/>\r\npages = {474\u2013482},<br \/>\r\npublisher = {Wolters Kluwer Health},<br \/>\r\nabstract = {Objectives: Although breathy vocal quality and hearing loss are both prevalent age-related changes, their combined impact on speech communication is poorly understood. This study investigated whether breathy vocal quality affected speech perception and listening effort by older listeners. Furthermore, the study examined how this effect was modulated by the adverse listening environment of background noise and the listener's level of hearing loss. Design: Nineteen older adults participated in the study. Their hearing ranged from near-normal to mild-moderate sensorineural hearing loss. Participants heard speech material of low-context sentences, with stimuli resynthesized to simulate original, mild-moderately breathy, and severely breathy conditions. Speech intelligibility was measured using a speech recognition in noise paradigm, with pupillometry data collected simultaneously to measure listening effort. Results: Simulated severely breathy vocal quality was found to reduce intelligibility and increase listening effort. Breathiness and background noise level independently modulated listening effort. The impact of hearing loss was not observed in this dataset, which can be due to the use of individualized signal to noise ratios and a small sample size. Conclusion: Results from this study demonstrate the challenges of listening to speech with a breathy vocal quality. Theoretically, the findings highlight the importance of periodicity cues in speech perception in noise by older listeners. Breathy voice could be challenging to separate from the noise when the noise also lacks periodicity. Clinically, it suggests the need to address both listener- and talker-related factors in speech communication by older adults.},<br \/>\r\nkeywords = {},<br \/>\r\npubstate = {published},<br \/>\r\ntppubtype = {article}<br \/>\r\n}<br \/>\r\n<\/pre><\/div><p class=\"tp_close_menu\"><a class=\"tp_close\" onclick=\"teachpress_pub_showhide('10908','tp_bibtex')\">Close<\/a><\/p><\/div><div class=\"tp_abstract\" id=\"tp_abstract_10908\" style=\"display:none;\"><div class=\"tp_abstract_entry\">Objectives: Although breathy vocal quality and hearing loss are both prevalent age-related changes, their combined impact on speech communication is poorly understood. This study investigated whether breathy vocal quality affected speech perception and listening effort by older listeners. Furthermore, the study examined how this effect was modulated by the adverse listening environment of background noise and the listener's level of hearing loss. Design: Nineteen older adults participated in the study. Their hearing ranged from near-normal to mild-moderate sensorineural hearing loss. Participants heard speech material of low-context sentences, with stimuli resynthesized to simulate original, mild-moderately breathy, and severely breathy conditions. Speech intelligibility was measured using a speech recognition in noise paradigm, with pupillometry data collected simultaneously to measure listening effort. Results: Simulated severely breathy vocal quality was found to reduce intelligibility and increase listening effort. Breathiness and background noise level independently modulated listening effort. The impact of hearing loss was not observed in this dataset, which can be due to the use of individualized signal to noise ratios and a small sample size. Conclusion: Results from this study demonstrate the challenges of listening to speech with a breathy vocal quality. Theoretically, the findings highlight the importance of periodicity cues in speech perception in noise by older listeners. Breathy voice could be challenging to separate from the noise when the noise also lacks periodicity. Clinically, it suggests the need to address both listener- and talker-related factors in speech communication by older adults.<\/div><p class=\"tp_close_menu\"><a class=\"tp_close\" onclick=\"teachpress_pub_showhide('10908','tp_abstract')\">Close<\/a><\/p><\/div><div class=\"tp_links\" id=\"tp_links_10908\" style=\"display:none;\"><div class=\"tp_links_entry\"><ul class=\"tp_pub_list\"><li><i class=\"ai ai-doi\"><\/i><a class=\"tp_pub_list\" href=\"https:\/\/dx.doi.org\/10.1097\/AUD.0000000000001599\" title=\"Follow DOI:10.1097\/AUD.0000000000001599\" target=\"_blank\">doi:10.1097\/AUD.0000000000001599<\/a><\/li><\/ul><\/div><p class=\"tp_close_menu\"><a class=\"tp_close\" onclick=\"teachpress_pub_showhide('10908','tp_links')\">Close<\/a><\/p><\/div><\/td><\/tr><tr class=\"tp_publication tp_publication_article\"><td class=\"tp_pub_info\"><p class=\"tp_pub_author\">Malathi Thothathiri; Evan Kidd; Caroline Rowland<\/p><p class=\"tp_pub_title\"><a class=\"tp_title_link\" onclick=\"teachpress_pub_showhide('11829','tp_abstract')\" style=\"cursor:pointer;\">The role of executive function in the processing and acquisition of syntax<\/a> <span class=\"tp_pub_type tp_  article\">Journal Article<\/span> <\/p><p class=\"tp_pub_additional\"><span class=\"tp_pub_additional_in\">In: <\/span><span class=\"tp_pub_additional_journal\">Royal Society Open Science, <\/span><span class=\"tp_pub_additional_volume\">vol. 12, <\/span><span class=\"tp_pub_additional_number\">no. 3, <\/span><span class=\"tp_pub_additional_pages\">pp. 1\u201330, <\/span><span class=\"tp_pub_additional_year\">2025<\/span>.<\/p><p class=\"tp_pub_menu\"><span class=\"tp_abstract_link\"><a id=\"tp_abstract_sh_11829\" class=\"tp_show\" onclick=\"teachpress_pub_showhide('11829','tp_abstract')\" title=\"Show abstract\" style=\"cursor:pointer;\">Abstract<\/a><\/span> | <span class=\"tp_resource_link\"><a id=\"tp_links_sh_11829\" class=\"tp_show\" onclick=\"teachpress_pub_showhide('11829','tp_links')\" title=\"Show links and resources\" style=\"cursor:pointer;\">Links<\/a><\/span> | <span class=\"tp_bibtex_link\"><a id=\"tp_bibtex_sh_11829\" class=\"tp_show\" onclick=\"teachpress_pub_showhide('11829','tp_bibtex')\" title=\"Show BibTeX entry\" style=\"cursor:pointer;\">BibTeX<\/a><\/span><\/p><div class=\"tp_bibtex\" id=\"tp_bibtex_11829\" style=\"display:none;\"><div class=\"tp_bibtex_entry\"><pre>@article{Thothathiri2025,<br \/>\r\ntitle = {The role of executive function in the processing and acquisition of syntax},<br \/>\r\nauthor = {Malathi Thothathiri and Evan Kidd and Caroline Rowland},<br \/>\r\ndoi = {10.1098\/rsos.201497},<br \/>\r\nyear  = {2025},<br \/>\r\ndate = {2025-03-01},<br \/>\r\njournal = {Royal Society Open Science},<br \/>\r\nvolume = {12},<br \/>\r\nnumber = {3},<br \/>\r\npages = {1\u201330},<br \/>\r\npublisher = {Royal Society Publishing},<br \/>\r\nabstract = {Language acquisition is multifaceted, relying on cognitive and social abilities in addition to language-specific skills. We hypothesized that executive function (EF) may assist language development by enabling children to revise misinterpretations during online processing, encode language input more accurately and\/or learn non-canonical sentence structures like the passive better over time. One hundred and twenty Dutch preschoolers each completed three sessions of testing (pre-test, exposure and post-test). During pre-test and post-test, we measured their comprehension of passive sentences and performance in three EF tasks. In the exposure session, we tracked children's eye movements as they listened to passive (and other) sentences. Each child was also assessed for short-term memory and receptive language. Multiple regression evaluated the relationship between EF and online processing and longer-term learning. EF predicted online revision accuracy, while controlling for receptive language, prior passive knowledge and short-term memory, consistent with theories linking EF to the revision of misinterpretations. EF was also associated with longer-term learning, but the results could not disentangle EF from receptive language. These findings broadly support a role for EF in language acquisition, including a specific role in revision during sentence processing and potentially other roles that depend on reciprocal interaction between EF and receptive language.},<br \/>\r\nkeywords = {},<br \/>\r\npubstate = {published},<br \/>\r\ntppubtype = {article}<br \/>\r\n}<br \/>\r\n<\/pre><\/div><p class=\"tp_close_menu\"><a class=\"tp_close\" onclick=\"teachpress_pub_showhide('11829','tp_bibtex')\">Close<\/a><\/p><\/div><div class=\"tp_abstract\" id=\"tp_abstract_11829\" style=\"display:none;\"><div class=\"tp_abstract_entry\">Language acquisition is multifaceted, relying on cognitive and social abilities in addition to language-specific skills. We hypothesized that executive function (EF) may assist language development by enabling children to revise misinterpretations during online processing, encode language input more accurately and\/or learn non-canonical sentence structures like the passive better over time. One hundred and twenty Dutch preschoolers each completed three sessions of testing (pre-test, exposure and post-test). During pre-test and post-test, we measured their comprehension of passive sentences and performance in three EF tasks. In the exposure session, we tracked children's eye movements as they listened to passive (and other) sentences. Each child was also assessed for short-term memory and receptive language. Multiple regression evaluated the relationship between EF and online processing and longer-term learning. EF predicted online revision accuracy, while controlling for receptive language, prior passive knowledge and short-term memory, consistent with theories linking EF to the revision of misinterpretations. EF was also associated with longer-term learning, but the results could not disentangle EF from receptive language. These findings broadly support a role for EF in language acquisition, including a specific role in revision during sentence processing and potentially other roles that depend on reciprocal interaction between EF and receptive language.<\/div><p class=\"tp_close_menu\"><a class=\"tp_close\" onclick=\"teachpress_pub_showhide('11829','tp_abstract')\">Close<\/a><\/p><\/div><div class=\"tp_links\" id=\"tp_links_11829\" style=\"display:none;\"><div class=\"tp_links_entry\"><ul class=\"tp_pub_list\"><li><i class=\"ai ai-doi\"><\/i><a class=\"tp_pub_list\" href=\"https:\/\/dx.doi.org\/10.1098\/rsos.201497\" title=\"Follow DOI:10.1098\/rsos.201497\" target=\"_blank\">doi:10.1098\/rsos.201497<\/a><\/li><\/ul><\/div><p class=\"tp_close_menu\"><a class=\"tp_close\" onclick=\"teachpress_pub_showhide('11829','tp_links')\">Close<\/a><\/p><\/div><\/td><\/tr><tr class=\"tp_publication tp_publication_article\"><td class=\"tp_pub_info\"><p class=\"tp_pub_author\">Markus R T\u00fcnte; Stefanie Hoehl; Moritz Wunderwald; Johannes Bullinger; Asena Boyadziheva; Lara Maister; Birgit Elsner; Manos Tsakiris; Ezgi Kayhan<\/p><p class=\"tp_pub_title\"><a class=\"tp_title_link\" onclick=\"teachpress_pub_showhide('12026','tp_abstract')\" style=\"cursor:pointer;\">Respiratory and cardiac interoceptive sensitivity in the first two years of life<\/a> <span class=\"tp_pub_type tp_  article\">Journal Article<\/span> <\/p><p class=\"tp_pub_additional\"><span class=\"tp_pub_additional_in\">In: <\/span><span class=\"tp_pub_additional_journal\">eLife, <\/span><span class=\"tp_pub_additional_volume\">vol. 12, <\/span><span class=\"tp_pub_additional_pages\">pp. 1\u201340, <\/span><span class=\"tp_pub_additional_year\">2025<\/span>.<\/p><p class=\"tp_pub_menu\"><span class=\"tp_abstract_link\"><a id=\"tp_abstract_sh_12026\" class=\"tp_show\" onclick=\"teachpress_pub_showhide('12026','tp_abstract')\" title=\"Show abstract\" style=\"cursor:pointer;\">Abstract<\/a><\/span> | <span class=\"tp_resource_link\"><a id=\"tp_links_sh_12026\" class=\"tp_show\" onclick=\"teachpress_pub_showhide('12026','tp_links')\" title=\"Show links and resources\" style=\"cursor:pointer;\">Links<\/a><\/span> | <span class=\"tp_bibtex_link\"><a id=\"tp_bibtex_sh_12026\" class=\"tp_show\" onclick=\"teachpress_pub_showhide('12026','tp_bibtex')\" title=\"Show BibTeX entry\" style=\"cursor:pointer;\">BibTeX<\/a><\/span><\/p><div class=\"tp_bibtex\" id=\"tp_bibtex_12026\" style=\"display:none;\"><div class=\"tp_bibtex_entry\"><pre>@article{Tuente2025,<br \/>\r\ntitle = {Respiratory and cardiac interoceptive sensitivity in the first two years of life},<br \/>\r\nauthor = {Markus R T\u00fcnte and Stefanie Hoehl and Moritz Wunderwald and Johannes Bullinger and Asena Boyadziheva and Lara Maister and Birgit Elsner and Manos Tsakiris and Ezgi Kayhan},<br \/>\r\ndoi = {10.7554\/elife.91579},<br \/>\r\nyear  = {2025},<br \/>\r\ndate = {2025-03-01},<br \/>\r\njournal = {eLife},<br \/>\r\nvolume = {12},<br \/>\r\npages = {1\u201340},<br \/>\r\npublisher = {eLife Sciences Publications, Ltd},<br \/>\r\nabstract = {Several recent theoretical accounts have posited that interoception, the perception of internal bodily signals, plays a vital role in early human development. Yet, empirical evidence of cardiac interoceptive sensitivity in infants to date has been mixed. Furthermore, existing evidence does not go beyond the perception of cardiac signals and focuses only on the age of 5\u20137 mo, limiting the generalizability of the results. Here, we used a modified version of the cardiac interoceptive sensitivity paradigm introduced by Maister et al., 2017 in 3-, 9-, and 18-mo-old infants using cross-sectional and longitudinal approaches. Going beyond, we introduce a novel experimental paradigm, namely the iBREATH, to investigate respiratory interoceptive sensitivity in infants. Overall, for cardiac interoceptive sensitivity ( total n =135) we find rather stable evidence across ages with infants on average preferring stimuli presented synchronously to their heartbeat. For respiratory interoceptive sensitivity ( total n =120) our results show a similar pattern in the first year of life, but not at 18 mo. We did not observe a strong relationship between cardiac and respiratory interoceptive sensitivity at 3 and 9 mo but found some evidence for a relationship at 18 mo. We validated our results using specification curve- and mega-analytic approaches. By examining early cardiac and respiratory interoceptive processing, we provide evidence that infants are sensitive to their interoceptive signals.},<br \/>\r\nkeywords = {},<br \/>\r\npubstate = {published},<br \/>\r\ntppubtype = {article}<br \/>\r\n}<br \/>\r\n<\/pre><\/div><p class=\"tp_close_menu\"><a class=\"tp_close\" onclick=\"teachpress_pub_showhide('12026','tp_bibtex')\">Close<\/a><\/p><\/div><div class=\"tp_abstract\" id=\"tp_abstract_12026\" style=\"display:none;\"><div class=\"tp_abstract_entry\">Several recent theoretical accounts have posited that interoception, the perception of internal bodily signals, plays a vital role in early human development. Yet, empirical evidence of cardiac interoceptive sensitivity in infants to date has been mixed. Furthermore, existing evidence does not go beyond the perception of cardiac signals and focuses only on the age of 5\u20137 mo, limiting the generalizability of the results. Here, we used a modified version of the cardiac interoceptive sensitivity paradigm introduced by Maister et al., 2017 in 3-, 9-, and 18-mo-old infants using cross-sectional and longitudinal approaches. Going beyond, we introduce a novel experimental paradigm, namely the iBREATH, to investigate respiratory interoceptive sensitivity in infants. Overall, for cardiac interoceptive sensitivity ( total n =135) we find rather stable evidence across ages with infants on average preferring stimuli presented synchronously to their heartbeat. For respiratory interoceptive sensitivity ( total n =120) our results show a similar pattern in the first year of life, but not at 18 mo. We did not observe a strong relationship between cardiac and respiratory interoceptive sensitivity at 3 and 9 mo but found some evidence for a relationship at 18 mo. We validated our results using specification curve- and mega-analytic approaches. By examining early cardiac and respiratory interoceptive processing, we provide evidence that infants are sensitive to their interoceptive signals.<\/div><p class=\"tp_close_menu\"><a class=\"tp_close\" onclick=\"teachpress_pub_showhide('12026','tp_abstract')\">Close<\/a><\/p><\/div><div class=\"tp_links\" id=\"tp_links_12026\" style=\"display:none;\"><div class=\"tp_links_entry\"><ul class=\"tp_pub_list\"><li><i class=\"ai ai-doi\"><\/i><a class=\"tp_pub_list\" href=\"https:\/\/dx.doi.org\/10.7554\/elife.91579\" title=\"Follow DOI:10.7554\/elife.91579\" target=\"_blank\">doi:10.7554\/elife.91579<\/a><\/li><\/ul><\/div><p class=\"tp_close_menu\"><a class=\"tp_close\" onclick=\"teachpress_pub_showhide('12026','tp_links')\">Close<\/a><\/p><\/div><\/td><\/tr><tr class=\"tp_publication tp_publication_article\"><td class=\"tp_pub_info\"><p class=\"tp_pub_author\">Monica Vanoncini; Ezgi Kayhan; Birgit Elsner; Moritz Wunderwald; Sebastian Wallot; Stefanie Hoehl; Natalie Boll-Avetisyan<\/p><p class=\"tp_pub_title\"><a class=\"tp_title_link\" onclick=\"teachpress_pub_showhide('12332','tp_abstract')\" style=\"cursor:pointer;\">Individual differences in infants' speech segmentation performance: The role of mother-infant cardiac synchrony<\/a> <span class=\"tp_pub_type tp_  article\">Journal Article<\/span> <\/p><p class=\"tp_pub_additional\"><span class=\"tp_pub_additional_in\">In: <\/span><span class=\"tp_pub_additional_journal\">Infancy, <\/span><span class=\"tp_pub_additional_volume\">vol. 30, <\/span><span class=\"tp_pub_additional_number\">no. 2, <\/span><span class=\"tp_pub_additional_pages\">pp. 1\u201313, <\/span><span class=\"tp_pub_additional_year\">2025<\/span>.<\/p><p class=\"tp_pub_menu\"><span class=\"tp_abstract_link\"><a id=\"tp_abstract_sh_12332\" class=\"tp_show\" onclick=\"teachpress_pub_showhide('12332','tp_abstract')\" title=\"Show abstract\" style=\"cursor:pointer;\">Abstract<\/a><\/span> | <span class=\"tp_resource_link\"><a id=\"tp_links_sh_12332\" class=\"tp_show\" onclick=\"teachpress_pub_showhide('12332','tp_links')\" title=\"Show links and resources\" style=\"cursor:pointer;\">Links<\/a><\/span> | <span class=\"tp_bibtex_link\"><a id=\"tp_bibtex_sh_12332\" class=\"tp_show\" onclick=\"teachpress_pub_showhide('12332','tp_bibtex')\" title=\"Show BibTeX entry\" style=\"cursor:pointer;\">BibTeX<\/a><\/span><\/p><div class=\"tp_bibtex\" id=\"tp_bibtex_12332\" style=\"display:none;\"><div class=\"tp_bibtex_entry\"><pre>@article{Vanoncini2025,<br \/>\r\ntitle = {Individual differences in infants' speech segmentation performance: The role of mother-infant cardiac synchrony},<br \/>\r\nauthor = {Monica Vanoncini and Ezgi Kayhan and Birgit Elsner and Moritz Wunderwald and Sebastian Wallot and Stefanie Hoehl and Natalie Boll-Avetisyan},<br \/>\r\ndoi = {10.1111\/infa.70020},<br \/>\r\nyear  = {2025},<br \/>\r\ndate = {2025-03-01},<br \/>\r\njournal = {Infancy},<br \/>\r\nvolume = {30},<br \/>\r\nnumber = {2},<br \/>\r\npages = {1\u201313},<br \/>\r\npublisher = {John Wiley and Sons Inc},<br \/>\r\nabstract = {Caregiver-infant coregulation is an early form of communication. This study investigated whether mother-infant biological coregulation is associated with 9-month-olds' word segmentation performance, a crucial milestone predicting language development. We hypothesized that coregulation would relate with infants' word segmentation performance. Additionally, we examined whether this relationship is influenced by the caregiving environment (i.e., parental reflective functioning) and the infant's emotional state (i.e., positive affect). Coregulation was investigated via cardiac synchrony in 28 nine-month-old infants (16 females) during a 5-min free-play with their German-speaking mothers. Cardiac synchrony was measured through Respiratory Sinus Arrhythmia (RSA), employing Recurrence Quantification Analysis to evaluate dyadic coupling (i.e., Recurrence Rate) and dyadic predictability (i.e., Entropy). Infants' word segmentation was measured with an eye-tracking central-fixation procedure. A stepwise regression revealed that higher dyadic coupling, but not predictability, of the dyads' RSA was associated with infants looking longer toward the screen when listening to novel as compared to familiar test words, indicating advanced word segmentation performance (Cohen's d = 0.25). Moreover, cardiac synchrony correlated positively with maternal sensitivity to their infant's mental states, but not with the infant's positive affect. These results suggest that caregiver-infant biological coregulation may play a foundational role in language acquisition.},<br \/>\r\nkeywords = {},<br \/>\r\npubstate = {published},<br \/>\r\ntppubtype = {article}<br \/>\r\n}<br \/>\r\n<\/pre><\/div><p class=\"tp_close_menu\"><a class=\"tp_close\" onclick=\"teachpress_pub_showhide('12332','tp_bibtex')\">Close<\/a><\/p><\/div><div class=\"tp_abstract\" id=\"tp_abstract_12332\" style=\"display:none;\"><div class=\"tp_abstract_entry\">Caregiver-infant coregulation is an early form of communication. This study investigated whether mother-infant biological coregulation is associated with 9-month-olds' word segmentation performance, a crucial milestone predicting language development. We hypothesized that coregulation would relate with infants' word segmentation performance. Additionally, we examined whether this relationship is influenced by the caregiving environment (i.e., parental reflective functioning) and the infant's emotional state (i.e., positive affect). Coregulation was investigated via cardiac synchrony in 28 nine-month-old infants (16 females) during a 5-min free-play with their German-speaking mothers. Cardiac synchrony was measured through Respiratory Sinus Arrhythmia (RSA), employing Recurrence Quantification Analysis to evaluate dyadic coupling (i.e., Recurrence Rate) and dyadic predictability (i.e., Entropy). Infants' word segmentation was measured with an eye-tracking central-fixation procedure. A stepwise regression revealed that higher dyadic coupling, but not predictability, of the dyads' RSA was associated with infants looking longer toward the screen when listening to novel as compared to familiar test words, indicating advanced word segmentation performance (Cohen's d = 0.25). Moreover, cardiac synchrony correlated positively with maternal sensitivity to their infant's mental states, but not with the infant's positive affect. These results suggest that caregiver-infant biological coregulation may play a foundational role in language acquisition.<\/div><p class=\"tp_close_menu\"><a class=\"tp_close\" onclick=\"teachpress_pub_showhide('12332','tp_abstract')\">Close<\/a><\/p><\/div><div class=\"tp_links\" id=\"tp_links_12332\" style=\"display:none;\"><div class=\"tp_links_entry\"><ul class=\"tp_pub_list\"><li><i class=\"ai ai-doi\"><\/i><a class=\"tp_pub_list\" href=\"https:\/\/dx.doi.org\/10.1111\/infa.70020\" title=\"Follow DOI:10.1111\/infa.70020\" target=\"_blank\">doi:10.1111\/infa.70020<\/a><\/li><\/ul><\/div><p class=\"tp_close_menu\"><a class=\"tp_close\" onclick=\"teachpress_pub_showhide('12332','tp_links')\">Close<\/a><\/p><\/div><\/td><\/tr><tr class=\"tp_publication tp_publication_article\"><td class=\"tp_pub_info\"><p class=\"tp_pub_author\">Britta U. Westner; Ella Bosch; Christian Utzerath; Jan Buitelaar; Floris P. Lange<\/p><p class=\"tp_pub_title\"><a class=\"tp_title_link\" onclick=\"teachpress_pub_showhide('12960','tp_abstract')\" style=\"cursor:pointer;\">Typical neural adaptation for familiar images in autistic adolescents<\/a> <span class=\"tp_pub_type tp_  article\">Journal Article<\/span> <\/p><p class=\"tp_pub_additional\"><span class=\"tp_pub_additional_in\">In: <\/span><span class=\"tp_pub_additional_journal\">Imaging Neuroscience, <\/span><span class=\"tp_pub_additional_volume\">vol. 3, <\/span><span class=\"tp_pub_additional_pages\">pp. 1\u201315, <\/span><span class=\"tp_pub_additional_year\">2025<\/span>.<\/p><p class=\"tp_pub_menu\"><span class=\"tp_abstract_link\"><a id=\"tp_abstract_sh_12960\" class=\"tp_show\" onclick=\"teachpress_pub_showhide('12960','tp_abstract')\" title=\"Show abstract\" style=\"cursor:pointer;\">Abstract<\/a><\/span> | <span class=\"tp_resource_link\"><a id=\"tp_links_sh_12960\" class=\"tp_show\" onclick=\"teachpress_pub_showhide('12960','tp_links')\" title=\"Show links and resources\" style=\"cursor:pointer;\">Links<\/a><\/span> | <span class=\"tp_bibtex_link\"><a id=\"tp_bibtex_sh_12960\" class=\"tp_show\" onclick=\"teachpress_pub_showhide('12960','tp_bibtex')\" title=\"Show BibTeX entry\" style=\"cursor:pointer;\">BibTeX<\/a><\/span><\/p><div class=\"tp_bibtex\" id=\"tp_bibtex_12960\" style=\"display:none;\"><div class=\"tp_bibtex_entry\"><pre>@article{Westner2025,<br \/>\r\ntitle = {Typical neural adaptation for familiar images in autistic adolescents},<br \/>\r\nauthor = {Britta U. Westner and Ella Bosch and Christian Utzerath and Jan Buitelaar and Floris P. Lange},<br \/>\r\ndoi = {10.1162\/imag_a_00505},<br \/>\r\nyear  = {2025},<br \/>\r\ndate = {2025-03-01},<br \/>\r\njournal = {Imaging Neuroscience},<br \/>\r\nvolume = {3},<br \/>\r\npages = {1\u201315},<br \/>\r\npublisher = {Massachusetts Institute of Technology},<br \/>\r\nabstract = {It has been proposed that autistic perception may be marked by a reduced influence of temporal context. Following this theory, prior exposure to a stimulus should lead to a weaker or absent alteration of the behavioral and neural response to the stimulus in autism, compared with a typical population. To examine these hypotheses, we recruited two samples of human volunteers: a student sample (N = 26), which we used to establish our analysis pipeline, and an adolescent sample (N = 36), which consisted of a group of autistic (N = 18) and a group of non-autistic (N = 18) participants. All participants were presented with visual stimulus streams consisting of novel and familiar image pairs, while they attentively monitored each stream. We recorded task performance and used magnetoencephalography (MEG) to measure neural responses, and to compare the responses with familiar and novel images. We found behavioral facilitation as well as a reduction of event-related field (ERF) amplitude for familiar, compared with novel, images in both samples. Crucially, we found statistical evidence against between-group effects of familiarity on both behavioral and neural responses in the adolescent sample, suggesting that the influence of familiarity is comparable between autistic and non-autistic adolescents. These findings challenge the notion that perception in autism is marked by a reduced influence of prior exposure.},<br \/>\r\nkeywords = {},<br \/>\r\npubstate = {published},<br \/>\r\ntppubtype = {article}<br \/>\r\n}<br \/>\r\n<\/pre><\/div><p class=\"tp_close_menu\"><a class=\"tp_close\" onclick=\"teachpress_pub_showhide('12960','tp_bibtex')\">Close<\/a><\/p><\/div><div class=\"tp_abstract\" id=\"tp_abstract_12960\" style=\"display:none;\"><div class=\"tp_abstract_entry\">It has been proposed that autistic perception may be marked by a reduced influence of temporal context. Following this theory, prior exposure to a stimulus should lead to a weaker or absent alteration of the behavioral and neural response to the stimulus in autism, compared with a typical population. To examine these hypotheses, we recruited two samples of human volunteers: a student sample (N = 26), which we used to establish our analysis pipeline, and an adolescent sample (N = 36), which consisted of a group of autistic (N = 18) and a group of non-autistic (N = 18) participants. All participants were presented with visual stimulus streams consisting of novel and familiar image pairs, while they attentively monitored each stream. We recorded task performance and used magnetoencephalography (MEG) to measure neural responses, and to compare the responses with familiar and novel images. We found behavioral facilitation as well as a reduction of event-related field (ERF) amplitude for familiar, compared with novel, images in both samples. Crucially, we found statistical evidence against between-group effects of familiarity on both behavioral and neural responses in the adolescent sample, suggesting that the influence of familiarity is comparable between autistic and non-autistic adolescents. These findings challenge the notion that perception in autism is marked by a reduced influence of prior exposure.<\/div><p class=\"tp_close_menu\"><a class=\"tp_close\" onclick=\"teachpress_pub_showhide('12960','tp_abstract')\">Close<\/a><\/p><\/div><div class=\"tp_links\" id=\"tp_links_12960\" style=\"display:none;\"><div class=\"tp_links_entry\"><ul class=\"tp_pub_list\"><li><i class=\"ai ai-doi\"><\/i><a class=\"tp_pub_list\" href=\"https:\/\/dx.doi.org\/10.1162\/imag_a_00505\" title=\"Follow DOI:10.1162\/imag_a_00505\" target=\"_blank\">doi:10.1162\/imag_a_00505<\/a><\/li><\/ul><\/div><p class=\"tp_close_menu\"><a class=\"tp_close\" onclick=\"teachpress_pub_showhide('12960','tp_links')\">Close<\/a><\/p><\/div><\/td><\/tr><tr class=\"tp_publication tp_publication_article\"><td class=\"tp_pub_info\"><p class=\"tp_pub_author\">Taishen Zeng; Longxia Lou; Zhifang Liu; Zhijun Zhang<\/p><p class=\"tp_pub_title\"><a class=\"tp_title_link\" onclick=\"teachpress_pub_showhide('13685','tp_abstract')\" style=\"cursor:pointer;\">Age-related depreciation in predictive processing during Chinese reading: Insights from fixation-related potentials<\/a> <span class=\"tp_pub_type tp_  article\">Journal Article<\/span> <\/p><p class=\"tp_pub_additional\"><span class=\"tp_pub_additional_in\">In: <\/span><span class=\"tp_pub_additional_journal\">Current Psychology, <\/span><span class=\"tp_pub_additional_volume\">vol. 44, <\/span><span class=\"tp_pub_additional_number\">no. 2004, <\/span><span class=\"tp_pub_additional_pages\">pp. 1\u201311, <\/span><span class=\"tp_pub_additional_year\">2025<\/span>.<\/p><p class=\"tp_pub_menu\"><span class=\"tp_abstract_link\"><a id=\"tp_abstract_sh_13685\" class=\"tp_show\" onclick=\"teachpress_pub_showhide('13685','tp_abstract')\" title=\"Show abstract\" style=\"cursor:pointer;\">Abstract<\/a><\/span> | <span class=\"tp_resource_link\"><a id=\"tp_links_sh_13685\" class=\"tp_show\" onclick=\"teachpress_pub_showhide('13685','tp_links')\" title=\"Show links and resources\" style=\"cursor:pointer;\">Links<\/a><\/span> | <span class=\"tp_bibtex_link\"><a id=\"tp_bibtex_sh_13685\" class=\"tp_show\" onclick=\"teachpress_pub_showhide('13685','tp_bibtex')\" title=\"Show BibTeX entry\" style=\"cursor:pointer;\">BibTeX<\/a><\/span><\/p><div class=\"tp_bibtex\" id=\"tp_bibtex_13685\" style=\"display:none;\"><div class=\"tp_bibtex_entry\"><pre>@article{Zeng2025a,<br \/>\r\ntitle = {Age-related depreciation in predictive processing during Chinese reading: Insights from fixation-related potentials},<br \/>\r\nauthor = {Taishen Zeng and Longxia Lou and Zhifang Liu and Zhijun Zhang},<br \/>\r\ndoi = {10.1007\/s12144-025-07344-7},<br \/>\r\nyear  = {2025},<br \/>\r\ndate = {2025-03-01},<br \/>\r\njournal = {Current Psychology},<br \/>\r\nvolume = {44},<br \/>\r\nnumber = {2004},<br \/>\r\npages = {1\u201311},<br \/>\r\npublisher = {Springer},<br \/>\r\nabstract = {To overcome methodological deficiencies in previous eye-tracking and event-related potentials (ERP) studies, the fixa- tion-related potential (FRP) approach was used to investigate how aging affects predictive processing in silent Chinese free-view reading. Forty older and 42 young adults participated in the experiment. All of them reported good reading abilities and none suffered from physical, mental, or cognitive diseases. The older participants were over 60 years of age (62.670 \u00b1 3.018), and they did not differ from the younger group in the schooling years (11.43 vs. 12.10},<br \/>\r\nkeywords = {},<br \/>\r\npubstate = {published},<br \/>\r\ntppubtype = {article}<br \/>\r\n}<br \/>\r\n<\/pre><\/div><p class=\"tp_close_menu\"><a class=\"tp_close\" onclick=\"teachpress_pub_showhide('13685','tp_bibtex')\">Close<\/a><\/p><\/div><div class=\"tp_abstract\" id=\"tp_abstract_13685\" style=\"display:none;\"><div class=\"tp_abstract_entry\">To overcome methodological deficiencies in previous eye-tracking and event-related potentials (ERP) studies, the fixa- tion-related potential (FRP) approach was used to investigate how aging affects predictive processing in silent Chinese free-view reading. Forty older and 42 young adults participated in the experiment. All of them reported good reading abilities and none suffered from physical, mental, or cognitive diseases. The older participants were over 60 years of age (62.670 \u00b1 3.018), and they did not differ from the younger group in the schooling years (11.43 vs. 12.10<\/div><p class=\"tp_close_menu\"><a class=\"tp_close\" onclick=\"teachpress_pub_showhide('13685','tp_abstract')\">Close<\/a><\/p><\/div><div class=\"tp_links\" id=\"tp_links_13685\" style=\"display:none;\"><div class=\"tp_links_entry\"><ul class=\"tp_pub_list\"><li><i class=\"ai ai-doi\"><\/i><a class=\"tp_pub_list\" href=\"https:\/\/dx.doi.org\/10.1007\/s12144-025-07344-7\" title=\"Follow DOI:10.1007\/s12144-025-07344-7\" target=\"_blank\">doi:10.1007\/s12144-025-07344-7<\/a><\/li><\/ul><\/div><p class=\"tp_close_menu\"><a class=\"tp_close\" onclick=\"teachpress_pub_showhide('13685','tp_links')\">Close<\/a><\/p><\/div><\/td><\/tr><tr class=\"tp_publication tp_publication_article\"><td class=\"tp_pub_info\"><p class=\"tp_pub_author\">Daniela Bahn; Dilara Deniz T\u00fcrk; Nikol Tsenkova; Gudrun Schwarzer; Melissa Le Hoa V\u00f5; Christina Kauschke<\/p><p class=\"tp_pub_title\"><a class=\"tp_title_link\" onclick=\"teachpress_pub_showhide('559','tp_abstract')\" style=\"cursor:pointer;\">Processing of scene-grammar inconsistencies in children with developmental language disorder\u2014insights from implicit and explicit measures<\/a> <span class=\"tp_pub_type tp_  article\">Journal Article<\/span> <\/p><p class=\"tp_pub_additional\"><span class=\"tp_pub_additional_in\">In: <\/span><span class=\"tp_pub_additional_journal\">Brain Sciences, <\/span><span class=\"tp_pub_additional_volume\">vol. 15, <\/span><span class=\"tp_pub_additional_number\">no. 2, <\/span><span class=\"tp_pub_additional_pages\">pp. 1\u201322, <\/span><span class=\"tp_pub_additional_year\">2025<\/span>.<\/p><p class=\"tp_pub_menu\"><span class=\"tp_abstract_link\"><a id=\"tp_abstract_sh_559\" class=\"tp_show\" onclick=\"teachpress_pub_showhide('559','tp_abstract')\" title=\"Show abstract\" style=\"cursor:pointer;\">Abstract<\/a><\/span> | <span class=\"tp_resource_link\"><a id=\"tp_links_sh_559\" class=\"tp_show\" onclick=\"teachpress_pub_showhide('559','tp_links')\" title=\"Show links and resources\" style=\"cursor:pointer;\">Links<\/a><\/span> | <span class=\"tp_bibtex_link\"><a id=\"tp_bibtex_sh_559\" class=\"tp_show\" onclick=\"teachpress_pub_showhide('559','tp_bibtex')\" title=\"Show BibTeX entry\" style=\"cursor:pointer;\">BibTeX<\/a><\/span><\/p><div class=\"tp_bibtex\" id=\"tp_bibtex_559\" style=\"display:none;\"><div class=\"tp_bibtex_entry\"><pre>@article{Bahn2025,<br \/>\r\ntitle = {Processing of scene-grammar inconsistencies in children with developmental language disorder\u2014insights from implicit and explicit measures},<br \/>\r\nauthor = {Daniela Bahn and Dilara Deniz T\u00fcrk and Nikol Tsenkova and Gudrun Schwarzer and Melissa Le Hoa V\u00f5 and Christina Kauschke},<br \/>\r\ndoi = {10.3390\/brainsci15020139},<br \/>\r\nyear  = {2025},<br \/>\r\ndate = {2025-02-01},<br \/>\r\njournal = {Brain Sciences},<br \/>\r\nvolume = {15},<br \/>\r\nnumber = {2},<br \/>\r\npages = {1\u201322},<br \/>\r\npublisher = {Multidisciplinary Digital Publishing Institute (MDPI)},<br \/>\r\nabstract = {Background\/Objectives: Developmental language disorders (DLD) are often associated with co-occurring neurodevelopmental difficulties, including attentional or social\u2013emotional problems. Another nonverbal domain, i.e., visual cognition and its relationship to DLD, is virtually unexplored. However, learning visuospatial regularities\u2014a scene-grammar\u2014is crucial for navigating our daily environment. These regularities show certain similarities to the structure of language and there is preliminary evidence for a relationship between scene processing and language competence in preschoolers with and without DLD. This study compared implicit and explicit visuospatial knowledge of everyday indoor scenes in older children, aged 6 to 10 years, of both groups. Methods: We measured \u2018dwell times' on semantic and syntactic object\u2014scene inconsistencies via eye-tracking and performance in an object-placement task, and their associations with children's language, visual, and cognitive skills. Results: Visual attention towards object-scene inconsistencies was highly comparable between groups, but children with DLD scored lower in a visual perception test and higher language skills were associated with higher visuo-cognitive performance in both tasks. In the explicit scene-grammar measurement, this relationship only existed for children with DLD and disappeared when nonverbal cognitive performance was controlled. Conclusions: Our study suggests the existence of mild problems in visuospatial processing co-occurring with DLD, which is partly influenced by age and nonverbal cognitive ability. The acquisition of visual cognition and linguistic knowledge is an interactive, multimodal process where the perception of objects in scenes might affect how the words for these objects are learned and vice versa. A better understanding of this interplay could eventually have impact on the diagnosis and treatment of DLD.},<br \/>\r\nkeywords = {},<br \/>\r\npubstate = {published},<br \/>\r\ntppubtype = {article}<br \/>\r\n}<br \/>\r\n<\/pre><\/div><p class=\"tp_close_menu\"><a class=\"tp_close\" onclick=\"teachpress_pub_showhide('559','tp_bibtex')\">Close<\/a><\/p><\/div><div class=\"tp_abstract\" id=\"tp_abstract_559\" style=\"display:none;\"><div class=\"tp_abstract_entry\">Background\/Objectives: Developmental language disorders (DLD) are often associated with co-occurring neurodevelopmental difficulties, including attentional or social\u2013emotional problems. Another nonverbal domain, i.e., visual cognition and its relationship to DLD, is virtually unexplored. However, learning visuospatial regularities\u2014a scene-grammar\u2014is crucial for navigating our daily environment. These regularities show certain similarities to the structure of language and there is preliminary evidence for a relationship between scene processing and language competence in preschoolers with and without DLD. This study compared implicit and explicit visuospatial knowledge of everyday indoor scenes in older children, aged 6 to 10 years, of both groups. Methods: We measured \u2018dwell times' on semantic and syntactic object\u2014scene inconsistencies via eye-tracking and performance in an object-placement task, and their associations with children's language, visual, and cognitive skills. Results: Visual attention towards object-scene inconsistencies was highly comparable between groups, but children with DLD scored lower in a visual perception test and higher language skills were associated with higher visuo-cognitive performance in both tasks. In the explicit scene-grammar measurement, this relationship only existed for children with DLD and disappeared when nonverbal cognitive performance was controlled. Conclusions: Our study suggests the existence of mild problems in visuospatial processing co-occurring with DLD, which is partly influenced by age and nonverbal cognitive ability. The acquisition of visual cognition and linguistic knowledge is an interactive, multimodal process where the perception of objects in scenes might affect how the words for these objects are learned and vice versa. A better understanding of this interplay could eventually have impact on the diagnosis and treatment of DLD.<\/div><p class=\"tp_close_menu\"><a class=\"tp_close\" onclick=\"teachpress_pub_showhide('559','tp_abstract')\">Close<\/a><\/p><\/div><div class=\"tp_links\" id=\"tp_links_559\" style=\"display:none;\"><div class=\"tp_links_entry\"><ul class=\"tp_pub_list\"><li><i class=\"ai ai-doi\"><\/i><a class=\"tp_pub_list\" href=\"https:\/\/dx.doi.org\/10.3390\/brainsci15020139\" title=\"Follow DOI:10.3390\/brainsci15020139\" target=\"_blank\">doi:10.3390\/brainsci15020139<\/a><\/li><\/ul><\/div><p class=\"tp_close_menu\"><a class=\"tp_close\" onclick=\"teachpress_pub_showhide('559','tp_links')\">Close<\/a><\/p><\/div><\/td><\/tr><tr class=\"tp_publication tp_publication_article\"><td class=\"tp_pub_info\"><p class=\"tp_pub_author\">Yu Cin Jian; Leo Yuk Ting Cheung<\/p><p class=\"tp_pub_title\"><a class=\"tp_title_link\" onclick=\"teachpress_pub_showhide('5559','tp_abstract')\" style=\"cursor:pointer;\">A longitudinal eye-movement study of text-diagram integrative processing during multimedia reading among upper elementary children<\/a> <span class=\"tp_pub_type tp_  article\">Journal Article<\/span> <\/p><p class=\"tp_pub_additional\"><span class=\"tp_pub_additional_in\">In: <\/span><span class=\"tp_pub_additional_journal\">Reading and Writing, <\/span><span class=\"tp_pub_additional_volume\">vol. 38, <\/span><span class=\"tp_pub_additional_number\">no. 2, <\/span><span class=\"tp_pub_additional_pages\">pp. 557\u2013578, <\/span><span class=\"tp_pub_additional_year\">2025<\/span>.<\/p><p class=\"tp_pub_menu\"><span class=\"tp_abstract_link\"><a id=\"tp_abstract_sh_5559\" class=\"tp_show\" onclick=\"teachpress_pub_showhide('5559','tp_abstract')\" title=\"Show abstract\" style=\"cursor:pointer;\">Abstract<\/a><\/span> | <span class=\"tp_resource_link\"><a id=\"tp_links_sh_5559\" class=\"tp_show\" onclick=\"teachpress_pub_showhide('5559','tp_links')\" title=\"Show links and resources\" style=\"cursor:pointer;\">Links<\/a><\/span> | <span class=\"tp_bibtex_link\"><a id=\"tp_bibtex_sh_5559\" class=\"tp_show\" onclick=\"teachpress_pub_showhide('5559','tp_bibtex')\" title=\"Show BibTeX entry\" style=\"cursor:pointer;\">BibTeX<\/a><\/span><\/p><div class=\"tp_bibtex\" id=\"tp_bibtex_5559\" style=\"display:none;\"><div class=\"tp_bibtex_entry\"><pre>@article{Jian2025a,<br \/>\r\ntitle = {A longitudinal eye-movement study of text-diagram integrative processing during multimedia reading among upper elementary children},<br \/>\r\nauthor = {Yu Cin Jian and Leo Yuk Ting Cheung},<br \/>\r\ndoi = {10.1007\/s11145-023-10509-0},<br \/>\r\nyear  = {2025},<br \/>\r\ndate = {2025-02-01},<br \/>\r\njournal = {Reading and Writing},<br \/>\r\nvolume = {38},<br \/>\r\nnumber = {2},<br \/>\r\npages = {557\u2013578},<br \/>\r\npublisher = {Springer Science and Business Media B.V.},<br \/>\r\nabstract = {This study aimed to investigate whether elementary school students have different reading strategies based on various levels of text-diagram integrative processing and whether these reading strategies remain consistent or change over a three-year period. The study followed 176 students from grades four to six and observed their eye movements while reading scientific texts. Data were collected once each year. Text-diagram integrative behavior was analyzed using various eye-movement indicators. The number of saccades between the text and diagram was evaluated, as well as the total fixation durations of the longest eye-fixation run that stayed within the paragraph and diagram regions and the remaining eye-fixation runs on the same regions. A separate K-means cluster analysis was conducted on two different text sets (one identical and the other different across grades) to identify three reading strategy patterns at each grade level. The results showed that those associated with integrative processing (i.e., the \u201cintegrative group\u201d) constituted a minority across grades (16\u201325% of students), followed closely by those focusing largely on the main text (\u201ctextual group\u201d) (17\u201328%). The latter group showed a strong motivation to read but failed to utilize the diagrams for knowledge construction. The majority of the students (52\u201367%) were categorized into the \u201cshallow group,\u201d which showed a relative weakness in both integrative processing and intensive text reading. There was greater consistency in group assignments for individual students between the two text sets within a given year (63% on average) compared to across grade levels (30%), suggesting the instability of reading strategies over time. A growing trend in integrative processing toward higher grades was not observed.},<br \/>\r\nkeywords = {},<br \/>\r\npubstate = {published},<br \/>\r\ntppubtype = {article}<br \/>\r\n}<br \/>\r\n<\/pre><\/div><p class=\"tp_close_menu\"><a class=\"tp_close\" onclick=\"teachpress_pub_showhide('5559','tp_bibtex')\">Close<\/a><\/p><\/div><div class=\"tp_abstract\" id=\"tp_abstract_5559\" style=\"display:none;\"><div class=\"tp_abstract_entry\">This study aimed to investigate whether elementary school students have different reading strategies based on various levels of text-diagram integrative processing and whether these reading strategies remain consistent or change over a three-year period. The study followed 176 students from grades four to six and observed their eye movements while reading scientific texts. Data were collected once each year. Text-diagram integrative behavior was analyzed using various eye-movement indicators. The number of saccades between the text and diagram was evaluated, as well as the total fixation durations of the longest eye-fixation run that stayed within the paragraph and diagram regions and the remaining eye-fixation runs on the same regions. A separate K-means cluster analysis was conducted on two different text sets (one identical and the other different across grades) to identify three reading strategy patterns at each grade level. The results showed that those associated with integrative processing (i.e., the \u201cintegrative group\u201d) constituted a minority across grades (16\u201325% of students), followed closely by those focusing largely on the main text (\u201ctextual group\u201d) (17\u201328%). The latter group showed a strong motivation to read but failed to utilize the diagrams for knowledge construction. The majority of the students (52\u201367%) were categorized into the \u201cshallow group,\u201d which showed a relative weakness in both integrative processing and intensive text reading. There was greater consistency in group assignments for individual students between the two text sets within a given year (63% on average) compared to across grade levels (30%), suggesting the instability of reading strategies over time. A growing trend in integrative processing toward higher grades was not observed.<\/div><p class=\"tp_close_menu\"><a class=\"tp_close\" onclick=\"teachpress_pub_showhide('5559','tp_abstract')\">Close<\/a><\/p><\/div><div class=\"tp_links\" id=\"tp_links_5559\" style=\"display:none;\"><div class=\"tp_links_entry\"><ul class=\"tp_pub_list\"><li><i class=\"ai ai-doi\"><\/i><a class=\"tp_pub_list\" href=\"https:\/\/dx.doi.org\/10.1007\/s11145-023-10509-0\" title=\"Follow DOI:10.1007\/s11145-023-10509-0\" target=\"_blank\">doi:10.1007\/s11145-023-10509-0<\/a><\/li><\/ul><\/div><p class=\"tp_close_menu\"><a class=\"tp_close\" onclick=\"teachpress_pub_showhide('5559','tp_links')\">Close<\/a><\/p><\/div><\/td><\/tr><tr class=\"tp_publication tp_publication_article\"><td class=\"tp_pub_info\"><p class=\"tp_pub_author\">Yaowen Li; Jing Zhao; Wangmei Chen; Shaoxue Zhang; Wenjing Zhang; Wei Wang; Limin Xu; Shifeng Li; Licheng Xue<\/p><p class=\"tp_pub_title\"><a class=\"tp_title_link\" onclick=\"teachpress_pub_showhide('6956','tp_abstract')\" style=\"cursor:pointer;\">Preschool children with high reading ability show inversion sensitivity to words in environment: An eye-tracking study<\/a> <span class=\"tp_pub_type tp_  article\">Journal Article<\/span> <\/p><p class=\"tp_pub_additional\"><span class=\"tp_pub_additional_in\">In: <\/span><span class=\"tp_pub_additional_journal\">Journal of Eye Movement Research, <\/span><span class=\"tp_pub_additional_volume\">vol. 18, <\/span><span class=\"tp_pub_additional_number\">no. 2, <\/span><span class=\"tp_pub_additional_pages\">pp. 1\u201313, <\/span><span class=\"tp_pub_additional_year\">2025<\/span>.<\/p><p class=\"tp_pub_menu\"><span class=\"tp_abstract_link\"><a id=\"tp_abstract_sh_6956\" class=\"tp_show\" onclick=\"teachpress_pub_showhide('6956','tp_abstract')\" title=\"Show abstract\" style=\"cursor:pointer;\">Abstract<\/a><\/span> | <span class=\"tp_resource_link\"><a id=\"tp_links_sh_6956\" class=\"tp_show\" onclick=\"teachpress_pub_showhide('6956','tp_links')\" title=\"Show links and resources\" style=\"cursor:pointer;\">Links<\/a><\/span> | <span class=\"tp_bibtex_link\"><a id=\"tp_bibtex_sh_6956\" class=\"tp_show\" onclick=\"teachpress_pub_showhide('6956','tp_bibtex')\" title=\"Show BibTeX entry\" style=\"cursor:pointer;\">BibTeX<\/a><\/span><\/p><div class=\"tp_bibtex\" id=\"tp_bibtex_6956\" style=\"display:none;\"><div class=\"tp_bibtex_entry\"><pre>@article{Li2025q,<br \/>\r\ntitle = {Preschool children with high reading ability show inversion sensitivity to words in environment: An eye-tracking study},<br \/>\r\nauthor = {Yaowen Li and Jing Zhao and Wangmei Chen and Shaoxue Zhang and Wenjing Zhang and Wei Wang and Limin Xu and Shifeng Li and Licheng Xue},<br \/>\r\ndoi = {10.3390\/jemr18020004},<br \/>\r\nyear  = {2025},<br \/>\r\ndate = {2025-02-01},<br \/>\r\njournal = {Journal of Eye Movement Research},<br \/>\r\nvolume = {18},<br \/>\r\nnumber = {2},<br \/>\r\npages = {1\u201313},<br \/>\r\nabstract = {Words in environmental print are exposed to young children before formally learning to read, and attention to these words is linked to their reading ability. Inversion sensitivity, the ability to distinguish between upright and inverted words, is a pivotal milestone in reading development. To further explore the relationship between attention to words in environmental print and early reading development, we examined whether children with varying reading abilities differed in inversion sensitivity to these words. Participants included children with low (18, 8 males, 5.06 years) and high (19, 10 males, 5.00 years) reading levels. Using an eye-tracking technique, we compared children's attention to upright and inverted words in environmental print and ordinary words during a free-viewing task. In terms of the percentage of fixation duration and fixation count, results showed that children with high reading abilities exhibited inversion sensitivity to words in environmental print, whereas children with low reading abilities did not. Unexpectedly, in terms of first fixation latency, children with low reading abilities showed inversion sensitivity to ordinary words, while children with high reading abilities did not. These findings suggest that inversion sensitivity to words in environmental print is closely linked to early reading ability.},<br \/>\r\nkeywords = {},<br \/>\r\npubstate = {published},<br \/>\r\ntppubtype = {article}<br \/>\r\n}<br \/>\r\n<\/pre><\/div><p class=\"tp_close_menu\"><a class=\"tp_close\" onclick=\"teachpress_pub_showhide('6956','tp_bibtex')\">Close<\/a><\/p><\/div><div class=\"tp_abstract\" id=\"tp_abstract_6956\" style=\"display:none;\"><div class=\"tp_abstract_entry\">Words in environmental print are exposed to young children before formally learning to read, and attention to these words is linked to their reading ability. Inversion sensitivity, the ability to distinguish between upright and inverted words, is a pivotal milestone in reading development. To further explore the relationship between attention to words in environmental print and early reading development, we examined whether children with varying reading abilities differed in inversion sensitivity to these words. Participants included children with low (18, 8 males, 5.06 years) and high (19, 10 males, 5.00 years) reading levels. Using an eye-tracking technique, we compared children's attention to upright and inverted words in environmental print and ordinary words during a free-viewing task. In terms of the percentage of fixation duration and fixation count, results showed that children with high reading abilities exhibited inversion sensitivity to words in environmental print, whereas children with low reading abilities did not. Unexpectedly, in terms of first fixation latency, children with low reading abilities showed inversion sensitivity to ordinary words, while children with high reading abilities did not. These findings suggest that inversion sensitivity to words in environmental print is closely linked to early reading ability.<\/div><p class=\"tp_close_menu\"><a class=\"tp_close\" onclick=\"teachpress_pub_showhide('6956','tp_abstract')\">Close<\/a><\/p><\/div><div class=\"tp_links\" id=\"tp_links_6956\" style=\"display:none;\"><div class=\"tp_links_entry\"><ul class=\"tp_pub_list\"><li><i class=\"ai ai-doi\"><\/i><a class=\"tp_pub_list\" href=\"https:\/\/dx.doi.org\/10.3390\/jemr18020004\" title=\"Follow DOI:10.3390\/jemr18020004\" target=\"_blank\">doi:10.3390\/jemr18020004<\/a><\/li><\/ul><\/div><p class=\"tp_close_menu\"><a class=\"tp_close\" onclick=\"teachpress_pub_showhide('6956','tp_links')\">Close<\/a><\/p><\/div><\/td><\/tr><tr class=\"tp_publication tp_publication_article\"><td class=\"tp_pub_info\"><p class=\"tp_pub_author\">Philip McAdams; Sara Svobodova; Taysa-Ja Newman; Kezia Terry; George Mather; Alice E. Skelton; Anna Franklin<\/p><p class=\"tp_pub_title\"><a class=\"tp_title_link\" onclick=\"teachpress_pub_showhide('7780','tp_abstract')\" style=\"cursor:pointer;\">The edge orientation entropy of natural scenes is associated with infant visual preferences and adult aesthetic judgements<\/a> <span class=\"tp_pub_type tp_  article\">Journal Article<\/span> <\/p><p class=\"tp_pub_additional\"><span class=\"tp_pub_additional_in\">In: <\/span><span class=\"tp_pub_additional_journal\">PLoS ONE, <\/span><span class=\"tp_pub_additional_volume\">vol. 20, <\/span><span class=\"tp_pub_additional_pages\">pp. 1\u201315, <\/span><span class=\"tp_pub_additional_year\">2025<\/span>.<\/p><p class=\"tp_pub_menu\"><span class=\"tp_abstract_link\"><a id=\"tp_abstract_sh_7780\" class=\"tp_show\" onclick=\"teachpress_pub_showhide('7780','tp_abstract')\" title=\"Show abstract\" style=\"cursor:pointer;\">Abstract<\/a><\/span> | <span class=\"tp_resource_link\"><a id=\"tp_links_sh_7780\" class=\"tp_show\" onclick=\"teachpress_pub_showhide('7780','tp_links')\" title=\"Show links and resources\" style=\"cursor:pointer;\">Links<\/a><\/span> | <span class=\"tp_bibtex_link\"><a id=\"tp_bibtex_sh_7780\" class=\"tp_show\" onclick=\"teachpress_pub_showhide('7780','tp_bibtex')\" title=\"Show BibTeX entry\" style=\"cursor:pointer;\">BibTeX<\/a><\/span><\/p><div class=\"tp_bibtex\" id=\"tp_bibtex_7780\" style=\"display:none;\"><div class=\"tp_bibtex_entry\"><pre>@article{McAdams2025,<br \/>\r\ntitle = {The edge orientation entropy of natural scenes is associated with infant visual preferences and adult aesthetic judgements},<br \/>\r\nauthor = {Philip McAdams and Sara Svobodova and Taysa-Ja Newman and Kezia Terry and George Mather and Alice E. Skelton and Anna Franklin},<br \/>\r\ndoi = {10.1371\/journal.pone.0316555},<br \/>\r\nyear  = {2025},<br \/>\r\ndate = {2025-02-01},<br \/>\r\njournal = {PLoS ONE},<br \/>\r\nvolume = {20},<br \/>\r\npages = {1\u201315},<br \/>\r\npublisher = {Public Library of Science},<br \/>\r\nabstract = {Statistical regularities of oriented edges in natural scenes, \u2018edge co-occurrence statistics', are associated with adults' aesthetic responses, with greater preference for some images when the degree of randomness in the orientation of edges (Edge Orientation Entropy, EOE) across an image is relatively high. Here, we investigate whether this spatial image statistic is also associated with infants' visual preferences. We measure infant looking time for images of building fa\u00e7ades previously used to identify the relationship between EOE and adult aesthetic judgements. Twenty-six 4\u20139-month-old infants and 29 adults looked freely at pairs of the images. Infants and adults both looked longest at images where all edge orientations are about equally likely to occur (high 1st-order EOE), and at images with low correlation of edge orientations across the image (high 2nd-order EOE). Infant looking time and adult pleasantness judgements were also strongly related: infants looked longer at the building fa\u00e7ades that adults liked. Our results suggest that even as young as 4-months, infants' spatial vision is sensitive to edge co-occurrence statistics that are typical of natural scenes and faces, where edges are more evenly distributed across orientations. We discuss the implications for understanding the sensory component of adult aesthetic judgements, as well as the role of natural scene statistics in infant perception.},<br \/>\r\nkeywords = {},<br \/>\r\npubstate = {published},<br \/>\r\ntppubtype = {article}<br \/>\r\n}<br \/>\r\n<\/pre><\/div><p class=\"tp_close_menu\"><a class=\"tp_close\" onclick=\"teachpress_pub_showhide('7780','tp_bibtex')\">Close<\/a><\/p><\/div><div class=\"tp_abstract\" id=\"tp_abstract_7780\" style=\"display:none;\"><div class=\"tp_abstract_entry\">Statistical regularities of oriented edges in natural scenes, \u2018edge co-occurrence statistics', are associated with adults' aesthetic responses, with greater preference for some images when the degree of randomness in the orientation of edges (Edge Orientation Entropy, EOE) across an image is relatively high. Here, we investigate whether this spatial image statistic is also associated with infants' visual preferences. We measure infant looking time for images of building fa\u00e7ades previously used to identify the relationship between EOE and adult aesthetic judgements. Twenty-six 4\u20139-month-old infants and 29 adults looked freely at pairs of the images. Infants and adults both looked longest at images where all edge orientations are about equally likely to occur (high 1st-order EOE), and at images with low correlation of edge orientations across the image (high 2nd-order EOE). Infant looking time and adult pleasantness judgements were also strongly related: infants looked longer at the building fa\u00e7ades that adults liked. Our results suggest that even as young as 4-months, infants' spatial vision is sensitive to edge co-occurrence statistics that are typical of natural scenes and faces, where edges are more evenly distributed across orientations. We discuss the implications for understanding the sensory component of adult aesthetic judgements, as well as the role of natural scene statistics in infant perception.<\/div><p class=\"tp_close_menu\"><a class=\"tp_close\" onclick=\"teachpress_pub_showhide('7780','tp_abstract')\">Close<\/a><\/p><\/div><div class=\"tp_links\" id=\"tp_links_7780\" style=\"display:none;\"><div class=\"tp_links_entry\"><ul class=\"tp_pub_list\"><li><i class=\"ai ai-doi\"><\/i><a class=\"tp_pub_list\" href=\"https:\/\/dx.doi.org\/10.1371\/journal.pone.0316555\" title=\"Follow DOI:10.1371\/journal.pone.0316555\" target=\"_blank\">doi:10.1371\/journal.pone.0316555<\/a><\/li><\/ul><\/div><p class=\"tp_close_menu\"><a class=\"tp_close\" onclick=\"teachpress_pub_showhide('7780','tp_links')\">Close<\/a><\/p><\/div><\/td><\/tr><tr class=\"tp_publication tp_publication_article\"><td class=\"tp_pub_info\"><p class=\"tp_pub_author\">Maurits Adam; Birgit Elsner; Norbert Zmyj<\/p><p class=\"tp_pub_title\"><a class=\"tp_title_link\" onclick=\"teachpress_pub_showhide('72','tp_abstract')\" style=\"cursor:pointer;\">Perspective matters in goal-predictive gaze shifts during action observation: Results from 6-, 9-, and 12-month-olds and adults<\/a> <span class=\"tp_pub_type tp_  article\">Journal Article<\/span> <\/p><p class=\"tp_pub_additional\"><span class=\"tp_pub_additional_in\">In: <\/span><span class=\"tp_pub_additional_journal\">Journal of Experimental Child Psychology, <\/span><span class=\"tp_pub_additional_volume\">vol. 249, <\/span><span class=\"tp_pub_additional_pages\">pp. 1\u201313, <\/span><span class=\"tp_pub_additional_year\">2025<\/span>.<\/p><p class=\"tp_pub_menu\"><span class=\"tp_abstract_link\"><a id=\"tp_abstract_sh_72\" class=\"tp_show\" onclick=\"teachpress_pub_showhide('72','tp_abstract')\" title=\"Show abstract\" style=\"cursor:pointer;\">Abstract<\/a><\/span> | <span class=\"tp_resource_link\"><a id=\"tp_links_sh_72\" class=\"tp_show\" onclick=\"teachpress_pub_showhide('72','tp_links')\" title=\"Show links and resources\" style=\"cursor:pointer;\">Links<\/a><\/span> | <span class=\"tp_bibtex_link\"><a id=\"tp_bibtex_sh_72\" class=\"tp_show\" onclick=\"teachpress_pub_showhide('72','tp_bibtex')\" title=\"Show BibTeX entry\" style=\"cursor:pointer;\">BibTeX<\/a><\/span><\/p><div class=\"tp_bibtex\" id=\"tp_bibtex_72\" style=\"display:none;\"><div class=\"tp_bibtex_entry\"><pre>@article{Adam2025,<br \/>\r\ntitle = {Perspective matters in goal-predictive gaze shifts during action observation: Results from 6-, 9-, and 12-month-olds and adults},<br \/>\r\nauthor = {Maurits Adam and Birgit Elsner and Norbert Zmyj},<br \/>\r\ndoi = {10.1016\/j.jecp.2024.106075},<br \/>\r\nyear  = {2025},<br \/>\r\ndate = {2025-01-01},<br \/>\r\njournal = {Journal of Experimental Child Psychology},<br \/>\r\nvolume = {249},<br \/>\r\npages = {1\u201313},<br \/>\r\npublisher = {The Authors},<br \/>\r\nabstract = {Research on goal-predictive gaze shifts in infancy so far has mostly focused on the effect of infants' experience with observed actions or the effect of agency cues that the observed agent displays. However, the perspective from which an action is presented to the infants (egocentric vs. allocentric) has received only little attention from researchers despite the fact that the natural observation of own actions is always linked to an egocentric perspective, whereas the observation of others' actions is often linked to an allocentric perspective. The current study investigated the timing of 6-, 9-, and 12-month-olds' goal-predictive gaze behavior, as well as that of adults, during the observation of simple human grasping actions that were presented from either an egocentric or allocentric perspective (within-participants design). The results showed that at 6 and 9 months of age, the infants predicted the action goal only when observing the action from the egocentric perspective. The 12-month-olds and adults, in contrast, predicted the action in both perspectives. The results therefore are in line with accounts proposing an advantage of egocentric versus allocentric processing of social stimuli, at least early in development. This study is among the first to show this egocentric bias already during the first year of life.},<br \/>\r\nkeywords = {},<br \/>\r\npubstate = {published},<br \/>\r\ntppubtype = {article}<br \/>\r\n}<br \/>\r\n<\/pre><\/div><p class=\"tp_close_menu\"><a class=\"tp_close\" onclick=\"teachpress_pub_showhide('72','tp_bibtex')\">Close<\/a><\/p><\/div><div class=\"tp_abstract\" id=\"tp_abstract_72\" style=\"display:none;\"><div class=\"tp_abstract_entry\">Research on goal-predictive gaze shifts in infancy so far has mostly focused on the effect of infants' experience with observed actions or the effect of agency cues that the observed agent displays. However, the perspective from which an action is presented to the infants (egocentric vs. allocentric) has received only little attention from researchers despite the fact that the natural observation of own actions is always linked to an egocentric perspective, whereas the observation of others' actions is often linked to an allocentric perspective. The current study investigated the timing of 6-, 9-, and 12-month-olds' goal-predictive gaze behavior, as well as that of adults, during the observation of simple human grasping actions that were presented from either an egocentric or allocentric perspective (within-participants design). The results showed that at 6 and 9 months of age, the infants predicted the action goal only when observing the action from the egocentric perspective. The 12-month-olds and adults, in contrast, predicted the action in both perspectives. The results therefore are in line with accounts proposing an advantage of egocentric versus allocentric processing of social stimuli, at least early in development. This study is among the first to show this egocentric bias already during the first year of life.<\/div><p class=\"tp_close_menu\"><a class=\"tp_close\" onclick=\"teachpress_pub_showhide('72','tp_abstract')\">Close<\/a><\/p><\/div><div class=\"tp_links\" id=\"tp_links_72\" style=\"display:none;\"><div class=\"tp_links_entry\"><ul class=\"tp_pub_list\"><li><i class=\"ai ai-doi\"><\/i><a class=\"tp_pub_list\" href=\"https:\/\/dx.doi.org\/10.1016\/j.jecp.2024.106075\" title=\"Follow DOI:10.1016\/j.jecp.2024.106075\" target=\"_blank\">doi:10.1016\/j.jecp.2024.106075<\/a><\/li><\/ul><\/div><p class=\"tp_close_menu\"><a class=\"tp_close\" onclick=\"teachpress_pub_showhide('72','tp_links')\">Close<\/a><\/p><\/div><\/td><\/tr><tr class=\"tp_publication tp_publication_article\"><td class=\"tp_pub_info\"><p class=\"tp_pub_author\">Emma L. Axelsson; Jessica S. Horst; Samantha L. Playford; Amanda I. Winiger<\/p><p class=\"tp_pub_title\"><a class=\"tp_title_link\" onclick=\"teachpress_pub_showhide('485','tp_abstract')\" style=\"cursor:pointer;\">Toddlers' looking behaviours during referent selection and relationships with immediate and delayed retention<\/a> <span class=\"tp_pub_type tp_  article\">Journal Article<\/span> <\/p><p class=\"tp_pub_additional\"><span class=\"tp_pub_additional_in\">In: <\/span><span class=\"tp_pub_additional_journal\">Journal of Memory and Language, <\/span><span class=\"tp_pub_additional_volume\">vol. 141, <\/span><span class=\"tp_pub_additional_pages\">pp. 1\u201315, <\/span><span class=\"tp_pub_additional_year\">2025<\/span>.<\/p><p class=\"tp_pub_menu\"><span class=\"tp_abstract_link\"><a id=\"tp_abstract_sh_485\" class=\"tp_show\" onclick=\"teachpress_pub_showhide('485','tp_abstract')\" title=\"Show abstract\" style=\"cursor:pointer;\">Abstract<\/a><\/span> | <span class=\"tp_resource_link\"><a id=\"tp_links_sh_485\" class=\"tp_show\" onclick=\"teachpress_pub_showhide('485','tp_links')\" title=\"Show links and resources\" style=\"cursor:pointer;\">Links<\/a><\/span> | <span class=\"tp_bibtex_link\"><a id=\"tp_bibtex_sh_485\" class=\"tp_show\" onclick=\"teachpress_pub_showhide('485','tp_bibtex')\" title=\"Show BibTeX entry\" style=\"cursor:pointer;\">BibTeX<\/a><\/span><\/p><div class=\"tp_bibtex\" id=\"tp_bibtex_485\" style=\"display:none;\"><div class=\"tp_bibtex_entry\"><pre>@article{Axelsson2025,<br \/>\r\ntitle = {Toddlers' looking behaviours during referent selection and relationships with immediate and delayed retention},<br \/>\r\nauthor = {Emma L. Axelsson and Jessica S. Horst and Samantha L. Playford and Amanda I. Winiger},<br \/>\r\ndoi = {10.1016\/j.jml.2024.104596},<br \/>\r\nyear  = {2025},<br \/>\r\ndate = {2025-01-01},<br \/>\r\njournal = {Journal of Memory and Language},<br \/>\r\nvolume = {141},<br \/>\r\npages = {1\u201315},<br \/>\r\npublisher = {Elsevier Inc.},<br \/>\r\nabstract = {The current study investigates whether children's attempts to solve referential ambiguity is best explained as a process-of-elimination or a novelty bias. We measured 2.5-year-old children's pointing and eye movements during referent selection trials and assessed whether this changes across repeated exposures. We also tested children's retention of novel words and how much focusing on novel targets during referent selection supports immediate and delayed retention as well as the effect of hearing the words ostensively named after referent selection. Time course analyses of children's looking during referent selection indicated that soon after noun onsets, in familiar target trials there was a greater focus on targets relative to chance, but in novel target trials, children focussed on targets less than chance, suggesting an initial focus on competitors. Children also took longer to focus on and point to novel compared to familiar targets. Thus, this converging evidence suggests referent selection is best described as a process-of-elimination. Ostensive naming also led to faster pointing at novel targets in subsequent trials and better delayed retention than the non-ostensive condition. In addition, a greater focus on novel targets during referent selection was associated with better immediate retention for the ostensive naming condition, but better delayed retention for the non-ostensive condition. Therefore, a focus on novelty may supplement weaker encoding, facilitating later retention.},<br \/>\r\nkeywords = {},<br \/>\r\npubstate = {published},<br \/>\r\ntppubtype = {article}<br \/>\r\n}<br \/>\r\n<\/pre><\/div><p class=\"tp_close_menu\"><a class=\"tp_close\" onclick=\"teachpress_pub_showhide('485','tp_bibtex')\">Close<\/a><\/p><\/div><div class=\"tp_abstract\" id=\"tp_abstract_485\" style=\"display:none;\"><div class=\"tp_abstract_entry\">The current study investigates whether children's attempts to solve referential ambiguity is best explained as a process-of-elimination or a novelty bias. We measured 2.5-year-old children's pointing and eye movements during referent selection trials and assessed whether this changes across repeated exposures. We also tested children's retention of novel words and how much focusing on novel targets during referent selection supports immediate and delayed retention as well as the effect of hearing the words ostensively named after referent selection. Time course analyses of children's looking during referent selection indicated that soon after noun onsets, in familiar target trials there was a greater focus on targets relative to chance, but in novel target trials, children focussed on targets less than chance, suggesting an initial focus on competitors. Children also took longer to focus on and point to novel compared to familiar targets. Thus, this converging evidence suggests referent selection is best described as a process-of-elimination. Ostensive naming also led to faster pointing at novel targets in subsequent trials and better delayed retention than the non-ostensive condition. In addition, a greater focus on novel targets during referent selection was associated with better immediate retention for the ostensive naming condition, but better delayed retention for the non-ostensive condition. Therefore, a focus on novelty may supplement weaker encoding, facilitating later retention.<\/div><p class=\"tp_close_menu\"><a class=\"tp_close\" onclick=\"teachpress_pub_showhide('485','tp_abstract')\">Close<\/a><\/p><\/div><div class=\"tp_links\" id=\"tp_links_485\" style=\"display:none;\"><div class=\"tp_links_entry\"><ul class=\"tp_pub_list\"><li><i class=\"ai ai-doi\"><\/i><a class=\"tp_pub_list\" href=\"https:\/\/dx.doi.org\/10.1016\/j.jml.2024.104596\" title=\"Follow DOI:10.1016\/j.jml.2024.104596\" target=\"_blank\">doi:10.1016\/j.jml.2024.104596<\/a><\/li><\/ul><\/div><p class=\"tp_close_menu\"><a class=\"tp_close\" onclick=\"teachpress_pub_showhide('485','tp_links')\">Close<\/a><\/p><\/div><\/td><\/tr><tr class=\"tp_publication tp_publication_article\"><td class=\"tp_pub_info\"><p class=\"tp_pub_author\">Martina Bovo; Sebasti\u00e1n Moyano; Giulia Calignano; Eloisa Valenza; Mar\u00eda \u00c1ngeles Ballesteros-Duperon; Mar\u00eda Rosario Rueda<\/p><p class=\"tp_pub_title\"><a class=\"tp_title_link\" onclick=\"teachpress_pub_showhide('1251','tp_abstract')\" style=\"cursor:pointer;\">The modulating effect of gestational age on attentional disengagement in toddlers<\/a> <span class=\"tp_pub_type tp_  article\">Journal Article<\/span> <\/p><p class=\"tp_pub_additional\"><span class=\"tp_pub_additional_in\">In: <\/span><span class=\"tp_pub_additional_journal\">Infant Behavior and Development, <\/span><span class=\"tp_pub_additional_volume\">vol. 78, <\/span><span class=\"tp_pub_additional_pages\">pp. 1\u201312, <\/span><span class=\"tp_pub_additional_year\">2025<\/span>.<\/p><p class=\"tp_pub_menu\"><span class=\"tp_abstract_link\"><a id=\"tp_abstract_sh_1251\" class=\"tp_show\" onclick=\"teachpress_pub_showhide('1251','tp_abstract')\" title=\"Show abstract\" style=\"cursor:pointer;\">Abstract<\/a><\/span> | <span class=\"tp_resource_link\"><a id=\"tp_links_sh_1251\" class=\"tp_show\" onclick=\"teachpress_pub_showhide('1251','tp_links')\" title=\"Show links and resources\" style=\"cursor:pointer;\">Links<\/a><\/span> | <span class=\"tp_bibtex_link\"><a id=\"tp_bibtex_sh_1251\" class=\"tp_show\" onclick=\"teachpress_pub_showhide('1251','tp_bibtex')\" title=\"Show BibTeX entry\" style=\"cursor:pointer;\">BibTeX<\/a><\/span><\/p><div class=\"tp_bibtex\" id=\"tp_bibtex_1251\" style=\"display:none;\"><div class=\"tp_bibtex_entry\"><pre>@article{Bovo2025,<br \/>\r\ntitle = {The modulating effect of gestational age on attentional disengagement in toddlers},<br \/>\r\nauthor = {Martina Bovo and Sebasti\u00e1n Moyano and Giulia Calignano and Eloisa Valenza and Mar\u00eda \u00c1ngeles Ballesteros-Duperon and Mar\u00eda Rosario Rueda},<br \/>\r\ndoi = {10.1016\/j.infbeh.2024.102007},<br \/>\r\nyear  = {2025},<br \/>\r\ndate = {2025-01-01},<br \/>\r\njournal = {Infant Behavior and Development},<br \/>\r\nvolume = {78},<br \/>\r\npages = {1\u201312},<br \/>\r\nabstract = {Gestational Age (GA) at birth plays a crucial role in identifying potential vulnerabilities to long-term difficulties in cognitive and behavioral development. The present study aims to explore the influence of gestational age on the efficiency of early visual attention orienting, as a potential marker for the development of specific high-level socio-cognitive skills. We administered the Gap-Overlap task to measure the attentional orienting and disengagement performance of 16-month-olds born between the 34th and 41st weeks of gestation. Our findings indicate that GA might be a significant predictor of attentional disengagement performance, with lower GAs associated with slower orienting of visual attention in the gap condition. Additionally, we discuss a possible influence of endogenous attention control on disengagement accuracy at this age, particularly among full-term infants. Overall, the findings highlight the role of GA as a key factor in evaluating early visual attention development, acting as a marker for detecting early vulnerabilities.},<br \/>\r\nkeywords = {},<br \/>\r\npubstate = {published},<br \/>\r\ntppubtype = {article}<br \/>\r\n}<br \/>\r\n<\/pre><\/div><p class=\"tp_close_menu\"><a class=\"tp_close\" onclick=\"teachpress_pub_showhide('1251','tp_bibtex')\">Close<\/a><\/p><\/div><div class=\"tp_abstract\" id=\"tp_abstract_1251\" style=\"display:none;\"><div class=\"tp_abstract_entry\">Gestational Age (GA) at birth plays a crucial role in identifying potential vulnerabilities to long-term difficulties in cognitive and behavioral development. The present study aims to explore the influence of gestational age on the efficiency of early visual attention orienting, as a potential marker for the development of specific high-level socio-cognitive skills. We administered the Gap-Overlap task to measure the attentional orienting and disengagement performance of 16-month-olds born between the 34th and 41st weeks of gestation. Our findings indicate that GA might be a significant predictor of attentional disengagement performance, with lower GAs associated with slower orienting of visual attention in the gap condition. Additionally, we discuss a possible influence of endogenous attention control on disengagement accuracy at this age, particularly among full-term infants. Overall, the findings highlight the role of GA as a key factor in evaluating early visual attention development, acting as a marker for detecting early vulnerabilities.<\/div><p class=\"tp_close_menu\"><a class=\"tp_close\" onclick=\"teachpress_pub_showhide('1251','tp_abstract')\">Close<\/a><\/p><\/div><div class=\"tp_links\" id=\"tp_links_1251\" style=\"display:none;\"><div class=\"tp_links_entry\"><ul class=\"tp_pub_list\"><li><i class=\"ai ai-doi\"><\/i><a class=\"tp_pub_list\" href=\"https:\/\/dx.doi.org\/10.1016\/j.infbeh.2024.102007\" title=\"Follow DOI:10.1016\/j.infbeh.2024.102007\" target=\"_blank\">doi:10.1016\/j.infbeh.2024.102007<\/a><\/li><\/ul><\/div><p class=\"tp_close_menu\"><a class=\"tp_close\" onclick=\"teachpress_pub_showhide('1251','tp_links')\">Close<\/a><\/p><\/div><\/td><\/tr><tr class=\"tp_publication tp_publication_article\"><td class=\"tp_pub_info\"><p class=\"tp_pub_author\">Arynn S. Byrd; Yi Ting Huang; Jan Edwards<\/p><p class=\"tp_pub_title\"><a class=\"tp_title_link\" onclick=\"teachpress_pub_showhide('1524','tp_abstract')\" style=\"cursor:pointer;\">Understanding how dialect differences shape how AAE-speaking children process sentences in real-time<\/a> <span class=\"tp_pub_type tp_  article\">Journal Article<\/span> <\/p><p class=\"tp_pub_additional\"><span class=\"tp_pub_additional_in\">In: <\/span><span class=\"tp_pub_additional_journal\">Seminars in Speech and Language, <\/span><span class=\"tp_pub_additional_pages\">pp. 1\u201320, <\/span><span class=\"tp_pub_additional_year\">2025<\/span>.<\/p><p class=\"tp_pub_menu\"><span class=\"tp_abstract_link\"><a id=\"tp_abstract_sh_1524\" class=\"tp_show\" onclick=\"teachpress_pub_showhide('1524','tp_abstract')\" title=\"Show abstract\" style=\"cursor:pointer;\">Abstract<\/a><\/span> | <span class=\"tp_resource_link\"><a id=\"tp_links_sh_1524\" class=\"tp_show\" onclick=\"teachpress_pub_showhide('1524','tp_links')\" title=\"Show links and resources\" style=\"cursor:pointer;\">Links<\/a><\/span> | <span class=\"tp_bibtex_link\"><a id=\"tp_bibtex_sh_1524\" class=\"tp_show\" onclick=\"teachpress_pub_showhide('1524','tp_bibtex')\" title=\"Show BibTeX entry\" style=\"cursor:pointer;\">BibTeX<\/a><\/span><\/p><div class=\"tp_bibtex\" id=\"tp_bibtex_1524\" style=\"display:none;\"><div class=\"tp_bibtex_entry\"><pre>@article{Byrd2025,<br \/>\r\ntitle = {Understanding how dialect differences shape how AAE-speaking children process sentences in real-time},<br \/>\r\nauthor = {Arynn S. Byrd and Yi Ting Huang and Jan Edwards},<br \/>\r\ndoi = {10.1055\/a-2626-3292},<br \/>\r\nyear  = {2025},<br \/>\r\ndate = {2025-01-01},<br \/>\r\njournal = {Seminars in Speech and Language},<br \/>\r\npages = {1\u201320},<br \/>\r\npublisher = {Thieme Medical Publishers, Inc.},<br \/>\r\nabstract = {Dialect differences between African American English (AAE) and Mainstream American English (MAE) impact how children comprehend sentences. However, research on real-time sentence processing has the potential to reveal the underlying causes of these differences. This study used eye tracking, which measures how children interpret linguistic features as a sentence unfolds, and examined how AAE- and MAE-speaking children processed was and were, a morphology feature produced differently in MAE and AAE. Fifty-nine participants, ages 7;8 to 11;0 years, completed standardized measures of dialect density and receptive vocabulary. In the eye tracking task, participants heard sentences in MAE with either unambiguous (e.g., Jeremiah) or ambiguous (e.g., Carolyn May), subjects and eye movements were measured to singular (image of one person) or plural referents (image of two people). After the onset of the auxiliary verb, AAE-speaking children were sensitive to was and were when processing sentences but were less likely than MAE-speaking children to use was as a basis for updating initial predictions of plural referents. Among African American children, dialect density was predictive of sensitivity to was when processing sentences. Results suggest that linguistic mismatch impacts how contrastive verb morphology is used to update initial interpretations of MAE sentences.},<br \/>\r\nkeywords = {},<br \/>\r\npubstate = {published},<br \/>\r\ntppubtype = {article}<br \/>\r\n}<br \/>\r\n<\/pre><\/div><p class=\"tp_close_menu\"><a class=\"tp_close\" onclick=\"teachpress_pub_showhide('1524','tp_bibtex')\">Close<\/a><\/p><\/div><div class=\"tp_abstract\" id=\"tp_abstract_1524\" style=\"display:none;\"><div class=\"tp_abstract_entry\">Dialect differences between African American English (AAE) and Mainstream American English (MAE) impact how children comprehend sentences. However, research on real-time sentence processing has the potential to reveal the underlying causes of these differences. This study used eye tracking, which measures how children interpret linguistic features as a sentence unfolds, and examined how AAE- and MAE-speaking children processed was and were, a morphology feature produced differently in MAE and AAE. Fifty-nine participants, ages 7;8 to 11;0 years, completed standardized measures of dialect density and receptive vocabulary. In the eye tracking task, participants heard sentences in MAE with either unambiguous (e.g., Jeremiah) or ambiguous (e.g., Carolyn May), subjects and eye movements were measured to singular (image of one person) or plural referents (image of two people). After the onset of the auxiliary verb, AAE-speaking children were sensitive to was and were when processing sentences but were less likely than MAE-speaking children to use was as a basis for updating initial predictions of plural referents. Among African American children, dialect density was predictive of sensitivity to was when processing sentences. Results suggest that linguistic mismatch impacts how contrastive verb morphology is used to update initial interpretations of MAE sentences.<\/div><p class=\"tp_close_menu\"><a class=\"tp_close\" onclick=\"teachpress_pub_showhide('1524','tp_abstract')\">Close<\/a><\/p><\/div><div class=\"tp_links\" id=\"tp_links_1524\" style=\"display:none;\"><div class=\"tp_links_entry\"><ul class=\"tp_pub_list\"><li><i class=\"ai ai-doi\"><\/i><a class=\"tp_pub_list\" href=\"https:\/\/dx.doi.org\/10.1055\/a-2626-3292\" title=\"Follow DOI:10.1055\/a-2626-3292\" target=\"_blank\">doi:10.1055\/a-2626-3292<\/a><\/li><\/ul><\/div><p class=\"tp_close_menu\"><a class=\"tp_close\" onclick=\"teachpress_pub_showhide('1524','tp_links')\">Close<\/a><\/p><\/div><\/td><\/tr><tr class=\"tp_publication tp_publication_article\"><td class=\"tp_pub_info\"><p class=\"tp_pub_author\">Min Chang; Kuo Zhang; Lisha Hao; Kevin B. Paterson4; Kayleigh L. Warrington; Jingxin Wang<\/p><p class=\"tp_pub_title\"><a class=\"tp_title_link\" onclick=\"teachpress_pub_showhide('1802','tp_abstract')\" style=\"cursor:pointer;\">Flexible parafoveal processing of character order is preserved in older readers<\/a> <span class=\"tp_pub_type tp_  article\">Journal Article<\/span> <\/p><p class=\"tp_pub_additional\"><span class=\"tp_pub_additional_in\">In: <\/span><span class=\"tp_pub_additional_journal\">Psychology and Aging, <\/span><span class=\"tp_pub_additional_volume\">vol. 40, <\/span><span class=\"tp_pub_additional_number\">no. 4, <\/span><span class=\"tp_pub_additional_pages\">pp. 429\u2013438, <\/span><span class=\"tp_pub_additional_year\">2025<\/span>.<\/p><p class=\"tp_pub_menu\"><span class=\"tp_abstract_link\"><a id=\"tp_abstract_sh_1802\" class=\"tp_show\" onclick=\"teachpress_pub_showhide('1802','tp_abstract')\" title=\"Show abstract\" style=\"cursor:pointer;\">Abstract<\/a><\/span> | <span class=\"tp_resource_link\"><a id=\"tp_links_sh_1802\" class=\"tp_show\" onclick=\"teachpress_pub_showhide('1802','tp_links')\" title=\"Show links and resources\" style=\"cursor:pointer;\">Links<\/a><\/span> | <span class=\"tp_bibtex_link\"><a id=\"tp_bibtex_sh_1802\" class=\"tp_show\" onclick=\"teachpress_pub_showhide('1802','tp_bibtex')\" title=\"Show BibTeX entry\" style=\"cursor:pointer;\">BibTeX<\/a><\/span><\/p><div class=\"tp_bibtex\" id=\"tp_bibtex_1802\" style=\"display:none;\"><div class=\"tp_bibtex_entry\"><pre>@article{Chang2025b,<br \/>\r\ntitle = {Flexible parafoveal processing of character order is preserved in older readers},<br \/>\r\nauthor = {Min Chang and Kuo Zhang and Lisha Hao and Kevin B. Paterson4 and Kayleigh L. Warrington and Jingxin Wang},<br \/>\r\ndoi = {10.1037\/pag0000883.supp},<br \/>\r\nyear  = {2025},<br \/>\r\ndate = {2025-01-01},<br \/>\r\njournal = {Psychology and Aging},<br \/>\r\nvolume = {40},<br \/>\r\nnumber = {4},<br \/>\r\npages = {429\u2013438},<br \/>\r\npublisher = {American Psychological Association (APA)},<br \/>\r\nabstract = {Eye movement research in Chinese shows that young adults encode character order flexibly during parafoveal processing and that word predictability can influence this early processing stage. Whether these effects change in older age is unclear, although other research suggests older readers have reduced parafoveal processing capabilities. Using the boundary paradigm (Rayner, 1975), we compared eye movement data from 60 young adults (18\u201330 years) with new data from 36 older adults (65\u201375 years). Participants read sentences with two-character target words of high or low predictability. Before their gaze crossed an invisible boundary, target words were presented normally (valid preview) or with characters transposed or replaced by unrelated characters (invalid previews). Previews reverted to normal once their gaze crossed the boundary. Our results reveal a larger word predictability effect for the older readers, while transposed-character effects were similar across groups, suggesting this intriguing aspect of parafoveal processing is preserved in aging readers. Public},<br \/>\r\nkeywords = {},<br \/>\r\npubstate = {published},<br \/>\r\ntppubtype = {article}<br \/>\r\n}<br \/>\r\n<\/pre><\/div><p class=\"tp_close_menu\"><a class=\"tp_close\" onclick=\"teachpress_pub_showhide('1802','tp_bibtex')\">Close<\/a><\/p><\/div><div class=\"tp_abstract\" id=\"tp_abstract_1802\" style=\"display:none;\"><div class=\"tp_abstract_entry\">Eye movement research in Chinese shows that young adults encode character order flexibly during parafoveal processing and that word predictability can influence this early processing stage. Whether these effects change in older age is unclear, although other research suggests older readers have reduced parafoveal processing capabilities. Using the boundary paradigm (Rayner, 1975), we compared eye movement data from 60 young adults (18\u201330 years) with new data from 36 older adults (65\u201375 years). Participants read sentences with two-character target words of high or low predictability. Before their gaze crossed an invisible boundary, target words were presented normally (valid preview) or with characters transposed or replaced by unrelated characters (invalid previews). Previews reverted to normal once their gaze crossed the boundary. Our results reveal a larger word predictability effect for the older readers, while transposed-character effects were similar across groups, suggesting this intriguing aspect of parafoveal processing is preserved in aging readers. Public<\/div><p class=\"tp_close_menu\"><a class=\"tp_close\" onclick=\"teachpress_pub_showhide('1802','tp_abstract')\">Close<\/a><\/p><\/div><div class=\"tp_links\" id=\"tp_links_1802\" style=\"display:none;\"><div class=\"tp_links_entry\"><ul class=\"tp_pub_list\"><li><i class=\"ai ai-doi\"><\/i><a class=\"tp_pub_list\" href=\"https:\/\/dx.doi.org\/10.1037\/pag0000883.supp\" title=\"Follow DOI:10.1037\/pag0000883.supp\" target=\"_blank\">doi:10.1037\/pag0000883.supp<\/a><\/li><\/ul><\/div><p class=\"tp_close_menu\"><a class=\"tp_close\" onclick=\"teachpress_pub_showhide('1802','tp_links')\">Close<\/a><\/p><\/div><\/td><\/tr><tr class=\"tp_publication tp_publication_article\"><td class=\"tp_pub_info\"><p class=\"tp_pub_author\">J\u00fcrgen Cholewa; Annika Kirschenkern; Frederike Steinke; Thomas G\u00fcnther<\/p><p class=\"tp_pub_title\"><a class=\"tp_title_link\" onclick=\"teachpress_pub_showhide('2021','tp_abstract')\" style=\"cursor:pointer;\">Predictive use of grammatical gender during noun phrase decoding: An eye-tracking study with German children with developmental language disorder<\/a> <span class=\"tp_pub_type tp_  article\">Journal Article<\/span> <\/p><p class=\"tp_pub_additional\"><span class=\"tp_pub_additional_in\">In: <\/span><span class=\"tp_pub_additional_journal\">Journal of Speech, Language, and Hearing Research, <\/span><span class=\"tp_pub_additional_pages\">pp. 1\u201319, <\/span><span class=\"tp_pub_additional_year\">2025<\/span>.<\/p><p class=\"tp_pub_menu\"><span class=\"tp_abstract_link\"><a id=\"tp_abstract_sh_2021\" class=\"tp_show\" onclick=\"teachpress_pub_showhide('2021','tp_abstract')\" title=\"Show abstract\" style=\"cursor:pointer;\">Abstract<\/a><\/span> | <span class=\"tp_resource_link\"><a id=\"tp_links_sh_2021\" class=\"tp_show\" onclick=\"teachpress_pub_showhide('2021','tp_links')\" title=\"Show links and resources\" style=\"cursor:pointer;\">Links<\/a><\/span> | <span class=\"tp_bibtex_link\"><a id=\"tp_bibtex_sh_2021\" class=\"tp_show\" onclick=\"teachpress_pub_showhide('2021','tp_bibtex')\" title=\"Show BibTeX entry\" style=\"cursor:pointer;\">BibTeX<\/a><\/span><\/p><div class=\"tp_bibtex\" id=\"tp_bibtex_2021\" style=\"display:none;\"><div class=\"tp_bibtex_entry\"><pre>@article{Cholewa2025,<br \/>\r\ntitle = {Predictive use of grammatical gender during noun phrase decoding: An eye-tracking study with German children with developmental language disorder},<br \/>\r\nauthor = {J\u00fcrgen Cholewa and Annika Kirschenkern and Frederike Steinke and Thomas G\u00fcnther},<br \/>\r\ndoi = {10.1044\/2024_JSLHR-24-00389},<br \/>\r\nyear  = {2025},<br \/>\r\ndate = {2025-01-01},<br \/>\r\njournal = {Journal of Speech, Language, and Hearing Research},<br \/>\r\npages = {1\u201319},<br \/>\r\nabstract = {Purpose: Predictive language comprehension has become a major topic in psycholinguistic research. The study described in this article aims to investigate if German children with developmental language disorder (DLD) use grammatical gender agreement to predict the continuation of noun phrases in the same way as it has been observed for typically developing (TD) children. The study also seeks to differentiate between specific and general deficits in predictive processing by exploring the anticipatory use of semantic information. Additionally, the research examines whether the processing of gender and semantic information varies with the speed of stimulus presentation. Method: The study included 30 children with DLD (average age = 8.7 years) and 26 TD children (average age = 8.4 years) who participated in a visual-world eye- tracking study. Noun phrases, consisting of an article, an adjective, and a noun, were presented that matched with only one of two target pictures. The phrases contained a gender cue, a semantic cue, a combination of both, or none of these cues. The cues were provided by the article and\/or adjective and could be used to identify the target picture before the noun itself was presented. Results: Both groups, TD children and those with DLD, utilized predictive processing strategies in response to gender agreement and semantic information when decoding noun phrases. However, children with DLD were only able to consider gender cues when noun phrases were presented at a slower speech rate, and even then, their predictive certainty remained below the typical level for their age. Conclusion: Based on these findings, the article discusses the potential relevance of the prediction framework for explaining comprehension deficits in chil- dren with DLD, as well as the clinical implications of the results.},<br \/>\r\nkeywords = {},<br \/>\r\npubstate = {published},<br \/>\r\ntppubtype = {article}<br \/>\r\n}<br \/>\r\n<\/pre><\/div><p class=\"tp_close_menu\"><a class=\"tp_close\" onclick=\"teachpress_pub_showhide('2021','tp_bibtex')\">Close<\/a><\/p><\/div><div class=\"tp_abstract\" id=\"tp_abstract_2021\" style=\"display:none;\"><div class=\"tp_abstract_entry\">Purpose: Predictive language comprehension has become a major topic in psycholinguistic research. The study described in this article aims to investigate if German children with developmental language disorder (DLD) use grammatical gender agreement to predict the continuation of noun phrases in the same way as it has been observed for typically developing (TD) children. The study also seeks to differentiate between specific and general deficits in predictive processing by exploring the anticipatory use of semantic information. Additionally, the research examines whether the processing of gender and semantic information varies with the speed of stimulus presentation. Method: The study included 30 children with DLD (average age = 8.7 years) and 26 TD children (average age = 8.4 years) who participated in a visual-world eye- tracking study. Noun phrases, consisting of an article, an adjective, and a noun, were presented that matched with only one of two target pictures. The phrases contained a gender cue, a semantic cue, a combination of both, or none of these cues. The cues were provided by the article and\/or adjective and could be used to identify the target picture before the noun itself was presented. Results: Both groups, TD children and those with DLD, utilized predictive processing strategies in response to gender agreement and semantic information when decoding noun phrases. However, children with DLD were only able to consider gender cues when noun phrases were presented at a slower speech rate, and even then, their predictive certainty remained below the typical level for their age. Conclusion: Based on these findings, the article discusses the potential relevance of the prediction framework for explaining comprehension deficits in chil- dren with DLD, as well as the clinical implications of the results.<\/div><p class=\"tp_close_menu\"><a class=\"tp_close\" onclick=\"teachpress_pub_showhide('2021','tp_abstract')\">Close<\/a><\/p><\/div><div class=\"tp_links\" id=\"tp_links_2021\" style=\"display:none;\"><div class=\"tp_links_entry\"><ul class=\"tp_pub_list\"><li><i class=\"ai ai-doi\"><\/i><a class=\"tp_pub_list\" href=\"https:\/\/dx.doi.org\/10.1044\/2024_JSLHR-24-00389\" title=\"Follow DOI:10.1044\/2024_JSLHR-24-00389\" target=\"_blank\">doi:10.1044\/2024_JSLHR-24-00389<\/a><\/li><\/ul><\/div><p class=\"tp_close_menu\"><a class=\"tp_close\" onclick=\"teachpress_pub_showhide('2021','tp_links')\">Close<\/a><\/p><\/div><\/td><\/tr><tr class=\"tp_publication tp_publication_article\"><td class=\"tp_pub_info\"><p class=\"tp_pub_author\">Sarah C. Creel<\/p><p class=\"tp_pub_title\"><a class=\"tp_title_link\" onclick=\"teachpress_pub_showhide('2355','tp_abstract')\" style=\"cursor:pointer;\">Connecting the tots: Strong looking-pointing correlations in preschoolers' word learning and implications for continuity in language development<\/a> <span class=\"tp_pub_type tp_  article\">Journal Article<\/span> <\/p><p class=\"tp_pub_additional\"><span class=\"tp_pub_additional_in\">In: <\/span><span class=\"tp_pub_additional_journal\">Child Development, <\/span><span class=\"tp_pub_additional_volume\">vol. 96, <\/span><span class=\"tp_pub_additional_pages\">pp. 87\u2013103, <\/span><span class=\"tp_pub_additional_year\">2025<\/span>.<\/p><p class=\"tp_pub_menu\"><span class=\"tp_abstract_link\"><a id=\"tp_abstract_sh_2355\" class=\"tp_show\" onclick=\"teachpress_pub_showhide('2355','tp_abstract')\" title=\"Show abstract\" style=\"cursor:pointer;\">Abstract<\/a><\/span> | <span class=\"tp_resource_link\"><a id=\"tp_links_sh_2355\" class=\"tp_show\" onclick=\"teachpress_pub_showhide('2355','tp_links')\" title=\"Show links and resources\" style=\"cursor:pointer;\">Links<\/a><\/span> | <span class=\"tp_bibtex_link\"><a id=\"tp_bibtex_sh_2355\" class=\"tp_show\" onclick=\"teachpress_pub_showhide('2355','tp_bibtex')\" title=\"Show BibTeX entry\" style=\"cursor:pointer;\">BibTeX<\/a><\/span><\/p><div class=\"tp_bibtex\" id=\"tp_bibtex_2355\" style=\"display:none;\"><div class=\"tp_bibtex_entry\"><pre>@article{Creel2025,<br \/>\r\ntitle = {Connecting the tots: Strong looking-pointing correlations in preschoolers' word learning and implications for continuity in language development},<br \/>\r\nauthor = {Sarah C. Creel},<br \/>\r\ndoi = {10.1111\/cdev.14157},<br \/>\r\nyear  = {2025},<br \/>\r\ndate = {2025-01-01},<br \/>\r\njournal = {Child Development},<br \/>\r\nvolume = {96},<br \/>\r\npages = {87\u2013103},<br \/>\r\nabstract = {How does one assess developmental change when the measures themselves change with development? Most developmental studies of word learning use either looking (infants) or pointing (preschoolers and older). With little empirical evidence of the relationship between the two measures, developmental change is difficult to assess. This paper analyzes 914 pointing, looking children (451 female, varied ethnicities, 2.5\u20136.5 years, dates: 2009\u20132019) in 36 word- or sound-learning experiments with two-alternative test trials. Looking proportions and pointing accuracy correlated strongly (r =.7). Counter to the \u201clooks first\u201d hypothesis, looks were not sensitive to incipient knowledge that pointing missed: when pointing is at chance, looking proportions are also. Results suggest one possible path forward for assessing continuous developmental change. Methodological best practices are discussed.},<br \/>\r\nkeywords = {},<br \/>\r\npubstate = {published},<br \/>\r\ntppubtype = {article}<br \/>\r\n}<br \/>\r\n<\/pre><\/div><p class=\"tp_close_menu\"><a class=\"tp_close\" onclick=\"teachpress_pub_showhide('2355','tp_bibtex')\">Close<\/a><\/p><\/div><div class=\"tp_abstract\" id=\"tp_abstract_2355\" style=\"display:none;\"><div class=\"tp_abstract_entry\">How does one assess developmental change when the measures themselves change with development? Most developmental studies of word learning use either looking (infants) or pointing (preschoolers and older). With little empirical evidence of the relationship between the two measures, developmental change is difficult to assess. This paper analyzes 914 pointing, looking children (451 female, varied ethnicities, 2.5\u20136.5 years, dates: 2009\u20132019) in 36 word- or sound-learning experiments with two-alternative test trials. Looking proportions and pointing accuracy correlated strongly (r =.7). Counter to the \u201clooks first\u201d hypothesis, looks were not sensitive to incipient knowledge that pointing missed: when pointing is at chance, looking proportions are also. Results suggest one possible path forward for assessing continuous developmental change. Methodological best practices are discussed.<\/div><p class=\"tp_close_menu\"><a class=\"tp_close\" onclick=\"teachpress_pub_showhide('2355','tp_abstract')\">Close<\/a><\/p><\/div><div class=\"tp_links\" id=\"tp_links_2355\" style=\"display:none;\"><div class=\"tp_links_entry\"><ul class=\"tp_pub_list\"><li><i class=\"ai ai-doi\"><\/i><a class=\"tp_pub_list\" href=\"https:\/\/dx.doi.org\/10.1111\/cdev.14157\" title=\"Follow DOI:10.1111\/cdev.14157\" target=\"_blank\">doi:10.1111\/cdev.14157<\/a><\/li><\/ul><\/div><p class=\"tp_close_menu\"><a class=\"tp_close\" onclick=\"teachpress_pub_showhide('2355','tp_links')\">Close<\/a><\/p><\/div><\/td><\/tr><tr class=\"tp_publication tp_publication_article\"><td class=\"tp_pub_info\"><p class=\"tp_pub_author\">Gabriella Daroczy; Christina Artemenko; Magdalena Wolska; Detmar Meurers; Hans-Christoph Nuerk<\/p><p class=\"tp_pub_title\"><a class=\"tp_title_link\" onclick=\"teachpress_pub_showhide('2548','tp_abstract')\" style=\"cursor:pointer;\">Are text comprehension and calculation processes in word problem solving sequential or interactive? An eye-tracking study in children<\/a> <span class=\"tp_pub_type tp_  article\">Journal Article<\/span> <\/p><p class=\"tp_pub_additional\"><span class=\"tp_pub_additional_in\">In: <\/span><span class=\"tp_pub_additional_journal\">Canadian Journal of Experimental Psychology \/ Revue canadienne de psychologie exp\u00e9rimentale, <\/span><span class=\"tp_pub_additional_volume\">vol. 79, <\/span><span class=\"tp_pub_additional_number\">no. 2, <\/span><span class=\"tp_pub_additional_pages\">pp. 206\u2013211, <\/span><span class=\"tp_pub_additional_year\">2025<\/span>.<\/p><p class=\"tp_pub_menu\"><span class=\"tp_abstract_link\"><a id=\"tp_abstract_sh_2548\" class=\"tp_show\" onclick=\"teachpress_pub_showhide('2548','tp_abstract')\" title=\"Show abstract\" style=\"cursor:pointer;\">Abstract<\/a><\/span> | <span class=\"tp_resource_link\"><a id=\"tp_links_sh_2548\" class=\"tp_show\" onclick=\"teachpress_pub_showhide('2548','tp_links')\" title=\"Show links and resources\" style=\"cursor:pointer;\">Links<\/a><\/span> | <span class=\"tp_bibtex_link\"><a id=\"tp_bibtex_sh_2548\" class=\"tp_show\" onclick=\"teachpress_pub_showhide('2548','tp_bibtex')\" title=\"Show BibTeX entry\" style=\"cursor:pointer;\">BibTeX<\/a><\/span><\/p><div class=\"tp_bibtex\" id=\"tp_bibtex_2548\" style=\"display:none;\"><div class=\"tp_bibtex_entry\"><pre>@article{Daroczy2025,<br \/>\r\ntitle = {Are text comprehension and calculation processes in word problem solving sequential or interactive? An eye-tracking study in children},<br \/>\r\nauthor = {Gabriella Daroczy and Christina Artemenko and Magdalena Wolska and Detmar Meurers and Hans-Christoph Nuerk},<br \/>\r\ndoi = {10.1037\/cep0000366.supp},<br \/>\r\nyear  = {2025},<br \/>\r\ndate = {2025-01-01},<br \/>\r\njournal = {Canadian Journal of Experimental Psychology \/ Revue canadienne de psychologie exp\u00e9rimentale},<br \/>\r\nvolume = {79},<br \/>\r\nnumber = {2},<br \/>\r\npages = {206\u2013211},<br \/>\r\npublisher = {American Psychological Association (APA)},<br \/>\r\nabstract = {The difficulty ofa word problem is influenced by both linguistic and arithmetic processes. However, whether these processes are sequential or interactive is a matter of debate. Little is known about how eye-movement behaviour changes when faced with different linguistic and arithmetic task characteristics, both in relation to the entire problem and to specific components (i.e., numerical and textual elements). To address this gap, we conducted a study monitoring the eye movements of children aged 10\u201313 years during word problem solving. We manipulated linguistic and arithmetic task characteristics independently, focusing on the mathematical factor operation (addition\/subtraction) and the linguistic factors consistency (consistent\/ inconsistent) and nominalization (verbalized\/nominalized). The results revealed that eye movements generally increased as linguistic difficulty (e.g., nominalization) or arithmetic difficulty (e.g., operation) increased. Thereby, specific parts of the text were differentially affected based on the task characteristics. Increasing arithmetic difficulty led to a shift in eye movements towards numerical elements, while increasing linguistic difficulty resulted in a shift towards textual elements. Interestingly, the increase in arithmetic difficulty also influenced processing in the linguistic domain. For example, textual parts of the word problem received more fixations when the arithmetic difficulty increased, but not vice versa. This suggests that text comprehension and calculation processes in word problem solving are not separate and not strictly sequential; instead, they interact and\/or do partially rely on shared cognitive resources.},<br \/>\r\nkeywords = {},<br \/>\r\npubstate = {published},<br \/>\r\ntppubtype = {article}<br \/>\r\n}<br \/>\r\n<\/pre><\/div><p class=\"tp_close_menu\"><a class=\"tp_close\" onclick=\"teachpress_pub_showhide('2548','tp_bibtex')\">Close<\/a><\/p><\/div><div class=\"tp_abstract\" id=\"tp_abstract_2548\" style=\"display:none;\"><div class=\"tp_abstract_entry\">The difficulty ofa word problem is influenced by both linguistic and arithmetic processes. However, whether these processes are sequential or interactive is a matter of debate. Little is known about how eye-movement behaviour changes when faced with different linguistic and arithmetic task characteristics, both in relation to the entire problem and to specific components (i.e., numerical and textual elements). To address this gap, we conducted a study monitoring the eye movements of children aged 10\u201313 years during word problem solving. We manipulated linguistic and arithmetic task characteristics independently, focusing on the mathematical factor operation (addition\/subtraction) and the linguistic factors consistency (consistent\/ inconsistent) and nominalization (verbalized\/nominalized). The results revealed that eye movements generally increased as linguistic difficulty (e.g., nominalization) or arithmetic difficulty (e.g., operation) increased. Thereby, specific parts of the text were differentially affected based on the task characteristics. Increasing arithmetic difficulty led to a shift in eye movements towards numerical elements, while increasing linguistic difficulty resulted in a shift towards textual elements. Interestingly, the increase in arithmetic difficulty also influenced processing in the linguistic domain. For example, textual parts of the word problem received more fixations when the arithmetic difficulty increased, but not vice versa. This suggests that text comprehension and calculation processes in word problem solving are not separate and not strictly sequential; instead, they interact and\/or do partially rely on shared cognitive resources.<\/div><p class=\"tp_close_menu\"><a class=\"tp_close\" onclick=\"teachpress_pub_showhide('2548','tp_abstract')\">Close<\/a><\/p><\/div><div class=\"tp_links\" id=\"tp_links_2548\" style=\"display:none;\"><div class=\"tp_links_entry\"><ul class=\"tp_pub_list\"><li><i class=\"ai ai-doi\"><\/i><a class=\"tp_pub_list\" href=\"https:\/\/dx.doi.org\/10.1037\/cep0000366.supp\" title=\"Follow DOI:10.1037\/cep0000366.supp\" target=\"_blank\">doi:10.1037\/cep0000366.supp<\/a><\/li><\/ul><\/div><p class=\"tp_close_menu\"><a class=\"tp_close\" onclick=\"teachpress_pub_showhide('2548','tp_links')\">Close<\/a><\/p><\/div><\/td><\/tr><tr class=\"tp_publication tp_publication_article\"><td class=\"tp_pub_info\"><p class=\"tp_pub_author\">Gisella Decarli; Naila Illikoud; Lionel Granjon; Andr\u00e9 Knops; Arnaud Viarouge; Maria Dolores Hevia<\/p><p class=\"tp_pub_title\"><a class=\"tp_title_link\" onclick=\"teachpress_pub_showhide('2689','tp_abstract')\" style=\"cursor:pointer;\">Relationship between inhibitory skills and numerical momentum in infancy<\/a> <span class=\"tp_pub_type tp_  article\">Journal Article<\/span> <\/p><p class=\"tp_pub_additional\"><span class=\"tp_pub_additional_in\">In: <\/span><span class=\"tp_pub_additional_journal\">Journal of Cognition and Development, <\/span><span class=\"tp_pub_additional_pages\">pp. 1\u201322, <\/span><span class=\"tp_pub_additional_year\">2025<\/span>.<\/p><p class=\"tp_pub_menu\"><span class=\"tp_abstract_link\"><a id=\"tp_abstract_sh_2689\" class=\"tp_show\" onclick=\"teachpress_pub_showhide('2689','tp_abstract')\" title=\"Show abstract\" style=\"cursor:pointer;\">Abstract<\/a><\/span> | <span class=\"tp_resource_link\"><a id=\"tp_links_sh_2689\" class=\"tp_show\" onclick=\"teachpress_pub_showhide('2689','tp_links')\" title=\"Show links and resources\" style=\"cursor:pointer;\">Links<\/a><\/span> | <span class=\"tp_bibtex_link\"><a id=\"tp_bibtex_sh_2689\" class=\"tp_show\" onclick=\"teachpress_pub_showhide('2689','tp_bibtex')\" title=\"Show BibTeX entry\" style=\"cursor:pointer;\">BibTeX<\/a><\/span><\/p><div class=\"tp_bibtex\" id=\"tp_bibtex_2689\" style=\"display:none;\"><div class=\"tp_bibtex_entry\"><pre>@article{Decarli2025,<br \/>\r\ntitle = {Relationship between inhibitory skills and numerical momentum in infancy},<br \/>\r\nauthor = {Gisella Decarli and Naila Illikoud and Lionel Granjon and Andr\u00e9 Knops and Arnaud Viarouge and Maria Dolores Hevia},<br \/>\r\ndoi = {10.1080\/15248372.2025.2600944},<br \/>\r\nyear  = {2025},<br \/>\r\ndate = {2025-01-01},<br \/>\r\njournal = {Journal of Cognition and Development},<br \/>\r\npages = {1\u201322},<br \/>\r\npublisher = {Routledge},<br \/>\r\nabstract = {Infants as young as 9 months demonstrate both inhibitory control, as revealed by the Spatial Negative Priming (SNP) effect, and numerical biases, such as the Operational Momentum (OM) effect\u2013an overestimation in addition and underestimation in subtraction. Despite their early and parallel emergence, no studies have investigated whether these two cognitive abilities are related in infancy. In the present study, we tested 9- and 12-month-old infants in Paris on both a SNP task, measuring inhibitory skills, and an OM task, assessing sensitivity to directional biases in ordinal numerical sequences. Our results revealed a significant negative correlation between SNP and OM at 12 months, and between SNP at 9 months and OM at 12 months: infants with stronger inhibitory control showed reduced sensitivity to OM. These findings suggest that early inhibitory mechanisms may play a role in the development of OM bias during infancy.},<br \/>\r\nkeywords = {},<br \/>\r\npubstate = {published},<br \/>\r\ntppubtype = {article}<br \/>\r\n}<br \/>\r\n<\/pre><\/div><p class=\"tp_close_menu\"><a class=\"tp_close\" onclick=\"teachpress_pub_showhide('2689','tp_bibtex')\">Close<\/a><\/p><\/div><div class=\"tp_abstract\" id=\"tp_abstract_2689\" style=\"display:none;\"><div class=\"tp_abstract_entry\">Infants as young as 9 months demonstrate both inhibitory control, as revealed by the Spatial Negative Priming (SNP) effect, and numerical biases, such as the Operational Momentum (OM) effect\u2013an overestimation in addition and underestimation in subtraction. Despite their early and parallel emergence, no studies have investigated whether these two cognitive abilities are related in infancy. In the present study, we tested 9- and 12-month-old infants in Paris on both a SNP task, measuring inhibitory skills, and an OM task, assessing sensitivity to directional biases in ordinal numerical sequences. Our results revealed a significant negative correlation between SNP and OM at 12 months, and between SNP at 9 months and OM at 12 months: infants with stronger inhibitory control showed reduced sensitivity to OM. These findings suggest that early inhibitory mechanisms may play a role in the development of OM bias during infancy.<\/div><p class=\"tp_close_menu\"><a class=\"tp_close\" onclick=\"teachpress_pub_showhide('2689','tp_abstract')\">Close<\/a><\/p><\/div><div class=\"tp_links\" id=\"tp_links_2689\" style=\"display:none;\"><div class=\"tp_links_entry\"><ul class=\"tp_pub_list\"><li><i class=\"ai ai-doi\"><\/i><a class=\"tp_pub_list\" href=\"https:\/\/dx.doi.org\/10.1080\/15248372.2025.2600944\" title=\"Follow DOI:10.1080\/15248372.2025.2600944\" target=\"_blank\">doi:10.1080\/15248372.2025.2600944<\/a><\/li><\/ul><\/div><p class=\"tp_close_menu\"><a class=\"tp_close\" onclick=\"teachpress_pub_showhide('2689','tp_links')\">Close<\/a><\/p><\/div><\/td><\/tr><tr class=\"tp_publication tp_publication_article\"><td class=\"tp_pub_info\"><p class=\"tp_pub_author\">Elfriede R. Holstein; Maria Theobald; Leonie S. Weindorf; Garvin Brod<\/p><p class=\"tp_pub_title\"><a class=\"tp_title_link\" onclick=\"teachpress_pub_showhide('3187','tp_abstract')\" style=\"cursor:pointer;\">Developing conflict monitoring abilities predict children's revision of an intuitive theory<\/a> <span class=\"tp_pub_type tp_  article\">Journal Article<\/span> <\/p><p class=\"tp_pub_additional\"><span class=\"tp_pub_additional_in\">In: <\/span><span class=\"tp_pub_additional_journal\">Child Development, <\/span><span class=\"tp_pub_additional_volume\">vol. 96, <\/span><span class=\"tp_pub_additional_pages\">pp. 1207\u20131219, <\/span><span class=\"tp_pub_additional_year\">2025<\/span>.<\/p><p class=\"tp_pub_menu\"><span class=\"tp_abstract_link\"><a id=\"tp_abstract_sh_3187\" class=\"tp_show\" onclick=\"teachpress_pub_showhide('3187','tp_abstract')\" title=\"Show abstract\" style=\"cursor:pointer;\">Abstract<\/a><\/span> | <span class=\"tp_bibtex_link\"><a id=\"tp_bibtex_sh_3187\" class=\"tp_show\" onclick=\"teachpress_pub_showhide('3187','tp_bibtex')\" title=\"Show BibTeX entry\" style=\"cursor:pointer;\">BibTeX<\/a><\/span><\/p><div class=\"tp_bibtex\" id=\"tp_bibtex_3187\" style=\"display:none;\"><div class=\"tp_bibtex_entry\"><pre>@article{ElfriedeHolstein2025,<br \/>\r\ntitle = {Developing conflict monitoring abilities predict children's revision of an intuitive theory},<br \/>\r\nauthor = {Elfriede R. Holstein and Maria Theobald and Leonie S. Weindorf and Garvin Brod},<br \/>\r\nyear  = {2025},<br \/>\r\ndate = {2025-01-01},<br \/>\r\njournal = {Child Development},<br \/>\r\nvolume = {96},<br \/>\r\npages = {1207\u20131219},<br \/>\r\nabstract = {We investigated the role of children's conflict monitoring skills in revising an intuitive scientific theory. Children aged 5 to 9 (N = 177; 53% girls, data collected in Germany from 2019- 2023) completed computer- based tasks on water displacement, a con- cept prone to misconceptions. Children predicted which of two objects would displace more water before receiving feedback. With increasing age, children showed slower response times for incorrect predictions (\u03b2 = \u22120.04) and greater pupil dilation to unexpected outcomes (\u03b2 = \u22120.04), indicating better conflict monitoring. Better conflict monitoring, in turn, predicted faster belief revision (\u03b2 = 0.07). These findings suggest that conflict monitoring is crucial for learning in discovery- based activities. Science},<br \/>\r\nkeywords = {},<br \/>\r\npubstate = {published},<br \/>\r\ntppubtype = {article}<br \/>\r\n}<br \/>\r\n<\/pre><\/div><p class=\"tp_close_menu\"><a class=\"tp_close\" onclick=\"teachpress_pub_showhide('3187','tp_bibtex')\">Close<\/a><\/p><\/div><div class=\"tp_abstract\" id=\"tp_abstract_3187\" style=\"display:none;\"><div class=\"tp_abstract_entry\">We investigated the role of children's conflict monitoring skills in revising an intuitive scientific theory. Children aged 5 to 9 (N = 177; 53% girls, data collected in Germany from 2019- 2023) completed computer- based tasks on water displacement, a con- cept prone to misconceptions. Children predicted which of two objects would displace more water before receiving feedback. With increasing age, children showed slower response times for incorrect predictions (\u03b2 = \u22120.04) and greater pupil dilation to unexpected outcomes (\u03b2 = \u22120.04), indicating better conflict monitoring. Better conflict monitoring, in turn, predicted faster belief revision (\u03b2 = 0.07). These findings suggest that conflict monitoring is crucial for learning in discovery- based activities. Science<\/div><p class=\"tp_close_menu\"><a class=\"tp_close\" onclick=\"teachpress_pub_showhide('3187','tp_abstract')\">Close<\/a><\/p><\/div><\/td><\/tr><tr class=\"tp_publication tp_publication_article\"><td class=\"tp_pub_info\"><p class=\"tp_pub_author\">Raquel Fern\u00e1ndez Fuertes; Tamara G\u00f3mez Carrero; Juana M. Liceras<\/p><p class=\"tp_pub_title\"><a class=\"tp_title_link\" onclick=\"teachpress_pub_showhide('3451','tp_abstract')\" style=\"cursor:pointer;\">Activation and local inhibition in the bilingual child's processing of codeswitching<\/a> <span class=\"tp_pub_type tp_  article\">Journal Article<\/span> <\/p><p class=\"tp_pub_additional\"><span class=\"tp_pub_additional_in\">In: <\/span><span class=\"tp_pub_additional_journal\">Second Language Research, <\/span><span class=\"tp_pub_additional_volume\">vol. 41, <\/span><span class=\"tp_pub_additional_number\">no. 1, <\/span><span class=\"tp_pub_additional_pages\">pp. 163\u2013190, <\/span><span class=\"tp_pub_additional_year\">2025<\/span>.<\/p><p class=\"tp_pub_menu\"><span class=\"tp_abstract_link\"><a id=\"tp_abstract_sh_3451\" class=\"tp_show\" onclick=\"teachpress_pub_showhide('3451','tp_abstract')\" title=\"Show abstract\" style=\"cursor:pointer;\">Abstract<\/a><\/span> | <span class=\"tp_resource_link\"><a id=\"tp_links_sh_3451\" class=\"tp_show\" onclick=\"teachpress_pub_showhide('3451','tp_links')\" title=\"Show links and resources\" style=\"cursor:pointer;\">Links<\/a><\/span> | <span class=\"tp_bibtex_link\"><a id=\"tp_bibtex_sh_3451\" class=\"tp_show\" onclick=\"teachpress_pub_showhide('3451','tp_bibtex')\" title=\"Show BibTeX entry\" style=\"cursor:pointer;\">BibTeX<\/a><\/span><\/p><div class=\"tp_bibtex\" id=\"tp_bibtex_3451\" style=\"display:none;\"><div class=\"tp_bibtex_entry\"><pre>@article{FernandezFuertes2025,<br \/>\r\ntitle = {Activation and local inhibition in the bilingual child's processing of codeswitching},<br \/>\r\nauthor = {Raquel Fern\u00e1ndez Fuertes and Tamara G\u00f3mez Carrero and Juana M. Liceras},<br \/>\r\ndoi = {10.1177\/02676583241232221},<br \/>\r\nyear  = {2025},<br \/>\r\ndate = {2025-01-01},<br \/>\r\njournal = {Second Language Research},<br \/>\r\nvolume = {41},<br \/>\r\nnumber = {1},<br \/>\r\npages = {163\u2013190},<br \/>\r\npublisher = {SAGE Publications Ltd},<br \/>\r\nabstract = {Codeswitching has been used as a tool to investigate how the properties of the two language systems interact in the bilingual mind with relatively few studies investigating bilingual children. We target two groups of L1-Spanish\u2013L2-English children in Spain to address language activation and language inhibition in the processing of codeswitching between a determiner (DET) and a noun (N). We investigate how the mental representation of the formal features involved is responsible for the sensitivity to grammatical gender, which in turn affects how bilinguals' language activation and inhibition processes are at play and shape processing. We target both the directionality of the switch (English-DET\u2013Spanish-N vs. Spanish-DET\u2013English-N) and the type of implicit gender agreement mechanism (in the case of Spanish-DET\u2013English-N switches) by using offline acceptability judgment data and eyetracking during reading data. Results suggest lower processing costs of English DET switches and higher ones of non-congruent Spanish DET switches. We interpret the preference for classifying the non-gendered Ns along the lines of the gendered Ns in the gendered language as evidence for the integrated representation hypothesis which states that both Ns depicting the same concept are connected in the mind of the bilingual.},<br \/>\r\nkeywords = {},<br \/>\r\npubstate = {published},<br \/>\r\ntppubtype = {article}<br \/>\r\n}<br \/>\r\n<\/pre><\/div><p class=\"tp_close_menu\"><a class=\"tp_close\" onclick=\"teachpress_pub_showhide('3451','tp_bibtex')\">Close<\/a><\/p><\/div><div class=\"tp_abstract\" id=\"tp_abstract_3451\" style=\"display:none;\"><div class=\"tp_abstract_entry\">Codeswitching has been used as a tool to investigate how the properties of the two language systems interact in the bilingual mind with relatively few studies investigating bilingual children. We target two groups of L1-Spanish\u2013L2-English children in Spain to address language activation and language inhibition in the processing of codeswitching between a determiner (DET) and a noun (N). We investigate how the mental representation of the formal features involved is responsible for the sensitivity to grammatical gender, which in turn affects how bilinguals' language activation and inhibition processes are at play and shape processing. We target both the directionality of the switch (English-DET\u2013Spanish-N vs. Spanish-DET\u2013English-N) and the type of implicit gender agreement mechanism (in the case of Spanish-DET\u2013English-N switches) by using offline acceptability judgment data and eyetracking during reading data. Results suggest lower processing costs of English DET switches and higher ones of non-congruent Spanish DET switches. We interpret the preference for classifying the non-gendered Ns along the lines of the gendered Ns in the gendered language as evidence for the integrated representation hypothesis which states that both Ns depicting the same concept are connected in the mind of the bilingual.<\/div><p class=\"tp_close_menu\"><a class=\"tp_close\" onclick=\"teachpress_pub_showhide('3451','tp_abstract')\">Close<\/a><\/p><\/div><div class=\"tp_links\" id=\"tp_links_3451\" style=\"display:none;\"><div class=\"tp_links_entry\"><ul class=\"tp_pub_list\"><li><i class=\"ai ai-doi\"><\/i><a class=\"tp_pub_list\" href=\"https:\/\/dx.doi.org\/10.1177\/02676583241232221\" title=\"Follow DOI:10.1177\/02676583241232221\" target=\"_blank\">doi:10.1177\/02676583241232221<\/a><\/li><\/ul><\/div><p class=\"tp_close_menu\"><a class=\"tp_close\" onclick=\"teachpress_pub_showhide('3451','tp_links')\">Close<\/a><\/p><\/div><\/td><\/tr><tr class=\"tp_publication tp_publication_article\"><td class=\"tp_pub_info\"><p class=\"tp_pub_author\">Leigh B. Fernandez; Muzna Shehzad; Lauren V. Hadley<\/p><p class=\"tp_pub_title\"><a class=\"tp_title_link\" onclick=\"teachpress_pub_showhide('3477','tp_abstract')\" style=\"cursor:pointer;\">Effects of hearing loss on semantic prediction: Delayed prediction for intelligible speech when listening is demanding<\/a> <span class=\"tp_pub_type tp_  article\">Journal Article<\/span> <\/p><p class=\"tp_pub_additional\"><span class=\"tp_pub_additional_in\">In: <\/span><span class=\"tp_pub_additional_journal\">Ear and Hearing, <\/span><span class=\"tp_pub_additional_volume\">vol. 46, <\/span><span class=\"tp_pub_additional_number\">no. 6, <\/span><span class=\"tp_pub_additional_pages\">pp. 1440\u20131456, <\/span><span class=\"tp_pub_additional_year\">2025<\/span>.<\/p><p class=\"tp_pub_menu\"><span class=\"tp_abstract_link\"><a id=\"tp_abstract_sh_3477\" class=\"tp_show\" onclick=\"teachpress_pub_showhide('3477','tp_abstract')\" title=\"Show abstract\" style=\"cursor:pointer;\">Abstract<\/a><\/span> | <span class=\"tp_resource_link\"><a id=\"tp_links_sh_3477\" class=\"tp_show\" onclick=\"teachpress_pub_showhide('3477','tp_links')\" title=\"Show links and resources\" style=\"cursor:pointer;\">Links<\/a><\/span> | <span class=\"tp_bibtex_link\"><a id=\"tp_bibtex_sh_3477\" class=\"tp_show\" onclick=\"teachpress_pub_showhide('3477','tp_bibtex')\" title=\"Show BibTeX entry\" style=\"cursor:pointer;\">BibTeX<\/a><\/span><\/p><div class=\"tp_bibtex\" id=\"tp_bibtex_3477\" style=\"display:none;\"><div class=\"tp_bibtex_entry\"><pre>@article{Fernandez2025e,<br \/>\r\ntitle = {Effects of hearing loss on semantic prediction: Delayed prediction for intelligible speech when listening is demanding},<br \/>\r\nauthor = {Leigh B. Fernandez and Muzna Shehzad and Lauren V. Hadley},<br \/>\r\ndoi = {10.1097\/AUD.0000000000001679},<br \/>\r\nyear  = {2025},<br \/>\r\ndate = {2025-01-01},<br \/>\r\njournal = {Ear and Hearing},<br \/>\r\nvolume = {46},<br \/>\r\nnumber = {6},<br \/>\r\npages = {1440\u20131456},<br \/>\r\npublisher = {Wolters Kluwer Health},<br \/>\r\nabstract = {Objectives: Linguistic context can be used during speech listening to predict what a talker will say next. These predictions may be particularly useful in adverse listening conditions, since they can facilitate speech processing. In this study, we investigated the impact of postlingual hearing loss on prediction processes. Because hearing loss leads to a perceptual deficit (i.e., degraded auditory input), that can also have cognitive impacts (i.e., increased competition for cognitive resources due to increased listening effort), it is a naturalistic test case of how different sorts of challenge affect prediction. Design: We report a visual world eye-tracking study run with 3 participant groups: older adults (range: 53 to 80 years old) with normal hearing (n = 30), older adults with hearing loss listening under low demand (n = 32), and older adults with hearing loss listening under high demand (n = 31). Using highly semantically constraining predictable sentences, we analyzed the timecourse of simple associative predictions based on the agent of the sentence (sub-experiment 1), and the timecourse by which these predictions were narrowed with additional constraint provided by the verb (sub-experiment 2). Results: Although there was no effect of group on early agent-based predictions, we saw that the buildup and tailoring of verb-based prediction was delayed with hearing loss and exacerbated by listening demand. As there was no comparable group difference for semantically unconstraining neutral sentences, this cannot be explained as a result of delayed lexical access in the hearing loss groups. We also assessed the cost of incorrect predictions but did not see any group differences. Conclusion: These findings indicate two separable stages of prediction that are differently affected by hearing loss and listening demand (potentially due to changes in listening effort), and reveal delayed prediction as a cognitive impact of hearing loss that could compound simple audibility effects.},<br \/>\r\nkeywords = {},<br \/>\r\npubstate = {published},<br \/>\r\ntppubtype = {article}<br \/>\r\n}<br \/>\r\n<\/pre><\/div><p class=\"tp_close_menu\"><a class=\"tp_close\" onclick=\"teachpress_pub_showhide('3477','tp_bibtex')\">Close<\/a><\/p><\/div><div class=\"tp_abstract\" id=\"tp_abstract_3477\" style=\"display:none;\"><div class=\"tp_abstract_entry\">Objectives: Linguistic context can be used during speech listening to predict what a talker will say next. These predictions may be particularly useful in adverse listening conditions, since they can facilitate speech processing. In this study, we investigated the impact of postlingual hearing loss on prediction processes. Because hearing loss leads to a perceptual deficit (i.e., degraded auditory input), that can also have cognitive impacts (i.e., increased competition for cognitive resources due to increased listening effort), it is a naturalistic test case of how different sorts of challenge affect prediction. Design: We report a visual world eye-tracking study run with 3 participant groups: older adults (range: 53 to 80 years old) with normal hearing (n = 30), older adults with hearing loss listening under low demand (n = 32), and older adults with hearing loss listening under high demand (n = 31). Using highly semantically constraining predictable sentences, we analyzed the timecourse of simple associative predictions based on the agent of the sentence (sub-experiment 1), and the timecourse by which these predictions were narrowed with additional constraint provided by the verb (sub-experiment 2). Results: Although there was no effect of group on early agent-based predictions, we saw that the buildup and tailoring of verb-based prediction was delayed with hearing loss and exacerbated by listening demand. As there was no comparable group difference for semantically unconstraining neutral sentences, this cannot be explained as a result of delayed lexical access in the hearing loss groups. We also assessed the cost of incorrect predictions but did not see any group differences. Conclusion: These findings indicate two separable stages of prediction that are differently affected by hearing loss and listening demand (potentially due to changes in listening effort), and reveal delayed prediction as a cognitive impact of hearing loss that could compound simple audibility effects.<\/div><p class=\"tp_close_menu\"><a class=\"tp_close\" onclick=\"teachpress_pub_showhide('3477','tp_abstract')\">Close<\/a><\/p><\/div><div class=\"tp_links\" id=\"tp_links_3477\" style=\"display:none;\"><div class=\"tp_links_entry\"><ul class=\"tp_pub_list\"><li><i class=\"ai ai-doi\"><\/i><a class=\"tp_pub_list\" href=\"https:\/\/dx.doi.org\/10.1097\/AUD.0000000000001679\" title=\"Follow DOI:10.1097\/AUD.0000000000001679\" target=\"_blank\">doi:10.1097\/AUD.0000000000001679<\/a><\/li><\/ul><\/div><p class=\"tp_close_menu\"><a class=\"tp_close\" onclick=\"teachpress_pub_showhide('3477','tp_links')\">Close<\/a><\/p><\/div><\/td><\/tr><tr class=\"tp_publication tp_publication_article\"><td class=\"tp_pub_info\"><p class=\"tp_pub_author\">Leigh B. Fernandez; Muzna Shehzad; Lauren V. Hadley<\/p><p class=\"tp_pub_title\"><a class=\"tp_title_link\" onclick=\"teachpress_pub_showhide('3478','tp_abstract')\" style=\"cursor:pointer;\">Younger adults may be faster at making semantic predictions, but older adults are more efficient<\/a> <span class=\"tp_pub_type tp_  article\">Journal Article<\/span> <\/p><p class=\"tp_pub_additional\"><span class=\"tp_pub_additional_in\">In: <\/span><span class=\"tp_pub_additional_journal\">Psychology and Aging, <\/span><span class=\"tp_pub_additional_volume\">vol. 40, <\/span><span class=\"tp_pub_additional_number\">no. 3, <\/span><span class=\"tp_pub_additional_pages\">pp. 318\u2013325, <\/span><span class=\"tp_pub_additional_year\">2025<\/span>.<\/p><p class=\"tp_pub_menu\"><span class=\"tp_abstract_link\"><a id=\"tp_abstract_sh_3478\" class=\"tp_show\" onclick=\"teachpress_pub_showhide('3478','tp_abstract')\" title=\"Show abstract\" style=\"cursor:pointer;\">Abstract<\/a><\/span> | <span class=\"tp_resource_link\"><a id=\"tp_links_sh_3478\" class=\"tp_show\" onclick=\"teachpress_pub_showhide('3478','tp_links')\" title=\"Show links and resources\" style=\"cursor:pointer;\">Links<\/a><\/span> | <span class=\"tp_bibtex_link\"><a id=\"tp_bibtex_sh_3478\" class=\"tp_show\" onclick=\"teachpress_pub_showhide('3478','tp_bibtex')\" title=\"Show BibTeX entry\" style=\"cursor:pointer;\">BibTeX<\/a><\/span><\/p><div class=\"tp_bibtex\" id=\"tp_bibtex_3478\" style=\"display:none;\"><div class=\"tp_bibtex_entry\"><pre>@article{Fernandez2025,<br \/>\r\ntitle = {Younger adults may be faster at making semantic predictions, but older adults are more efficient},<br \/>\r\nauthor = {Leigh B. Fernandez and Muzna Shehzad and Lauren V. Hadley},<br \/>\r\ndoi = {10.1037\/pag0000872},<br \/>\r\nyear  = {2025},<br \/>\r\ndate = {2025-01-01},<br \/>\r\njournal = {Psychology and Aging},<br \/>\r\nvolume = {40},<br \/>\r\nnumber = {3},<br \/>\r\npages = {318\u2013325},<br \/>\r\nabstract = {While there is strong evidence that younger adults use contextual information to generate semantic predictions, findings from older adults are less clear. Age affects cognition in a variety of different ways that may impact prediction mechanisms; while the efficiency of memory systems and processing speed decrease, life experience leads to complementary increases in vocabulary size, real-world knowledge, and even inhibitory control. Using the visual world paradigm, we tested prediction in younger (n = 30, between 18 and 35 years of age) and older adults (n = 30, between 53 and 78 years of age). Importantly, we differentiated early stage predictions based on simple spreading activation from the more resource-intensive tailoring of predictions when additional constraining information is provided. We found that older adults were slower than younger adults in generating early stage predictions but then quicker than younger adults to tailor those predictions given additional information. This suggests that while age may lead to delays in first activating relevant lexical items when listening to speech, increased linguistic experience nonetheless increases the efficiency with which contextual information is used. These findings are consistent with reports of age having positive as well as negative impacts on cognition and suggest conflation of different stages of prediction as a basis for the inconsistency in the aging-related literature to date.},<br \/>\r\nkeywords = {},<br \/>\r\npubstate = {published},<br \/>\r\ntppubtype = {article}<br \/>\r\n}<br \/>\r\n<\/pre><\/div><p class=\"tp_close_menu\"><a class=\"tp_close\" onclick=\"teachpress_pub_showhide('3478','tp_bibtex')\">Close<\/a><\/p><\/div><div class=\"tp_abstract\" id=\"tp_abstract_3478\" style=\"display:none;\"><div class=\"tp_abstract_entry\">While there is strong evidence that younger adults use contextual information to generate semantic predictions, findings from older adults are less clear. Age affects cognition in a variety of different ways that may impact prediction mechanisms; while the efficiency of memory systems and processing speed decrease, life experience leads to complementary increases in vocabulary size, real-world knowledge, and even inhibitory control. Using the visual world paradigm, we tested prediction in younger (n = 30, between 18 and 35 years of age) and older adults (n = 30, between 53 and 78 years of age). Importantly, we differentiated early stage predictions based on simple spreading activation from the more resource-intensive tailoring of predictions when additional constraining information is provided. We found that older adults were slower than younger adults in generating early stage predictions but then quicker than younger adults to tailor those predictions given additional information. This suggests that while age may lead to delays in first activating relevant lexical items when listening to speech, increased linguistic experience nonetheless increases the efficiency with which contextual information is used. These findings are consistent with reports of age having positive as well as negative impacts on cognition and suggest conflation of different stages of prediction as a basis for the inconsistency in the aging-related literature to date.<\/div><p class=\"tp_close_menu\"><a class=\"tp_close\" onclick=\"teachpress_pub_showhide('3478','tp_abstract')\">Close<\/a><\/p><\/div><div class=\"tp_links\" id=\"tp_links_3478\" style=\"display:none;\"><div class=\"tp_links_entry\"><ul class=\"tp_pub_list\"><li><i class=\"ai ai-doi\"><\/i><a class=\"tp_pub_list\" href=\"https:\/\/dx.doi.org\/10.1037\/pag0000872\" title=\"Follow DOI:10.1037\/pag0000872\" target=\"_blank\">doi:10.1037\/pag0000872<\/a><\/li><\/ul><\/div><p class=\"tp_close_menu\"><a class=\"tp_close\" onclick=\"teachpress_pub_showhide('3478','tp_links')\">Close<\/a><\/p><\/div><\/td><\/tr><tr class=\"tp_publication tp_publication_article\"><td class=\"tp_pub_info\"><p class=\"tp_pub_author\">Leonard Gerharz; Dimitris Voudouris<\/p><p class=\"tp_pub_title\"><a class=\"tp_title_link\" onclick=\"teachpress_pub_showhide('3915','tp_abstract')\" style=\"cursor:pointer;\">Aging leads to predictive gaze allocation during interception<\/a> <span class=\"tp_pub_type tp_  article\">Journal Article<\/span> <\/p><p class=\"tp_pub_additional\"><span class=\"tp_pub_additional_in\">In: <\/span><span class=\"tp_pub_additional_journal\">Journal of Neurophysiology, <\/span><span class=\"tp_pub_additional_volume\">vol. 134, <\/span><span class=\"tp_pub_additional_number\">no. 2, <\/span><span class=\"tp_pub_additional_pages\">pp. 728\u2013740, <\/span><span class=\"tp_pub_additional_year\">2025<\/span>.<\/p><p class=\"tp_pub_menu\"><span class=\"tp_abstract_link\"><a id=\"tp_abstract_sh_3915\" class=\"tp_show\" onclick=\"teachpress_pub_showhide('3915','tp_abstract')\" title=\"Show abstract\" style=\"cursor:pointer;\">Abstract<\/a><\/span> | <span class=\"tp_resource_link\"><a id=\"tp_links_sh_3915\" class=\"tp_show\" onclick=\"teachpress_pub_showhide('3915','tp_links')\" title=\"Show links and resources\" style=\"cursor:pointer;\">Links<\/a><\/span> | <span class=\"tp_bibtex_link\"><a id=\"tp_bibtex_sh_3915\" class=\"tp_show\" onclick=\"teachpress_pub_showhide('3915','tp_bibtex')\" title=\"Show BibTeX entry\" style=\"cursor:pointer;\">BibTeX<\/a><\/span><\/p><div class=\"tp_bibtex\" id=\"tp_bibtex_3915\" style=\"display:none;\"><div class=\"tp_bibtex_entry\"><pre>@article{Gerharz2025,<br \/>\r\ntitle = {Aging leads to predictive gaze allocation during interception},<br \/>\r\nauthor = {Leonard Gerharz and Dimitris Voudouris},<br \/>\r\ndoi = {10.1152\/jn.00029.2025},<br \/>\r\nyear  = {2025},<br \/>\r\ndate = {2025-01-01},<br \/>\r\njournal = {Journal of Neurophysiology},<br \/>\r\nvolume = {134},<br \/>\r\nnumber = {2},<br \/>\r\npages = {728\u2013740},<br \/>\r\nabstract = {Healthy aging is associated with a general compromise in cognitive, sensory, and motor functions, often reflected in slower and more variable sensorimotor processes. Here, we demonstrate that aging is not only marked by sensorimotor decline but is also accompanied by adaptive sensory sampling stra2tegies during complex motor tasks. Specifically, we examined how healthy aging influences gaze allocation when intercepting a moving object within a narrow spatiotemporal margin, and hypothesized that older adults would rely more on predictive gaze allocation to the interception area. Younger (20\u201334 yr) and older adults (&gt;55 yr) were asked to hit a moving target at specific hit zones on a monitor that could be inferred either with high (disk) or low (arc) spatial certainty. In two separate experiments, the target moved along unpredictable or predictable paths toward those hit zones. Older adults initiated their interceptive movement earlier than younger adults, but both achieved high interception performance. Remarkably, older adults executed predictive saccades toward the hit zones earlier than younger adults and fixated those hit zones for longer. This was particularly the case when the hit zone was of high spatial certainty. We did not find evidence for a relationship between gaze allocation patterns and interception performance. We suggest that aging can lead to a shift in gaze allocation patterns when performing spatiotemporal constrained tasks, possibly to optimize the acquisition of task-relevant visual information in the presence of age-related sensorimotor limitations.},<br \/>\r\nkeywords = {},<br \/>\r\npubstate = {published},<br \/>\r\ntppubtype = {article}<br \/>\r\n}<br \/>\r\n<\/pre><\/div><p class=\"tp_close_menu\"><a class=\"tp_close\" onclick=\"teachpress_pub_showhide('3915','tp_bibtex')\">Close<\/a><\/p><\/div><div class=\"tp_abstract\" id=\"tp_abstract_3915\" style=\"display:none;\"><div class=\"tp_abstract_entry\">Healthy aging is associated with a general compromise in cognitive, sensory, and motor functions, often reflected in slower and more variable sensorimotor processes. Here, we demonstrate that aging is not only marked by sensorimotor decline but is also accompanied by adaptive sensory sampling stra2tegies during complex motor tasks. Specifically, we examined how healthy aging influences gaze allocation when intercepting a moving object within a narrow spatiotemporal margin, and hypothesized that older adults would rely more on predictive gaze allocation to the interception area. Younger (20\u201334 yr) and older adults (&gt;55 yr) were asked to hit a moving target at specific hit zones on a monitor that could be inferred either with high (disk) or low (arc) spatial certainty. In two separate experiments, the target moved along unpredictable or predictable paths toward those hit zones. Older adults initiated their interceptive movement earlier than younger adults, but both achieved high interception performance. Remarkably, older adults executed predictive saccades toward the hit zones earlier than younger adults and fixated those hit zones for longer. This was particularly the case when the hit zone was of high spatial certainty. We did not find evidence for a relationship between gaze allocation patterns and interception performance. We suggest that aging can lead to a shift in gaze allocation patterns when performing spatiotemporal constrained tasks, possibly to optimize the acquisition of task-relevant visual information in the presence of age-related sensorimotor limitations.<\/div><p class=\"tp_close_menu\"><a class=\"tp_close\" onclick=\"teachpress_pub_showhide('3915','tp_abstract')\">Close<\/a><\/p><\/div><div class=\"tp_links\" id=\"tp_links_3915\" style=\"display:none;\"><div class=\"tp_links_entry\"><ul class=\"tp_pub_list\"><li><i class=\"ai ai-doi\"><\/i><a class=\"tp_pub_list\" href=\"https:\/\/dx.doi.org\/10.1152\/jn.00029.2025\" title=\"Follow DOI:10.1152\/jn.00029.2025\" target=\"_blank\">doi:10.1152\/jn.00029.2025<\/a><\/li><\/ul><\/div><p class=\"tp_close_menu\"><a class=\"tp_close\" onclick=\"teachpress_pub_showhide('3915','tp_links')\">Close<\/a><\/p><\/div><\/td><\/tr><tr class=\"tp_publication tp_publication_article\"><td class=\"tp_pub_info\"><p class=\"tp_pub_author\">Erika Guedea; Sarah Macisaac; Marc F. Joanisse; Veronica Whitford<\/p><p class=\"tp_pub_title\"><a class=\"tp_title_link\" onclick=\"teachpress_pub_showhide('4305','tp_abstract')\" style=\"cursor:pointer;\">First-language and second-language eye movement reading behavior in monolingual and bilingual children and adults: A focus on word age of acquisition effects<\/a> <span class=\"tp_pub_type tp_  article\">Journal Article<\/span> <\/p><p class=\"tp_pub_additional\"><span class=\"tp_pub_additional_in\">In: <\/span><span class=\"tp_pub_additional_journal\">Bilingualism: Language and Cognition, <\/span><span class=\"tp_pub_additional_pages\">pp. 1\u201313, <\/span><span class=\"tp_pub_additional_year\">2025<\/span>.<\/p><p class=\"tp_pub_menu\"><span class=\"tp_abstract_link\"><a id=\"tp_abstract_sh_4305\" class=\"tp_show\" onclick=\"teachpress_pub_showhide('4305','tp_abstract')\" title=\"Show abstract\" style=\"cursor:pointer;\">Abstract<\/a><\/span> | <span class=\"tp_resource_link\"><a id=\"tp_links_sh_4305\" class=\"tp_show\" onclick=\"teachpress_pub_showhide('4305','tp_links')\" title=\"Show links and resources\" style=\"cursor:pointer;\">Links<\/a><\/span> | <span class=\"tp_bibtex_link\"><a id=\"tp_bibtex_sh_4305\" class=\"tp_show\" onclick=\"teachpress_pub_showhide('4305','tp_bibtex')\" title=\"Show BibTeX entry\" style=\"cursor:pointer;\">BibTeX<\/a><\/span><\/p><div class=\"tp_bibtex\" id=\"tp_bibtex_4305\" style=\"display:none;\"><div class=\"tp_bibtex_entry\"><pre>@article{Guedea2025,<br \/>\r\ntitle = {First-language and second-language eye movement reading behavior in monolingual and bilingual children and adults: A focus on word age of acquisition effects},<br \/>\r\nauthor = {Erika Guedea and Sarah Macisaac and Marc F. Joanisse and Veronica Whitford},<br \/>\r\ndoi = {10.1017\/S1366728925100278},<br \/>\r\nyear  = {2025},<br \/>\r\ndate = {2025-01-01},<br \/>\r\njournal = {Bilingualism: Language and Cognition},<br \/>\r\npages = {1\u201313},<br \/>\r\npublisher = {Cambridge University Press},<br \/>\r\nabstract = {Word age of acquisition (AoA) influences many aspects of language processing, including reading. However, reading studies of word AoA effects have almost exclusively focused on monolingual young adults, leaving their influence in other age and language groups little understood. Here, we investigated how age (childhood, young adulthood) and language background (monolingual, bilingual) influence word AoA effects during first-language (L1) and second-language (L2) reading. Using eye-tracking, we observed larger L1 word AoA effects in children versus adults (across both language backgrounds). Moreover, we observed larger L2 versus L1 word AoA effects in bilinguals (across both ages), with some evidence of heightened effects in bilingual adults (for late-stage reading only). Taken together, our findings suggest that word AoA exerts a stronger influence on reading during conditions of reduced lexical entrenchment, offering critical insights into how both developing and bilingual readers acquire and maintain word representations across their known languages.},<br \/>\r\nkeywords = {},<br \/>\r\npubstate = {published},<br \/>\r\ntppubtype = {article}<br \/>\r\n}<br \/>\r\n<\/pre><\/div><p class=\"tp_close_menu\"><a class=\"tp_close\" onclick=\"teachpress_pub_showhide('4305','tp_bibtex')\">Close<\/a><\/p><\/div><div class=\"tp_abstract\" id=\"tp_abstract_4305\" style=\"display:none;\"><div class=\"tp_abstract_entry\">Word age of acquisition (AoA) influences many aspects of language processing, including reading. However, reading studies of word AoA effects have almost exclusively focused on monolingual young adults, leaving their influence in other age and language groups little understood. Here, we investigated how age (childhood, young adulthood) and language background (monolingual, bilingual) influence word AoA effects during first-language (L1) and second-language (L2) reading. Using eye-tracking, we observed larger L1 word AoA effects in children versus adults (across both language backgrounds). Moreover, we observed larger L2 versus L1 word AoA effects in bilinguals (across both ages), with some evidence of heightened effects in bilingual adults (for late-stage reading only). Taken together, our findings suggest that word AoA exerts a stronger influence on reading during conditions of reduced lexical entrenchment, offering critical insights into how both developing and bilingual readers acquire and maintain word representations across their known languages.<\/div><p class=\"tp_close_menu\"><a class=\"tp_close\" onclick=\"teachpress_pub_showhide('4305','tp_abstract')\">Close<\/a><\/p><\/div><div class=\"tp_links\" id=\"tp_links_4305\" style=\"display:none;\"><div class=\"tp_links_entry\"><ul class=\"tp_pub_list\"><li><i class=\"ai ai-doi\"><\/i><a class=\"tp_pub_list\" href=\"https:\/\/dx.doi.org\/10.1017\/S1366728925100278\" title=\"Follow DOI:10.1017\/S1366728925100278\" target=\"_blank\">doi:10.1017\/S1366728925100278<\/a><\/li><\/ul><\/div><p class=\"tp_close_menu\"><a class=\"tp_close\" onclick=\"teachpress_pub_showhide('4305','tp_links')\">Close<\/a><\/p><\/div><\/td><\/tr><tr class=\"tp_publication tp_publication_article\"><td class=\"tp_pub_info\"><p class=\"tp_pub_author\">Regina Hert; Anja Arnhold; Juhani J\u00e4rvikivi<\/p><p class=\"tp_pub_title\"><a class=\"tp_title_link\" onclick=\"teachpress_pub_showhide('4838','tp_abstract')\" style=\"cursor:pointer;\">Focus effect unveils children's local processing of pronouns and reflexives<\/a> <span class=\"tp_pub_type tp_  article\">Journal Article<\/span> <\/p><p class=\"tp_pub_additional\"><span class=\"tp_pub_additional_in\">In: <\/span><span class=\"tp_pub_additional_journal\">Language Acquisition, <\/span><span class=\"tp_pub_additional_volume\">vol. 32, <\/span><span class=\"tp_pub_additional_number\">no. 3, <\/span><span class=\"tp_pub_additional_pages\">pp. 363\u2013389, <\/span><span class=\"tp_pub_additional_year\">2025<\/span>.<\/p><p class=\"tp_pub_menu\"><span class=\"tp_abstract_link\"><a id=\"tp_abstract_sh_4838\" class=\"tp_show\" onclick=\"teachpress_pub_showhide('4838','tp_abstract')\" title=\"Show abstract\" style=\"cursor:pointer;\">Abstract<\/a><\/span> | <span class=\"tp_resource_link\"><a id=\"tp_links_sh_4838\" class=\"tp_show\" onclick=\"teachpress_pub_showhide('4838','tp_links')\" title=\"Show links and resources\" style=\"cursor:pointer;\">Links<\/a><\/span> | <span class=\"tp_bibtex_link\"><a id=\"tp_bibtex_sh_4838\" class=\"tp_show\" onclick=\"teachpress_pub_showhide('4838','tp_bibtex')\" title=\"Show BibTeX entry\" style=\"cursor:pointer;\">BibTeX<\/a><\/span><\/p><div class=\"tp_bibtex\" id=\"tp_bibtex_4838\" style=\"display:none;\"><div class=\"tp_bibtex_entry\"><pre>@article{Hert2025,<br \/>\r\ntitle = {Focus effect unveils children's local processing of pronouns and reflexives},<br \/>\r\nauthor = {Regina Hert and Anja Arnhold and Juhani J\u00e4rvikivi},<br \/>\r\ndoi = {10.1080\/10489223.2024.2339837},<br \/>\r\nyear  = {2025},<br \/>\r\ndate = {2025-01-01},<br \/>\r\njournal = {Language Acquisition},<br \/>\r\nvolume = {32},<br \/>\r\nnumber = {3},<br \/>\r\npages = {363\u2013389},<br \/>\r\npublisher = {Routledge},<br \/>\r\nabstract = {Studies on young children's comprehension have shown that children can experience problems interpreting object pronouns, even when reflexive interpretation is already adult-like. Compared to resolving reflexives, linking pronouns to a referent is considered a more \u201cintensive\u201d process, because it also involves non-syntactic factors like discourse context. This could explain why children experience more difficulties with pronouns than with reflexives. Using eye-tracking and a truth value judgement task, we investigated the effect of focus via it-clefts on the processing of reflexives and pronouns in German-speaking children and adults. We analyzed gaze data of two time segments: before and during the mention of the pronoun\/reflexive. The cleft segment revealed similar processing of it-clefts in children and adults. In the subsequent reflexive\/pronoun segment, clefts caused adults to pay overall more attention to the local referent, while children fixated the clefted non-local referent more. The difference in focus effect, that is, children attend the clefted referent more, while adults pay more attention to the non-clefted referent, helped uncover processing differences between children and adults. That is, unlike adults, children consider only the local discourse context during referential processing. We argue that these processing differences cause children's interpretation difficulties. However, the offline data showed no effect of information structure, suggesting that whether the processing differences transfer to the final interpretation depends on the language-specific function of the pronoun system, which may aid in restricting referential links.},<br \/>\r\nkeywords = {},<br \/>\r\npubstate = {published},<br \/>\r\ntppubtype = {article}<br \/>\r\n}<br \/>\r\n<\/pre><\/div><p class=\"tp_close_menu\"><a class=\"tp_close\" onclick=\"teachpress_pub_showhide('4838','tp_bibtex')\">Close<\/a><\/p><\/div><div class=\"tp_abstract\" id=\"tp_abstract_4838\" style=\"display:none;\"><div class=\"tp_abstract_entry\">Studies on young children's comprehension have shown that children can experience problems interpreting object pronouns, even when reflexive interpretation is already adult-like. Compared to resolving reflexives, linking pronouns to a referent is considered a more \u201cintensive\u201d process, because it also involves non-syntactic factors like discourse context. This could explain why children experience more difficulties with pronouns than with reflexives. Using eye-tracking and a truth value judgement task, we investigated the effect of focus via it-clefts on the processing of reflexives and pronouns in German-speaking children and adults. We analyzed gaze data of two time segments: before and during the mention of the pronoun\/reflexive. The cleft segment revealed similar processing of it-clefts in children and adults. In the subsequent reflexive\/pronoun segment, clefts caused adults to pay overall more attention to the local referent, while children fixated the clefted non-local referent more. The difference in focus effect, that is, children attend the clefted referent more, while adults pay more attention to the non-clefted referent, helped uncover processing differences between children and adults. That is, unlike adults, children consider only the local discourse context during referential processing. We argue that these processing differences cause children's interpretation difficulties. However, the offline data showed no effect of information structure, suggesting that whether the processing differences transfer to the final interpretation depends on the language-specific function of the pronoun system, which may aid in restricting referential links.<\/div><p class=\"tp_close_menu\"><a class=\"tp_close\" onclick=\"teachpress_pub_showhide('4838','tp_abstract')\">Close<\/a><\/p><\/div><div class=\"tp_links\" id=\"tp_links_4838\" style=\"display:none;\"><div class=\"tp_links_entry\"><ul class=\"tp_pub_list\"><li><i class=\"ai ai-doi\"><\/i><a class=\"tp_pub_list\" href=\"https:\/\/dx.doi.org\/10.1080\/10489223.2024.2339837\" title=\"Follow DOI:10.1080\/10489223.2024.2339837\" target=\"_blank\">doi:10.1080\/10489223.2024.2339837<\/a><\/li><\/ul><\/div><p class=\"tp_close_menu\"><a class=\"tp_close\" onclick=\"teachpress_pub_showhide('4838','tp_links')\">Close<\/a><\/p><\/div><\/td><\/tr><tr class=\"tp_publication tp_publication_article\"><td class=\"tp_pub_info\"><p class=\"tp_pub_author\">Lisa Hintermeier; Mikko Aro<\/p><p class=\"tp_pub_title\"><a class=\"tp_title_link\" onclick=\"teachpress_pub_showhide('4905','tp_abstract')\" style=\"cursor:pointer;\">Sublexical processing in typical and atypical reading development<\/a> <span class=\"tp_pub_type tp_  article\">Journal Article<\/span> <\/p><p class=\"tp_pub_additional\"><span class=\"tp_pub_additional_in\">In: <\/span><span class=\"tp_pub_additional_journal\">The Journal of Experimental Education, <\/span><span class=\"tp_pub_additional_pages\">pp. 1\u201324, <\/span><span class=\"tp_pub_additional_year\">2025<\/span>.<\/p><p class=\"tp_pub_menu\"><span class=\"tp_abstract_link\"><a id=\"tp_abstract_sh_4905\" class=\"tp_show\" onclick=\"teachpress_pub_showhide('4905','tp_abstract')\" title=\"Show abstract\" style=\"cursor:pointer;\">Abstract<\/a><\/span> | <span class=\"tp_resource_link\"><a id=\"tp_links_sh_4905\" class=\"tp_show\" onclick=\"teachpress_pub_showhide('4905','tp_links')\" title=\"Show links and resources\" style=\"cursor:pointer;\">Links<\/a><\/span> | <span class=\"tp_bibtex_link\"><a id=\"tp_bibtex_sh_4905\" class=\"tp_show\" onclick=\"teachpress_pub_showhide('4905','tp_bibtex')\" title=\"Show BibTeX entry\" style=\"cursor:pointer;\">BibTeX<\/a><\/span><\/p><div class=\"tp_bibtex\" id=\"tp_bibtex_4905\" style=\"display:none;\"><div class=\"tp_bibtex_entry\"><pre>@article{Hintermeier2025,<br \/>\r\ntitle = {Sublexical processing in typical and atypical reading development},<br \/>\r\nauthor = {Lisa Hintermeier and Mikko Aro},<br \/>\r\ndoi = {10.1080\/00220973.2025.2580302},<br \/>\r\nyear  = {2025},<br \/>\r\ndate = {2025-01-01},<br \/>\r\njournal = {The Journal of Experimental Education},<br \/>\r\npages = {1\u201324},<br \/>\r\npublisher = {Routledge},<br \/>\r\nabstract = {This study examined sublexical processing in Finnish by investigating the role syllables and morphemes play for beginning readers at various stages of reading-fluency development. Second and fourth graders in Finland, including typically developing readers and children experiencing reading difficulties, performed a lexical decision task while eye movements were recorded. Word and pseudoword stimuli were presented concatenated, separated at the syllable or morpheme boundary. Results indicated that older and more fluent readers were more disrupted by separated conditions, with concatenated words leading to shorter reading times. Visually separating pseudowords improved reading accuracy among less fluent readers, suggesting it might be beneficial for slow readers encountering unfamiliar words. This study enhances the understanding of the role of sublexical processing in reading-fluency development.},<br \/>\r\nkeywords = {},<br \/>\r\npubstate = {published},<br \/>\r\ntppubtype = {article}<br \/>\r\n}<br \/>\r\n<\/pre><\/div><p class=\"tp_close_menu\"><a class=\"tp_close\" onclick=\"teachpress_pub_showhide('4905','tp_bibtex')\">Close<\/a><\/p><\/div><div class=\"tp_abstract\" id=\"tp_abstract_4905\" style=\"display:none;\"><div class=\"tp_abstract_entry\">This study examined sublexical processing in Finnish by investigating the role syllables and morphemes play for beginning readers at various stages of reading-fluency development. Second and fourth graders in Finland, including typically developing readers and children experiencing reading difficulties, performed a lexical decision task while eye movements were recorded. Word and pseudoword stimuli were presented concatenated, separated at the syllable or morpheme boundary. Results indicated that older and more fluent readers were more disrupted by separated conditions, with concatenated words leading to shorter reading times. Visually separating pseudowords improved reading accuracy among less fluent readers, suggesting it might be beneficial for slow readers encountering unfamiliar words. This study enhances the understanding of the role of sublexical processing in reading-fluency development.<\/div><p class=\"tp_close_menu\"><a class=\"tp_close\" onclick=\"teachpress_pub_showhide('4905','tp_abstract')\">Close<\/a><\/p><\/div><div class=\"tp_links\" id=\"tp_links_4905\" style=\"display:none;\"><div class=\"tp_links_entry\"><ul class=\"tp_pub_list\"><li><i class=\"ai ai-doi\"><\/i><a class=\"tp_pub_list\" href=\"https:\/\/dx.doi.org\/10.1080\/00220973.2025.2580302\" title=\"Follow DOI:10.1080\/00220973.2025.2580302\" target=\"_blank\">doi:10.1080\/00220973.2025.2580302<\/a><\/li><\/ul><\/div><p class=\"tp_close_menu\"><a class=\"tp_close\" onclick=\"teachpress_pub_showhide('4905','tp_links')\">Close<\/a><\/p><\/div><\/td><\/tr><tr class=\"tp_publication tp_publication_article\"><td class=\"tp_pub_info\"><p class=\"tp_pub_author\">Holger Hopp; Sarah Schimke; David \u00d6werdieck; Freya Gastmann; Gregory J. Poarch<\/p><p class=\"tp_pub_title\"><a class=\"tp_title_link\" onclick=\"teachpress_pub_showhide('5026','tp_abstract')\" style=\"cursor:pointer;\">Learning via processing: Structural priming across grammatical structures and languages in early second language development<\/a> <span class=\"tp_pub_type tp_  article\">Journal Article<\/span> <\/p><p class=\"tp_pub_additional\"><span class=\"tp_pub_additional_in\">In: <\/span><span class=\"tp_pub_additional_journal\">Language Learning, <\/span><span class=\"tp_pub_additional_pages\">pp. 1\u201335, <\/span><span class=\"tp_pub_additional_year\">2025<\/span>.<\/p><p class=\"tp_pub_menu\"><span class=\"tp_abstract_link\"><a id=\"tp_abstract_sh_5026\" class=\"tp_show\" onclick=\"teachpress_pub_showhide('5026','tp_abstract')\" title=\"Show abstract\" style=\"cursor:pointer;\">Abstract<\/a><\/span> | <span class=\"tp_resource_link\"><a id=\"tp_links_sh_5026\" class=\"tp_show\" onclick=\"teachpress_pub_showhide('5026','tp_links')\" title=\"Show links and resources\" style=\"cursor:pointer;\">Links<\/a><\/span> | <span class=\"tp_bibtex_link\"><a id=\"tp_bibtex_sh_5026\" class=\"tp_show\" onclick=\"teachpress_pub_showhide('5026','tp_bibtex')\" title=\"Show BibTeX entry\" style=\"cursor:pointer;\">BibTeX<\/a><\/span><\/p><div class=\"tp_bibtex\" id=\"tp_bibtex_5026\" style=\"display:none;\"><div class=\"tp_bibtex_entry\"><pre>@article{Hopp2025,<br \/>\r\ntitle = {Learning via processing: Structural priming across grammatical structures and languages in early second language development},<br \/>\r\nauthor = {Holger Hopp and Sarah Schimke and David \u00d6werdieck and Freya Gastmann and Gregory J. Poarch},<br \/>\r\ndoi = {10.1111\/lang.12711},<br \/>\r\nyear  = {2025},<br \/>\r\ndate = {2025-01-01},<br \/>\r\njournal = {Language Learning},<br \/>\r\npages = {1\u201335},<br \/>\r\npublisher = {John Wiley and Sons Inc},<br \/>\r\nabstract = {We employed structural priming to test whether targeted exposure to unambiguous form\u2013meaning mappings led to learning of noncanonical word orders, specifically in object relative clauses, among 165 low-to-intermediate-level L1 German L2 learners of English. We further investigated the scope of structural priming by assessing whether priming with related grammatical structures that had been acquired earlier, namely English questions or German relative clauses, similarly led to learning of L2 English object relative clauses. Based on the assumption that relative clauses and questions are related at the level of sentence processing, we tested whether priming went hand in hand with processing changes, as assessed in visual-world eye tracking. Results showed that learning generalized from L2 questions to L2 relative clauses via cumulative and longer-term priming. In contrast, there was no priming from L1 relative clauses. Longer-term L2 priming co-occurred with changes in initial sentence processing, suggesting that prediction errors may drive learning via priming.},<br \/>\r\nkeywords = {},<br \/>\r\npubstate = {published},<br \/>\r\ntppubtype = {article}<br \/>\r\n}<br \/>\r\n<\/pre><\/div><p class=\"tp_close_menu\"><a class=\"tp_close\" onclick=\"teachpress_pub_showhide('5026','tp_bibtex')\">Close<\/a><\/p><\/div><div class=\"tp_abstract\" id=\"tp_abstract_5026\" style=\"display:none;\"><div class=\"tp_abstract_entry\">We employed structural priming to test whether targeted exposure to unambiguous form\u2013meaning mappings led to learning of noncanonical word orders, specifically in object relative clauses, among 165 low-to-intermediate-level L1 German L2 learners of English. We further investigated the scope of structural priming by assessing whether priming with related grammatical structures that had been acquired earlier, namely English questions or German relative clauses, similarly led to learning of L2 English object relative clauses. Based on the assumption that relative clauses and questions are related at the level of sentence processing, we tested whether priming went hand in hand with processing changes, as assessed in visual-world eye tracking. Results showed that learning generalized from L2 questions to L2 relative clauses via cumulative and longer-term priming. In contrast, there was no priming from L1 relative clauses. Longer-term L2 priming co-occurred with changes in initial sentence processing, suggesting that prediction errors may drive learning via priming.<\/div><p class=\"tp_close_menu\"><a class=\"tp_close\" onclick=\"teachpress_pub_showhide('5026','tp_abstract')\">Close<\/a><\/p><\/div><div class=\"tp_links\" id=\"tp_links_5026\" style=\"display:none;\"><div class=\"tp_links_entry\"><ul class=\"tp_pub_list\"><li><i class=\"ai ai-doi\"><\/i><a class=\"tp_pub_list\" href=\"https:\/\/dx.doi.org\/10.1111\/lang.12711\" title=\"Follow DOI:10.1111\/lang.12711\" target=\"_blank\">doi:10.1111\/lang.12711<\/a><\/li><\/ul><\/div><p class=\"tp_close_menu\"><a class=\"tp_close\" onclick=\"teachpress_pub_showhide('5026','tp_links')\">Close<\/a><\/p><\/div><\/td><\/tr><tr class=\"tp_publication tp_publication_article\"><td class=\"tp_pub_info\"><p class=\"tp_pub_author\">Chia Yen Hsieh<\/p><p class=\"tp_pub_title\"><a class=\"tp_title_link\" onclick=\"teachpress_pub_showhide('5077','tp_abstract')\" style=\"cursor:pointer;\">Enhancing preschoolers' map literacy through eye-tracking analysis: Investigating the effects of symbol recognition and spatial reasoning instruction<\/a> <span class=\"tp_pub_type tp_  article\">Journal Article<\/span> <\/p><p class=\"tp_pub_additional\"><span class=\"tp_pub_additional_in\">In: <\/span><span class=\"tp_pub_additional_journal\">Early Child Development and Care, <\/span><span class=\"tp_pub_additional_volume\">vol. 195, <\/span><span class=\"tp_pub_additional_number\">no. 12, <\/span><span class=\"tp_pub_additional_pages\">pp. 1163\u20131193, <\/span><span class=\"tp_pub_additional_year\">2025<\/span>.<\/p><p class=\"tp_pub_menu\"><span class=\"tp_abstract_link\"><a id=\"tp_abstract_sh_5077\" class=\"tp_show\" onclick=\"teachpress_pub_showhide('5077','tp_abstract')\" title=\"Show abstract\" style=\"cursor:pointer;\">Abstract<\/a><\/span> | <span class=\"tp_resource_link\"><a id=\"tp_links_sh_5077\" class=\"tp_show\" onclick=\"teachpress_pub_showhide('5077','tp_links')\" title=\"Show links and resources\" style=\"cursor:pointer;\">Links<\/a><\/span> | <span class=\"tp_bibtex_link\"><a id=\"tp_bibtex_sh_5077\" class=\"tp_show\" onclick=\"teachpress_pub_showhide('5077','tp_bibtex')\" title=\"Show BibTeX entry\" style=\"cursor:pointer;\">BibTeX<\/a><\/span><\/p><div class=\"tp_bibtex\" id=\"tp_bibtex_5077\" style=\"display:none;\"><div class=\"tp_bibtex_entry\"><pre>@article{Hsieh2025,<br \/>\r\ntitle = {Enhancing preschoolers' map literacy through eye-tracking analysis: Investigating the effects of symbol recognition and spatial reasoning instruction},<br \/>\r\nauthor = {Chia Yen Hsieh},<br \/>\r\ndoi = {10.1080\/03004430.2025.2555881},<br \/>\r\nyear  = {2025},<br \/>\r\ndate = {2025-01-01},<br \/>\r\njournal = {Early Child Development and Care},<br \/>\r\nvolume = {195},<br \/>\r\nnumber = {12},<br \/>\r\npages = {1163\u20131193},<br \/>\r\npublisher = {Routledge},<br \/>\r\nabstract = {This study examines the impact of map literacy instruction on preschoolers' symbol recognition and spatial understanding using eye-tracking technology. Eighty-two children aged 5\u20136 were randomly assigned to an experimental group receiving a three-month map skills intervention or a control group with no instruction. Eye-tracking was used to assess visual behaviour during map-reading tasks. The results showed that the experimental group demonstrated significantly higher accuracy and faster symbol recognition, with shorter fixation durations and fewer revisits to target areas. However, no significant group differences emerged in understanding relative spatial positions, highlighting ongoing cognitive challenges in spatial reasoning at this age. The findings support the effectiveness of map literacy instruction in enhancing preschoolers' visual processing and map-reading abilities, while underscoring the developmental limitations in spatial cognition. This study provides empirical evidence for integrating map literacy into early childhood curricula and calls for further research into instructional approaches that address the complexities of spatial understanding in early learning contexts.},<br \/>\r\nkeywords = {},<br \/>\r\npubstate = {published},<br \/>\r\ntppubtype = {article}<br \/>\r\n}<br \/>\r\n<\/pre><\/div><p class=\"tp_close_menu\"><a class=\"tp_close\" onclick=\"teachpress_pub_showhide('5077','tp_bibtex')\">Close<\/a><\/p><\/div><div class=\"tp_abstract\" id=\"tp_abstract_5077\" style=\"display:none;\"><div class=\"tp_abstract_entry\">This study examines the impact of map literacy instruction on preschoolers' symbol recognition and spatial understanding using eye-tracking technology. Eighty-two children aged 5\u20136 were randomly assigned to an experimental group receiving a three-month map skills intervention or a control group with no instruction. Eye-tracking was used to assess visual behaviour during map-reading tasks. The results showed that the experimental group demonstrated significantly higher accuracy and faster symbol recognition, with shorter fixation durations and fewer revisits to target areas. However, no significant group differences emerged in understanding relative spatial positions, highlighting ongoing cognitive challenges in spatial reasoning at this age. The findings support the effectiveness of map literacy instruction in enhancing preschoolers' visual processing and map-reading abilities, while underscoring the developmental limitations in spatial cognition. This study provides empirical evidence for integrating map literacy into early childhood curricula and calls for further research into instructional approaches that address the complexities of spatial understanding in early learning contexts.<\/div><p class=\"tp_close_menu\"><a class=\"tp_close\" onclick=\"teachpress_pub_showhide('5077','tp_abstract')\">Close<\/a><\/p><\/div><div class=\"tp_links\" id=\"tp_links_5077\" style=\"display:none;\"><div class=\"tp_links_entry\"><ul class=\"tp_pub_list\"><li><i class=\"ai ai-doi\"><\/i><a class=\"tp_pub_list\" href=\"https:\/\/dx.doi.org\/10.1080\/03004430.2025.2555881\" title=\"Follow DOI:10.1080\/03004430.2025.2555881\" target=\"_blank\">doi:10.1080\/03004430.2025.2555881<\/a><\/li><\/ul><\/div><p class=\"tp_close_menu\"><a class=\"tp_close\" onclick=\"teachpress_pub_showhide('5077','tp_links')\">Close<\/a><\/p><\/div><\/td><\/tr><tr class=\"tp_publication tp_publication_article\"><td class=\"tp_pub_info\"><p class=\"tp_pub_author\">Juyoen Hur; Rachael M. Tillman; Hyung Cho Kim3; Paige Didier; Allegra S. Anderson; Samiha Islam; Melissa D. Stockbridge; Andres De Los Reyes; Kathryn A. DeYoung; Jason F. Smith; Alexander J. Shackman<\/p><p class=\"tp_pub_title\"><a class=\"tp_title_link\" onclick=\"teachpress_pub_showhide('5273','tp_abstract')\" style=\"cursor:pointer;\">Adolescent social anxiety is associated with diminished discrimination of anticipated threat and safety in the bed nucleus of the stria terminalis<\/a> <span class=\"tp_pub_type tp_  article\">Journal Article<\/span> <\/p><p class=\"tp_pub_additional\"><span class=\"tp_pub_additional_in\">In: <\/span><span class=\"tp_pub_additional_journal\">Journal of Psychopathology and Clinical Science, <\/span><span class=\"tp_pub_additional_volume\">vol. 134, <\/span><span class=\"tp_pub_additional_number\">no. 1, <\/span><span class=\"tp_pub_additional_pages\">pp. 41\u201356, <\/span><span class=\"tp_pub_additional_year\">2025<\/span>.<\/p><p class=\"tp_pub_menu\"><span class=\"tp_abstract_link\"><a id=\"tp_abstract_sh_5273\" class=\"tp_show\" onclick=\"teachpress_pub_showhide('5273','tp_abstract')\" title=\"Show abstract\" style=\"cursor:pointer;\">Abstract<\/a><\/span> | <span class=\"tp_bibtex_link\"><a id=\"tp_bibtex_sh_5273\" class=\"tp_show\" onclick=\"teachpress_pub_showhide('5273','tp_bibtex')\" title=\"Show BibTeX entry\" style=\"cursor:pointer;\">BibTeX<\/a><\/span><\/p><div class=\"tp_bibtex\" id=\"tp_bibtex_5273\" style=\"display:none;\"><div class=\"tp_bibtex_entry\"><pre>@article{Hur2025,<br \/>\r\ntitle = {Adolescent social anxiety is associated with diminished discrimination of anticipated threat and safety in the bed nucleus of the stria terminalis},<br \/>\r\nauthor = {Juyoen Hur and Rachael M. Tillman and Hyung Cho Kim3 and Paige Didier and Allegra S. Anderson and Samiha Islam and Melissa D. Stockbridge and Andres De Los Reyes and Kathryn A. DeYoung and Jason F. Smith and Alexander J. Shackman},<br \/>\r\nyear  = {2025},<br \/>\r\ndate = {2025-01-01},<br \/>\r\njournal = {Journal of Psychopathology and Clinical Science},<br \/>\r\nvolume = {134},<br \/>\r\nnumber = {1},<br \/>\r\npages = {41\u201356},<br \/>\r\nabstract = {Social anxiety-which typically emerges in adolescence-lies on a continuum and, when extreme, can be devastating. Socially anxious individuals are prone to heightened fear, anxiety, and the avoidance of contexts associated with potential social scrutiny. Yet most neuroimaging research has focused on acute social threat. Much less attention has been devoted to understanding the neural systems recruited during the uncertain anticipation of potential encounters with social threat. Here we used a novel fMRI paradigm to probe the neural circuitry engaged during the anticipation and acute presentation of threatening faces and voices in a racially diverse sample of 66 adolescents selectively recruited to encompass a range of social anxiety and enriched for clinically significant levels of distress and impairment. Results demonstrated that adolescents with more severe social anxiety symptoms experience heightened distress when anticipating encounters with social threat, and reduced discrimination of uncertain social threat and safety in the bed nucleus of the stria terminalis (BST), a key division of the central extended amygdala (EAc). Although the EAc-including the BST and central nucleus of the amygdala-was robustly engaged by the acute presentation of threatening faces and voices, the degree of EAc engagement was unrelated to the severity of social anxiety. Together, these observations provide a neurobiologically grounded framework for conceptualizing adolescent social anxiety and set the stage for the kinds of prospective-longitudinal and mechanistic research that will be necessary to determine causation and, ultimately, to develop improved interventions for this often-debilitating illness.},<br \/>\r\nkeywords = {},<br \/>\r\npubstate = {published},<br \/>\r\ntppubtype = {article}<br \/>\r\n}<br \/>\r\n<\/pre><\/div><p class=\"tp_close_menu\"><a class=\"tp_close\" onclick=\"teachpress_pub_showhide('5273','tp_bibtex')\">Close<\/a><\/p><\/div><div class=\"tp_abstract\" id=\"tp_abstract_5273\" style=\"display:none;\"><div class=\"tp_abstract_entry\">Social anxiety-which typically emerges in adolescence-lies on a continuum and, when extreme, can be devastating. Socially anxious individuals are prone to heightened fear, anxiety, and the avoidance of contexts associated with potential social scrutiny. Yet most neuroimaging research has focused on acute social threat. Much less attention has been devoted to understanding the neural systems recruited during the uncertain anticipation of potential encounters with social threat. Here we used a novel fMRI paradigm to probe the neural circuitry engaged during the anticipation and acute presentation of threatening faces and voices in a racially diverse sample of 66 adolescents selectively recruited to encompass a range of social anxiety and enriched for clinically significant levels of distress and impairment. Results demonstrated that adolescents with more severe social anxiety symptoms experience heightened distress when anticipating encounters with social threat, and reduced discrimination of uncertain social threat and safety in the bed nucleus of the stria terminalis (BST), a key division of the central extended amygdala (EAc). Although the EAc-including the BST and central nucleus of the amygdala-was robustly engaged by the acute presentation of threatening faces and voices, the degree of EAc engagement was unrelated to the severity of social anxiety. Together, these observations provide a neurobiologically grounded framework for conceptualizing adolescent social anxiety and set the stage for the kinds of prospective-longitudinal and mechanistic research that will be necessary to determine causation and, ultimately, to develop improved interventions for this often-debilitating illness.<\/div><p class=\"tp_close_menu\"><a class=\"tp_close\" onclick=\"teachpress_pub_showhide('5273','tp_abstract')\">Close<\/a><\/p><\/div><\/td><\/tr><tr class=\"tp_publication tp_publication_article\"><td class=\"tp_pub_info\"><p class=\"tp_pub_author\">Yuqing Jia; Yingchao Wang; Liyun Shen; Long Chen; Tongqi Gao; Guoli Yan<\/p><p class=\"tp_pub_title\"><a class=\"tp_title_link\" onclick=\"teachpress_pub_showhide('5558','tp_abstract')\" style=\"cursor:pointer;\">The trajectory of eye movements in Chinese developing readers during silent and oral sentence reading<\/a> <span class=\"tp_pub_type tp_  article\">Journal Article<\/span> <\/p><p class=\"tp_pub_additional\"><span class=\"tp_pub_additional_in\">In: <\/span><span class=\"tp_pub_additional_journal\">Reading and Writing, <\/span><span class=\"tp_pub_additional_pages\">pp. 1\u201333, <\/span><span class=\"tp_pub_additional_year\">2025<\/span>.<\/p><p class=\"tp_pub_menu\"><span class=\"tp_abstract_link\"><a id=\"tp_abstract_sh_5558\" class=\"tp_show\" onclick=\"teachpress_pub_showhide('5558','tp_abstract')\" title=\"Show abstract\" style=\"cursor:pointer;\">Abstract<\/a><\/span> | <span class=\"tp_resource_link\"><a id=\"tp_links_sh_5558\" class=\"tp_show\" onclick=\"teachpress_pub_showhide('5558','tp_links')\" title=\"Show links and resources\" style=\"cursor:pointer;\">Links<\/a><\/span> | <span class=\"tp_bibtex_link\"><a id=\"tp_bibtex_sh_5558\" class=\"tp_show\" onclick=\"teachpress_pub_showhide('5558','tp_bibtex')\" title=\"Show BibTeX entry\" style=\"cursor:pointer;\">BibTeX<\/a><\/span><\/p><div class=\"tp_bibtex\" id=\"tp_bibtex_5558\" style=\"display:none;\"><div class=\"tp_bibtex_entry\"><pre>@article{Jia2025,<br \/>\r\ntitle = {The trajectory of eye movements in Chinese developing readers during silent and oral sentence reading},<br \/>\r\nauthor = {Yuqing Jia and Yingchao Wang and Liyun Shen and Long Chen and Tongqi Gao and Guoli Yan},<br \/>\r\ndoi = {10.1007\/s11145-025-10690-4},<br \/>\r\nyear  = {2025},<br \/>\r\ndate = {2025-01-01},<br \/>\r\njournal = {Reading and Writing},<br \/>\r\npages = {1\u201333},<br \/>\r\npublisher = {Springer Science and Business Media B.V.},<br \/>\r\nabstract = {Silent and oral reading are important reading modes. Chinese children begin to systematically learn these two reading modes in primary school. Previous studies have explored the developmental characteristics of eye movements during silent and oral reading among English-speaking children, but there has been no comparable research for Chinese children. In this study, eye-tracking data were collected from 240 primary school students (Grades 1\u20136) and 40 college students during silent and oral reading of sentences containing high-frequency and low-frequency words. We compared differences between adjacent grades and between each grade and adults to examine the developmental trajectory of eye movements in silent and oral reading, and explore the impact of reading mode on word frequency effect and individual difference in reading speed. Results indicated that as grades increased, fixation durations and regressions decreased, while saccade lengths increased during both silent and oral reading of sentences. Silent reading took a shorter fixation time than oral reading and showed greater development, with differences between the two modes becoming more pronounced after Grade 3. A stronger word frequency effect was observed in oral reading. Individual differences in reading speed influenced both silent and oral reading. The findings suggest that children's silent and oral reading have different developmental characteristics of eye movements. Furthermore, the unique linguistic features of Chinese may result in differences between Chinese and English children in reading modes.},<br \/>\r\nkeywords = {},<br \/>\r\npubstate = {published},<br \/>\r\ntppubtype = {article}<br \/>\r\n}<br \/>\r\n<\/pre><\/div><p class=\"tp_close_menu\"><a class=\"tp_close\" onclick=\"teachpress_pub_showhide('5558','tp_bibtex')\">Close<\/a><\/p><\/div><div class=\"tp_abstract\" id=\"tp_abstract_5558\" style=\"display:none;\"><div class=\"tp_abstract_entry\">Silent and oral reading are important reading modes. Chinese children begin to systematically learn these two reading modes in primary school. Previous studies have explored the developmental characteristics of eye movements during silent and oral reading among English-speaking children, but there has been no comparable research for Chinese children. In this study, eye-tracking data were collected from 240 primary school students (Grades 1\u20136) and 40 college students during silent and oral reading of sentences containing high-frequency and low-frequency words. We compared differences between adjacent grades and between each grade and adults to examine the developmental trajectory of eye movements in silent and oral reading, and explore the impact of reading mode on word frequency effect and individual difference in reading speed. Results indicated that as grades increased, fixation durations and regressions decreased, while saccade lengths increased during both silent and oral reading of sentences. Silent reading took a shorter fixation time than oral reading and showed greater development, with differences between the two modes becoming more pronounced after Grade 3. A stronger word frequency effect was observed in oral reading. Individual differences in reading speed influenced both silent and oral reading. The findings suggest that children's silent and oral reading have different developmental characteristics of eye movements. Furthermore, the unique linguistic features of Chinese may result in differences between Chinese and English children in reading modes.<\/div><p class=\"tp_close_menu\"><a class=\"tp_close\" onclick=\"teachpress_pub_showhide('5558','tp_abstract')\">Close<\/a><\/p><\/div><div class=\"tp_links\" id=\"tp_links_5558\" style=\"display:none;\"><div class=\"tp_links_entry\"><ul class=\"tp_pub_list\"><li><i class=\"ai ai-doi\"><\/i><a class=\"tp_pub_list\" href=\"https:\/\/dx.doi.org\/10.1007\/s11145-025-10690-4\" title=\"Follow DOI:10.1007\/s11145-025-10690-4\" target=\"_blank\">doi:10.1007\/s11145-025-10690-4<\/a><\/li><\/ul><\/div><p class=\"tp_close_menu\"><a class=\"tp_close\" onclick=\"teachpress_pub_showhide('5558','tp_links')\">Close<\/a><\/p><\/div><\/td><\/tr><tr class=\"tp_publication tp_publication_article\"><td class=\"tp_pub_info\"><p class=\"tp_pub_author\">Andy Jeesu Kim; Kristine Nguyen; Ying Tian; Mara Mather<\/p><p class=\"tp_pub_title\"><a class=\"tp_title_link\" onclick=\"teachpress_pub_showhide('6050','tp_abstract')\" style=\"cursor:pointer;\">Eye movement evidence for locus coeruleus-noradrenaline system contributions to age differences in attention<\/a> <span class=\"tp_pub_type tp_  article\">Journal Article<\/span> <\/p><p class=\"tp_pub_additional\"><span class=\"tp_pub_additional_in\">In: <\/span><span class=\"tp_pub_additional_journal\">Psychology and Aging, <\/span><span class=\"tp_pub_additional_volume\">vol. 40, <\/span><span class=\"tp_pub_additional_number\">no. 8, <\/span><span class=\"tp_pub_additional_pages\">pp. 929\u2013944, <\/span><span class=\"tp_pub_additional_year\">2025<\/span>.<\/p><p class=\"tp_pub_menu\"><span class=\"tp_abstract_link\"><a id=\"tp_abstract_sh_6050\" class=\"tp_show\" onclick=\"teachpress_pub_showhide('6050','tp_abstract')\" title=\"Show abstract\" style=\"cursor:pointer;\">Abstract<\/a><\/span> | <span class=\"tp_resource_link\"><a id=\"tp_links_sh_6050\" class=\"tp_show\" onclick=\"teachpress_pub_showhide('6050','tp_links')\" title=\"Show links and resources\" style=\"cursor:pointer;\">Links<\/a><\/span> | <span class=\"tp_bibtex_link\"><a id=\"tp_bibtex_sh_6050\" class=\"tp_show\" onclick=\"teachpress_pub_showhide('6050','tp_bibtex')\" title=\"Show BibTeX entry\" style=\"cursor:pointer;\">BibTeX<\/a><\/span><\/p><div class=\"tp_bibtex\" id=\"tp_bibtex_6050\" style=\"display:none;\"><div class=\"tp_bibtex_entry\"><pre>@article{Kim2025a,<br \/>\r\ntitle = {Eye movement evidence for locus coeruleus-noradrenaline system contributions to age differences in attention},<br \/>\r\nauthor = {Andy Jeesu Kim and Kristine Nguyen and Ying Tian and Mara Mather},<br \/>\r\ndoi = {10.1037\/pag0000930},<br \/>\r\nyear  = {2025},<br \/>\r\ndate = {2025-01-01},<br \/>\r\njournal = {Psychology and Aging},<br \/>\r\nvolume = {40},<br \/>\r\nnumber = {8},<br \/>\r\npages = {929\u2013944},<br \/>\r\nabstract = {Neuroimaging studies have shown that aging alters the brain mechanisms underlying attentional control, even when behavioral performance is equivalent between younger and older adults. Instead of attributing these changes to compensatory mechanisms, we investigated whether age-related neuromodulatory changes in the locus coeruleus-noradrenaline (LC-NA) system are underlying these effects. To test whether aging leads to LC-NA system hyperactivity, we combined two methodological approaches: an oculomotor visual search task to assess eye movements and the threat of unpredictable electric shock paradigm to induce sustained arousal. Using pupillometry, we found that arousal reduced evoked pupil responses in both age groups, demonstrating the expected pattern of lower phasic noradrenergic activity under arousal. Young adults made significantly more first fixations to the physically salient distractor under threat of shock compared to baseline conditions, unlike in older adults with no effect. This modulation of attentional priority was only observable immediately following shock delivery and dissipated over time. Additionally, we found moderate evidence supporting the null hypothesis that arousal does not modulate the speed of attention processing in either age group. These results suggest that arousal selectively modulates attentional priority maps in the early visual cortex but does not influence broader interactions across higher order attentional networks. While first fixation measures revealed age-related differences consistent with the hypothesis of LC-NA system hyperactivity in aging, pupillometry and processing speed measures showed age-equivalent effects. Together, these findings highlight the potential for age-related changes in the LC-NA system to modulate mechanisms of attentional control and demonstrate the utility of eye movement measures as a promising tool to track changes across the adult lifespan.},<br \/>\r\nkeywords = {},<br \/>\r\npubstate = {published},<br \/>\r\ntppubtype = {article}<br \/>\r\n}<br \/>\r\n<\/pre><\/div><p class=\"tp_close_menu\"><a class=\"tp_close\" onclick=\"teachpress_pub_showhide('6050','tp_bibtex')\">Close<\/a><\/p><\/div><div class=\"tp_abstract\" id=\"tp_abstract_6050\" style=\"display:none;\"><div class=\"tp_abstract_entry\">Neuroimaging studies have shown that aging alters the brain mechanisms underlying attentional control, even when behavioral performance is equivalent between younger and older adults. Instead of attributing these changes to compensatory mechanisms, we investigated whether age-related neuromodulatory changes in the locus coeruleus-noradrenaline (LC-NA) system are underlying these effects. To test whether aging leads to LC-NA system hyperactivity, we combined two methodological approaches: an oculomotor visual search task to assess eye movements and the threat of unpredictable electric shock paradigm to induce sustained arousal. Using pupillometry, we found that arousal reduced evoked pupil responses in both age groups, demonstrating the expected pattern of lower phasic noradrenergic activity under arousal. Young adults made significantly more first fixations to the physically salient distractor under threat of shock compared to baseline conditions, unlike in older adults with no effect. This modulation of attentional priority was only observable immediately following shock delivery and dissipated over time. Additionally, we found moderate evidence supporting the null hypothesis that arousal does not modulate the speed of attention processing in either age group. These results suggest that arousal selectively modulates attentional priority maps in the early visual cortex but does not influence broader interactions across higher order attentional networks. While first fixation measures revealed age-related differences consistent with the hypothesis of LC-NA system hyperactivity in aging, pupillometry and processing speed measures showed age-equivalent effects. Together, these findings highlight the potential for age-related changes in the LC-NA system to modulate mechanisms of attentional control and demonstrate the utility of eye movement measures as a promising tool to track changes across the adult lifespan.<\/div><p class=\"tp_close_menu\"><a class=\"tp_close\" onclick=\"teachpress_pub_showhide('6050','tp_abstract')\">Close<\/a><\/p><\/div><div class=\"tp_links\" id=\"tp_links_6050\" style=\"display:none;\"><div class=\"tp_links_entry\"><ul class=\"tp_pub_list\"><li><i class=\"ai ai-doi\"><\/i><a class=\"tp_pub_list\" href=\"https:\/\/dx.doi.org\/10.1037\/pag0000930\" title=\"Follow DOI:10.1037\/pag0000930\" target=\"_blank\">doi:10.1037\/pag0000930<\/a><\/li><\/ul><\/div><p class=\"tp_close_menu\"><a class=\"tp_close\" onclick=\"teachpress_pub_showhide('6050','tp_links')\">Close<\/a><\/p><\/div><\/td><\/tr><tr class=\"tp_publication tp_publication_article\"><td class=\"tp_pub_info\"><p class=\"tp_pub_author\">Yao-Tung Lee; Ying-Hsuan Tai; Yi-Hsuan Chang; Cesar Barquero; Shu-Ping Chao; Chin-An Wang<\/p><p class=\"tp_pub_title\"><a class=\"tp_title_link\" onclick=\"teachpress_pub_showhide('6760','tp_abstract')\" style=\"cursor:pointer;\">Disrupted microsaccade responses in late-life depression<\/a> <span class=\"tp_pub_type tp_  article\">Journal Article<\/span> <\/p><p class=\"tp_pub_additional\"><span class=\"tp_pub_additional_in\">In: <\/span><span class=\"tp_pub_additional_journal\">Scientific Reports, <\/span><span class=\"tp_pub_additional_volume\">vol. 15, <\/span><span class=\"tp_pub_additional_number\">no. 1, <\/span><span class=\"tp_pub_additional_pages\">pp. 1\u201311, <\/span><span class=\"tp_pub_additional_year\">2025<\/span>.<\/p><p class=\"tp_pub_menu\"><span class=\"tp_abstract_link\"><a id=\"tp_abstract_sh_6760\" class=\"tp_show\" onclick=\"teachpress_pub_showhide('6760','tp_abstract')\" title=\"Show abstract\" style=\"cursor:pointer;\">Abstract<\/a><\/span> | <span class=\"tp_resource_link\"><a id=\"tp_links_sh_6760\" class=\"tp_show\" onclick=\"teachpress_pub_showhide('6760','tp_links')\" title=\"Show links and resources\" style=\"cursor:pointer;\">Links<\/a><\/span> | <span class=\"tp_bibtex_link\"><a id=\"tp_bibtex_sh_6760\" class=\"tp_show\" onclick=\"teachpress_pub_showhide('6760','tp_bibtex')\" title=\"Show BibTeX entry\" style=\"cursor:pointer;\">BibTeX<\/a><\/span><\/p><div class=\"tp_bibtex\" id=\"tp_bibtex_6760\" style=\"display:none;\"><div class=\"tp_bibtex_entry\"><pre>@article{Lee2025,<br \/>\r\ntitle = {Disrupted microsaccade responses in late-life depression},<br \/>\r\nauthor = {Yao-Tung Lee and Ying-Hsuan Tai and Yi-Hsuan Chang and Cesar Barquero and Shu-Ping Chao and Chin-An Wang},<br \/>\r\ndoi = {10.1038\/s41598-025-86399-9},<br \/>\r\nyear  = {2025},<br \/>\r\ndate = {2025-01-01},<br \/>\r\njournal = {Scientific Reports},<br \/>\r\nvolume = {15},<br \/>\r\nnumber = {1},<br \/>\r\npages = {1\u201311},<br \/>\r\nabstract = {Late-life depression (LLD) is a psychiatric disorder in older adults, characterized by high prevalence and significant mortality rates. Thus, it is imperative to develop objective and cost-effective methods for detecting LLD. Individuals with depression often exhibit disrupted levels of arousal, and microsaccades, as a type of fixational eye movement that can be measured non-invasively, are known to be modulated by arousal. This makes microsaccades a promising candidate as biomarkers for LLD. In this study, we used a high-resolution, video-based eye-tracker to examine microsaccade behavior in a visual fixation task between LLD patients and age-matched healthy controls (CTRL). Our goal was to determine whether microsaccade responses are disrupted in LLD compared to CTRL. LLD patients exhibited significantly higher microsaccade peak velocities and larger amplitudes compared to CTRL. Although microsaccade rates were lower in LLD than in CTRL, these differences were not statistically significant. Additionally, while both groups displayed microsaccadic inhibition and rebound in response to changes in background luminance, this modulation was significantly blunted in LLD patients, suggesting dysfunction in the neural circuits responsible for microsaccade generation. Together, these findings, for the first time, demonstrate significant alterations in microsaccade behavior in LLD patients compared to CTRL, highlighting the potential of these disrupted responses as behavioral biomarkers for identifying individuals at risk for LLD.},<br \/>\r\nkeywords = {},<br \/>\r\npubstate = {published},<br \/>\r\ntppubtype = {article}<br \/>\r\n}<br \/>\r\n<\/pre><\/div><p class=\"tp_close_menu\"><a class=\"tp_close\" onclick=\"teachpress_pub_showhide('6760','tp_bibtex')\">Close<\/a><\/p><\/div><div class=\"tp_abstract\" id=\"tp_abstract_6760\" style=\"display:none;\"><div class=\"tp_abstract_entry\">Late-life depression (LLD) is a psychiatric disorder in older adults, characterized by high prevalence and significant mortality rates. Thus, it is imperative to develop objective and cost-effective methods for detecting LLD. Individuals with depression often exhibit disrupted levels of arousal, and microsaccades, as a type of fixational eye movement that can be measured non-invasively, are known to be modulated by arousal. This makes microsaccades a promising candidate as biomarkers for LLD. In this study, we used a high-resolution, video-based eye-tracker to examine microsaccade behavior in a visual fixation task between LLD patients and age-matched healthy controls (CTRL). Our goal was to determine whether microsaccade responses are disrupted in LLD compared to CTRL. LLD patients exhibited significantly higher microsaccade peak velocities and larger amplitudes compared to CTRL. Although microsaccade rates were lower in LLD than in CTRL, these differences were not statistically significant. Additionally, while both groups displayed microsaccadic inhibition and rebound in response to changes in background luminance, this modulation was significantly blunted in LLD patients, suggesting dysfunction in the neural circuits responsible for microsaccade generation. Together, these findings, for the first time, demonstrate significant alterations in microsaccade behavior in LLD patients compared to CTRL, highlighting the potential of these disrupted responses as behavioral biomarkers for identifying individuals at risk for LLD.<\/div><p class=\"tp_close_menu\"><a class=\"tp_close\" onclick=\"teachpress_pub_showhide('6760','tp_abstract')\">Close<\/a><\/p><\/div><div class=\"tp_links\" id=\"tp_links_6760\" style=\"display:none;\"><div class=\"tp_links_entry\"><ul class=\"tp_pub_list\"><li><i class=\"ai ai-doi\"><\/i><a class=\"tp_pub_list\" href=\"https:\/\/dx.doi.org\/10.1038\/s41598-025-86399-9\" title=\"Follow DOI:10.1038\/s41598-025-86399-9\" target=\"_blank\">doi:10.1038\/s41598-025-86399-9<\/a><\/li><\/ul><\/div><p class=\"tp_close_menu\"><a class=\"tp_close\" onclick=\"teachpress_pub_showhide('6760','tp_links')\">Close<\/a><\/p><\/div><\/td><\/tr><tr class=\"tp_publication tp_publication_article\"><td class=\"tp_pub_info\"><p class=\"tp_pub_author\">Shifeng Li; Yuhan Zhang; Li Wang; Jiayue Li<\/p><p class=\"tp_pub_title\"><a class=\"tp_title_link\" onclick=\"teachpress_pub_showhide('6922','tp_abstract')\" style=\"cursor:pointer;\">Beat gestures improve language comprehension in Chinese children with autism spectrum disorders<\/a> <span class=\"tp_pub_type tp_  article\">Journal Article<\/span> <\/p><p class=\"tp_pub_additional\"><span class=\"tp_pub_additional_in\">In: <\/span><span class=\"tp_pub_additional_journal\">Journal of Autism and Developmental Disorders, <\/span><span class=\"tp_pub_additional_pages\">pp. 1\u201311, <\/span><span class=\"tp_pub_additional_year\">2025<\/span>.<\/p><p class=\"tp_pub_menu\"><span class=\"tp_abstract_link\"><a id=\"tp_abstract_sh_6922\" class=\"tp_show\" onclick=\"teachpress_pub_showhide('6922','tp_abstract')\" title=\"Show abstract\" style=\"cursor:pointer;\">Abstract<\/a><\/span> | <span class=\"tp_resource_link\"><a id=\"tp_links_sh_6922\" class=\"tp_show\" onclick=\"teachpress_pub_showhide('6922','tp_links')\" title=\"Show links and resources\" style=\"cursor:pointer;\">Links<\/a><\/span> | <span class=\"tp_bibtex_link\"><a id=\"tp_bibtex_sh_6922\" class=\"tp_show\" onclick=\"teachpress_pub_showhide('6922','tp_bibtex')\" title=\"Show BibTeX entry\" style=\"cursor:pointer;\">BibTeX<\/a><\/span><\/p><div class=\"tp_bibtex\" id=\"tp_bibtex_6922\" style=\"display:none;\"><div class=\"tp_bibtex_entry\"><pre>@article{Li2025l,<br \/>\r\ntitle = {Beat gestures improve language comprehension in Chinese children with autism spectrum disorders},<br \/>\r\nauthor = {Shifeng Li and Yuhan Zhang and Li Wang and Jiayue Li},<br \/>\r\ndoi = {10.1007\/s10803-025-06892-y},<br \/>\r\nyear  = {2025},<br \/>\r\ndate = {2025-01-01},<br \/>\r\njournal = {Journal of Autism and Developmental Disorders},<br \/>\r\npages = {1\u201311},<br \/>\r\npublisher = {Springer},<br \/>\r\nabstract = {The present study investigated the role of beat gestures in language comprehension among children with autism spectrum disorders. Twenty-six children with autism and 26 age-matched typically developing children participated in a language comprehension task. The task involved watching video recordings of dialogues presented in three conditions: speech-only, speech with beat gestures, and speech with meaningless gestures. The study recorded the accuracy and reaction time of children's responses, as well as their eye movement patterns, during the task. While there were no significant differences in the accuracy and reaction time across the three conditions for the typically developing children, the autistic children showed significantly improved performance in the beat gesture condition compared to the other two conditions. Additionally, eye-movement data revealed that typically developing children displayed an attentional bias towards the face in all conditions. However, autistic children demonstrated a greater bias in gaze towards the hand location in the gesture condition. The results suggest that beat gestures enhance language comprehension in autistic children by emphasizing prosodic and discourse-pragmatic cues. These findings offer valuable insights for language rehabilitation training practices for Chinese children with autism.},<br \/>\r\nkeywords = {},<br \/>\r\npubstate = {published},<br \/>\r\ntppubtype = {article}<br \/>\r\n}<br \/>\r\n<\/pre><\/div><p class=\"tp_close_menu\"><a class=\"tp_close\" onclick=\"teachpress_pub_showhide('6922','tp_bibtex')\">Close<\/a><\/p><\/div><div class=\"tp_abstract\" id=\"tp_abstract_6922\" style=\"display:none;\"><div class=\"tp_abstract_entry\">The present study investigated the role of beat gestures in language comprehension among children with autism spectrum disorders. Twenty-six children with autism and 26 age-matched typically developing children participated in a language comprehension task. The task involved watching video recordings of dialogues presented in three conditions: speech-only, speech with beat gestures, and speech with meaningless gestures. The study recorded the accuracy and reaction time of children's responses, as well as their eye movement patterns, during the task. While there were no significant differences in the accuracy and reaction time across the three conditions for the typically developing children, the autistic children showed significantly improved performance in the beat gesture condition compared to the other two conditions. Additionally, eye-movement data revealed that typically developing children displayed an attentional bias towards the face in all conditions. However, autistic children demonstrated a greater bias in gaze towards the hand location in the gesture condition. The results suggest that beat gestures enhance language comprehension in autistic children by emphasizing prosodic and discourse-pragmatic cues. These findings offer valuable insights for language rehabilitation training practices for Chinese children with autism.<\/div><p class=\"tp_close_menu\"><a class=\"tp_close\" onclick=\"teachpress_pub_showhide('6922','tp_abstract')\">Close<\/a><\/p><\/div><div class=\"tp_links\" id=\"tp_links_6922\" style=\"display:none;\"><div class=\"tp_links_entry\"><ul class=\"tp_pub_list\"><li><i class=\"ai ai-doi\"><\/i><a class=\"tp_pub_list\" href=\"https:\/\/dx.doi.org\/10.1007\/s10803-025-06892-y\" title=\"Follow DOI:10.1007\/s10803-025-06892-y\" target=\"_blank\">doi:10.1007\/s10803-025-06892-y<\/a><\/li><\/ul><\/div><p class=\"tp_close_menu\"><a class=\"tp_close\" onclick=\"teachpress_pub_showhide('6922','tp_links')\">Close<\/a><\/p><\/div><\/td><\/tr><tr class=\"tp_publication tp_publication_article\"><td class=\"tp_pub_info\"><p class=\"tp_pub_author\">Bel\u00e9n L\u00f3pez Assef; Tania Zamuner<\/p><p class=\"tp_pub_title\"><a class=\"tp_title_link\" onclick=\"teachpress_pub_showhide('7229','tp_abstract')\" style=\"cursor:pointer;\">Task effects in children's word recall: Expanding the reverse production effect<\/a> <span class=\"tp_pub_type tp_  article\">Journal Article<\/span> <\/p><p class=\"tp_pub_additional\"><span class=\"tp_pub_additional_in\">In: <\/span><span class=\"tp_pub_additional_journal\">Journal of Child Language, <\/span><span class=\"tp_pub_additional_pages\">pp. 1\u201313, <\/span><span class=\"tp_pub_additional_year\">2025<\/span>.<\/p><p class=\"tp_pub_menu\"><span class=\"tp_abstract_link\"><a id=\"tp_abstract_sh_7229\" class=\"tp_show\" onclick=\"teachpress_pub_showhide('7229','tp_abstract')\" title=\"Show abstract\" style=\"cursor:pointer;\">Abstract<\/a><\/span> | <span class=\"tp_resource_link\"><a id=\"tp_links_sh_7229\" class=\"tp_show\" onclick=\"teachpress_pub_showhide('7229','tp_links')\" title=\"Show links and resources\" style=\"cursor:pointer;\">Links<\/a><\/span> | <span class=\"tp_bibtex_link\"><a id=\"tp_bibtex_sh_7229\" class=\"tp_show\" onclick=\"teachpress_pub_showhide('7229','tp_bibtex')\" title=\"Show BibTeX entry\" style=\"cursor:pointer;\">BibTeX<\/a><\/span><\/p><div class=\"tp_bibtex\" id=\"tp_bibtex_7229\" style=\"display:none;\"><div class=\"tp_bibtex_entry\"><pre>@article{LopezAssef2025,<br \/>\r\ntitle = {Task effects in children's word recall: Expanding the reverse production effect},<br \/>\r\nauthor = {Bel\u00e9n L\u00f3pez Assef and Tania Zamuner},<br \/>\r\ndoi = {10.1017\/S0305000925000030},<br \/>\r\nyear  = {2025},<br \/>\r\ndate = {2025-01-01},<br \/>\r\njournal = {Journal of Child Language},<br \/>\r\npages = {1\u201313},<br \/>\r\nabstract = {Words said aloud are typically recalled more than words studied under other techniques. In certain circumstances, production does not lead to this memory advantage. We investigated the nature of this effect by varying the task during learning. Children aged five to six years were trained on novel words which required no action (Heard) compared to Verbal-Speech (production), Non-Verbal-Speech (stick out tongue), and Non-Verbal-Non-Speech (touch nose). Eye-tracking showed successful learning of novel words in all training conditions, but no differences between conditions. Both non-verbal tasks disrupted recall, demonstrating that encoding can be disrupted when children perform different types of concurrent actions.},<br \/>\r\nkeywords = {},<br \/>\r\npubstate = {published},<br \/>\r\ntppubtype = {article}<br \/>\r\n}<br \/>\r\n<\/pre><\/div><p class=\"tp_close_menu\"><a class=\"tp_close\" onclick=\"teachpress_pub_showhide('7229','tp_bibtex')\">Close<\/a><\/p><\/div><div class=\"tp_abstract\" id=\"tp_abstract_7229\" style=\"display:none;\"><div class=\"tp_abstract_entry\">Words said aloud are typically recalled more than words studied under other techniques. In certain circumstances, production does not lead to this memory advantage. We investigated the nature of this effect by varying the task during learning. Children aged five to six years were trained on novel words which required no action (Heard) compared to Verbal-Speech (production), Non-Verbal-Speech (stick out tongue), and Non-Verbal-Non-Speech (touch nose). Eye-tracking showed successful learning of novel words in all training conditions, but no differences between conditions. Both non-verbal tasks disrupted recall, demonstrating that encoding can be disrupted when children perform different types of concurrent actions.<\/div><p class=\"tp_close_menu\"><a class=\"tp_close\" onclick=\"teachpress_pub_showhide('7229','tp_abstract')\">Close<\/a><\/p><\/div><div class=\"tp_links\" id=\"tp_links_7229\" style=\"display:none;\"><div class=\"tp_links_entry\"><ul class=\"tp_pub_list\"><li><i class=\"ai ai-doi\"><\/i><a class=\"tp_pub_list\" href=\"https:\/\/dx.doi.org\/10.1017\/S0305000925000030\" title=\"Follow DOI:10.1017\/S0305000925000030\" target=\"_blank\">doi:10.1017\/S0305000925000030<\/a><\/li><\/ul><\/div><p class=\"tp_close_menu\"><a class=\"tp_close\" onclick=\"teachpress_pub_showhide('7229','tp_links')\">Close<\/a><\/p><\/div><\/td><\/tr><tr class=\"tp_publication tp_publication_article\"><td class=\"tp_pub_info\"><p class=\"tp_pub_author\">Diyu Luo; Kristi Hendrickson; Si On Yoon<\/p><p class=\"tp_pub_title\"><a class=\"tp_title_link\" onclick=\"teachpress_pub_showhide('7370','tp_abstract')\" style=\"cursor:pointer;\">Supplemental material for limited learning and adaptation in disfluency processing among older adults<\/a> <span class=\"tp_pub_type tp_  article\">Journal Article<\/span> <\/p><p class=\"tp_pub_additional\"><span class=\"tp_pub_additional_in\">In: <\/span><span class=\"tp_pub_additional_journal\">Psychology and Aging, <\/span><span class=\"tp_pub_additional_volume\">vol. 40, <\/span><span class=\"tp_pub_additional_number\">no. 4, <\/span><span class=\"tp_pub_additional_pages\">pp. 439\u2013447, <\/span><span class=\"tp_pub_additional_year\">2025<\/span>.<\/p><p class=\"tp_pub_menu\"><span class=\"tp_abstract_link\"><a id=\"tp_abstract_sh_7370\" class=\"tp_show\" onclick=\"teachpress_pub_showhide('7370','tp_abstract')\" title=\"Show abstract\" style=\"cursor:pointer;\">Abstract<\/a><\/span> | <span class=\"tp_resource_link\"><a id=\"tp_links_sh_7370\" class=\"tp_show\" onclick=\"teachpress_pub_showhide('7370','tp_links')\" title=\"Show links and resources\" style=\"cursor:pointer;\">Links<\/a><\/span> | <span class=\"tp_bibtex_link\"><a id=\"tp_bibtex_sh_7370\" class=\"tp_show\" onclick=\"teachpress_pub_showhide('7370','tp_bibtex')\" title=\"Show BibTeX entry\" style=\"cursor:pointer;\">BibTeX<\/a><\/span><\/p><div class=\"tp_bibtex\" id=\"tp_bibtex_7370\" style=\"display:none;\"><div class=\"tp_bibtex_entry\"><pre>@article{Luo2025a,<br \/>\r\ntitle = {Supplemental material for limited learning and adaptation in disfluency processing among older adults},<br \/>\r\nauthor = {Diyu Luo and Kristi Hendrickson and Si On Yoon},<br \/>\r\ndoi = {10.1037\/pag0000887.supp},<br \/>\r\nyear  = {2025},<br \/>\r\ndate = {2025-01-01},<br \/>\r\njournal = {Psychology and Aging},<br \/>\r\nvolume = {40},<br \/>\r\nnumber = {4},<br \/>\r\npages = {439\u2013447},<br \/>\r\npublisher = {American Psychological Association (APA)},<br \/>\r\nabstract = {Listeners adapt to diverse cues in real-time language processing. While younger adults can learn and adapt in complex multitalker settings, it remains uncertain whether this ability persists in older adults, especially when they must accumulate auditory inputs to learn novel statistics. We examined whether older adults adapt to talker-specific patterns using paralinguistic cues such as disfluency. In two experiments, older adults listened to instructions from two talkers: one used disfluency predictively (e.g., always referring to novel objects following disfluency) and the other used disfluency unpredictably (e.g., referring to either familiar or novel objects following disfluency). Experiment 1 examined a single-talker setting (N = 50, between-subjects), and Experiment 2 examined a multitalker setting (N = 50, within-subjects). Participants' eye movements were compared between the predictive and nonpredictive conditions. In Experiment 1, older adults demonstrated partner-specific adaptation by looking at novel imagesmore in the predictive condition than in the nonpredictive condition. However, this partner-specific adaptation was not observed in Experiment 2. The results suggest that while older adults can adapt to simpler single-talker settings, their ability to learn and apply novel statistics specific to each talker diminishes in more complex multitalker settings. This limitation may stem from slower processing speed and decreased cognitive flexibility, which may lead older adults to rely on global statistics rather than partner-specific ones. Public},<br \/>\r\nkeywords = {},<br \/>\r\npubstate = {published},<br \/>\r\ntppubtype = {article}<br \/>\r\n}<br \/>\r\n<\/pre><\/div><p class=\"tp_close_menu\"><a class=\"tp_close\" onclick=\"teachpress_pub_showhide('7370','tp_bibtex')\">Close<\/a><\/p><\/div><div class=\"tp_abstract\" id=\"tp_abstract_7370\" style=\"display:none;\"><div class=\"tp_abstract_entry\">Listeners adapt to diverse cues in real-time language processing. While younger adults can learn and adapt in complex multitalker settings, it remains uncertain whether this ability persists in older adults, especially when they must accumulate auditory inputs to learn novel statistics. We examined whether older adults adapt to talker-specific patterns using paralinguistic cues such as disfluency. In two experiments, older adults listened to instructions from two talkers: one used disfluency predictively (e.g., always referring to novel objects following disfluency) and the other used disfluency unpredictably (e.g., referring to either familiar or novel objects following disfluency). Experiment 1 examined a single-talker setting (N = 50, between-subjects), and Experiment 2 examined a multitalker setting (N = 50, within-subjects). Participants' eye movements were compared between the predictive and nonpredictive conditions. In Experiment 1, older adults demonstrated partner-specific adaptation by looking at novel imagesmore in the predictive condition than in the nonpredictive condition. However, this partner-specific adaptation was not observed in Experiment 2. The results suggest that while older adults can adapt to simpler single-talker settings, their ability to learn and apply novel statistics specific to each talker diminishes in more complex multitalker settings. This limitation may stem from slower processing speed and decreased cognitive flexibility, which may lead older adults to rely on global statistics rather than partner-specific ones. Public<\/div><p class=\"tp_close_menu\"><a class=\"tp_close\" onclick=\"teachpress_pub_showhide('7370','tp_abstract')\">Close<\/a><\/p><\/div><div class=\"tp_links\" id=\"tp_links_7370\" style=\"display:none;\"><div class=\"tp_links_entry\"><ul class=\"tp_pub_list\"><li><i class=\"ai ai-doi\"><\/i><a class=\"tp_pub_list\" href=\"https:\/\/dx.doi.org\/10.1037\/pag0000887.supp\" title=\"Follow DOI:10.1037\/pag0000887.supp\" target=\"_blank\">doi:10.1037\/pag0000887.supp<\/a><\/li><\/ul><\/div><p class=\"tp_close_menu\"><a class=\"tp_close\" onclick=\"teachpress_pub_showhide('7370','tp_links')\">Close<\/a><\/p><\/div><\/td><\/tr><\/table><div class=\"tablenav\"><div class=\"tablenav-pages\"><span class=\"displaying-num\">1034 entries<\/span> <a class=\"page-numbers button disabled\">&laquo;<\/a> <a class=\"page-numbers button disabled\">&lsaquo;<\/a> 1 of 11 <a href=\"https:\/\/www.sr-research.com\/zh\/developmental-publications\/?limit=2&amp;tgid=&amp;yr=&amp;type=&amp;usr=&amp;auth=&amp;tsr=\" title=\"next page\" class=\"page-numbers button\">&rsaquo;<\/a> <a href=\"https:\/\/www.sr-research.com\/zh\/developmental-publications\/?limit=11&amp;tgid=&amp;yr=&amp;type=&amp;usr=&amp;auth=&amp;tsr=\" title=\"last page\" class=\"page-numbers button\">&raquo;<\/a> <\/div><\/div><\/div>\n","protected":false},"excerpt":{"rendered":"<p>Developmental Eye-Tracking Publications All EyeLink eye tracker developmental research publications (infants \/ children \/ aging) up until 2025 (with some early 2026s) are listed below by year. You can search the eye-tracking research publications using keywords such as Infant, Reading, Word Recognition, etc. You can also search for individual author names. If we missed any &hellip;<\/p>","protected":false},"author":3,"featured_media":0,"parent":0,"menu_order":5,"comment_status":"closed","ping_status":"closed","template":"","meta":{"_acf_changed":false,"_genesis_hide_title":false,"_genesis_hide_breadcrumbs":false,"_genesis_hide_singular_image":false,"_genesis_hide_footer_widgets":false,"_genesis_custom_body_class":"","_genesis_custom_post_class":"","_genesis_layout":"","footnotes":""},"class_list":{"1":"page","2":"type-page","5":"entry"},"yoast_head":"<!-- This site is optimized with the Yoast SEO Premium plugin v27.5 (Yoast SEO v27.5) - https:\/\/yoast.com\/product\/yoast-seo-premium-wordpress\/ -->\n<title>Developmental Eye-Tracking Publications - SR Research<\/title>\n<meta name=\"description\" content=\"This is a list of eye-tracking developmental research publications using EyeLink eye trackers. These publications are solely peer-reviewed journal articles.\" \/>\n<meta name=\"robots\" content=\"index, follow, max-snippet:-1, max-image-preview:large, max-video-preview:-1\" \/>\n<link rel=\"canonical\" href=\"https:\/\/www.sr-research.com\/zh\/developmental-publications\/\" \/>\n<meta property=\"og:locale\" content=\"zh_CN\" \/>\n<meta property=\"og:type\" content=\"article\" \/>\n<meta property=\"og:title\" content=\"EyeLink Eye Trackers in Developmental Publications\" \/>\n<meta property=\"og:description\" content=\"This is a list of eye-tracking developmental research publications using EyeLink eye trackers. These publications are solely peer-reviewed journal articles.\" \/>\n<meta property=\"og:url\" content=\"https:\/\/www.sr-research.com\/zh\/developmental-publications\/\" \/>\n<meta property=\"og:site_name\" content=\"Fast, Accurate, Reliable Eye Tracking\" \/>\n<meta property=\"article:publisher\" content=\"https:\/\/www.facebook.com\/SR-Research-Ltd-640093842854433\/\" \/>\n<meta property=\"article:modified_time\" content=\"2026-02-23T18:29:48+00:00\" \/>\n<meta name=\"twitter:card\" content=\"summary_large_image\" \/>\n<meta name=\"twitter:site\" content=\"@SRResearchLtd\" \/>\n<meta name=\"twitter:label1\" content=\"\u9884\u8ba1\u9605\u8bfb\u65f6\u95f4\" \/>\n\t<meta name=\"twitter:data1\" content=\"1 \u5206\" \/>\n<script type=\"application\/ld+json\" class=\"yoast-schema-graph\">{\"@context\":\"https:\\\/\\\/schema.org\",\"@graph\":[{\"@type\":\"WebPage\",\"@id\":\"https:\\\/\\\/www.sr-research.com\\\/developmental-publications\\\/\",\"url\":\"https:\\\/\\\/www.sr-research.com\\\/developmental-publications\\\/\",\"name\":\"Developmental Eye-Tracking Publications - SR Research\",\"isPartOf\":{\"@id\":\"https:\\\/\\\/www.sr-research.com\\\/#website\"},\"datePublished\":\"2017-07-17T04:11:20+00:00\",\"dateModified\":\"2026-02-23T18:29:48+00:00\",\"description\":\"This is a list of eye-tracking developmental research publications using EyeLink eye trackers. These publications are solely peer-reviewed journal articles.\",\"breadcrumb\":{\"@id\":\"https:\\\/\\\/www.sr-research.com\\\/developmental-publications\\\/#breadcrumb\"},\"inLanguage\":\"zh-Hans\",\"potentialAction\":[{\"@type\":\"ReadAction\",\"target\":[\"https:\\\/\\\/www.sr-research.com\\\/developmental-publications\\\/\"]}]},{\"@type\":\"BreadcrumbList\",\"@id\":\"https:\\\/\\\/www.sr-research.com\\\/developmental-publications\\\/#breadcrumb\",\"itemListElement\":[{\"@type\":\"ListItem\",\"position\":1,\"name\":\"Home\",\"item\":\"https:\\\/\\\/www.sr-research.com\\\/\"},{\"@type\":\"ListItem\",\"position\":2,\"name\":\"EyeLink Eye Trackers in Developmental Publications\"}]},{\"@type\":\"WebSite\",\"@id\":\"https:\\\/\\\/www.sr-research.com\\\/#website\",\"url\":\"https:\\\/\\\/www.sr-research.com\\\/\",\"name\":\"Fast, Accurate, Reliable Eye Tracking\",\"description\":\"\",\"publisher\":{\"@id\":\"https:\\\/\\\/www.sr-research.com\\\/#organization\"},\"potentialAction\":[{\"@type\":\"SearchAction\",\"target\":{\"@type\":\"EntryPoint\",\"urlTemplate\":\"https:\\\/\\\/www.sr-research.com\\\/?s={search_term_string}\"},\"query-input\":{\"@type\":\"PropertyValueSpecification\",\"valueRequired\":true,\"valueName\":\"search_term_string\"}}],\"inLanguage\":\"zh-Hans\"},{\"@type\":\"Organization\",\"@id\":\"https:\\\/\\\/www.sr-research.com\\\/#organization\",\"name\":\"SR Research Ltd.\",\"url\":\"https:\\\/\\\/www.sr-research.com\\\/\",\"logo\":{\"@type\":\"ImageObject\",\"inLanguage\":\"zh-Hans\",\"@id\":\"https:\\\/\\\/www.sr-research.com\\\/#\\\/schema\\\/logo\\\/image\\\/\",\"url\":\"https:\\\/\\\/www.sr-research.com\\\/wp-content\\\/uploads\\\/2017\\\/12\\\/sr-research-logo-square.jpg\",\"contentUrl\":\"https:\\\/\\\/www.sr-research.com\\\/wp-content\\\/uploads\\\/2017\\\/12\\\/sr-research-logo-square.jpg\",\"width\":512,\"height\":512,\"caption\":\"SR Research Ltd.\"},\"image\":{\"@id\":\"https:\\\/\\\/www.sr-research.com\\\/#\\\/schema\\\/logo\\\/image\\\/\"},\"sameAs\":[\"https:\\\/\\\/www.facebook.com\\\/SR-Research-Ltd-640093842854433\\\/\",\"https:\\\/\\\/x.com\\\/SRResearchLtd\",\"https:\\\/\\\/www.instagram.com\\\/srresearchltd\\\/\",\"https:\\\/\\\/ca.linkedin.com\\\/company\\\/sr-research-ltd\",\"https:\\\/\\\/www.youtube.com\\\/channel\\\/UCCfE1oJHk4WLe9h30AcNOJg\"]}]}<\/script>\n<!-- \/ Yoast SEO Premium plugin. -->","yoast_head_json":{"title":"Developmental Eye-Tracking Publications - SR Research","description":"This is a list of eye-tracking developmental research publications using EyeLink eye trackers. These publications are solely peer-reviewed journal articles.","robots":{"index":"index","follow":"follow","max-snippet":"max-snippet:-1","max-image-preview":"max-image-preview:large","max-video-preview":"max-video-preview:-1"},"canonical":"https:\/\/www.sr-research.com\/zh\/developmental-publications\/","og_locale":"zh_CN","og_type":"article","og_title":"EyeLink Eye Trackers in Developmental Publications","og_description":"This is a list of eye-tracking developmental research publications using EyeLink eye trackers. These publications are solely peer-reviewed journal articles.","og_url":"https:\/\/www.sr-research.com\/zh\/developmental-publications\/","og_site_name":"Fast, Accurate, Reliable Eye Tracking","article_publisher":"https:\/\/www.facebook.com\/SR-Research-Ltd-640093842854433\/","article_modified_time":"2026-02-23T18:29:48+00:00","twitter_card":"summary_large_image","twitter_site":"@SRResearchLtd","twitter_misc":{"\u9884\u8ba1\u9605\u8bfb\u65f6\u95f4":"1 \u5206"},"schema":{"@context":"https:\/\/schema.org","@graph":[{"@type":"WebPage","@id":"https:\/\/www.sr-research.com\/developmental-publications\/","url":"https:\/\/www.sr-research.com\/developmental-publications\/","name":"Developmental Eye-Tracking Publications - SR Research","isPartOf":{"@id":"https:\/\/www.sr-research.com\/#website"},"datePublished":"2017-07-17T04:11:20+00:00","dateModified":"2026-02-23T18:29:48+00:00","description":"This is a list of eye-tracking developmental research publications using EyeLink eye trackers. These publications are solely peer-reviewed journal articles.","breadcrumb":{"@id":"https:\/\/www.sr-research.com\/developmental-publications\/#breadcrumb"},"inLanguage":"zh-Hans","potentialAction":[{"@type":"ReadAction","target":["https:\/\/www.sr-research.com\/developmental-publications\/"]}]},{"@type":"BreadcrumbList","@id":"https:\/\/www.sr-research.com\/developmental-publications\/#breadcrumb","itemListElement":[{"@type":"ListItem","position":1,"name":"Home","item":"https:\/\/www.sr-research.com\/"},{"@type":"ListItem","position":2,"name":"EyeLink Eye Trackers in Developmental Publications"}]},{"@type":"WebSite","@id":"https:\/\/www.sr-research.com\/#website","url":"https:\/\/www.sr-research.com\/","name":"\u9ad8\u901f\u3001\u7cbe\u51c6\u548c\u53ef\u9760\u7684\u773c\u52a8\u8ffd\u8e2a\u89e3\u51b3\u65b9\u6848","description":"","publisher":{"@id":"https:\/\/www.sr-research.com\/#organization"},"potentialAction":[{"@type":"SearchAction","target":{"@type":"EntryPoint","urlTemplate":"https:\/\/www.sr-research.com\/?s={search_term_string}"},"query-input":{"@type":"PropertyValueSpecification","valueRequired":true,"valueName":"search_term_string"}}],"inLanguage":"zh-Hans"},{"@type":"Organization","@id":"https:\/\/www.sr-research.com\/#organization","name":"SR Research Ltd.","url":"https:\/\/www.sr-research.com\/","logo":{"@type":"ImageObject","inLanguage":"zh-Hans","@id":"https:\/\/www.sr-research.com\/#\/schema\/logo\/image\/","url":"https:\/\/www.sr-research.com\/wp-content\/uploads\/2017\/12\/sr-research-logo-square.jpg","contentUrl":"https:\/\/www.sr-research.com\/wp-content\/uploads\/2017\/12\/sr-research-logo-square.jpg","width":512,"height":512,"caption":"SR Research Ltd."},"image":{"@id":"https:\/\/www.sr-research.com\/#\/schema\/logo\/image\/"},"sameAs":["https:\/\/www.facebook.com\/SR-Research-Ltd-640093842854433\/","https:\/\/x.com\/SRResearchLtd","https:\/\/www.instagram.com\/srresearchltd\/","https:\/\/ca.linkedin.com\/company\/sr-research-ltd","https:\/\/www.youtube.com\/channel\/UCCfE1oJHk4WLe9h30AcNOJg"]}]}},"acf":[],"_links":{"self":[{"href":"https:\/\/www.sr-research.com\/zh\/wp-json\/wp\/v2\/pages\/174","targetHints":{"allow":["GET"]}}],"collection":[{"href":"https:\/\/www.sr-research.com\/zh\/wp-json\/wp\/v2\/pages"}],"about":[{"href":"https:\/\/www.sr-research.com\/zh\/wp-json\/wp\/v2\/types\/page"}],"author":[{"embeddable":true,"href":"https:\/\/www.sr-research.com\/zh\/wp-json\/wp\/v2\/users\/3"}],"replies":[{"embeddable":true,"href":"https:\/\/www.sr-research.com\/zh\/wp-json\/wp\/v2\/comments?post=174"}],"version-history":[{"count":57,"href":"https:\/\/www.sr-research.com\/zh\/wp-json\/wp\/v2\/pages\/174\/revisions"}],"predecessor-version":[{"id":34418,"href":"https:\/\/www.sr-research.com\/zh\/wp-json\/wp\/v2\/pages\/174\/revisions\/34418"}],"wp:attachment":[{"href":"https:\/\/www.sr-research.com\/zh\/wp-json\/wp\/v2\/media?parent=174"}],"curies":[{"name":"wp","href":"https:\/\/api.w.org\/{rel}","templated":true}]}}